{"id":12518,"date":"2023-08-28T14:55:25","date_gmt":"2023-08-28T13:55:25","guid":{"rendered":"https:\/\/mountainlikers.com\/?page_id=12518"},"modified":"2023-09-18T16:51:22","modified_gmt":"2023-09-18T15:51:22","slug":"avis-legal","status":"publish","type":"page","link":"https:\/\/mountainlikers.com\/fr\/avis-legal\/","title":{"rendered":"Avertissement l\u00e9gal"},"content":{"rendered":"<div data-elementor-type=\"wp-page\" data-elementor-id=\"12518\" class=\"elementor elementor-12518\" data-elementor-post-type=\"page\">\n\t\t\t\t\t\t<section data-particle_enable=\"false\" data-particle-mobile-disabled=\"false\" class=\"elementor-section elementor-top-section elementor-element elementor-element-fbfbac7 elementor-section-stretched elementor-section-content-middle elementor-section-boxed elementor-section-height-default elementor-section-height-default\" data-id=\"fbfbac7\" data-element_type=\"section\" data-e-type=\"section\" data-settings=\"{&quot;stretch_section&quot;:&quot;section-stretched&quot;,&quot;background_background&quot;:&quot;classic&quot;}\">\n\t\t\t\t\t\t<div class=\"elementor-container elementor-column-gap-default\">\n\t\t\t\t\t<div class=\"elementor-column elementor-col-100 elementor-top-column elementor-element elementor-element-4c72dc8\" data-id=\"4c72dc8\" data-element_type=\"column\" data-e-type=\"column\">\n\t\t\t<div class=\"elementor-widget-wrap elementor-element-populated\">\n\t\t\t\t\t\t<div class=\"elementor-element elementor-element-23ecad2 elementor-widget elementor-widget-rs-heading\" data-id=\"23ecad2\" data-element_type=\"widget\" data-e-type=\"widget\" data-widget_type=\"rs-heading.default\">\n\t\t\t\t<div class=\"elementor-widget-container\">\n\t\t\t\t\t        <div class=\"rs-heading style9\">\r\n        \t<div class=\"title-inner\">\r\n        \t\t      \t\t\r\n\t            <h2 class=\"title\"><span class=\"watermark\"><\/span>Avertissement l\u00e9gal<\/h2><div class=\"title-img bottom-img\"><img decoding=\"async\" src=\"http:\/\/rstheme.com\/products\/wordpress\/eventeo-elementor\/wp-content\/uploads\/2020\/01\/aboutline_1.png\" \/><\/div>\t        <\/div>\r\n\t                <\/div>\r\n        \t\t\t\t<\/div>\n\t\t\t\t<\/div>\n\t\t\t\t<div class=\"elementor-element elementor-element-fb89152 elementor-widget__width-initial elementor-widget elementor-widget-text-editor\" data-id=\"fb89152\" data-element_type=\"widget\" data-e-type=\"widget\" data-widget_type=\"text-editor.default\">\n\t\t\t\t<div class=\"elementor-widget-container\">\n\t\t\t\t\t\t\t\t\t<p style=\"font-weight: 400;\">Ces mentions l\u00e9gales contiennent les conditions g\u00e9n\u00e9rales qui r\u00e9gissent l'acc\u00e8s et l'utilisation du site Internet <a href=\"https:\/\/mountainlikers.com\/fr\/\">mountainlikers.com<\/a>, suite aux dispositions de la loi 29\/2021 du 28 octobre, qualifi\u00e9e de protection des donn\u00e9es personnelles. L'acc\u00e8s au site est gratuit et sa consultation ne n\u00e9cessite aucune inscription ou abonnement pr\u00e9alable, enregistr\u00e9 dans le registre des inscriptions.<\/p><p style=\"font-weight: 400;\">Le propri\u00e9taire du site Web est le Gouvernement d'Andorre, plus pr\u00e9cis\u00e9ment le Minist\u00e8re en charge du Tourisme, situ\u00e9 \u00e0 Cam\u00ed de la Grau s\/n, Edifici Prat del Rull, AD500 Andorre-la-Vieille, Principaut\u00e9 d'Andorre.<\/p><h4><b>Conditions g\u00e9n\u00e9rales<\/b><\/h4><p style=\"font-weight: 400;\">L'acc\u00e8s et l'utilisation du site Internet sont gratuits. La consultation du contenu du site ne n\u00e9cessite aucun abonnement pr\u00e9alable.<\/p><p style=\"font-weight: 400;\">L'acc\u00e8s \u00e0 cette page Web et aux informations qu'elle contient implique l'acceptation des conditions pr\u00e9vues dans le pr\u00e9sent avis l\u00e9gal. Pour cette raison, nous vous recommandons de lire attentivement le contenu de cette notice si vous souhaitez acc\u00e9der et utiliser les informations et services propos\u00e9s sur le site Internet.<\/p><p style=\"font-weight: 400;\">L'utilisateur, \u00e0 travers les diff\u00e9rentes zones qui composent le site Web, peut visiter, obtenir des informations, s'inscrire.<\/p><h4><b>Limitation de responsabilit\u00e9<\/b><\/h4><p style=\"font-weight: 400;\">Avec les effets juridiques, il est entendu que toute relation contractuelle ou extracontractuelle que l'utilisateur entretient avec des tiers contact\u00e9s via le web se r\u00e9alise uniquement et exclusivement entre l'utilisateur et les tiers.\u00a0<\/p><p style=\"font-weight: 400;\">L'utilisateur accepte que le Minist\u00e8re en charge du Tourisme du Gouvernement d'Andorre n'assume aucune responsabilit\u00e9 pour les dommages de toute nature caus\u00e9s par des n\u00e9gociations, des conversations ou des relations contractuelles ou extracontractuelles entre l'utilisateur et des tiers contact\u00e9s via le portail.<\/p><p style=\"font-weight: 400;\">Il accepte \u00e9galement que le Minist\u00e8re en charge du Tourisme n'assume aucune responsabilit\u00e9 pour des raisons d\u00e9riv\u00e9es de l'utilisation des informations, du contenu du site Internet et des programmes qu'ils incorporent, et qui pourraient provoquer, \u00e0 titre \u00e9nonciatif et non limitatif, des erreurs ou omissions dans les contenus, manque de disponibilit\u00e9 des sites Web ou transmission de virus ou de programmes malveillants ou nuisibles dans les contenus, malgr\u00e9 l'adoption de toutes les mesures technologiques n\u00e9cessaires pour \u00e9viter cela.<\/p><p style=\"font-weight: 400;\">De m\u00eame, le Minist\u00e8re se r\u00e9serve le droit de modifier ou d'omettre totalement ou partiellement le contenu des sites Internet et d'en restreindre l'acc\u00e8s. Dans le cas o\u00f9 des op\u00e9rations de maintenance, de r\u00e9paration, de mise \u00e0 jour ou d\u2019am\u00e9lioration des services doivent \u00eatre r\u00e9alis\u00e9es. Par ailleurs, le Minist\u00e8re se r\u00e9serve le droit de suspendre temporairement l'acc\u00e8s au site sans pr\u00e9avis.<\/p><h4><b>S<\/b><b>ervices et produits<\/b><\/h4><p style=\"font-weight: 400;\">Le Minist\u00e8re en charge du Tourisme n'est pas responsable du contenu des tiers accessibles via les liens contenus dans le web puisque le Minist\u00e8re ne les g\u00e8re ni ne les contr\u00f4le \u00e0 aucun moment.\u00a0<\/p><p style=\"font-weight: 400;\">\u00c0 toutes fins juridiques, il est entendu que toute relation contractuelle ou non contractuelle que l'utilisateur entretient avec des tiers contact\u00e9s via le site Internet est uniquement et exclusivement entre l'utilisateur et les tiers.<\/p><p style=\"font-weight: 400;\">L'utilisateur accepte que le Minist\u00e8re en charge du Tourisme n'assume aucune responsabilit\u00e9 pour les dommages de toute nature caus\u00e9s par les n\u00e9gociations, conversations ou relations contractuelles ou extracontractuelles entre l'utilisateur et des tiers contact\u00e9s via le site Internet.<\/p><p style=\"font-weight: 400;\">L'utilisateur doit prendre connaissance des indications, avis ou avertissements l\u00e9gaux que les portails tiers peuvent \u00e9tablir pour leur utilisation.<\/p><h4><strong>L<\/strong><b>'inscription dans <\/b>Congr\u00e8s mondial du tourisme de neige, de montagne et de bien-\u00eatre<b>-CMTNMB \u00e0 travers ce site implique l'acceptation des conditions suivantes :<\/b><\/h4><p style=\"font-weight: 400;\">Conform\u00e9ment aux dispositions de la loi 29\/2021 du 28 octobre, Protection qualifi\u00e9e des donn\u00e9es personnelles de la Principaut\u00e9 d'Andorre, et \u00e0 la r\u00e9glementation qui la d\u00e9veloppe, nous vous informons que les donn\u00e9es fournies lors du processus d'inscription seront incorpor\u00e9es dans le fichier CMTNMB. afin de r\u00e9pondre \u00e0 votre demande, le Minist\u00e8re en charge du Tourisme, et que les donn\u00e9es collect\u00e9es lors de ce processus d'inscription seront trait\u00e9es par le Minist\u00e8re en charge du Tourisme en collaboration avec les entreprises contract\u00e9es pour soutenir l'organisation des \u00e9ditions pr\u00e9sentes et futures. du Congr\u00e8s, ainsi que ceux qui le souhaitent, l'acceptation pr\u00e9alable de l'utilisateur, sera envoy\u00e9e \u00e0 l'Organisation Mondiale du Tourisme-OMT.<\/p><p style=\"font-weight: 400;\">L'utilisateur d\u00e9clare sous sa responsabilit\u00e9 que les donn\u00e9es fournies lors du processus d'inscription\/achat lui appartiennent, sont exactes et v\u00e9ridiques. A d\u00e9faut, le Minist\u00e8re en charge du Tourisme d\u00e9clinera toute responsabilit\u00e9 qui pourrait en d\u00e9couler.<\/p><p style=\"font-weight: 400;\">Les donn\u00e9es sp\u00e9cifiques \u00e0 l'op\u00e9ration d'achat de l'inscription au Congr\u00e8s seront conserv\u00e9es pendant une dur\u00e9e de trois mois, \u00e0 compter de la date de la c\u00e9l\u00e9bration de l'\u00e9v\u00e9nement et\/ou du paiement de l'inscription, dans le but de pouvoir assister d'\u00e9ventuels incidents, r\u00e9clamations ou clarifications concernant cet \u00e9v\u00e9nement. Pass\u00e9 ce d\u00e9lai, les donn\u00e9es anonymes seront archiv\u00e9es et conserv\u00e9es \u00e0 des fins statistiques et commerciales. Le reste des donn\u00e9es sera conserv\u00e9 pour envoyer des informations pour les \u00e9ditions actuelles et futures du Congr\u00e8s.<\/p><p style=\"font-weight: 400;\">Le Minist\u00e8re en charge du Tourisme se r\u00e9serve le droit d'effectuer p\u00e9riodiquement, sans pr\u00e9avis, les modifications et mises \u00e0 jour qu'il jugera appropri\u00e9es dans toutes les rubriques du site.<\/p><h4><b>Responsabilit\u00e9 de l'utilisateur<\/b><\/h4><p style=\"font-weight: 400;\">L'utilisateur est responsable du respect des lois et r\u00e9glementations en vigueur et des r\u00e8gles applicables \u00e0 l'utilisation faite des informations et des applications et sera donc seul responsable s'il viole ou contrevient \u00e0 la Loi de Protection Qualifi\u00e9e des donn\u00e9es.<\/p><p style=\"font-weight: 400;\">Il appartiendra toutefois \u00e0 l\u2019utilisateur de prendre les mesures appropri\u00e9es lors de l\u2019acc\u00e8s au site Internet ; de l'utilisation qu'il fait des contenus mis \u00e0 disposition sur le Web\u00a0; pour prot\u00e9ger les appareils et programmes informatiques avec lesquels vous acc\u00e9dez, et entre autres, aux virus, codes malveillants ou autres programmes ou fichiers nuisibles. Vous serez \u00e9galement responsable s'ils utilisent le serveur de messagerie, le domaine et les adresses e-mail \u00e0 des fins de spam, de mail bombing, d'usurpation d'identit\u00e9, de fraude \u00e0 la garde d'un tiers ou de tout autre type d'activit\u00e9 men\u00e9e dans une intention frauduleuse ou criminelle.<\/p><h4><b>PROPRI\u00c9T\u00c9 INTELLECTUELLE SUR LE CONTENU<\/b><\/h4><p style=\"font-weight: 400;\">Tous les contenus existants sur le site du Congr\u00e8s Mondial du Tourisme de Neige, de Montagne et de Bien-\u00eatre <a href=\"https:\/\/mountainlikers.com\/fr\/\">www.mountainlikers.com<\/a> (photos, vid\u00e9os, musiques, sons, animations, logiciels, textes, nom de domaine, marques, informations et contenus collect\u00e9s sur tout le web que ce soit sur l'une des plateformes telles que Youtube, Instagram, Facebook, Flickr, etc.), ainsi que ainsi que la marque, la structure, la conception graphique, entre autres contenus, sont la propri\u00e9t\u00e9 du Minist\u00e8re en charge du tourisme, ou le cas \u00e9ch\u00e9ant, de tiers qui ont c\u00e9d\u00e9 les droits d'utilisation correspondants, et que l'utilisateur qui visite le site Internet doit \u00eatre conforme aux dispositions de la r\u00e9glementation sur la propri\u00e9t\u00e9 intellectuelle.<\/p><p style=\"font-weight: 400;\">Aucune manipulation ni acc\u00e8s aux informations contenues sur le site Internet ne peut \u00eatre effectu\u00e9 sans l'accord pr\u00e9alable et \u00e9crit du Minist\u00e8re charg\u00e9 du Tourisme.<\/p><p style=\"font-weight: 400;\">L\u2019utilisation non autoris\u00e9e des informations contenues sur le site web, ainsi que les dommages caus\u00e9s aux droits de propri\u00e9t\u00e9 intellectuelle, peuvent donner lieu \u00e0 l\u2019exercice des actions en justice pertinentes et, le cas \u00e9ch\u00e9ant, aux responsabilit\u00e9s qui en d\u00e9coulent.<\/p><h4><strong>LEGISLACI\u00d3 I JURISDICCI\u00d3 APLICABLES\u00a0<\/strong><\/h4><p style=\"font-weight: 400;\">Ces conditions d'acc\u00e8s et d'utilisation sont soumises \u00e0 la l\u00e9gislation andorrane et \u00e0 la comp\u00e9tence de ses tribunaux.<\/p>\t\t\t\t\t\t\t\t<\/div>\n\t\t\t\t<\/div>\n\t\t\t\t\t<\/div>\n\t\t<\/div>\n\t\t\t\t\t<\/div>\n\t\t<\/section>\n\t\t\t\t<\/div>","protected":false},"excerpt":{"rendered":"<p>AV\u00cdS LEGAL Aquest av\u00eds legal recull les condicions generals que regulen l&#8217;acc\u00e9s i l&#8217;\u00fas del web moutainlikers.com, seguint el que disposa la&#8230;<\/p>","protected":false},"author":1,"featured_media":0,"parent":0,"menu_order":0,"comment_status":"closed","ping_status":"closed","template":"","meta":{"footnotes":""},"class_list":["post-12518","page","type-page","status-publish","hentry"],"yoast_head":"<!-- This site is optimized with the Yoast SEO Premium plugin v26.3 (Yoast SEO v27.2) - https:\/\/yoast.com\/product\/yoast-seo-premium-wordpress\/ -->\n<title>AV\u00cdS LEGAL - Mountainlikers<\/title>\n<meta name=\"robots\" content=\"index, follow, max-snippet:-1, max-image-preview:large, max-video-preview:-1\" \/>\n<link rel=\"canonical\" href=\"https:\/\/mountainlikers.com\/fr\/avis-legal\/\" \/>\n<meta property=\"og:locale\" content=\"fr_FR\" \/>\n<meta property=\"og:type\" content=\"article\" \/>\n<meta property=\"og:title\" content=\"AV\u00cdS LEGAL\" \/>\n<meta property=\"og:description\" content=\"AV\u00cdS LEGAL Aquest av\u00eds legal recull les condicions generals que regulen l&#8217;acc\u00e9s i l&#8217;\u00fas del web moutainlikers.com, seguint el que disposa la...\" \/>\n<meta property=\"og:url\" content=\"https:\/\/mountainlikers.com\/fr\/avis-legal\/\" \/>\n<meta property=\"og:site_name\" content=\"Mountainlikers\" \/>\n<meta property=\"article:publisher\" content=\"https:\/\/www.facebook.com\/mountainlikers\/\" \/>\n<meta property=\"article:modified_time\" content=\"2023-09-18T15:51:22+00:00\" \/>\n<meta property=\"og:image\" content=\"http:\/\/rstheme.com\/products\/wordpress\/eventeo-elementor\/wp-content\/uploads\/2020\/01\/aboutline_1.png\" \/>\n<meta name=\"twitter:card\" content=\"summary_large_image\" \/>\n<meta name=\"twitter:site\" content=\"@mountainlikers\" \/>\n<meta name=\"twitter:label1\" content=\"Dur\u00e9e de lecture estim\u00e9e\" \/>\n\t<meta name=\"twitter:data1\" content=\"6 minutes\" \/>\n<script type=\"application\/ld+json\" class=\"yoast-schema-graph\">{\"@context\":\"https:\/\/schema.org\",\"@graph\":[{\"@type\":\"WebPage\",\"@id\":\"https:\/\/mountainlikers.com\/avis-legal\/\",\"url\":\"https:\/\/mountainlikers.com\/avis-legal\/\",\"name\":\"AV\u00cdS LEGAL - Mountainlikers\",\"isPartOf\":{\"@id\":\"https:\/\/mountainlikers.com\/en\/#website\"},\"primaryImageOfPage\":{\"@id\":\"https:\/\/mountainlikers.com\/avis-legal\/#primaryimage\"},\"image\":{\"@id\":\"https:\/\/mountainlikers.com\/avis-legal\/#primaryimage\"},\"thumbnailUrl\":\"http:\/\/rstheme.com\/products\/wordpress\/eventeo-elementor\/wp-content\/uploads\/2020\/01\/aboutline_1.png\",\"datePublished\":\"2023-08-28T13:55:25+00:00\",\"dateModified\":\"2023-09-18T15:51:22+00:00\",\"breadcrumb\":{\"@id\":\"https:\/\/mountainlikers.com\/avis-legal\/#breadcrumb\"},\"inLanguage\":\"fr-FR\",\"potentialAction\":[{\"@type\":\"ReadAction\",\"target\":[\"https:\/\/mountainlikers.com\/avis-legal\/\"]}]},{\"@type\":\"ImageObject\",\"inLanguage\":\"fr-FR\",\"@id\":\"https:\/\/mountainlikers.com\/avis-legal\/#primaryimage\",\"url\":\"http:\/\/rstheme.com\/products\/wordpress\/eventeo-elementor\/wp-content\/uploads\/2020\/01\/aboutline_1.png\",\"contentUrl\":\"http:\/\/rstheme.com\/products\/wordpress\/eventeo-elementor\/wp-content\/uploads\/2020\/01\/aboutline_1.png\"},{\"@type\":\"BreadcrumbList\",\"@id\":\"https:\/\/mountainlikers.com\/avis-legal\/#breadcrumb\",\"itemListElement\":[{\"@type\":\"ListItem\",\"position\":1,\"name\":\"Inici\",\"item\":\"https:\/\/mountainlikers.com\/\"},{\"@type\":\"ListItem\",\"position\":2,\"name\":\"AV\u00cdS LEGAL\"}]},{\"@type\":\"WebSite\",\"@id\":\"https:\/\/mountainlikers.com\/en\/#website\",\"url\":\"https:\/\/mountainlikers.com\/en\/\",\"name\":\"Mountainlikers\",\"description\":\"Congr\u00e9s Mundial de Turisme de Neu i Muntanya 2026\",\"publisher\":{\"@id\":\"https:\/\/mountainlikers.com\/en\/#organization\"},\"potentialAction\":[{\"@type\":\"SearchAction\",\"target\":{\"@type\":\"EntryPoint\",\"urlTemplate\":\"https:\/\/mountainlikers.com\/en\/?s={search_term_string}\"},\"query-input\":{\"@type\":\"PropertyValueSpecification\",\"valueRequired\":true,\"valueName\":\"search_term_string\"}}],\"inLanguage\":\"fr-FR\"},{\"@type\":\"Organization\",\"@id\":\"https:\/\/mountainlikers.com\/en\/#organization\",\"name\":\"Mountainlikers\",\"url\":\"https:\/\/mountainlikers.com\/en\/\",\"logo\":{\"@type\":\"ImageObject\",\"inLanguage\":\"fr-FR\",\"@id\":\"https:\/\/mountainlikers.com\/en\/#\/schema\/logo\/image\/\",\"url\":\"https:\/\/mountainlikers.com\/wp-content\/uploads\/2025\/09\/MountainLikers-logo25-26.png\",\"contentUrl\":\"https:\/\/mountainlikers.com\/wp-content\/uploads\/2025\/09\/MountainLikers-logo25-26.png\",\"width\":1221,\"height\":942,\"caption\":\"Mountainlikers\"},\"image\":{\"@id\":\"https:\/\/mountainlikers.com\/en\/#\/schema\/logo\/image\/\"},\"sameAs\":[\"https:\/\/www.facebook.com\/mountainlikers\/\",\"https:\/\/x.com\/mountainlikers\",\"https:\/\/www.instagram.com\/mountainlikers\/\",\"https:\/\/www.youtube.com\/user\/mountainlikers\"]}]}<\/script>\n<!-- \/ Yoast SEO Premium plugin. -->","yoast_head_json":{"title":"Mentions l\u00e9gales - Mountainlikers","robots":{"index":"index","follow":"follow","max-snippet":"max-snippet:-1","max-image-preview":"max-image-preview:large","max-video-preview":"max-video-preview:-1"},"canonical":"https:\/\/mountainlikers.com\/fr\/avis-legal\/","og_locale":"fr_FR","og_type":"article","og_title":"AV\u00cdS LEGAL","og_description":"AV\u00cdS LEGAL Aquest av\u00eds legal recull les condicions generals que regulen l&#8217;acc\u00e9s i l&#8217;\u00fas del web moutainlikers.com, seguint el que disposa la...","og_url":"https:\/\/mountainlikers.com\/fr\/avis-legal\/","og_site_name":"Mountainlikers","article_publisher":"https:\/\/www.facebook.com\/mountainlikers\/","article_modified_time":"2023-09-18T15:51:22+00:00","og_image":[{"url":"http:\/\/rstheme.com\/products\/wordpress\/eventeo-elementor\/wp-content\/uploads\/2020\/01\/aboutline_1.png","type":"","width":"","height":""}],"twitter_card":"summary_large_image","twitter_site":"@mountainlikers","twitter_misc":{"Dur\u00e9e de lecture estim\u00e9e":"6 minutes"},"schema":{"@context":"https:\/\/schema.org","@graph":[{"@type":"WebPage","@id":"https:\/\/mountainlikers.com\/avis-legal\/","url":"https:\/\/mountainlikers.com\/avis-legal\/","name":"Mentions l\u00e9gales - Mountainlikers","isPartOf":{"@id":"https:\/\/mountainlikers.com\/en\/#website"},"primaryImageOfPage":{"@id":"https:\/\/mountainlikers.com\/avis-legal\/#primaryimage"},"image":{"@id":"https:\/\/mountainlikers.com\/avis-legal\/#primaryimage"},"thumbnailUrl":"http:\/\/rstheme.com\/products\/wordpress\/eventeo-elementor\/wp-content\/uploads\/2020\/01\/aboutline_1.png","datePublished":"2023-08-28T13:55:25+00:00","dateModified":"2023-09-18T15:51:22+00:00","breadcrumb":{"@id":"https:\/\/mountainlikers.com\/avis-legal\/#breadcrumb"},"inLanguage":"fr-FR","potentialAction":[{"@type":"ReadAction","target":["https:\/\/mountainlikers.com\/avis-legal\/"]}]},{"@type":"ImageObject","inLanguage":"fr-FR","@id":"https:\/\/mountainlikers.com\/avis-legal\/#primaryimage","url":"http:\/\/rstheme.com\/products\/wordpress\/eventeo-elementor\/wp-content\/uploads\/2020\/01\/aboutline_1.png","contentUrl":"http:\/\/rstheme.com\/products\/wordpress\/eventeo-elementor\/wp-content\/uploads\/2020\/01\/aboutline_1.png"},{"@type":"BreadcrumbList","@id":"https:\/\/mountainlikers.com\/avis-legal\/#breadcrumb","itemListElement":[{"@type":"ListItem","position":1,"name":"Inici","item":"https:\/\/mountainlikers.com\/"},{"@type":"ListItem","position":2,"name":"AV\u00cdS LEGAL"}]},{"@type":"WebSite","@id":"https:\/\/mountainlikers.com\/en\/#website","url":"https:\/\/mountainlikers.com\/en\/","name":"Les amoureux de la montagne","description":"Congr\u00e8s mondial du tourisme de neige et de montagne 2026","publisher":{"@id":"https:\/\/mountainlikers.com\/en\/#organization"},"potentialAction":[{"@type":"SearchAction","target":{"@type":"EntryPoint","urlTemplate":"https:\/\/mountainlikers.com\/en\/?s={search_term_string}"},"query-input":{"@type":"PropertyValueSpecification","valueRequired":true,"valueName":"search_term_string"}}],"inLanguage":"fr-FR"},{"@type":"Organization","@id":"https:\/\/mountainlikers.com\/en\/#organization","name":"Les amoureux de la montagne","url":"https:\/\/mountainlikers.com\/en\/","logo":{"@type":"ImageObject","inLanguage":"fr-FR","@id":"https:\/\/mountainlikers.com\/en\/#\/schema\/logo\/image\/","url":"https:\/\/mountainlikers.com\/wp-content\/uploads\/2025\/09\/MountainLikers-logo25-26.png","contentUrl":"https:\/\/mountainlikers.com\/wp-content\/uploads\/2025\/09\/MountainLikers-logo25-26.png","width":1221,"height":942,"caption":"Mountainlikers"},"image":{"@id":"https:\/\/mountainlikers.com\/en\/#\/schema\/logo\/image\/"},"sameAs":["https:\/\/www.facebook.com\/mountainlikers\/","https:\/\/x.com\/mountainlikers","https:\/\/www.instagram.com\/mountainlikers\/","https:\/\/www.youtube.com\/user\/mountainlikers"]}]}},"_links":{"self":[{"href":"https:\/\/mountainlikers.com\/fr\/wp-json\/wp\/v2\/pages\/12518","targetHints":{"allow":["GET"]}}],"collection":[{"href":"https:\/\/mountainlikers.com\/fr\/wp-json\/wp\/v2\/pages"}],"about":[{"href":"https:\/\/mountainlikers.com\/fr\/wp-json\/wp\/v2\/types\/page"}],"author":[{"embeddable":true,"href":"https:\/\/mountainlikers.com\/fr\/wp-json\/wp\/v2\/users\/1"}],"replies":[{"embeddable":true,"href":"https:\/\/mountainlikers.com\/fr\/wp-json\/wp\/v2\/comments?post=12518"}],"version-history":[{"count":12,"href":"https:\/\/mountainlikers.com\/fr\/wp-json\/wp\/v2\/pages\/12518\/revisions"}],"predecessor-version":[{"id":12687,"href":"https:\/\/mountainlikers.com\/fr\/wp-json\/wp\/v2\/pages\/12518\/revisions\/12687"}],"wp:attachment":[{"href":"https:\/\/mountainlikers.com\/fr\/wp-json\/wp\/v2\/media?parent=12518"}],"curies":[{"name":"wp","href":"https:\/\/api.w.org\/{rel}","templated":true}]}}