{"id":9977,"date":"2021-10-07T13:25:46","date_gmt":"2021-10-07T11:25:46","guid":{"rendered":"https:\/\/mountainlikers.com\/?page_id=9977"},"modified":"2021-10-07T15:55:21","modified_gmt":"2021-10-07T13:55:21","slug":"secretari-general-de-lomt","status":"publish","type":"page","link":"https:\/\/mountainlikers.com\/es\/secretari-general-de-lomt\/","title":{"rendered":"Secretario general de la OMT"},"content":{"rendered":"<div data-elementor-type=\"wp-page\" data-elementor-id=\"9977\" class=\"elementor elementor-9977\" data-elementor-post-type=\"page\">\n\t\t\t\t\t\t<section data-particle_enable=\"false\" data-particle-mobile-disabled=\"false\" class=\"elementor-section elementor-top-section elementor-element elementor-element-f1d01d2 elementor-section-stretched elementor-section-content-middle elementor-reverse-mobile elementor-hidden-tablet elementor-section-boxed elementor-section-height-default elementor-section-height-default\" data-id=\"f1d01d2\" data-element_type=\"section\" data-e-type=\"section\" data-settings=\"{&quot;stretch_section&quot;:&quot;section-stretched&quot;,&quot;background_background&quot;:&quot;classic&quot;}\">\n\t\t\t\t\t\t<div class=\"elementor-container elementor-column-gap-default\">\n\t\t\t\t\t<div class=\"elementor-column elementor-col-50 elementor-top-column elementor-element elementor-element-9881fdb\" data-id=\"9881fdb\" data-element_type=\"column\" data-e-type=\"column\">\n\t\t\t<div class=\"elementor-widget-wrap elementor-element-populated\">\n\t\t\t\t\t\t<div class=\"elementor-element elementor-element-6690e0d elementor-hidden-desktop elementor-widget elementor-widget-image\" data-id=\"6690e0d\" data-element_type=\"widget\" data-e-type=\"widget\" data-widget_type=\"image.default\">\n\t\t\t\t<div class=\"elementor-widget-container\">\n\t\t\t\t\t\t\t\t\t\t\t\t\t\t\t<img loading=\"lazy\" decoding=\"async\" width=\"640\" height=\"419\" src=\"https:\/\/mountainlikers.com\/wp-content\/uploads\/2021\/10\/SG-Zurab-Pololikashvili-1024x671.jpg\" class=\"attachment-large size-large wp-image-9814\" alt=\"\" srcset=\"https:\/\/mountainlikers.com\/wp-content\/uploads\/2021\/10\/SG-Zurab-Pololikashvili-1024x671.jpg 1024w, https:\/\/mountainlikers.com\/wp-content\/uploads\/2021\/10\/SG-Zurab-Pololikashvili-600x393.jpg 600w, https:\/\/mountainlikers.com\/wp-content\/uploads\/2021\/10\/SG-Zurab-Pololikashvili-800x525.jpg 800w, https:\/\/mountainlikers.com\/wp-content\/uploads\/2021\/10\/SG-Zurab-Pololikashvili-300x197.jpg 300w, https:\/\/mountainlikers.com\/wp-content\/uploads\/2021\/10\/SG-Zurab-Pololikashvili-768x504.jpg 768w, https:\/\/mountainlikers.com\/wp-content\/uploads\/2021\/10\/SG-Zurab-Pololikashvili-1536x1007.jpg 1536w, https:\/\/mountainlikers.com\/wp-content\/uploads\/2021\/10\/SG-Zurab-Pololikashvili-2048x1343.jpg 2048w, https:\/\/mountainlikers.com\/wp-content\/uploads\/2021\/10\/SG-Zurab-Pololikashvili-18x12.jpg 18w\" sizes=\"auto, (max-width: 640px) 100vw, 640px\" \/>\t\t\t\t\t\t\t\t\t\t\t\t\t\t\t<\/div>\n\t\t\t\t<\/div>\n\t\t\t\t<div class=\"elementor-element elementor-element-5e40766 elementor-widget elementor-widget-rs-heading\" data-id=\"5e40766\" data-element_type=\"widget\" data-e-type=\"widget\" data-widget_type=\"rs-heading.default\">\n\t\t\t\t<div class=\"elementor-widget-container\">\n\t\t\t\t\t        <div class=\"rs-heading style9\">\r\n        \t<div class=\"title-inner\">\r\n        \t\t      \t\t\r\n\t            <span class=\"sub-text\">11.\u00ba Congreso Mundial sobre Turismo de Nieve y de Monta\u00f1a<\/span> <h2 class=\"title\"><span class=\"watermark\"><\/span>Secretario general de la OMT<\/h2><div class=\"title-img bottom-img\"><img decoding=\"async\" src=\"http:\/\/rstheme.com\/products\/wordpress\/eventeo-elementor\/wp-content\/uploads\/2020\/01\/aboutline_1.png\" \/><\/div>\t        <\/div>\r\n\t                <\/div>\r\n        \t\t\t\t<\/div>\n\t\t\t\t<\/div>\n\t\t\t\t<div class=\"elementor-element elementor-element-1151e1a elementor-widget elementor-widget-text-editor\" data-id=\"1151e1a\" data-element_type=\"widget\" data-e-type=\"widget\" data-widget_type=\"text-editor.default\">\n\t\t\t\t<div class=\"elementor-widget-container\">\n\t\t\t\t\t\t\t\t\t<p style=\"text-align: justify;\">El turismo ha sido uno de los sectores m\u00e1s afectados por la pandemia de COVID-19. La ca\u00edda repentina y sin precedentes de las llegadas internacionales ha tenido un profundo impacto a muchos niveles, deteriorando en todo el mundo la econom\u00eda, los medios de vida y los servicios p\u00fablicos, y reduciendo las oportunidades.<\/p><p style=\"text-align: justify;\">Es tambi\u00e9n irrefutable que, en las \u00faltimas d\u00e9cadas, el turismo ha sido uno de los sectores socioecon\u00f3micos que con m\u00e1s rapidez ha crecido. Cada vez m\u00e1s se lo reconoce como un sector vital para la generaci\u00f3n de riqueza y empleo, para la protecci\u00f3n ambiental y para la atenuaci\u00f3n de la pobreza. Todo ello hace del turismo una fuerza poderosa para impulsar la Agenda 2030 para el Desarrollo Sostenible y sus Objetivos de Desarrollo Sostenible (ODS).<\/p><p style=\"text-align: justify;\">Hoy en d\u00eda, el papel del turismo para el desarrollo de las regiones de monta\u00f1a es m\u00e1s importante que nunca. Ahora que el sector retoma su actividad y la gente busca destinos menos concurridos y experiencias y actividades al aire libre, el turismo puede ayudar a las comunidades de monta\u00f1a a recuperarse de los impactos sociales y econ\u00f3micos de la pandemia y a construir el futuro.<\/p><p style=\"text-align: justify;\">En un momento de ins\u00f3litos desaf\u00edos, tenemos la oportunidad de repensar la contribuci\u00f3n del turismo al desarrollo de las regiones de monta\u00f1a. Es esencial que trabajemos juntos para encontrar soluciones concretas que hagan que el turismo vuelva a su actividad mejorado y convertido en herramienta clave de unas comunidades y unos destinos m\u00e1s sostenibles, inclusivos y resilientes gracias a la innovaci\u00f3n, la digitalizaci\u00f3n, la sostenibilidad y las alianzas.<\/p><p style=\"text-align: justify;\">La OMT lleva mucho tiempo acompa\u00f1ando al Gobierno del Principado de Andorra y juntos hemos abordado prioridades clave para el desarrollo del turismo de monta\u00f1a. Ahora que el mundo se abre de nuevo y encara el futuro, este Congreso de 2022 representa un paso importante en la hoja de ruta del sector para recuperar su posici\u00f3n \u00fanica como fuente de esperanzas y oportunidades para todos.<\/p><p style=\"text-align: justify;\">Estoy seguro de que la 11.\u00aa edici\u00f3n del Congreso Mundial de Turismo de Nieve y de Monta\u00f1a nos brindar\u00e1 la oportunidad de reunirnos de nuevo para potenciar los valores de la sostenibilidad, la innovaci\u00f3n, la calidad y la creatividad en todos los eslabones de la cadena de valor del turismo de monta\u00f1a. Solo as\u00ed nuestro sector podr\u00e1 estar preparado para responder a los actuales desaf\u00edos y avanzar hacia un modelo futuro m\u00e1s sostenible e inclusivo.<\/p><p style=\"text-align: justify;\">\u00a1Nos vemos en Andorra!<\/p>\t\t\t\t\t\t\t\t<\/div>\n\t\t\t\t<\/div>\n\t\t\t\t\t<\/div>\n\t\t<\/div>\n\t\t\t\t<div class=\"elementor-column elementor-col-50 elementor-top-column elementor-element elementor-element-22a76a9 elementor-hidden-tablet elementor-hidden-mobile\" data-id=\"22a76a9\" data-element_type=\"column\" data-e-type=\"column\" data-settings=\"{&quot;background_background&quot;:&quot;classic&quot;}\">\n\t\t\t<div class=\"elementor-widget-wrap elementor-element-populated\">\n\t\t\t\t\t\t<div class=\"elementor-element elementor-element-dae3c8c elementor-widget elementor-widget-spacer\" data-id=\"dae3c8c\" data-element_type=\"widget\" data-e-type=\"widget\" data-widget_type=\"spacer.default\">\n\t\t\t\t<div class=\"elementor-widget-container\">\n\t\t\t\t\t\t\t<div class=\"elementor-spacer\">\n\t\t\t<div class=\"elementor-spacer-inner\"><\/div>\n\t\t<\/div>\n\t\t\t\t\t\t<\/div>\n\t\t\t\t<\/div>\n\t\t\t\t\t<\/div>\n\t\t<\/div>\n\t\t\t\t\t<\/div>\n\t\t<\/section>\n\t\t\t\t<section data-particle_enable=\"false\" data-particle-mobile-disabled=\"false\" class=\"elementor-section elementor-top-section elementor-element elementor-element-9ec1db9 elementor-hidden-desktop elementor-hidden-mobile elementor-section-boxed elementor-section-height-default elementor-section-height-default\" data-id=\"9ec1db9\" data-element_type=\"section\" data-e-type=\"section\">\n\t\t\t\t\t\t<div class=\"elementor-container elementor-column-gap-default\">\n\t\t\t\t\t<div class=\"elementor-column elementor-col-100 elementor-top-column elementor-element elementor-element-dd97a6f\" data-id=\"dd97a6f\" data-element_type=\"column\" data-e-type=\"column\">\n\t\t\t<div class=\"elementor-widget-wrap elementor-element-populated\">\n\t\t\t\t\t\t<div class=\"elementor-element elementor-element-0c9f72a elementor-hidden-desktop elementor-hidden-mobile elementor-widget elementor-widget-image\" data-id=\"0c9f72a\" data-element_type=\"widget\" data-e-type=\"widget\" data-widget_type=\"image.default\">\n\t\t\t\t<div class=\"elementor-widget-container\">\n\t\t\t\t\t\t\t\t\t\t\t\t\t\t\t<img loading=\"lazy\" decoding=\"async\" width=\"640\" height=\"419\" src=\"https:\/\/mountainlikers.com\/wp-content\/uploads\/2021\/10\/SG-Zurab-Pololikashvili-1024x671.jpg\" class=\"attachment-large size-large wp-image-9814\" alt=\"\" srcset=\"https:\/\/mountainlikers.com\/wp-content\/uploads\/2021\/10\/SG-Zurab-Pololikashvili-1024x671.jpg 1024w, https:\/\/mountainlikers.com\/wp-content\/uploads\/2021\/10\/SG-Zurab-Pololikashvili-600x393.jpg 600w, https:\/\/mountainlikers.com\/wp-content\/uploads\/2021\/10\/SG-Zurab-Pololikashvili-800x525.jpg 800w, https:\/\/mountainlikers.com\/wp-content\/uploads\/2021\/10\/SG-Zurab-Pololikashvili-300x197.jpg 300w, https:\/\/mountainlikers.com\/wp-content\/uploads\/2021\/10\/SG-Zurab-Pololikashvili-768x504.jpg 768w, https:\/\/mountainlikers.com\/wp-content\/uploads\/2021\/10\/SG-Zurab-Pololikashvili-1536x1007.jpg 1536w, https:\/\/mountainlikers.com\/wp-content\/uploads\/2021\/10\/SG-Zurab-Pololikashvili-2048x1343.jpg 2048w, https:\/\/mountainlikers.com\/wp-content\/uploads\/2021\/10\/SG-Zurab-Pololikashvili-18x12.jpg 18w\" sizes=\"auto, (max-width: 640px) 100vw, 640px\" \/>\t\t\t\t\t\t\t\t\t\t\t\t\t\t\t<\/div>\n\t\t\t\t<\/div>\n\t\t\t\t<div class=\"elementor-element elementor-element-95f9f94 elementor-widget elementor-widget-rs-heading\" data-id=\"95f9f94\" data-element_type=\"widget\" data-e-type=\"widget\" data-widget_type=\"rs-heading.default\">\n\t\t\t\t<div class=\"elementor-widget-container\">\n\t\t\t\t\t        <div class=\"rs-heading style9\">\r\n        \t<div class=\"title-inner\">\r\n        \t\t      \t\t\r\n\t            <span class=\"sub-text\">11.\u00ba Congreso Mundial sobre Turismo de Nieve y de Monta\u00f1a<\/span> <h2 class=\"title\"><span class=\"watermark\"><\/span>Secretario general de la OMT<\/h2><div class=\"title-img bottom-img\"><img decoding=\"async\" src=\"http:\/\/rstheme.com\/products\/wordpress\/eventeo-elementor\/wp-content\/uploads\/2020\/01\/aboutline_1.png\" \/><\/div>\t        <\/div>\r\n\t                <\/div>\r\n        \t\t\t\t<\/div>\n\t\t\t\t<\/div>\n\t\t\t\t<div class=\"elementor-element elementor-element-b9ce099 elementor-widget elementor-widget-text-editor\" data-id=\"b9ce099\" data-element_type=\"widget\" data-e-type=\"widget\" data-widget_type=\"text-editor.default\">\n\t\t\t\t<div class=\"elementor-widget-container\">\n\t\t\t\t\t\t\t\t\t<p style=\"text-align: justify;\">El turismo ha sido uno de los sectores m\u00e1s afectados por la pandemia de COVID-19. La ca\u00edda repentina y sin precedentes de las llegadas internacionales ha tenido un profundo impacto a muchos niveles, deteriorando en todo el mundo la econom\u00eda, los medios de vida y los servicios p\u00fablicos, y reduciendo las oportunidades.<\/p><p style=\"text-align: justify;\">Es tambi\u00e9n irrefutable que, en las \u00faltimas d\u00e9cadas, el turismo ha sido uno de los sectores socioecon\u00f3micos que con m\u00e1s rapidez ha crecido. Cada vez m\u00e1s se lo reconoce como un sector vital para la generaci\u00f3n de riqueza y empleo, para la protecci\u00f3n ambiental y para la atenuaci\u00f3n de la pobreza. Todo ello hace del turismo una fuerza poderosa para impulsar la Agenda 2030 para el Desarrollo Sostenible y sus Objetivos de Desarrollo Sostenible (ODS).<\/p><p style=\"text-align: justify;\">Hoy en d\u00eda, el papel del turismo para el desarrollo de las regiones de monta\u00f1a es m\u00e1s importante que nunca. Ahora que el sector retoma su actividad y la gente busca destinos menos concurridos y experiencias y actividades al aire libre, el turismo puede ayudar a las comunidades de monta\u00f1a a recuperarse de los impactos sociales y econ\u00f3micos de la pandemia y a construir el futuro.<\/p><p style=\"text-align: justify;\">En un momento de ins\u00f3litos desaf\u00edos, tenemos la oportunidad de repensar la contribuci\u00f3n del turismo al desarrollo de las regiones de monta\u00f1a. Es esencial que trabajemos juntos para encontrar soluciones concretas que hagan que el turismo vuelva a su actividad mejorado y convertido en herramienta clave de unas comunidades y unos destinos m\u00e1s sostenibles, inclusivos y resilientes gracias a la innovaci\u00f3n, la digitalizaci\u00f3n, la sostenibilidad y las alianzas.<\/p><p style=\"text-align: justify;\">La OMT lleva mucho tiempo acompa\u00f1ando al Gobierno del Principado de Andorra y juntos hemos abordado prioridades clave para el desarrollo del turismo de monta\u00f1a. Ahora que el mundo se abre de nuevo y encara el futuro, este Congreso de 2022 representa un paso importante en la hoja de ruta del sector para recuperar su posici\u00f3n \u00fanica como fuente de esperanzas y oportunidades para todos.<\/p><p style=\"text-align: justify;\">Estoy seguro de que la 11.\u00aa edici\u00f3n del Congreso Mundial de Turismo de Nieve y de Monta\u00f1a nos brindar\u00e1 la oportunidad de reunirnos de nuevo para potenciar los valores de la sostenibilidad, la innovaci\u00f3n, la calidad y la creatividad en todos los eslabones de la cadena de valor del turismo de monta\u00f1a. Solo as\u00ed nuestro sector podr\u00e1 estar preparado para responder a los actuales desaf\u00edos y avanzar hacia un modelo futuro m\u00e1s sostenible e inclusivo.<\/p><p style=\"text-align: justify;\">\u00a1Nos vemos en Andorra!<\/p>\t\t\t\t\t\t\t\t<\/div>\n\t\t\t\t<\/div>\n\t\t\t\t\t<\/div>\n\t\t<\/div>\n\t\t\t\t\t<\/div>\n\t\t<\/section>\n\t\t\t\t<section data-particle_enable=\"false\" data-particle-mobile-disabled=\"false\" class=\"elementor-section elementor-top-section elementor-element elementor-element-17e81e4 elementor-section-stretched elementor-section-boxed elementor-section-height-default elementor-section-height-default\" data-id=\"17e81e4\" data-element_type=\"section\" data-e-type=\"section\" data-settings=\"{&quot;stretch_section&quot;:&quot;section-stretched&quot;,&quot;background_background&quot;:&quot;classic&quot;}\">\n\t\t\t\t\t\t<div class=\"elementor-container elementor-column-gap-default\">\n\t\t\t\t\t<div class=\"elementor-column elementor-col-33 elementor-top-column elementor-element elementor-element-43fad95\" data-id=\"43fad95\" data-element_type=\"column\" data-e-type=\"column\">\n\t\t\t<div class=\"elementor-widget-wrap\">\n\t\t\t\t\t\t\t<\/div>\n\t\t<\/div>\n\t\t\t\t<div class=\"elementor-column elementor-col-33 elementor-top-column elementor-element elementor-element-7063f8a\" data-id=\"7063f8a\" data-element_type=\"column\" data-e-type=\"column\">\n\t\t\t<div class=\"elementor-widget-wrap\">\n\t\t\t\t\t\t\t<\/div>\n\t\t<\/div>\n\t\t\t\t<div class=\"elementor-column elementor-col-33 elementor-top-column elementor-element elementor-element-32b95fb\" data-id=\"32b95fb\" data-element_type=\"column\" data-e-type=\"column\">\n\t\t\t<div class=\"elementor-widget-wrap\">\n\t\t\t\t\t\t\t<\/div>\n\t\t<\/div>\n\t\t\t\t\t<\/div>\n\t\t<\/section>\n\t\t\t\t<\/div>","protected":false},"excerpt":{"rendered":"<p>11\u00e8 Congr\u00e9s mundial de turisme de neu i de muntanya secretari general de l\u2019OMT El turisme ha estat un dels sectors m\u00e9s&#8230;<\/p>","protected":false},"author":1,"featured_media":0,"parent":0,"menu_order":0,"comment_status":"closed","ping_status":"closed","template":"","meta":{"footnotes":""},"class_list":["post-9977","page","type-page","status-publish","hentry"],"yoast_head":"<!-- This site is optimized with the Yoast SEO Premium plugin v26.3 (Yoast SEO v27.2) - https:\/\/yoast.com\/product\/yoast-seo-premium-wordpress\/ -->\n<title>Secretari general de l\u2019OMT - Mountainlikers<\/title>\n<meta name=\"robots\" content=\"index, follow, max-snippet:-1, max-image-preview:large, max-video-preview:-1\" \/>\n<link rel=\"canonical\" href=\"https:\/\/mountainlikers.com\/es\/secretari-general-de-lomt\/\" \/>\n<meta property=\"og:locale\" content=\"es_ES\" \/>\n<meta property=\"og:type\" content=\"article\" \/>\n<meta property=\"og:title\" content=\"Secretari general de l\u2019OMT\" \/>\n<meta property=\"og:description\" content=\"11\u00e8 Congr\u00e9s mundial de turisme de neu i de muntanya secretari general de l\u2019OMT El turisme ha estat un dels sectors m\u00e9s...\" \/>\n<meta property=\"og:url\" content=\"https:\/\/mountainlikers.com\/es\/secretari-general-de-lomt\/\" \/>\n<meta property=\"og:site_name\" content=\"Mountainlikers\" \/>\n<meta property=\"article:publisher\" content=\"https:\/\/www.facebook.com\/mountainlikers\/\" \/>\n<meta property=\"article:modified_time\" content=\"2021-10-07T13:55:21+00:00\" \/>\n<meta property=\"og:image\" content=\"https:\/\/mountainlikers.com\/wp-content\/uploads\/2021\/10\/SG-Zurab-Pololikashvili-1024x671.jpg\" \/>\n<meta name=\"twitter:card\" content=\"summary_large_image\" \/>\n<meta name=\"twitter:site\" content=\"@mountainlikers\" \/>\n<meta name=\"twitter:label1\" content=\"Tiempo de lectura\" \/>\n\t<meta name=\"twitter:data1\" content=\"4 minutos\" \/>\n<script type=\"application\/ld+json\" class=\"yoast-schema-graph\">{\"@context\":\"https:\/\/schema.org\",\"@graph\":[{\"@type\":\"WebPage\",\"@id\":\"https:\/\/mountainlikers.com\/secretari-general-de-lomt\/\",\"url\":\"https:\/\/mountainlikers.com\/secretari-general-de-lomt\/\",\"name\":\"Secretari general de l\u2019OMT - Mountainlikers\",\"isPartOf\":{\"@id\":\"https:\/\/mountainlikers.com\/en\/#website\"},\"primaryImageOfPage\":{\"@id\":\"https:\/\/mountainlikers.com\/secretari-general-de-lomt\/#primaryimage\"},\"image\":{\"@id\":\"https:\/\/mountainlikers.com\/secretari-general-de-lomt\/#primaryimage\"},\"thumbnailUrl\":\"https:\/\/mountainlikers.com\/wp-content\/uploads\/2021\/10\/SG-Zurab-Pololikashvili-1024x671.jpg\",\"datePublished\":\"2021-10-07T11:25:46+00:00\",\"dateModified\":\"2021-10-07T13:55:21+00:00\",\"breadcrumb\":{\"@id\":\"https:\/\/mountainlikers.com\/secretari-general-de-lomt\/#breadcrumb\"},\"inLanguage\":\"es\",\"potentialAction\":[{\"@type\":\"ReadAction\",\"target\":[\"https:\/\/mountainlikers.com\/secretari-general-de-lomt\/\"]}]},{\"@type\":\"ImageObject\",\"inLanguage\":\"es\",\"@id\":\"https:\/\/mountainlikers.com\/secretari-general-de-lomt\/#primaryimage\",\"url\":\"https:\/\/mountainlikers.com\/wp-content\/uploads\/2021\/10\/SG-Zurab-Pololikashvili-1024x671.jpg\",\"contentUrl\":\"https:\/\/mountainlikers.com\/wp-content\/uploads\/2021\/10\/SG-Zurab-Pololikashvili-1024x671.jpg\"},{\"@type\":\"BreadcrumbList\",\"@id\":\"https:\/\/mountainlikers.com\/secretari-general-de-lomt\/#breadcrumb\",\"itemListElement\":[{\"@type\":\"ListItem\",\"position\":1,\"name\":\"Inici\",\"item\":\"https:\/\/mountainlikers.com\/\"},{\"@type\":\"ListItem\",\"position\":2,\"name\":\"Secretari general de l\u2019OMT\"}]},{\"@type\":\"WebSite\",\"@id\":\"https:\/\/mountainlikers.com\/en\/#website\",\"url\":\"https:\/\/mountainlikers.com\/en\/\",\"name\":\"Mountainlikers\",\"description\":\"Congr\u00e9s Mundial de Turisme de Neu i Muntanya 2026\",\"publisher\":{\"@id\":\"https:\/\/mountainlikers.com\/en\/#organization\"},\"potentialAction\":[{\"@type\":\"SearchAction\",\"target\":{\"@type\":\"EntryPoint\",\"urlTemplate\":\"https:\/\/mountainlikers.com\/en\/?s={search_term_string}\"},\"query-input\":{\"@type\":\"PropertyValueSpecification\",\"valueRequired\":true,\"valueName\":\"search_term_string\"}}],\"inLanguage\":\"es\"},{\"@type\":\"Organization\",\"@id\":\"https:\/\/mountainlikers.com\/en\/#organization\",\"name\":\"Mountainlikers\",\"url\":\"https:\/\/mountainlikers.com\/en\/\",\"logo\":{\"@type\":\"ImageObject\",\"inLanguage\":\"es\",\"@id\":\"https:\/\/mountainlikers.com\/en\/#\/schema\/logo\/image\/\",\"url\":\"https:\/\/mountainlikers.com\/wp-content\/uploads\/2025\/09\/MountainLikers-logo25-26.png\",\"contentUrl\":\"https:\/\/mountainlikers.com\/wp-content\/uploads\/2025\/09\/MountainLikers-logo25-26.png\",\"width\":1221,\"height\":942,\"caption\":\"Mountainlikers\"},\"image\":{\"@id\":\"https:\/\/mountainlikers.com\/en\/#\/schema\/logo\/image\/\"},\"sameAs\":[\"https:\/\/www.facebook.com\/mountainlikers\/\",\"https:\/\/x.com\/mountainlikers\",\"https:\/\/www.instagram.com\/mountainlikers\/\",\"https:\/\/www.youtube.com\/user\/mountainlikers\"]}]}<\/script>\n<!-- \/ Yoast SEO Premium plugin. -->","yoast_head_json":{"title":"Secretario General de la OMT \u2013 Mountainlikers","robots":{"index":"index","follow":"follow","max-snippet":"max-snippet:-1","max-image-preview":"max-image-preview:large","max-video-preview":"max-video-preview:-1"},"canonical":"https:\/\/mountainlikers.com\/es\/secretari-general-de-lomt\/","og_locale":"es_ES","og_type":"article","og_title":"Secretari general de l\u2019OMT","og_description":"11\u00e8 Congr\u00e9s mundial de turisme de neu i de muntanya secretari general de l\u2019OMT El turisme ha estat un dels sectors m\u00e9s...","og_url":"https:\/\/mountainlikers.com\/es\/secretari-general-de-lomt\/","og_site_name":"Mountainlikers","article_publisher":"https:\/\/www.facebook.com\/mountainlikers\/","article_modified_time":"2021-10-07T13:55:21+00:00","og_image":[{"url":"https:\/\/mountainlikers.com\/wp-content\/uploads\/2021\/10\/SG-Zurab-Pololikashvili-1024x671.jpg","type":"","width":"","height":""}],"twitter_card":"summary_large_image","twitter_site":"@mountainlikers","twitter_misc":{"Tiempo de lectura":"4 minutos"},"schema":{"@context":"https:\/\/schema.org","@graph":[{"@type":"WebPage","@id":"https:\/\/mountainlikers.com\/secretari-general-de-lomt\/","url":"https:\/\/mountainlikers.com\/secretari-general-de-lomt\/","name":"Secretario General de la OMT \u2013 Mountainlikers","isPartOf":{"@id":"https:\/\/mountainlikers.com\/en\/#website"},"primaryImageOfPage":{"@id":"https:\/\/mountainlikers.com\/secretari-general-de-lomt\/#primaryimage"},"image":{"@id":"https:\/\/mountainlikers.com\/secretari-general-de-lomt\/#primaryimage"},"thumbnailUrl":"https:\/\/mountainlikers.com\/wp-content\/uploads\/2021\/10\/SG-Zurab-Pololikashvili-1024x671.jpg","datePublished":"2021-10-07T11:25:46+00:00","dateModified":"2021-10-07T13:55:21+00:00","breadcrumb":{"@id":"https:\/\/mountainlikers.com\/secretari-general-de-lomt\/#breadcrumb"},"inLanguage":"es","potentialAction":[{"@type":"ReadAction","target":["https:\/\/mountainlikers.com\/secretari-general-de-lomt\/"]}]},{"@type":"ImageObject","inLanguage":"es","@id":"https:\/\/mountainlikers.com\/secretari-general-de-lomt\/#primaryimage","url":"https:\/\/mountainlikers.com\/wp-content\/uploads\/2021\/10\/SG-Zurab-Pololikashvili-1024x671.jpg","contentUrl":"https:\/\/mountainlikers.com\/wp-content\/uploads\/2021\/10\/SG-Zurab-Pololikashvili-1024x671.jpg"},{"@type":"BreadcrumbList","@id":"https:\/\/mountainlikers.com\/secretari-general-de-lomt\/#breadcrumb","itemListElement":[{"@type":"ListItem","position":1,"name":"Inici","item":"https:\/\/mountainlikers.com\/"},{"@type":"ListItem","position":2,"name":"Secretari general de l\u2019OMT"}]},{"@type":"WebSite","@id":"https:\/\/mountainlikers.com\/en\/#website","url":"https:\/\/mountainlikers.com\/en\/","name":"Mountainlikers","description":"Congreso Mundial de Turismo de Nieve y Monte 2026","publisher":{"@id":"https:\/\/mountainlikers.com\/en\/#organization"},"potentialAction":[{"@type":"SearchAction","target":{"@type":"EntryPoint","urlTemplate":"https:\/\/mountainlikers.com\/en\/?s={search_term_string}"},"query-input":{"@type":"PropertyValueSpecification","valueRequired":true,"valueName":"search_term_string"}}],"inLanguage":"es"},{"@type":"Organization","@id":"https:\/\/mountainlikers.com\/en\/#organization","name":"Mountainlikers","url":"https:\/\/mountainlikers.com\/en\/","logo":{"@type":"ImageObject","inLanguage":"es","@id":"https:\/\/mountainlikers.com\/en\/#\/schema\/logo\/image\/","url":"https:\/\/mountainlikers.com\/wp-content\/uploads\/2025\/09\/MountainLikers-logo25-26.png","contentUrl":"https:\/\/mountainlikers.com\/wp-content\/uploads\/2025\/09\/MountainLikers-logo25-26.png","width":1221,"height":942,"caption":"Mountainlikers"},"image":{"@id":"https:\/\/mountainlikers.com\/en\/#\/schema\/logo\/image\/"},"sameAs":["https:\/\/www.facebook.com\/mountainlikers\/","https:\/\/x.com\/mountainlikers","https:\/\/www.instagram.com\/mountainlikers\/","https:\/\/www.youtube.com\/user\/mountainlikers"]}]}},"_links":{"self":[{"href":"https:\/\/mountainlikers.com\/es\/wp-json\/wp\/v2\/pages\/9977","targetHints":{"allow":["GET"]}}],"collection":[{"href":"https:\/\/mountainlikers.com\/es\/wp-json\/wp\/v2\/pages"}],"about":[{"href":"https:\/\/mountainlikers.com\/es\/wp-json\/wp\/v2\/types\/page"}],"author":[{"embeddable":true,"href":"https:\/\/mountainlikers.com\/es\/wp-json\/wp\/v2\/users\/1"}],"replies":[{"embeddable":true,"href":"https:\/\/mountainlikers.com\/es\/wp-json\/wp\/v2\/comments?post=9977"}],"version-history":[{"count":0,"href":"https:\/\/mountainlikers.com\/es\/wp-json\/wp\/v2\/pages\/9977\/revisions"}],"wp:attachment":[{"href":"https:\/\/mountainlikers.com\/es\/wp-json\/wp\/v2\/media?parent=9977"}],"curies":[{"name":"wp","href":"https:\/\/api.w.org\/{rel}","templated":true}]}}