{"id":15405,"date":"2026-01-14T08:48:50","date_gmt":"2026-01-14T07:48:50","guid":{"rendered":"https:\/\/mountainlikers.com\/?page_id=15405"},"modified":"2026-03-06T19:40:32","modified_gmt":"2026-03-06T18:40:32","slug":"home-2026-v2","status":"publish","type":"page","link":"https:\/\/mountainlikers.com\/en\/home-2026-v2\/","title":{"rendered":"Home Mountainlikers 2026"},"content":{"rendered":"\t\t<div data-elementor-type=\"wp-page\" data-elementor-id=\"15405\" class=\"elementor elementor-15405\" data-elementor-post-type=\"page\">\n\t\t\t\t<div data-particle_enable=\"false\" data-particle-mobile-disabled=\"false\" class=\"elementor-element elementor-element-57ab590 e-con-full e-flex e-con e-parent\" data-id=\"57ab590\" data-element_type=\"container\" data-e-type=\"container\" data-settings=\"{&quot;shape_divider_bottom&quot;:&quot;wave-brush&quot;}\">\n\t\t\t\t<div class=\"elementor-shape elementor-shape-bottom\" aria-hidden=\"true\" data-negative=\"false\">\n\t\t\t<svg xmlns=\"http:\/\/www.w3.org\/2000\/svg\" viewBox=\"0 0 283.5 27.8\" preserveAspectRatio=\"none\">\n\t<path class=\"elementor-shape-fill\" d=\"M283.5,9.7c0,0-7.3,4.3-14,4.6c-6.8,0.3-12.6,0-20.9-1.5c-11.3-2-33.1-10.1-44.7-5.7\ts-12.1,4.6-18,7.4c-6.6,3.2-20,9.6-36.6,9.3C131.6,23.5,99.5,7.2,86.3,8c-1.4,0.1-6.6,0.8-10.5,2c-3.8,1.2-9.4,3.8-17,4.7\tc-3.2,0.4-8.3,1.1-14.2,0.9c-1.5-0.1-6.3-0.4-12-1.6c-5.7-1.2-11-3.1-15.8-3.7C6.5,9.2,0,10.8,0,10.8V0h283.5V9.7z M260.8,11.3\tc-0.7-1-2-0.4-4.3-0.4c-2.3,0-6.1-1.2-5.8-1.1c0.3,0.1,3.1,1.5,6,1.9C259.7,12.2,261.4,12.3,260.8,11.3z M242.4,8.6\tc0,0-2.4-0.2-5.6-0.9c-3.2-0.8-10.3-2.8-15.1-3.5c-8.2-1.1-15.8,0-15.1,0.1c0.8,0.1,9.6-0.6,17.6,1.1c3.3,0.7,9.3,2.2,12.4,2.7\tC239.9,8.7,242.4,8.6,242.4,8.6z M185.2,8.5c1.7-0.7-13.3,4.7-18.5,6.1c-2.1,0.6-6.2,1.6-10,2c-3.9,0.4-8.9,0.4-8.8,0.5\tc0,0.2,5.8,0.8,11.2,0c5.4-0.8,5.2-1.1,7.6-1.6C170.5,14.7,183.5,9.2,185.2,8.5z M199.1,6.9c0.2,0-0.8-0.4-4.8,1.1\tc-4,1.5-6.7,3.5-6.9,3.7c-0.2,0.1,3.5-1.8,6.6-3C197,7.5,199,6.9,199.1,6.9z M283,6c-0.1,0.1-1.9,1.1-4.8,2.5s-6.9,2.8-6.7,2.7\tc0.2,0,3.5-0.6,7.4-2.5C282.8,6.8,283.1,5.9,283,6z M31.3,11.6c0.1-0.2-1.9-0.2-4.5-1.2s-5.4-1.6-7.8-2C15,7.6,7.3,8.5,7.7,8.6\tC8,8.7,15.9,8.3,20.2,9.3c2.2,0.5,2.4,0.5,5.7,1.6S31.2,11.9,31.3,11.6z M73,9.2c0.4-0.1,3.5-1.6,8.4-2.6c4.9-1.1,8.9-0.5,8.9-0.8\tc0-0.3-1-0.9-6.2-0.3S72.6,9.3,73,9.2z M71.6,6.7C71.8,6.8,75,5.4,77.3,5c2.3-0.3,1.9-0.5,1.9-0.6c0-0.1-1.1-0.2-2.7,0.2\tC74.8,5.1,71.4,6.6,71.6,6.7z M93.6,4.4c0.1,0.2,3.5,0.8,5.6,1.8c2.1,1,1.8,0.6,1.9,0.5c0.1-0.1-0.8-0.8-2.4-1.3\tC97.1,4.8,93.5,4.2,93.6,4.4z M65.4,11.1c-0.1,0.3,0.3,0.5,1.9-0.2s2.6-1.3,2.2-1.2s-0.9,0.4-2.5,0.8C65.3,10.9,65.5,10.8,65.4,11.1\tz M34.5,12.4c-0.2,0,2.1,0.8,3.3,0.9c1.2,0.1,2,0.1,2-0.2c0-0.3-0.1-0.5-1.6-0.4C36.6,12.8,34.7,12.4,34.5,12.4z M152.2,21.1\tc-0.1,0.1-2.4-0.3-7.5-0.3c-5,0-13.6-2.4-17.2-3.5c-3.6-1.1,10,3.9,16.5,4.1C150.5,21.6,152.3,21,152.2,21.1z\"\/>\n\t<path class=\"elementor-shape-fill\" d=\"M269.6,18c-0.1-0.1-4.6,0.3-7.2,0c-7.3-0.7-17-3.2-16.6-2.9c0.4,0.3,13.7,3.1,17,3.3\tC267.7,18.8,269.7,18,269.6,18z\"\/>\n\t<path class=\"elementor-shape-fill\" d=\"M227.4,9.8c-0.2-0.1-4.5-1-9.5-1.2c-5-0.2-12.7,0.6-12.3,0.5c0.3-0.1,5.9-1.8,13.3-1.2\tS227.6,9.9,227.4,9.8z\"\/>\n\t<path class=\"elementor-shape-fill\" d=\"M204.5,13.4c-0.1-0.1,2-1,3.2-1.1c1.2-0.1,2,0,2,0.3c0,0.3-0.1,0.5-1.6,0.4\tC206.4,12.9,204.6,13.5,204.5,13.4z\"\/>\n\t<path class=\"elementor-shape-fill\" d=\"M201,10.6c0-0.1-4.4,1.2-6.3,2.2c-1.9,0.9-6.2,3.1-6.1,3.1c0.1,0.1,4.2-1.6,6.3-2.6\tS201,10.7,201,10.6z\"\/>\n\t<path class=\"elementor-shape-fill\" d=\"M154.5,26.7c-0.1-0.1-4.6,0.3-7.2,0c-7.3-0.7-17-3.2-16.6-2.9c0.4,0.3,13.7,3.1,17,3.3\tC152.6,27.5,154.6,26.8,154.5,26.7z\"\/>\n\t<path class=\"elementor-shape-fill\" d=\"M41.9,19.3c0,0,1.2-0.3,2.9-0.1c1.7,0.2,5.8,0.9,8.2,0.7c4.2-0.4,7.4-2.7,7-2.6\tc-0.4,0-4.3,2.2-8.6,1.9c-1.8-0.1-5.1-0.5-6.7-0.4S41.9,19.3,41.9,19.3z\"\/>\n\t<path class=\"elementor-shape-fill\" d=\"M75.5,12.6c0.2,0.1,2-0.8,4.3-1.1c2.3-0.2,2.1-0.3,2.1-0.5c0-0.1-1.8-0.4-3.4,0\tC76.9,11.5,75.3,12.5,75.5,12.6z\"\/>\n\t<path class=\"elementor-shape-fill\" d=\"M15.6,13.2c0-0.1,4.3,0,6.7,0.5c2.4,0.5,5,1.9,5,2c0,0.1-2.7-0.8-5.1-1.4\tC19.9,13.7,15.7,13.3,15.6,13.2z\"\/>\n<\/svg>\t\t<\/div>\n\t\t\t\t<div class=\"elementor-element elementor-element-9069316 elementor--h-position-center elementor--v-position-middle elementor-arrows-position-inside elementor-widget elementor-widget-slides\" data-id=\"9069316\" data-element_type=\"widget\" data-e-type=\"widget\" data-settings=\"{&quot;navigation&quot;:&quot;arrows&quot;,&quot;transition&quot;:&quot;fade&quot;,&quot;autoplay_speed&quot;:4000,&quot;autoplay&quot;:&quot;yes&quot;,&quot;pause_on_interaction&quot;:&quot;yes&quot;,&quot;infinite&quot;:&quot;yes&quot;,&quot;transition_speed&quot;:500}\" data-widget_type=\"slides.default\">\n\t\t\t\t<div class=\"elementor-widget-container\">\n\t\t\t\t\t\t\t\t\t<div class=\"elementor-swiper\">\n\t\t\t\t\t<div class=\"elementor-slides-wrapper elementor-main-swiper swiper\" role=\"region\" aria-roledescription=\"carousel\" aria-label=\"Diapositives\" dir=\"ltr\" data-animation=\"fadeInUp\">\n\t\t\t\t<div class=\"swiper-wrapper elementor-slides\">\n\t\t\t\t\t\t\t\t\t\t<div class=\"elementor-repeater-item-c50c5f4 swiper-slide\" role=\"group\" aria-roledescription=\"slide\"><div class=\"swiper-slide-bg elementor-ken-burns elementor-ken-burns--in\" role=\"img\" aria-label=\"2023-andorraworld-visit-andorra-2023, Carolina De Santis, centre hist\u00f2ric, estiu, Ordino-DSC02296\"><\/div><div class=\"elementor-background-overlay\"><\/div><a class=\"swiper-slide-inner\" href=\"https:\/\/mountainlikers.com\/wp-content\/uploads\/2025\/09\/Ordino_Bioesfera_v5_HD1080P.mp4\"><div class=\"swiper-slide-contents\"><div class=\"elementor-slide-heading\">13\u00e8 CONGR\u00c9S MUNDIAL DE TURISME DE NEU, MUNTANYA I BENESTAR<\/div><div class=\"elementor-slide-description\">25 - 27 mar\u00e7 2026<\/div><div  class=\"elementor-button elementor-slide-button elementor-size-sm\">Explora Ordino<\/div><\/div><\/a><\/div><div class=\"elementor-repeater-item-aee9abe swiper-slide\" role=\"group\" aria-roledescription=\"slide\"><div class=\"swiper-slide-bg elementor-ken-burns elementor-ken-burns--in\" role=\"img\" aria-label=\"_ERV8551_20170922-HDR-Editar_areny_plandolit\"><\/div><div class=\"elementor-background-overlay\"><\/div><div class=\"swiper-slide-inner\" ><div class=\"swiper-slide-contents\"><\/div><\/div><\/div><div class=\"elementor-repeater-item-8af36b4 swiper-slide\" role=\"group\" aria-roledescription=\"slide\"><div class=\"swiper-slide-bg elementor-ken-burns elementor-ken-burns--in\" role=\"img\" aria-label=\"011_AndorraTurisme_Paisatge_DavidVilanova\"><\/div><div class=\"elementor-background-overlay\"><\/div><a class=\"swiper-slide-inner\" href=\"https:\/\/maps.app.goo.gl\/RcDkquJGmq5Gj3R5A\" target=\"_blank\"><div class=\"swiper-slide-contents\"><div class=\"elementor-slide-heading\">ANDORRA, EPICENTRE MUNDIAL DEL TURISME DE NEU, MUNTANYA I BENESTAR.<\/div><div class=\"elementor-slide-description\">On experts, institucions i empreses es reuneixen per compartir coneixement, innovaci\u00f3 i experi\u00e8ncies que transformen el turisme de muntanya.<\/div><div  class=\"elementor-button elementor-slide-button elementor-size-sm\">Ordino \u2022 ANDORRA<\/div><\/div><\/a><\/div><div class=\"elementor-repeater-item-4846fcf swiper-slide\" role=\"group\" aria-roledescription=\"slide\"><div class=\"swiper-slide-bg elementor-ken-burns elementor-ken-burns--in\" role=\"img\" aria-label=\"51_Alpi_Parella_AT_2023\"><\/div><div class=\"elementor-background-overlay\"><\/div><div class=\"swiper-slide-inner\" ><div class=\"swiper-slide-contents\"><\/div><\/div><\/div><div class=\"elementor-repeater-item-dd28078 swiper-slide\" role=\"group\" aria-roledescription=\"slide\"><div class=\"swiper-slide-bg elementor-ken-burns elementor-ken-burns--in\" role=\"img\" aria-label=\"AAT_20160714_0247\"><\/div><div class=\"elementor-background-overlay\"><\/div><div class=\"swiper-slide-inner\" ><div class=\"swiper-slide-contents\"><div class=\"elementor-slide-heading\">ON LA MUNTANYA INSPIRA EL FUTUR DEL TURISME: <\/div><div class=\"elementor-slide-description\">coneixements, innovaci\u00f3 i sostenibilitat a Andorra.<\/div><\/div><\/div><\/div><div class=\"elementor-repeater-item-e6aa78c swiper-slide\" role=\"group\" aria-roledescription=\"slide\"><div class=\"swiper-slide-bg elementor-ken-burns elementor-ken-burns--in\" role=\"img\" aria-label=\"2024-andorraworld-visit-andorra-2024, Ansalonga, Carolina De Santis, horitzontal, Ordino, poble, primavera-DSC04366\"><\/div><div class=\"elementor-background-overlay\"><\/div><div class=\"swiper-slide-inner\" ><div class=\"swiper-slide-contents\"><\/div><\/div><\/div>\t\t\t\t<\/div>\n\t\t\t\t\t\t\t\t\t\t\t\t\t\t\t<div class=\"elementor-swiper-button elementor-swiper-button-prev\" role=\"button\" tabindex=\"0\" aria-label=\"Previous slide\">\n\t\t\t\t\t\t\t<i aria-hidden=\"true\" class=\"eicon-chevron-left\"><\/i>\t\t\t\t\t\t<\/div>\n\t\t\t\t\t\t<div class=\"elementor-swiper-button elementor-swiper-button-next\" role=\"button\" tabindex=\"0\" aria-label=\"Next slide\">\n\t\t\t\t\t\t\t<i aria-hidden=\"true\" class=\"eicon-chevron-right\"><\/i>\t\t\t\t\t\t<\/div>\n\t\t\t\t\t\t\t\t\t\t\t\t\t\t\t\t\t<\/div>\n\t\t\t\t<\/div>\n\t\t\t\t\t\t\t\t<\/div>\n\t\t\t\t<\/div>\n\t\t\t\t<\/div>\n\t\t<div data-particle_enable=\"false\" data-particle-mobile-disabled=\"false\" class=\"elementor-element elementor-element-c953217 elementor-hidden-desktop elementor-hidden-tablet elementor-hidden-mobile e-flex e-con-boxed e-con e-parent\" data-id=\"c953217\" data-element_type=\"container\" data-e-type=\"container\" data-settings=\"{&quot;background_background&quot;:&quot;slideshow&quot;,&quot;background_slideshow_gallery&quot;:[{&quot;id&quot;:14585,&quot;url&quot;:&quot;https:\\\/\\\/mountainlikers.com\\\/wp-content\\\/uploads\\\/2025\\\/09\\\/erv_20130924_1406_pesca_tristaina.png&quot;},{&quot;id&quot;:14586,&quot;url&quot;:&quot;https:\\\/\\\/mountainlikers.com\\\/wp-content\\\/uploads\\\/2025\\\/09\\\/Tamarros-Qucut-6198.png&quot;},{&quot;id&quot;:14584,&quot;url&quot;:&quot;https:\\\/\\\/mountainlikers.com\\\/wp-content\\\/uploads\\\/2025\\\/09\\\/2024-andorraworld-visit-andorra-2023-Carolina-De-Santis-esglesia-horitzontal-La-Cortinada-Ordino-poble-primavera-Sant-Marti-de-la-Cortinada-3V7A9349.png&quot;},{&quot;id&quot;:14587,&quot;url&quot;:&quot;https:\\\/\\\/mountainlikers.com\\\/wp-content\\\/uploads\\\/2025\\\/09\\\/AAT_20170303_0075.png&quot;},{&quot;id&quot;:14578,&quot;url&quot;:&quot;https:\\\/\\\/mountainlikers.com\\\/wp-content\\\/uploads\\\/2025\\\/09\\\/DJI_0227-ruta-del-ferro.png&quot;},{&quot;id&quot;:14579,&quot;url&quot;:&quot;https:\\\/\\\/mountainlikers.com\\\/wp-content\\\/uploads\\\/2025\\\/09\\\/DJI_0674-prats-arans.png&quot;},{&quot;id&quot;:14580,&quot;url&quot;:&quot;https:\\\/\\\/mountainlikers.com\\\/wp-content\\\/uploads\\\/2025\\\/09\\\/2024-andorraworld-visit-andorra-2024-Ansalonga-Carolina-De-Santis-horitzontal-Ordino-poble-primavera-DSC04366.png&quot;},{&quot;id&quot;:14581,&quot;url&quot;:&quot;https:\\\/\\\/mountainlikers.com\\\/wp-content\\\/uploads\\\/2025\\\/09\\\/AAT_20160714_0247.png&quot;},{&quot;id&quot;:14582,&quot;url&quot;:&quot;https:\\\/\\\/mountainlikers.com\\\/wp-content\\\/uploads\\\/2025\\\/09\\\/AAT_20070308_0101.png&quot;},{&quot;id&quot;:14588,&quot;url&quot;:&quot;https:\\\/\\\/mountainlikers.com\\\/wp-content\\\/uploads\\\/2025\\\/09\\\/2023-andorraworld-visit-andorra-2023-Carolina-De-Santis-centre-historic-estiu-Ordino-DSC02296.png&quot;},{&quot;id&quot;:14592,&quot;url&quot;:&quot;https:\\\/\\\/mountainlikers.com\\\/wp-content\\\/uploads\\\/2025\\\/09\\\/jms_20131106_9501_tardor_heli.png&quot;},{&quot;id&quot;:14593,&quot;url&quot;:&quot;https:\\\/\\\/mountainlikers.com\\\/wp-content\\\/uploads\\\/2025\\\/09\\\/jms_20130914_4986_aeris.png&quot;},{&quot;id&quot;:14594,&quot;url&quot;:&quot;https:\\\/\\\/mountainlikers.com\\\/wp-content\\\/uploads\\\/2025\\\/09\\\/AAT_20100124_0028.png&quot;},{&quot;id&quot;:14598,&quot;url&quot;:&quot;https:\\\/\\\/mountainlikers.com\\\/wp-content\\\/uploads\\\/2025\\\/09\\\/ERV8551_20170922-HDR-Editar_areny_plandolit.png&quot;},{&quot;id&quot;:14597,&quot;url&quot;:&quot;https:\\\/\\\/mountainlikers.com\\\/wp-content\\\/uploads\\\/2025\\\/09\\\/andorraworld-visit-andorra-carolina-de-santis-2023-hivern-muntanyes-neu-pistes-pistes-esqui-sector-ordino-arcalis-P1240488-Mejorado-NR.png&quot;},{&quot;id&quot;:14590,&quot;url&quot;:&quot;https:\\\/\\\/mountainlikers.com\\\/wp-content\\\/uploads\\\/2025\\\/09\\\/erv_20131227_150_aeris.png&quot;},{&quot;id&quot;:14595,&quot;url&quot;:&quot;https:\\\/\\\/mountainlikers.com\\\/wp-content\\\/uploads\\\/2025\\\/09\\\/011_AndorraTurisme_Paisatge_DavidVilanova.png&quot;},{&quot;id&quot;:14596,&quot;url&quot;:&quot;https:\\\/\\\/mountainlikers.com\\\/wp-content\\\/uploads\\\/2025\\\/09\\\/51_Alpi_Parella_AT_2023.png&quot;}],&quot;background_slideshow_slide_duration&quot;:4000,&quot;background_slideshow_ken_burns&quot;:&quot;yes&quot;,&quot;shape_divider_bottom&quot;:&quot;wave-brush&quot;,&quot;background_slideshow_loop&quot;:&quot;yes&quot;,&quot;background_slideshow_slide_transition&quot;:&quot;fade&quot;,&quot;background_slideshow_transition_duration&quot;:500,&quot;background_slideshow_ken_burns_zoom_direction&quot;:&quot;in&quot;}\">\n\t\t\t\t\t<div class=\"e-con-inner\">\n\t\t\t\t<div class=\"elementor-shape elementor-shape-bottom\" aria-hidden=\"true\" data-negative=\"false\">\n\t\t\t<svg xmlns=\"http:\/\/www.w3.org\/2000\/svg\" viewBox=\"0 0 283.5 27.8\" preserveAspectRatio=\"none\">\n\t<path class=\"elementor-shape-fill\" d=\"M283.5,9.7c0,0-7.3,4.3-14,4.6c-6.8,0.3-12.6,0-20.9-1.5c-11.3-2-33.1-10.1-44.7-5.7\ts-12.1,4.6-18,7.4c-6.6,3.2-20,9.6-36.6,9.3C131.6,23.5,99.5,7.2,86.3,8c-1.4,0.1-6.6,0.8-10.5,2c-3.8,1.2-9.4,3.8-17,4.7\tc-3.2,0.4-8.3,1.1-14.2,0.9c-1.5-0.1-6.3-0.4-12-1.6c-5.7-1.2-11-3.1-15.8-3.7C6.5,9.2,0,10.8,0,10.8V0h283.5V9.7z M260.8,11.3\tc-0.7-1-2-0.4-4.3-0.4c-2.3,0-6.1-1.2-5.8-1.1c0.3,0.1,3.1,1.5,6,1.9C259.7,12.2,261.4,12.3,260.8,11.3z M242.4,8.6\tc0,0-2.4-0.2-5.6-0.9c-3.2-0.8-10.3-2.8-15.1-3.5c-8.2-1.1-15.8,0-15.1,0.1c0.8,0.1,9.6-0.6,17.6,1.1c3.3,0.7,9.3,2.2,12.4,2.7\tC239.9,8.7,242.4,8.6,242.4,8.6z M185.2,8.5c1.7-0.7-13.3,4.7-18.5,6.1c-2.1,0.6-6.2,1.6-10,2c-3.9,0.4-8.9,0.4-8.8,0.5\tc0,0.2,5.8,0.8,11.2,0c5.4-0.8,5.2-1.1,7.6-1.6C170.5,14.7,183.5,9.2,185.2,8.5z M199.1,6.9c0.2,0-0.8-0.4-4.8,1.1\tc-4,1.5-6.7,3.5-6.9,3.7c-0.2,0.1,3.5-1.8,6.6-3C197,7.5,199,6.9,199.1,6.9z M283,6c-0.1,0.1-1.9,1.1-4.8,2.5s-6.9,2.8-6.7,2.7\tc0.2,0,3.5-0.6,7.4-2.5C282.8,6.8,283.1,5.9,283,6z M31.3,11.6c0.1-0.2-1.9-0.2-4.5-1.2s-5.4-1.6-7.8-2C15,7.6,7.3,8.5,7.7,8.6\tC8,8.7,15.9,8.3,20.2,9.3c2.2,0.5,2.4,0.5,5.7,1.6S31.2,11.9,31.3,11.6z M73,9.2c0.4-0.1,3.5-1.6,8.4-2.6c4.9-1.1,8.9-0.5,8.9-0.8\tc0-0.3-1-0.9-6.2-0.3S72.6,9.3,73,9.2z M71.6,6.7C71.8,6.8,75,5.4,77.3,5c2.3-0.3,1.9-0.5,1.9-0.6c0-0.1-1.1-0.2-2.7,0.2\tC74.8,5.1,71.4,6.6,71.6,6.7z M93.6,4.4c0.1,0.2,3.5,0.8,5.6,1.8c2.1,1,1.8,0.6,1.9,0.5c0.1-0.1-0.8-0.8-2.4-1.3\tC97.1,4.8,93.5,4.2,93.6,4.4z M65.4,11.1c-0.1,0.3,0.3,0.5,1.9-0.2s2.6-1.3,2.2-1.2s-0.9,0.4-2.5,0.8C65.3,10.9,65.5,10.8,65.4,11.1\tz M34.5,12.4c-0.2,0,2.1,0.8,3.3,0.9c1.2,0.1,2,0.1,2-0.2c0-0.3-0.1-0.5-1.6-0.4C36.6,12.8,34.7,12.4,34.5,12.4z M152.2,21.1\tc-0.1,0.1-2.4-0.3-7.5-0.3c-5,0-13.6-2.4-17.2-3.5c-3.6-1.1,10,3.9,16.5,4.1C150.5,21.6,152.3,21,152.2,21.1z\"\/>\n\t<path class=\"elementor-shape-fill\" d=\"M269.6,18c-0.1-0.1-4.6,0.3-7.2,0c-7.3-0.7-17-3.2-16.6-2.9c0.4,0.3,13.7,3.1,17,3.3\tC267.7,18.8,269.7,18,269.6,18z\"\/>\n\t<path class=\"elementor-shape-fill\" d=\"M227.4,9.8c-0.2-0.1-4.5-1-9.5-1.2c-5-0.2-12.7,0.6-12.3,0.5c0.3-0.1,5.9-1.8,13.3-1.2\tS227.6,9.9,227.4,9.8z\"\/>\n\t<path class=\"elementor-shape-fill\" d=\"M204.5,13.4c-0.1-0.1,2-1,3.2-1.1c1.2-0.1,2,0,2,0.3c0,0.3-0.1,0.5-1.6,0.4\tC206.4,12.9,204.6,13.5,204.5,13.4z\"\/>\n\t<path class=\"elementor-shape-fill\" d=\"M201,10.6c0-0.1-4.4,1.2-6.3,2.2c-1.9,0.9-6.2,3.1-6.1,3.1c0.1,0.1,4.2-1.6,6.3-2.6\tS201,10.7,201,10.6z\"\/>\n\t<path class=\"elementor-shape-fill\" d=\"M154.5,26.7c-0.1-0.1-4.6,0.3-7.2,0c-7.3-0.7-17-3.2-16.6-2.9c0.4,0.3,13.7,3.1,17,3.3\tC152.6,27.5,154.6,26.8,154.5,26.7z\"\/>\n\t<path class=\"elementor-shape-fill\" d=\"M41.9,19.3c0,0,1.2-0.3,2.9-0.1c1.7,0.2,5.8,0.9,8.2,0.7c4.2-0.4,7.4-2.7,7-2.6\tc-0.4,0-4.3,2.2-8.6,1.9c-1.8-0.1-5.1-0.5-6.7-0.4S41.9,19.3,41.9,19.3z\"\/>\n\t<path class=\"elementor-shape-fill\" d=\"M75.5,12.6c0.2,0.1,2-0.8,4.3-1.1c2.3-0.2,2.1-0.3,2.1-0.5c0-0.1-1.8-0.4-3.4,0\tC76.9,11.5,75.3,12.5,75.5,12.6z\"\/>\n\t<path class=\"elementor-shape-fill\" d=\"M15.6,13.2c0-0.1,4.3,0,6.7,0.5c2.4,0.5,5,1.9,5,2c0,0.1-2.7-0.8-5.1-1.4\tC19.9,13.7,15.7,13.3,15.6,13.2z\"\/>\n<\/svg>\t\t<\/div>\n\t\t<div data-particle_enable=\"false\" data-particle-mobile-disabled=\"false\" class=\"elementor-element elementor-element-4f25d6a e-con-full e-flex e-con e-child\" data-id=\"4f25d6a\" data-element_type=\"container\" data-e-type=\"container\">\n\t\t\t\t<div class=\"elementor-element elementor-element-d3dc6a4 elementor-icon-list--layout-traditional elementor-list-item-link-full_width elementor-widget elementor-widget-icon-list\" data-id=\"d3dc6a4\" data-element_type=\"widget\" data-e-type=\"widget\" data-widget_type=\"icon-list.default\">\n\t\t\t\t<div class=\"elementor-widget-container\">\n\t\t\t\t\t\t\t<ul class=\"elementor-icon-list-items\">\n\t\t\t\t\t\t\t<li class=\"elementor-icon-list-item\">\n\t\t\t\t\t\t\t\t\t\t\t<span class=\"elementor-icon-list-icon\">\n\t\t\t\t\t\t\t<i aria-hidden=\"true\" class=\"far fa-calendar-alt\"><\/i>\t\t\t\t\t\t<\/span>\n\t\t\t\t\t\t\t\t\t\t<span class=\"elementor-icon-list-text\">25 - 27 mar\u00e7 2026<\/span>\n\t\t\t\t\t\t\t\t\t<\/li>\n\t\t\t\t\t\t<\/ul>\n\t\t\t\t\t\t<\/div>\n\t\t\t\t<\/div>\n\t\t\t\t<div class=\"elementor-element elementor-element-a1b0850 elementor-widget elementor-widget-heading\" data-id=\"a1b0850\" data-element_type=\"widget\" data-e-type=\"widget\" data-widget_type=\"heading.default\">\n\t\t\t\t<div class=\"elementor-widget-container\">\n\t\t\t\t\t<h2 class=\"elementor-heading-title elementor-size-default\">13\u00e8 CONGR\u00c9S MUNDIAL DE TURISME DE NEU, MUNTANYA I BENESTAR<\/h2>\t\t\t\t<\/div>\n\t\t\t\t<\/div>\n\t\t\t\t<div class=\"elementor-element elementor-element-bd54a3b elementor-icon-list--layout-traditional elementor-list-item-link-full_width elementor-widget elementor-widget-icon-list\" data-id=\"bd54a3b\" data-element_type=\"widget\" data-e-type=\"widget\" data-widget_type=\"icon-list.default\">\n\t\t\t\t<div class=\"elementor-widget-container\">\n\t\t\t\t\t\t\t<ul class=\"elementor-icon-list-items\">\n\t\t\t\t\t\t\t<li class=\"elementor-icon-list-item\">\n\t\t\t\t\t\t\t\t\t\t\t<a href=\"https:\/\/maps.app.goo.gl\/RcDkquJGmq5Gj3R5A\">\n\n\t\t\t\t\t\t\t\t\t\t\t\t<span class=\"elementor-icon-list-icon\">\n\t\t\t\t\t\t\t<i aria-hidden=\"true\" class=\"fas fa-map-marker-alt\"><\/i>\t\t\t\t\t\t<\/span>\n\t\t\t\t\t\t\t\t\t\t<span class=\"elementor-icon-list-text\">Ordino \u2022 ANDORRA<\/span>\n\t\t\t\t\t\t\t\t\t\t\t<\/a>\n\t\t\t\t\t\t\t\t\t<\/li>\n\t\t\t\t\t\t<\/ul>\n\t\t\t\t\t\t<\/div>\n\t\t\t\t<\/div>\n\t\t\t\t<div class=\"elementor-element elementor-element-4539373 elementor-widget elementor-widget-spacer\" data-id=\"4539373\" data-element_type=\"widget\" data-e-type=\"widget\" data-widget_type=\"spacer.default\">\n\t\t\t\t<div class=\"elementor-widget-container\">\n\t\t\t\t\t\t\t<div class=\"elementor-spacer\">\n\t\t\t<div class=\"elementor-spacer-inner\"><\/div>\n\t\t<\/div>\n\t\t\t\t\t\t<\/div>\n\t\t\t\t<\/div>\n\t\t\t\t<div class=\"elementor-element elementor-element-017db1d elementor-widget elementor-widget-button\" data-id=\"017db1d\" data-element_type=\"widget\" data-e-type=\"widget\" data-widget_type=\"button.default\">\n\t\t\t\t<div class=\"elementor-widget-container\">\n\t\t\t\t\t\t\t\t\t<div class=\"elementor-button-wrapper\">\n\t\t\t\t\t<a class=\"elementor-button elementor-button-link elementor-size-sm\" href=\"https:\/\/mountainlikers.com\/wp-content\/uploads\/2025\/09\/Ordino_Bioesfera_v5_HD1080P.mp4\" target=\"_blank\">\n\t\t\t\t\t\t<span class=\"elementor-button-content-wrapper\">\n\t\t\t\t\t\t<span class=\"elementor-button-icon\">\n\t\t\t\t<i aria-hidden=\"true\" class=\"fab fa-wpexplorer\"><\/i>\t\t\t<\/span>\n\t\t\t\t\t\t\t\t\t<span class=\"elementor-button-text\">Explora Ordino<\/span>\n\t\t\t\t\t<\/span>\n\t\t\t\t\t<\/a>\n\t\t\t\t<\/div>\n\t\t\t\t\t\t\t\t<\/div>\n\t\t\t\t<\/div>\n\t\t\t\t<\/div>\n\t\t\t\t\t<\/div>\n\t\t\t\t<\/div>\n\t\t<div data-particle_enable=\"false\" data-particle-mobile-disabled=\"false\" class=\"elementor-element elementor-element-431cd52 e-flex e-con-boxed e-con e-parent\" data-id=\"431cd52\" data-element_type=\"container\" data-e-type=\"container\" data-settings=\"{&quot;background_background&quot;:&quot;classic&quot;}\">\n\t\t\t\t\t<div class=\"e-con-inner\">\n\t\t<div data-particle_enable=\"false\" data-particle-mobile-disabled=\"false\" class=\"elementor-element elementor-element-7d0d491 e-con-full animated-slow e-flex elementor-invisible e-con e-child\" data-id=\"7d0d491\" data-element_type=\"container\" data-e-type=\"container\" data-settings=\"{&quot;animation&quot;:&quot;fadeInUp&quot;}\">\n\t\t\t\t<div class=\"elementor-element elementor-element-0c7ebde elementor-widget elementor-widget-html\" data-id=\"0c7ebde\" data-element_type=\"widget\" data-e-type=\"widget\" data-widget_type=\"html.default\">\n\t\t\t\t<div class=\"elementor-widget-container\">\n\t\t\t\t\t<style>\n\/* --- ESTILOS DO CTA (Copie tudo) --- *\/\n\n\/* O Container do Cart\u00e3o *\/\n.mountain-cta-wrapper {\n    position: relative;\n    width: 100%;\n    max-width: 900px;\n    margin: 40px auto; \/* Espa\u00e7o acima e abaixo *\/\n    padding: 3px; \/* Borda gradiente *\/\n    background: linear-gradient(135deg, #e0e0e0 0%, #ffffff 100%);\n    border-radius: 20px;\n    box-shadow: 0 10px 30px -10px rgba(0,0,0,0.15);\n    overflow: hidden;\n    font-family: 'Montserrat', sans-serif; \/* Ajuste para a fonte do seu tema *\/\n}\n\n\/* Fundo com efeito de montanha subtil *\/\n.mountain-cta-card {\n    background: rgba(255, 255, 255, 0.9);\n    backdrop-filter: blur(10px);\n    border-radius: 18px;\n    padding: 40px 30px;\n    display: flex;\n    flex-direction: column;\n    align-items: center;\n    justify-content: center;\n    text-align: center;\n    position: relative;\n    z-index: 2;\n}\n\n\/* Texto Principal *\/\n.cta-title {\n    font-size: 24px;\n    font-weight: 700;\n    color: #333;\n    margin-bottom: 8px;\n    line-height: 1.2;\n}\n\n.cta-subtitle {\n    font-size: 16px;\n    color: #666;\n    margin-bottom: 25px;\n}\n\n\/* O Bot\u00e3o Interativo *\/\n.mountain-btn {\n    display: inline-flex;\n    align-items: center;\n    justify-content: center;\n    background: #D6001C; \/* Vermelho Andorra *\/\n    color: white !important;\n    text-decoration: none !important;\n    padding: 15px 40px;\n    border-radius: 50px;\n    font-weight: 600;\n    font-size: 16px;\n    text-transform: uppercase;\n    letter-spacing: 1px;\n    transition: all 0.3s ease;\n    box-shadow: 0 4px 15px rgba(214, 0, 28, 0.3);\n    position: relative;\n    overflow: hidden;\n    border: none;\n}\n\n\/* Efeito Hover do Bot\u00e3o *\/\n.mountain-btn:hover {\n    transform: translateY(-3px);\n    box-shadow: 0 8px 25px rgba(214, 0, 28, 0.4);\n    background: #b50018;\n}\n\n\/* Brilho animado passando pelo bot\u00e3o *\/\n.mountain-btn::after {\n    content: '';\n    position: absolute;\n    top: 0;\n    left: -100%;\n    width: 100%;\n    height: 100%;\n    background: linear-gradient(90deg, transparent, rgba(255,255,255,0.3), transparent);\n    transition: 0.5s;\n}\n\n.mountain-btn:hover::after {\n    left: 100%;\n    transition: 0.7s ease-in-out;\n}\n\n\/* \u00cdcone do carrinho\/ticket *\/\n.btn-icon {\n    margin-right: 10px;\n    font-size: 18px;\n}\n\n\/* --- L\u00d3GICA DE IDIOMAS AUTOM\u00c1TICA --- *\/\n\/* Por defeito, esconde todos *\/\n.lang-content { display: none; }\n\n\/* Se o HTML for CA, mostra CA (ou se n\u00e3o tiver lang definida, assume CA) *\/\n:lang(ca) .lang-ca, :root:not([lang]) .lang-ca { display: block; }\n:lang(es) .lang-es { display: block; }\n:lang(fr) .lang-fr { display: block; }\n:lang(en) .lang-en { display: block; }\n\n\/* Corre\u00e7\u00e3o caso o plugin de tradu\u00e7\u00e3o use classes no body em vez de lang no html *\/\nbody.translate-press-es_ES .lang-ca { display: none; }\nbody.translate-press-es_ES .lang-es { display: block; }\n\/* (Adicione outras classes de plugin se necess\u00e1rio, mas o m\u00e9todo :lang costuma funcionar nativamente) *\/\n\n\/* Responsivo *\/\n@media (min-width: 768px) {\n    .mountain-cta-card {\n        flex-direction: row;\n        justify-content: space-between;\n        text-align: left;\n        padding: 50px 60px;\n    }\n    .cta-text-group {\n        max-width: 60%;\n    }\n    .cta-title { font-size: 32px; }\n}\n<\/style>\n\n<div class=\"mountain-cta-wrapper\">\n    <div class=\"mountain-cta-card\">\n        \n        <div class=\"cta-text-group\">\n            <div class=\"lang-content lang-ca\">\n                <div class=\"cta-title\">Ja tens la teva entrada?<\/div>\n                <div class=\"cta-subtitle\">Assegura la teva pla\u00e7a al 13\u00e8 Congr\u00e9s Mundial avui mateix.<\/div>\n            <\/div>\n\n            <div class=\"lang-content lang-es\">\n                <div class=\"cta-title\">\u00bfYa tienes tu entrada?<\/div>\n                <div class=\"cta-subtitle\">Asegura tu plaza en el 13\u00ba Congreso Mundial hoy mismo.<\/div>\n            <\/div>\n\n            <div class=\"lang-content lang-fr\">\n                <div class=\"cta-title\">Avez-vous d\u00e9j\u00e0 votre billet ?<\/div>\n                <div class=\"cta-subtitle\">Garantissez votre place au 13\u00e8me Congr\u00e8s Mondial d\u00e8s aujourd'hui.<\/div>\n            <\/div>\n\n            <div class=\"lang-content lang-en\">\n                <div class=\"cta-title\">Do you have your ticket yet?<\/div>\n                <div class=\"cta-subtitle\">Secure your spot at the 13th World Congress today.<\/div>\n            <\/div>\n        <\/div>\n\n        <a href=\"https:\/\/mountainlikers.com\/botiga\/13e-congres-mundial-de-turisme-de-neu-muntanya-i-benestar\/\" class=\"mountain-btn\">\n            <span class=\"btn-icon\">\ud83c\udf9f\ufe0f<\/span>\n            \n            <span class=\"lang-content lang-ca\">Comprar Entrades<\/span>\n            <span class=\"lang-content lang-es\">Comprar Entradas<\/span>\n            <span class=\"lang-content lang-fr\">Acheter Billets<\/span>\n            <span class=\"lang-content lang-en\">Buy Tickets<\/span>\n        <\/a>\n\n    <\/div>\n<\/div>\t\t\t\t<\/div>\n\t\t\t\t<\/div>\n\t\t\t\t<div class=\"elementor-element elementor-element-fc41114 elementor-widget elementor-widget-spacer\" data-id=\"fc41114\" data-element_type=\"widget\" data-e-type=\"widget\" data-widget_type=\"spacer.default\">\n\t\t\t\t<div class=\"elementor-widget-container\">\n\t\t\t\t\t\t\t<div class=\"elementor-spacer\">\n\t\t\t<div class=\"elementor-spacer-inner\"><\/div>\n\t\t<\/div>\n\t\t\t\t\t\t<\/div>\n\t\t\t\t<\/div>\n\t\t\t\t<div class=\"elementor-element elementor-element-d64e9d0 elementor-widget elementor-widget-image\" data-id=\"d64e9d0\" data-element_type=\"widget\" data-e-type=\"widget\" data-widget_type=\"image.default\">\n\t\t\t\t<div class=\"elementor-widget-container\">\n\t\t\t\t\t\t\t\t\t\t\t\t\t\t\t<img loading=\"lazy\" decoding=\"async\" width=\"640\" height=\"444\" src=\"https:\/\/mountainlikers.com\/wp-content\/uploads\/2026\/03\/CAT-AMB-NOM-01-1024x710.png\" class=\"attachment-large size-large wp-image-16517\" alt=\"\" srcset=\"https:\/\/mountainlikers.com\/wp-content\/uploads\/2026\/03\/CAT-AMB-NOM-01-1024x710.png 1024w, https:\/\/mountainlikers.com\/wp-content\/uploads\/2026\/03\/CAT-AMB-NOM-01-300x208.png 300w, https:\/\/mountainlikers.com\/wp-content\/uploads\/2026\/03\/CAT-AMB-NOM-01-768x533.png 768w, https:\/\/mountainlikers.com\/wp-content\/uploads\/2026\/03\/CAT-AMB-NOM-01-18x12.png 18w, https:\/\/mountainlikers.com\/wp-content\/uploads\/2026\/03\/CAT-AMB-NOM-01-600x416.png 600w, https:\/\/mountainlikers.com\/wp-content\/uploads\/2026\/03\/CAT-AMB-NOM-01-800x555.png 800w, https:\/\/mountainlikers.com\/wp-content\/uploads\/2026\/03\/CAT-AMB-NOM-01.png 1202w\" sizes=\"auto, (max-width: 640px) 100vw, 640px\" \/>\t\t\t\t\t\t\t\t\t\t\t\t\t\t\t<\/div>\n\t\t\t\t<\/div>\n\t\t\t\t<div class=\"elementor-element elementor-element-801cc57 elementor-widget elementor-widget-spacer\" data-id=\"801cc57\" data-element_type=\"widget\" data-e-type=\"widget\" data-widget_type=\"spacer.default\">\n\t\t\t\t<div class=\"elementor-widget-container\">\n\t\t\t\t\t\t\t<div class=\"elementor-spacer\">\n\t\t\t<div class=\"elementor-spacer-inner\"><\/div>\n\t\t<\/div>\n\t\t\t\t\t\t<\/div>\n\t\t\t\t<\/div>\n\t\t\t\t<div class=\"elementor-element elementor-element-e2f048d elementor-widget elementor-widget-text-editor\" data-id=\"e2f048d\" data-element_type=\"widget\" data-e-type=\"widget\" data-widget_type=\"text-editor.default\">\n\t\t\t\t<div class=\"elementor-widget-container\">\n\t\t\t\t\t\t\t\t\t<p style=\"font-weight: 400;\">El <strong>Congr\u00e9s Mundial de Turisme de Neu, Muntanya i Benestar d\u2019Andorra<\/strong> \u00e9s molt m\u00e9s que una trobada professional. \u00c9s un espai internacional de coneixement impulsat pel Govern i els set Comuns d\u2019Andorra conjuntament amb l\u2019ONU Turisme, amb la voluntat de consolidar un f\u00f2rum de debat obert i innovador sobre el futur del turisme en els territoris de muntanya.<\/p><p style=\"font-weight: 400;\">Amb una traject\u00f2ria iniciada el 1998 i car\u00e0cter biennal, aquest esdeveniment s\u2019ha convertit en un punt de trobada de refer\u00e8ncia per a responsables institucionals, empresaris, experts i professionals del turisme, que hi troben un espai per dialogar, col\u00b7laborar i compartir experi\u00e8ncies i models d\u2019\u00e8xit<\/p><p style=\"font-weight: 400;\">Cada edici\u00f3 ofereix l\u2019oportunitat d\u2019analitzar tend\u00e8ncies, compartir bones pr\u00e0ctiques i donar a con\u00e8ixer experi\u00e8ncies d\u2019\u00e8xit que responen als reptes globals i a les noves demandes dels viatgers, contribuint aix\u00ed a impulsar un turisme de muntanya.<\/p><p style=\"font-weight: 400;\">Els continguts que s\u2019aborden al Congr\u00e9s han evolucionat al llarg dels anys per adaptar-se a les transformacions socials i econ\u00f2miques m\u00e9s rellevants, aix\u00ed com a l\u2019evoluci\u00f3 dels mercats.\u00a0<\/p><p style=\"font-weight: 400;\">Enguany, el Congr\u00e9s posa el focus en la transformaci\u00f3 del turisme de muntanya davant els canvis que <strong>impulsen la digitalitzaci\u00f3, la intel\u00b7lig\u00e8ncia artificial i les noves tecnologies.<\/strong> S\u2019abordar\u00e0 com aprofitar <strong>el potencial creatiu i operatiu d\u2019aquestes eines <\/strong>sense perdre l\u2019ess\u00e8ncia dels territoris ni el seu equilibri amb la natura. Tamb\u00e9 es reflexionar\u00e0 sobre l\u2019\u00fas \u00e8tic de la intel\u00b7lig\u00e8ncia artificial en la creaci\u00f3 de continguts, la gesti\u00f3 responsable de les dades i el paper dels algoritmes en la percepci\u00f3 i promoci\u00f3 de les destinacions.<\/p><p style=\"font-weight: 400;\">Al mateix temps, el Congr\u00e9s destacar\u00e0 el valor del <strong>benestar emocional, la desconnexi\u00f3 conscient <\/strong>com a elements essencials per contrarestar la hiperconnectivitat i fomentar una experi\u00e8ncia m\u00e9s humana i aut\u00e8ntica. En els entorns naturals de muntanya, aquestes tend\u00e8ncies conviden a redescobrir el silenci, la pausa i la connexi\u00f3 profunda amb un mateix i amb l\u2019entorn.<\/p><p style=\"font-weight: 400;\">Amb el suport i la participaci\u00f3 creixent d\u2019especialistes internacionals i l\u2019augment constant d\u2019assistents, el Congr\u00e9s s\u2019ha consolidat com una cita imprescindible a l\u2019agenda. \u00c9s un espai que impulsa la col\u00b7laboraci\u00f3 i s\u2019obren noves oportunitats per a un turisme de muntanya m\u00e9s innovador i orientat a les persones.<\/p><p><span style=\"font-weight: 400;\">Amb cada edici\u00f3, Andorra reafirma el seu paper com a destinaci\u00f3 i punt de trobada internacional de refer\u00e8ncia per al futur del turisme de muntanya<\/span><\/p>\t\t\t\t\t\t\t\t<\/div>\n\t\t\t\t<\/div>\n\t\t\t\t<\/div>\n\t\t\t\t\t<\/div>\n\t\t\t\t<\/div>\n\t\t<div data-particle_enable=\"false\" data-particle-mobile-disabled=\"false\" class=\"elementor-element elementor-element-9c303fe animated-slow e-flex e-con-boxed elementor-invisible e-con e-parent\" data-id=\"9c303fe\" data-element_type=\"container\" data-e-type=\"container\" data-settings=\"{&quot;animation&quot;:&quot;fadeIn&quot;,&quot;animation_delay&quot;:250}\">\n\t\t\t\t\t<div class=\"e-con-inner\">\n\t\t\t\t<div class=\"elementor-element elementor-element-aa77080 elementor-widget elementor-widget-image\" data-id=\"aa77080\" data-element_type=\"widget\" data-e-type=\"widget\" data-widget_type=\"image.default\">\n\t\t\t\t<div class=\"elementor-widget-container\">\n\t\t\t\t\t\t\t\t\t\t\t\t\t\t\t<img loading=\"lazy\" decoding=\"async\" width=\"640\" height=\"75\" src=\"https:\/\/mountainlikers.com\/wp-content\/uploads\/2025\/09\/sanefa-floc_Mesa-de-trabajo-1-1024x120.png\" class=\"attachment-large size-large wp-image-14698\" alt=\"\" srcset=\"https:\/\/mountainlikers.com\/wp-content\/uploads\/2025\/09\/sanefa-floc_Mesa-de-trabajo-1-1024x120.png 1024w, https:\/\/mountainlikers.com\/wp-content\/uploads\/2025\/09\/sanefa-floc_Mesa-de-trabajo-1-600x71.png 600w, https:\/\/mountainlikers.com\/wp-content\/uploads\/2025\/09\/sanefa-floc_Mesa-de-trabajo-1-800x94.png 800w, https:\/\/mountainlikers.com\/wp-content\/uploads\/2025\/09\/sanefa-floc_Mesa-de-trabajo-1-300x35.png 300w, https:\/\/mountainlikers.com\/wp-content\/uploads\/2025\/09\/sanefa-floc_Mesa-de-trabajo-1-768x90.png 768w, https:\/\/mountainlikers.com\/wp-content\/uploads\/2025\/09\/sanefa-floc_Mesa-de-trabajo-1-18x2.png 18w, https:\/\/mountainlikers.com\/wp-content\/uploads\/2025\/09\/sanefa-floc_Mesa-de-trabajo-1.png 1241w\" sizes=\"auto, (max-width: 640px) 100vw, 640px\" \/>\t\t\t\t\t\t\t\t\t\t\t\t\t\t\t<\/div>\n\t\t\t\t<\/div>\n\t\t\t\t\t<\/div>\n\t\t\t\t<\/div>\n\t\t<div data-particle_enable=\"false\" data-particle-mobile-disabled=\"false\" class=\"elementor-element elementor-element-143506e animated-slow e-flex e-con-boxed elementor-invisible e-con e-parent\" data-id=\"143506e\" data-element_type=\"container\" data-e-type=\"container\" data-settings=\"{&quot;animation&quot;:&quot;fadeInUp&quot;,&quot;animation_delay&quot;:250}\">\n\t\t\t\t\t<div class=\"e-con-inner\">\n\t\t<div data-particle_enable=\"false\" data-particle-mobile-disabled=\"false\" class=\"elementor-element elementor-element-58e0a1b e-con-full e-flex e-con e-child\" data-id=\"58e0a1b\" data-element_type=\"container\" data-e-type=\"container\">\n\t\t<div data-particle_enable=\"false\" data-particle-mobile-disabled=\"false\" class=\"elementor-element elementor-element-8c69a24 e-con-full e-flex e-con e-child\" data-id=\"8c69a24\" data-element_type=\"container\" data-e-type=\"container\">\n\t\t\t\t<div class=\"elementor-element elementor-element-4956831 elementor-widget elementor-widget-image\" data-id=\"4956831\" data-element_type=\"widget\" data-e-type=\"widget\" data-widget_type=\"image.default\">\n\t\t\t\t<div class=\"elementor-widget-container\">\n\t\t\t\t\t\t\t\t\t\t\t\t\t\t\t<img loading=\"lazy\" decoding=\"async\" width=\"1920\" height=\"1280\" src=\"https:\/\/mountainlikers.com\/wp-content\/uploads\/2021\/12\/pexels-luis-quintero-2774556-2.jpg\" class=\"attachment-full size-full wp-image-10888\" alt=\"\" srcset=\"https:\/\/mountainlikers.com\/wp-content\/uploads\/2021\/12\/pexels-luis-quintero-2774556-2.jpg 1920w, https:\/\/mountainlikers.com\/wp-content\/uploads\/2021\/12\/pexels-luis-quintero-2774556-2-600x400.jpg 600w, https:\/\/mountainlikers.com\/wp-content\/uploads\/2021\/12\/pexels-luis-quintero-2774556-2-800x533.jpg 800w, https:\/\/mountainlikers.com\/wp-content\/uploads\/2021\/12\/pexels-luis-quintero-2774556-2-300x200.jpg 300w, https:\/\/mountainlikers.com\/wp-content\/uploads\/2021\/12\/pexels-luis-quintero-2774556-2-1024x683.jpg 1024w, https:\/\/mountainlikers.com\/wp-content\/uploads\/2021\/12\/pexels-luis-quintero-2774556-2-768x512.jpg 768w, https:\/\/mountainlikers.com\/wp-content\/uploads\/2021\/12\/pexels-luis-quintero-2774556-2-1536x1024.jpg 1536w, https:\/\/mountainlikers.com\/wp-content\/uploads\/2021\/12\/pexels-luis-quintero-2774556-2-18x12.jpg 18w, https:\/\/mountainlikers.com\/wp-content\/uploads\/2021\/12\/pexels-luis-quintero-2774556-2-365x243.jpg 365w\" sizes=\"auto, (max-width: 1920px) 100vw, 1920px\" \/>\t\t\t\t\t\t\t\t\t\t\t\t\t\t\t<\/div>\n\t\t\t\t<\/div>\n\t\t\t\t<\/div>\n\t\t<div data-particle_enable=\"false\" data-particle-mobile-disabled=\"false\" class=\"elementor-element elementor-element-bdea54b e-con-full e-flex e-con e-child\" data-id=\"bdea54b\" data-element_type=\"container\" data-e-type=\"container\">\n\t\t\t\t<div class=\"elementor-element elementor-element-60a0115 elementor-widget elementor-widget-text-editor\" data-id=\"60a0115\" data-element_type=\"widget\" data-e-type=\"widget\" data-widget_type=\"text-editor.default\">\n\t\t\t\t<div class=\"elementor-widget-container\">\n\t\t\t\t\t\t\t\t\t<p>El <strong>Congr\u00e9s Mundial de Turisme de Neu, Muntanya i Benestar d&#8217;Andorra:<\/strong> cita internacional per impulsar el turisme de muntanya.<\/p>\t\t\t\t\t\t\t\t<\/div>\n\t\t\t\t<\/div>\n\t\t\t\t<\/div>\n\t\t\t\t<\/div>\n\t\t\t\t\t<\/div>\n\t\t\t\t<\/div>\n\t\t<div data-particle_enable=\"false\" data-particle-mobile-disabled=\"false\" class=\"elementor-element elementor-element-61acdfc animated-slow e-flex e-con-boxed elementor-invisible e-con e-parent\" data-id=\"61acdfc\" data-element_type=\"container\" data-e-type=\"container\" data-settings=\"{&quot;animation&quot;:&quot;fadeInLeft&quot;,&quot;animation_delay&quot;:300}\">\n\t\t\t\t\t<div class=\"e-con-inner\">\n\t\t<div data-particle_enable=\"false\" data-particle-mobile-disabled=\"false\" class=\"elementor-element elementor-element-9e0ab3f e-con-full e-flex e-con e-child\" data-id=\"9e0ab3f\" data-element_type=\"container\" data-e-type=\"container\">\n\t\t<div data-particle_enable=\"false\" data-particle-mobile-disabled=\"false\" class=\"elementor-element elementor-element-5e2865e e-con-full e-flex e-con e-child\" data-id=\"5e2865e\" data-element_type=\"container\" data-e-type=\"container\">\n\t\t\t\t<div class=\"elementor-element elementor-element-fdceda4 elementor-widget elementor-widget-image\" data-id=\"fdceda4\" data-element_type=\"widget\" data-e-type=\"widget\" data-widget_type=\"image.default\">\n\t\t\t\t<div class=\"elementor-widget-container\">\n\t\t\t\t\t\t\t\t\t\t\t\t\t\t\t<img loading=\"lazy\" decoding=\"async\" width=\"640\" height=\"75\" src=\"https:\/\/mountainlikers.com\/wp-content\/uploads\/2025\/09\/sanefa-floc_Mesa-de-trabajo-1-1024x120.png\" class=\"attachment-large size-large wp-image-14698\" alt=\"\" srcset=\"https:\/\/mountainlikers.com\/wp-content\/uploads\/2025\/09\/sanefa-floc_Mesa-de-trabajo-1-1024x120.png 1024w, https:\/\/mountainlikers.com\/wp-content\/uploads\/2025\/09\/sanefa-floc_Mesa-de-trabajo-1-600x71.png 600w, https:\/\/mountainlikers.com\/wp-content\/uploads\/2025\/09\/sanefa-floc_Mesa-de-trabajo-1-800x94.png 800w, https:\/\/mountainlikers.com\/wp-content\/uploads\/2025\/09\/sanefa-floc_Mesa-de-trabajo-1-300x35.png 300w, https:\/\/mountainlikers.com\/wp-content\/uploads\/2025\/09\/sanefa-floc_Mesa-de-trabajo-1-768x90.png 768w, https:\/\/mountainlikers.com\/wp-content\/uploads\/2025\/09\/sanefa-floc_Mesa-de-trabajo-1-18x2.png 18w, https:\/\/mountainlikers.com\/wp-content\/uploads\/2025\/09\/sanefa-floc_Mesa-de-trabajo-1.png 1241w\" sizes=\"auto, (max-width: 640px) 100vw, 640px\" \/>\t\t\t\t\t\t\t\t\t\t\t\t\t\t\t<\/div>\n\t\t\t\t<\/div>\n\t\t\t\t<\/div>\n\t\t\t\t<\/div>\n\t\t\t\t\t<\/div>\n\t\t\t\t<\/div>\n\t\t<div data-particle_enable=\"false\" data-particle-mobile-disabled=\"false\" class=\"elementor-element elementor-element-6467f7f animated-slow e-flex e-con-boxed elementor-invisible e-con e-parent\" data-id=\"6467f7f\" data-element_type=\"container\" data-e-type=\"container\" data-settings=\"{&quot;animation&quot;:&quot;fadeInRight&quot;,&quot;animation_delay&quot;:300}\">\n\t\t\t\t\t<div class=\"e-con-inner\">\n\t\t<div data-particle_enable=\"false\" data-particle-mobile-disabled=\"false\" class=\"elementor-element elementor-element-753e49d e-con-full e-flex e-con e-child\" data-id=\"753e49d\" data-element_type=\"container\" data-e-type=\"container\">\n\t\t<div data-particle_enable=\"false\" data-particle-mobile-disabled=\"false\" class=\"elementor-element elementor-element-0e3d298 e-con-full e-flex e-con e-child\" data-id=\"0e3d298\" data-element_type=\"container\" data-e-type=\"container\">\n\t\t\t\t<div class=\"elementor-element elementor-element-d46b70c elementor-widget elementor-widget-heading\" data-id=\"d46b70c\" data-element_type=\"widget\" data-e-type=\"widget\" data-widget_type=\"heading.default\">\n\t\t\t\t<div class=\"elementor-widget-container\">\n\t\t\t\t\t<h2 class=\"elementor-heading-title elementor-size-default\">Qu\u00e8 \u00e9s Mountainlikers? <\/h2>\t\t\t\t<\/div>\n\t\t\t\t<\/div>\n\t\t\t\t<div class=\"elementor-element elementor-element-eb38f9e elementor-widget elementor-widget-text-editor\" data-id=\"eb38f9e\" data-element_type=\"widget\" data-e-type=\"widget\" data-widget_type=\"text-editor.default\">\n\t\t\t\t<div class=\"elementor-widget-container\">\n\t\t\t\t\t\t\t\t\t<p>Mountainlikers \u00e9s el Congr\u00e9s Mundial de Turisme de Neu, Muntanya i Benestar per als amants de la muntanya! Cada dos anys, Andorra reuneix experts, institucions i empreses per compartir experi\u00e8ncies, innovaci\u00f3 i estrat\u00e8gies globals.<\/p>\t\t\t\t\t\t\t\t<\/div>\n\t\t\t\t<\/div>\n\t\t\t\t<\/div>\n\t\t<div data-particle_enable=\"false\" data-particle-mobile-disabled=\"false\" class=\"elementor-element elementor-element-b3082fe e-con-full e-flex e-con e-child\" data-id=\"b3082fe\" data-element_type=\"container\" data-e-type=\"container\">\n\t\t\t\t<div class=\"elementor-element elementor-element-36a8e4e elementor-widget elementor-widget-image\" data-id=\"36a8e4e\" data-element_type=\"widget\" data-e-type=\"widget\" data-widget_type=\"image.default\">\n\t\t\t\t<div class=\"elementor-widget-container\">\n\t\t\t\t\t\t\t\t\t\t\t\t\t\t\t<img loading=\"lazy\" decoding=\"async\" width=\"640\" height=\"414\" src=\"https:\/\/mountainlikers.com\/wp-content\/uploads\/2025\/09\/simple-cat-03-1024x663.png\" class=\"attachment-large size-large wp-image-14652\" alt=\"\" srcset=\"https:\/\/mountainlikers.com\/wp-content\/uploads\/2025\/09\/simple-cat-03-1024x663.png 1024w, https:\/\/mountainlikers.com\/wp-content\/uploads\/2025\/09\/simple-cat-03-600x389.png 600w, https:\/\/mountainlikers.com\/wp-content\/uploads\/2025\/09\/simple-cat-03-800x518.png 800w, https:\/\/mountainlikers.com\/wp-content\/uploads\/2025\/09\/simple-cat-03-300x194.png 300w, https:\/\/mountainlikers.com\/wp-content\/uploads\/2025\/09\/simple-cat-03-768x497.png 768w, https:\/\/mountainlikers.com\/wp-content\/uploads\/2025\/09\/simple-cat-03-18x12.png 18w, https:\/\/mountainlikers.com\/wp-content\/uploads\/2025\/09\/simple-cat-03.png 1192w\" sizes=\"auto, (max-width: 640px) 100vw, 640px\" \/>\t\t\t\t\t\t\t\t\t\t\t\t\t\t\t<\/div>\n\t\t\t\t<\/div>\n\t\t\t\t<\/div>\n\t\t\t\t<\/div>\n\t\t\t\t\t<\/div>\n\t\t\t\t<\/div>\n\t\t<div data-particle_enable=\"false\" data-particle-mobile-disabled=\"false\" class=\"elementor-element elementor-element-c95ce56 animated-slow e-flex e-con-boxed elementor-invisible e-con e-parent\" data-id=\"c95ce56\" data-element_type=\"container\" data-e-type=\"container\" data-settings=\"{&quot;animation&quot;:&quot;fadeInUp&quot;,&quot;animation_delay&quot;:400}\">\n\t\t\t\t\t<div class=\"e-con-inner\">\n\t\t<div data-particle_enable=\"false\" data-particle-mobile-disabled=\"false\" class=\"elementor-element elementor-element-fd91bac e-con-full e-flex e-con e-child\" data-id=\"fd91bac\" data-element_type=\"container\" data-e-type=\"container\">\n\t\t<div data-particle_enable=\"false\" data-particle-mobile-disabled=\"false\" class=\"elementor-element elementor-element-4ace509 e-con-full e-flex e-con e-child\" data-id=\"4ace509\" data-element_type=\"container\" data-e-type=\"container\">\n\t\t\t\t<div class=\"elementor-element elementor-element-1164118 elementor-widget elementor-widget-image\" data-id=\"1164118\" data-element_type=\"widget\" data-e-type=\"widget\" data-widget_type=\"image.default\">\n\t\t\t\t<div class=\"elementor-widget-container\">\n\t\t\t\t\t\t\t\t\t\t\t\t\t\t\t<img decoding=\"async\" src=\"https:\/\/mountainlikers.com\/wp-content\/uploads\/2025\/10\/ereferferf.png\" title=\"\" alt=\"\" loading=\"lazy\" \/>\t\t\t\t\t\t\t\t\t\t\t\t\t\t\t<\/div>\n\t\t\t\t<\/div>\n\t\t\t\t<div class=\"elementor-element elementor-element-7685cc1 elementor-widget elementor-widget-heading\" data-id=\"7685cc1\" data-element_type=\"widget\" data-e-type=\"widget\" data-widget_type=\"heading.default\">\n\t\t\t\t<div class=\"elementor-widget-container\">\n\t\t\t\t\t<h2 class=\"elementor-heading-title elementor-size-default\">Participants I impacte | Xifres:<\/h2>\t\t\t\t<\/div>\n\t\t\t\t<\/div>\n\t\t\t\t<div class=\"elementor-element elementor-element-752b44c elementor-widget elementor-widget-text-editor\" data-id=\"752b44c\" data-element_type=\"widget\" data-e-type=\"widget\" data-widget_type=\"text-editor.default\">\n\t\t\t\t<div class=\"elementor-widget-container\">\n\t\t\t\t\t\t\t\t\t<ul><li>13 edicions des de 1998<\/li><li>+ 300 participants de 15 pa\u00efsos. Autoritats, institucions i empreses l\u00edders<\/li><li>+ de 30 ponents: Experts, acad\u00e8mics, professionals del sector del turisme, professionals de la Digitalitzaci\u00f3 i de la Intel\u00b7lig\u00e8ncia artificial, institucions i empreses etc.<\/li><\/ul>\t\t\t\t\t\t\t\t<\/div>\n\t\t\t\t<\/div>\n\t\t\t\t<\/div>\n\t\t\t\t<\/div>\n\t\t\t\t\t<\/div>\n\t\t\t\t<\/div>\n\t\t<div data-particle_enable=\"false\" data-particle-mobile-disabled=\"false\" class=\"elementor-element elementor-element-dc7fa83 animated-slow e-flex e-con-boxed elementor-invisible e-con e-parent\" data-id=\"dc7fa83\" data-element_type=\"container\" data-e-type=\"container\" data-settings=\"{&quot;animation&quot;:&quot;fadeInLeft&quot;,&quot;animation_delay&quot;:300}\">\n\t\t\t\t\t<div class=\"e-con-inner\">\n\t\t<div data-particle_enable=\"false\" data-particle-mobile-disabled=\"false\" class=\"elementor-element elementor-element-27e001b e-con-full e-flex e-con e-child\" data-id=\"27e001b\" data-element_type=\"container\" data-e-type=\"container\">\n\t\t<div data-particle_enable=\"false\" data-particle-mobile-disabled=\"false\" class=\"elementor-element elementor-element-766e093 e-con-full e-flex e-con e-child\" data-id=\"766e093\" data-element_type=\"container\" data-e-type=\"container\">\n\t\t\t\t<div class=\"elementor-element elementor-element-0d21c85 elementor-widget elementor-widget-image\" data-id=\"0d21c85\" data-element_type=\"widget\" data-e-type=\"widget\" data-widget_type=\"image.default\">\n\t\t\t\t<div class=\"elementor-widget-container\">\n\t\t\t\t\t\t\t\t\t\t\t\t\t\t\t<img loading=\"lazy\" decoding=\"async\" width=\"640\" height=\"420\" src=\"https:\/\/mountainlikers.com\/wp-content\/uploads\/2026\/01\/Untitled-design-278.png\" class=\"attachment-large size-large wp-image-15776\" alt=\"\" srcset=\"https:\/\/mountainlikers.com\/wp-content\/uploads\/2026\/01\/Untitled-design-278.png 662w, https:\/\/mountainlikers.com\/wp-content\/uploads\/2026\/01\/Untitled-design-278-600x393.png 600w, https:\/\/mountainlikers.com\/wp-content\/uploads\/2026\/01\/Untitled-design-278-416x273.png 416w, https:\/\/mountainlikers.com\/wp-content\/uploads\/2026\/01\/Untitled-design-278-300x197.png 300w, https:\/\/mountainlikers.com\/wp-content\/uploads\/2026\/01\/Untitled-design-278-18x12.png 18w\" sizes=\"auto, (max-width: 640px) 100vw, 640px\" \/>\t\t\t\t\t\t\t\t\t\t\t\t\t\t\t<\/div>\n\t\t\t\t<\/div>\n\t\t\t\t<\/div>\n\t\t<div data-particle_enable=\"false\" data-particle-mobile-disabled=\"false\" class=\"elementor-element elementor-element-930d82b e-con-full e-flex e-con e-child\" data-id=\"930d82b\" data-element_type=\"container\" data-e-type=\"container\">\n\t\t\t\t<div class=\"elementor-element elementor-element-5168b57 elementor-widget elementor-widget-heading\" data-id=\"5168b57\" data-element_type=\"widget\" data-e-type=\"widget\" data-widget_type=\"heading.default\">\n\t\t\t\t<div class=\"elementor-widget-container\">\n\t\t\t\t\t<h2 class=\"elementor-heading-title elementor-size-default\">Per qu\u00e8 participar?<\/h2>\t\t\t\t<\/div>\n\t\t\t\t<\/div>\n\t\t\t\t<div class=\"elementor-element elementor-element-1a45f4d elementor-widget elementor-widget-text-editor\" data-id=\"1a45f4d\" data-element_type=\"widget\" data-e-type=\"widget\" data-widget_type=\"text-editor.default\">\n\t\t\t\t<div class=\"elementor-widget-container\">\n\t\t\t\t\t\t\t\t\t<ul><li>Connectar amb professionals i l\u00edders internacionals del sector tur\u00edstic.<\/li><li>Descobrir solucions pr\u00e0ctiques i inspiradores per a destinacions de muntanya.<\/li><li>Generar intercanvi de coneixements i projectes globals que marquen el futur del turisme.<\/li><\/ul>\t\t\t\t\t\t\t\t<\/div>\n\t\t\t\t<\/div>\n\t\t\t\t<\/div>\n\t\t\t\t<\/div>\n\t\t\t\t\t<\/div>\n\t\t\t\t<\/div>\n\t\t<div data-particle_enable=\"false\" data-particle-mobile-disabled=\"false\" class=\"elementor-element elementor-element-72119df animated-slow e-flex e-con-boxed elementor-invisible e-con e-parent\" data-id=\"72119df\" data-element_type=\"container\" data-e-type=\"container\" id=\"programa\" data-settings=\"{&quot;background_background&quot;:&quot;classic&quot;,&quot;animation&quot;:&quot;fadeIn&quot;,&quot;animation_delay&quot;:300}\">\n\t\t\t\t\t<div class=\"e-con-inner\">\n\t\t\t\t<div class=\"elementor-element elementor-element-64ef8c2 elementor-widget elementor-widget-heading\" data-id=\"64ef8c2\" data-element_type=\"widget\" data-e-type=\"widget\" data-widget_type=\"heading.default\">\n\t\t\t\t<div class=\"elementor-widget-container\">\n\t\t\t\t\t<h2 class=\"elementor-heading-title elementor-size-default\">PROGRAMA<\/h2>\t\t\t\t<\/div>\n\t\t\t\t<\/div>\n\t\t\t\t<div class=\"elementor-element elementor-element-21e62a7 elementor-widget elementor-widget-image\" data-id=\"21e62a7\" data-element_type=\"widget\" data-e-type=\"widget\" data-widget_type=\"image.default\">\n\t\t\t\t<div class=\"elementor-widget-container\">\n\t\t\t\t\t\t\t\t\t\t\t\t\t\t\t<img loading=\"lazy\" decoding=\"async\" width=\"640\" height=\"235\" src=\"https:\/\/mountainlikers.com\/wp-content\/uploads\/2026\/03\/CAT-AMB-NOM-03-1024x376.png\" class=\"attachment-large size-large wp-image-16516\" alt=\"\" srcset=\"https:\/\/mountainlikers.com\/wp-content\/uploads\/2026\/03\/CAT-AMB-NOM-03-1024x376.png 1024w, https:\/\/mountainlikers.com\/wp-content\/uploads\/2026\/03\/CAT-AMB-NOM-03-300x110.png 300w, https:\/\/mountainlikers.com\/wp-content\/uploads\/2026\/03\/CAT-AMB-NOM-03-768x282.png 768w, https:\/\/mountainlikers.com\/wp-content\/uploads\/2026\/03\/CAT-AMB-NOM-03-1536x565.png 1536w, https:\/\/mountainlikers.com\/wp-content\/uploads\/2026\/03\/CAT-AMB-NOM-03-18x7.png 18w, https:\/\/mountainlikers.com\/wp-content\/uploads\/2026\/03\/CAT-AMB-NOM-03-600x221.png 600w, https:\/\/mountainlikers.com\/wp-content\/uploads\/2026\/03\/CAT-AMB-NOM-03-800x294.png 800w, https:\/\/mountainlikers.com\/wp-content\/uploads\/2026\/03\/CAT-AMB-NOM-03.png 1605w\" sizes=\"auto, (max-width: 640px) 100vw, 640px\" \/>\t\t\t\t\t\t\t\t\t\t\t\t\t\t\t<\/div>\n\t\t\t\t<\/div>\n\t\t\t\t<div class=\"elementor-element elementor-element-0edb85b elementor-widget elementor-widget-spacer\" data-id=\"0edb85b\" data-element_type=\"widget\" data-e-type=\"widget\" data-widget_type=\"spacer.default\">\n\t\t\t\t<div class=\"elementor-widget-container\">\n\t\t\t\t\t\t\t<div class=\"elementor-spacer\">\n\t\t\t<div class=\"elementor-spacer-inner\"><\/div>\n\t\t<\/div>\n\t\t\t\t\t\t<\/div>\n\t\t\t\t<\/div>\n\t\t\t\t<div class=\"elementor-element elementor-element-d5cd3ef elementor-widget elementor-widget-html\" data-id=\"d5cd3ef\" data-element_type=\"widget\" data-e-type=\"widget\" data-widget_type=\"html.default\">\n\t\t\t\t<div class=\"elementor-widget-container\">\n\t\t\t\t\t<!-- ===== PROGRAMA MULTILINGUE \u2014 Elementor + TranslatePress (Tabs + AM\/PM + Full-day) ===== -->\n<div id=\"programa-app\" class=\"prog-container\">\n  <nav class=\"prog-tabs\" aria-label=\"Tabs\"><\/nav>\n  <div id=\"prog-daywrap\"><\/div>\n<\/div>\n\n<style>\n  .prog-container{\n    --fg:#0f172a; --muted:#64748b; --accent:#7b1113; --bg:#fff; --card:#f8fafc; --line:rgba(2,6,23,.08);\n    --radius:16px; font-family:Inter, ui-sans-serif, system-ui, Segoe UI, Roboto, Arial, sans-serif; color:var(--fg);\n  }\n  \/* Tabs *\/\n  .prog-tabs{display:flex;gap:14px;flex-wrap:wrap;margin:8px 0 16px}\n  .prog-tab{border:1px solid var(--line);background:#fff;border-radius:999px;padding:10px 14px;font-weight:700;\n    cursor:pointer;box-shadow:0 1px 2px rgba(2,6,23,.04);white-space:nowrap;opacity:.85}\n  .prog-tab[aria-selected=\"true\"]{background:var(--accent);color:#fff;border-color:transparent;opacity:1}\n  \/* Dia *\/\n  .prog-day{margin:10px 0 28px;border:1px solid var(--line);border-radius:var(--radius);overflow:hidden;background:var(--bg);box-shadow:0 1px 2px rgba(2,6,23,.04)}\n  .prog-day-header{display:flex;gap:16px;align-items:baseline;padding:18px 20px;background:linear-gradient(180deg,#fff,#fafafa)}\n  .prog-day-badge{background:var(--accent);color:#fff;border-radius:999px;padding:6px 12px;font-weight:700;letter-spacing:.02em}\n  .prog-day-title{font-size:20px;font-weight:700}\n  .prog-day-venue{color:var(--muted);font-size:14px}\n  \/* Grade AM\/PM *\/\n  .prog-grid{display:grid;grid-template-columns:1fr 1fr;gap:18px;padding:18px;background:var(--card)}\n  .prog-col{background:#fff;border:1px solid var(--line);border-radius:var(--radius);overflow:hidden}\n  .prog-col h3{margin:0;padding:12px 14px;border-bottom:1px solid var(--line);font-size:13.5px;letter-spacing:.08em;text-transform:uppercase;color:#334155}\n  .prog-list{display:flex;flex-direction:column}\n  .prog-item{display:grid;grid-template-columns:96px 1fr;gap:12px;padding:14px;border-bottom:1px dashed var(--line)}\n  .prog-item:last-child{border-bottom:none}\n  .prog-time{font-weight:700;font-variant-numeric:tabular-nums;color:#111827}\n  .prog-title{font-weight:600;line-height:1.3}\n  .prog-actions{margin-top:6px}\n  .prog-link{font-size:13px;color:var(--accent);text-decoration:none;border-bottom:1px dashed currentColor}\n  .prog-note{color:var(--muted);font-size:13px;margin-top:2px}\n  \/* Linha \u201cDia completo\u201d *\/\n  .prog-fullday{padding:18px;background:#fff;border-top:1px solid var(--line)}\n  .prog-fullday .fd-pill{display:inline-block;background:#eef2ff;color:#3730a3;font-weight:700;border-radius:999px;padding:4px 10px;font-size:12px;margin-right:10px}\n  .prog-fullday .fd-time{font-weight:700;font-variant-numeric:tabular-nums;margin-right:10px}\n  \/* Modal *\/\n  .prog-modal-backdrop{position:fixed;inset:0;background:rgba(0,0,0,.45);display:none;align-items:center;justify-content:center;z-index:9999;padding:20px}\n  .prog-modal{max-width:760px;width:100%;background:#fff;border-radius:18px;box-shadow:0 20px 60px rgba(0,0,0,.25);overflow:hidden}\n  .prog-modal header{padding:16px 18px;border-bottom:1px solid var(--line);display:flex;justify-content:space-between;gap:12px}\n  .prog-modal h4{margin:0;font-size:18px}\n  .prog-modal .meta{font-size:13px;color:var(--muted)}\n  .prog-modal .body{padding:16px 18px;line-height:1.58;white-space:pre-wrap}\n  .prog-close{background:transparent;border:0;font-size:22px;line-height:1;cursor:pointer;color:#64748b}\n  \/* Responsive *\/\n  @media (max-width:960px){.prog-grid{grid-template-columns:1fr}}\n  @media (max-width:520px){.prog-item{grid-template-columns:84px 1fr;padding:12px}.prog-day-title{font-size:18px}}\n<\/style>\n\n<script>\n\/* ====================== 1) DADES (4 idiomes) \u2014 versi\u00f3 final completa ====================== *\/\nconst PROGRAM_DATA = {\n\n  \/* ---------- CATAL\u00c0 (ACTUALITZAT) ---------- *\/\n  ca: {\n    days: [\n      {\n        dateISO: \"2026-03-25\",\n        badge: \"Dia 1\",\n        title: \"Dimecres, 25 de mar\u00e7 de 2026\",\n        venue: \"Centre de Congressos d'Andorra la Vella\",\n        items: [\n          { start: \"08:00\", end: \"09:30\", title: \"Registre\" },\n          { start: \"09:30\", end: \"10:00\", title: \"Cerim\u00f2nia d'obertura\" },\n          {\n            start: \"10:00\",\n            end: \"10:30\",\n            title: \"Pon\u00e8ncia Principal: Ultrafalsificacions (deepfakes) i IA generativa: realitat i ficci\u00f3 - nous horitzons per a les destinacions de neu, muntanya i benestar\",\n            desc: \"La intel\u00b7lig\u00e8ncia artificial est\u00e0 transformant la manera de gestionar i promocionar les destinacions tur\u00edstiques, oferint noves oportunitats per atraure visitants i millorar l'experi\u00e8ncia tur\u00edstica. Es reflexionar\u00e0 sobre com aprofitar el potencial creatiu de la IA de manera \u00e8tica i responsable per impulsar la innovaci\u00f3 i la sostenibilitat a les destinacions de muntanya i neu, preservant la seva autenticitat i el valor cultural.\"\n          },\n          {\n            start: \"10:30\",\n            end: \"11:00\",\n            title: \"Panell d'alt nivell: El repte digital de les destinacions de muntanya\",\n            desc: \"Es debatran estrat\u00e8gies per integrar la digitalitzaci\u00f3 i la intel\u00b7lig\u00e8ncia artificial en la planificaci\u00f3, la gesti\u00f3 i la governan\u00e7a de les destinacions de muntanya, assegurant que millorin l'experi\u00e8ncia dels turistes alhora que contribueixin a protegir els recursos naturals, preservar les cultures locals i fomentar economies resilients i inclusives, tot construint destinacions m\u00e9s intel\u00b7ligents, inclusive i sostenibles.\"\n          },\n          {\n            start: \"11:00\",\n            end: \"11:45\",\n            title: \"La destinaci\u00f3, segrestada per l'algoritme\",\n            desc: \"Pon\u00e8ncia centrada en com els algoritmes i la influ\u00e8ncia digital estan transformant el turisme, en un context en qu\u00e8 una sola publicaci\u00f3 pot canviar la percepci\u00f3 i l'aflu\u00e8ncia de visitants. Es tractar\u00e0 el poder de la influ\u00e8ncia digital, la l\u00ednia fina entre la inspiraci\u00f3 i la manipulaci\u00f3 i\/o l'impacte de la massificaci\u00f3 provocada per recomanacions virals. Tamb\u00e9 es reflexionar\u00e0 sobre la responsabilitat \u00e8tica dels creadors de contingut i el paper de les institucions a la gesti\u00f3 de la reputaci\u00f3.\"\n          },\n          { start: \"11:45\", end: \"12:00\", title: \"Presentaci\u00f3 Mountain Partnership (FAO)\" },\n          {\n            start: \"12:00\",\n            end: \"13:00\",\n            title: \"SESSI\u00d3 1: M\u00e9s enll\u00e0 de la neu: les destinacions de muntanya s'adapten davant el canvi clim\u00e0tic\",\n            desc: \"El futur de les destinacions de neu dep\u00e8n de la seva capacitat d'adaptaci\u00f3 als efectes del canvi clim\u00e0tic. La sessi\u00f3 abordar\u00e0 com les destinacions de muntanya poden reinventar-se per fer front al repte de l'estacionalitat i adaptar-se a un context clim\u00e0tic canviant, oferint experi\u00e8ncies aut\u00e8ntiques que posin en valor el patrimoni natural i cultural durant tot l'any. S'explorar\u00e0 el paper de la innovaci\u00f3 i la sostenibilitat en la creaci\u00f3 d'experi\u00e8ncies m\u00e9s immersives, conscients i memorables, i es destacar\u00e0 la import\u00e0ncia de fomentar un equilibri entre el desenvolupament tur\u00edstic i el benestar de les comunitats locals. En aquest marc, es presentaran les primeres conclusions de l'informe \u201c Canvi clim\u00e0tic i el futur de les destinacions de turisme de neu i de muntanya \u201d, encarregat per la Comissi\u00f3 Regional d'ONU Turisme per a Europa i liderat per Su\u00efssa.\"\n          },\n          { start: \"13:00\", end: \"15:00\", title: \"Dinar d\u2019Altura \u2013 Gastronomia d\u2019Alta Muntanya d\u2019Andorra\" },\n          {\n            start: \"15:30\",\n            end: \"19:30\",\n            title: \"Experi\u00e8ncies vivencials a Andorra la Vella i Ordino\",\n            desc: \"A ESCOLLIR (Les places s'assignaran per estricte ordre d'inscripci\u00f3)\\n\\n1. Experi\u00e8ncia \u201cEl Somni de Don Guillem\u201d, dia 1:\\n15:30 \u2013 17:00 Presentaci\u00f3 Ordino Best Village Tourism i visita guiada amb audioguia al Museu Casa d'Areny-Plandolit, amb l'experi\u00e8ncia immersiva \u201cEl somni de Don Guillem\u201d, que ens transportar\u00e0 a l'Andorra del segle XIX.\\n\\n2. Experi\u00e8ncia de benestar, dia 1:\\n15:30 \u2013 17:00 Sessi\u00f3 de benestar amb bany de gong i bols, en un entorn \u00fanic: l'edifici hist\u00f2ric \u201c l'Era del Raser\u201d, a Ordino.\\n\\nEleva la teva experi\u00e8ncia \u2014 Temps lliure:\\n17:00 \u2013 19:30 Possibilitat de realitzar compres en un entorn \u00fanic: un gran eix per a vianants, un centre hist\u00f2ric amb encant i la tranquil\u00b7litat de comprar amb total seguretat.\"\n          }\n        ]\n      },\n      {\n        dateISO: \"2026-03-26\",\n        badge: \"Dia 2\",\n        title: \"Dijous, 26 de mar\u00e7 de 2026\",\n        venue: \"Centre de Congressos d'Andorra la Vella\",\n        items: [\n          {\n            start: \"09:30\",\n            end: \"10:15\",\n            title: \"SESSI\u00d3 2: Detox digital i benestar: desconnecta per reconnectar\",\n            desc: \"S'explorar\u00e0 el valor de la desconnexi\u00f3 conscient en un m\u00f3n saturat de pantalles i hiperconnectivitat en connexi\u00f3 amb el valor i l'oportunitat de les destinacions de muntanya en posicionar-se com a destinacions de benestar. Als entorns naturals de muntanya, el silenci, l'aire pur i el contacte amb la natura es converteixen en un refugi per recuperar l'equilibri i el benestar interior. Es parlar\u00e0 d'exemples pr\u00e0ctics i de l'auge d\u2019experi\u00e8ncies que conviden a alentir el ritme, respirar i reconnectar amb un mateix, propostes de valor diferenciadores per a les destinacions naturals de muntanya.\"\n          },\n          {\n            start: \"10:15\",\n            end: \"10:45\",\n            title: \"Pon\u00e8ncia \u2013 HumanOS : instint h\u00edbrid\",\n            desc: \"La pon\u00e8ncia analitzar\u00e0 com l'era digital i la intel\u00b7lig\u00e8ncia artificial estan transformant el turisme de muntanya des d'una perspectiva humanista, en la qual les capacitats humanes es consoliden com a factors principals de diferenciaci\u00f3. A trav\u00e9s del concepte d'\u201cinstint h\u00edbrid\u201d, es posar\u00e0 de manifest que la veritable innovaci\u00f3 resideix en la integraci\u00f3 de la tecnologia amb una mentalitat auda\u00e7, creativa i profundament humana, entenent la intel\u00b7lig\u00e8ncia artificial com una oportunitat estrat\u00e8gica que impulsa l'adaptaci\u00f3 cont\u00ednua, l'aprenentatge permanent i la presa de decisions informades. L'objectiu \u00e9s avan\u00e7ar cap a un model de turisme de muntanya intel\u00b7ligent i sostenible que preservi la seva ess\u00e8ncia i situ\u00ef les persones al centre. I si el veritable factor diferencial fos, precisament, all\u00f2 hum\u00e0?\"\n          },\n          { start: \"11:00\", end: \"11:30\", title: \"Pausa caf\u00e8\" },\n          {\n            start: \"11:30\",\n            end: \"12:10\",\n            title: \"SESSI\u00d3 3: De la neu al n\u00favol: muntanyes hiperconnectades\",\n            desc: \"La digitalitzaci\u00f3 i les tecnologies intel\u00b7ligents permeten evolucionar les destinacions de neu i muntanya, millorant la gesti\u00f3 tur\u00edstica, la seguretat i l'experi\u00e8ncia del visitant. S'explorar\u00e0 com la connectivitat, les dades en temps real i les solucions basades en intel\u00b7lig\u00e8ncia artificial permeten optimitzar recursos, preveure condicions meteorol\u00f2giques, gestionar fluxos o personalitzar serveis.\"\n          },\n          { start: \"12:10\", end: \"12:30\", title: \"M\u00e9s enll\u00e0 del digital \u2013 Turisme experiencial\" },\n          { start: \"12:30\", end: \"13:00\", title: \"Cerim\u00f2nia de cloenda\" },\n          { start: \"13:00\", end: \"15:30\", title: \"Dinar lliure\" },\n          {\n            start: \"15:30\",\n            end: \"19:30\",\n            title: \"Experi\u00e8ncies vivencials a Andorra la Vella i Ordino\",\n            desc: \"A ESCOLLIR (Les places s'assignaran per estricte ordre d'inscripci\u00f3)\\n\\n3. Taller\/Experi\u00e8ncia: Gastronomia Km 0:\\n15:30 \u2013 17:00 Gastronomia: taller de cuina km 0 \u2013 Rest . La Pla\u00e7a del Poble (Andorra la Vella)\\n\\n4. Experi\u00e8ncia benestar, dia 2:\\n15:30 \u2013 17:00 Taller de benestar: mindfulness guiat i contacte amb la natura (Ordino)\\n\\n5. Experi\u00e8ncia \\\"El somni de Don Guillem\\\", dia 2:\\n15:30 \u2013 17:00 Presentaci\u00f3 Ordino Best Village Tourism i visita guiada amb audioguia del Museu Casa d'Areny-Plandolit, amb l'experi\u00e8ncia \\\"El somni de Don Guillem\\\", que ens transportar\u00e0 a l'Andorra del segle XIX.\\n\\nEleva la teva experi\u00e8ncia \u2014 Temps lliure:\\n17:00 \u2013 19:30 Possibilitat de realitzar compres en un entorn \u00fanic: un gran eix per a vianants, un centre hist\u00f2ric amb encant i la tranquil\u00b7litat de comprar amb total seguretat.\"\n          }\n        ]\n      },\n      {\n        dateISO: \"2026-03-27\",\n        badge: \"Dia 3\",\n        title: \"Divendres, 27 de mar\u00e7 de 2026\",\n        venue: \"\",\n        items: [\n          {\n            start: \"09:00\",\n            end: \"12:30\",\n            title: \"Experi\u00e8ncia Mirador solar de Tristaina\",\n            desc: \"Descobreix el Mirador Solar de Tristaina situat a 2.701 m d'altitud. \u00c9s una estructura emblem\u00e0tica amb vistes espectaculars als llacs de Tristaina i a la vall d'Ordino. L'ascens es realitza combinant el funicular i telecadira.\"\n          },\n          {\n            start: \"09:00\",\n            end: \"12:30\",\n            title: \"Experi\u00e8ncia \\\"El Somni de Don Guillem\\\", dia 3\",\n            desc: \"Presentaci\u00f3 Ordino Best Village Tourism i visita guiada amb audioguia al Museu Casa d'Areny-Plandolit, amb l'experi\u00e8ncia \\\"El somni de Don Guillem\\\", que ens transportar\u00e0 a l'Andorra del segle XIX.\"\n          },\n          { start: \"12:30\", end: \"\", title: \"Gaudeix d'un dia a Ordino-Arcal\u00eds : consulta condicions.\" },\n          {\n            start: \"17:00\",\n            end: \"19:30\",\n            title: \"Eleva la teva experi\u00e8ncia \u2014 Temps lliure\",\n            desc: \"Possibilitat de realitzar compres en un entorn \u00fanic: un gran eix per a vianants, un centre hist\u00f2ric amb encant i la tranquil\u00b7litat de comprar amb total seguretat.\"\n          }\n        ]\n      }\n    ],\n    labels: { morning: \"Mat\u00ed\", afternoon: \"Tarda\", more: \"M\u00e9s info\", venue: \"Lloc\", time: \"Hora\", fullDay: \"Dia complet\" }\n  },\n\n  \/* ---------- ESPA\u00d1OL (ACTUALIZADO) ---------- *\/\n  es: {\n    days: [\n      {\n        dateISO: \"2026-03-25\",\n        badge: \"D\u00eda 1\",\n        title: \"Mi\u00e9rcoles, 25 de marzo de 2026\",\n        venue: \"Centro de Congresos de Andorra la Vella\",\n        items: [\n          { start: \"08:00\", end: \"09:30\", title: \"Registro\" },\n          { start: \"09:30\", end: \"10:00\", title: \"Ceremonia de apertura\" },\n          {\n            start: \"10:00\",\n            end: \"10:30\",\n            title: \"Ponencia Principal: Ultrafalsificaciones (deepfakes) y IA generativa: realidad y ficci\u00f3n - nuevos horizontes para los destinos de nieve, monta\u00f1a y bienestar\",\n            desc: \"La inteligencia artificial est\u00e1 transformando la forma de gestionar y promocionar los destinos tur\u00edsticos, ofreciendo nuevas oportunidades para atraer visitantes y mejorar la experiencia tur\u00edstica. Se reflexionar\u00e1 sobre c\u00f3mo aprovechar el potencial creativo de la IA de manera \u00e9tica y responsable para impulsar la innovaci\u00f3n y la sostenibilidad en los destinos de monta\u00f1a y nieve, preservando su autenticidad y valor cultural.\"\n          },\n          {\n            start: \"10:30\",\n            end: \"11:00\",\n            title: \"Panel de alto nivel: El reto digital de los destinos de monta\u00f1a\",\n            desc: \"Se debatir\u00e1n estrategias  para integrar la digitalizaci\u00f3n y la inteligencia artificial en la planificaci\u00f3n, gesti\u00f3n y gobernanza de los destinos de monta\u00f1a, asegurando que mejoren la experiencia de los  turistas al mismo tiempo que contribuyen a proteger los recursos naturales, preservar las culturas locales y fomentar econom\u00edas resilientes e inclusivas, construyendo destinos m\u00e1s inteligentes, inclusivos y sostenibles.\"\n          },\n          {\n            start: \"11:00\",\n            end: \"11:45\",\n            title: \"El destino, secuestrado por el algoritmo\",\n            desc: \"Ponencia que se centrar\u00e1 en c\u00f3mo los algoritmos y la influencia digital est\u00e1n transformando el turismo, donde una sola publicaci\u00f3n puede cambiar la percepci\u00f3n y la afluencia de visitantes. El poder de la influencia digital, la delgada l\u00ednea entre la inspiraci\u00f3n y la manipulaci\u00f3n y\/o el impacto de la masificaci\u00f3n provocada por las recomendaciones virales. Tambi\u00e9n se reflexionar\u00e1 sobre la responsabilidad \u00e9tica de los creadores de contenido y el papel de las instituciones en la gesti\u00f3n de la reputaci\u00f3n.\"\n          },\n          { start: \"11:45\", end: \"12:00\", title: \"Presentaci\u00f3n Mountain Partnership (FAO)\" },\n          {\n            start: \"12:00\",\n            end: \"13:00\",\n            title: \"SESI\u00d3N 1: M\u00e1s all\u00e1 de la nieve: Los destinos de monta\u00f1a se adaptan ante el cambio clim\u00e1tico\",\n            desc: \"El futuro de los destinos de nieve depende de su capacidad de adaptaci\u00f3n a los efectos del cambio clim\u00e1tico. La sesi\u00f3n abordar\u00e1 c\u00f3mo los destinos de monta\u00f1a pueden reinventarse para hacer frente al reto de la estacionalidad y adaptarse a un contexto clim\u00e1tico cambiante, ofreciendo experiencias aut\u00e9nticas que pongan en valor el patrimonio natural y cultural durante todo el a\u00f1o. Se explorar\u00e1 el papel de la innovaci\u00f3n y la sostenibilidad en la creaci\u00f3n de experiencias m\u00e1s inmersivas, conscientes y memorables, y se destacar\u00e1 la importancia de fomentar un equilibrio entre el desarrollo tur\u00edstico y el bienestar de las comunidades locales. En este marco, se presentar\u00e1n las primeras conclusiones del informe \u00abCambio clim\u00e1tico y el futuro de los destinos de turismo de nieve y de monta\u00f1a\u00bb, encargado por la Comisi\u00f3n Regional de ONU Turismo para Europa y liderado por Suiza.\"\n          },\n          { start: \"13:00\", end: \"15:00\", title: \"Almuerzo de Altura \u2013 Gastronom\u00eda de Alta Monta\u00f1a de Andorra\" },\n          {\n            start: \"15:30\",\n            end: \"19:30\",\n            title: \"Experiencias vivenciales en Andorra la Vella y Ordino\",\n            desc: \"A ESCOGER (Las plazas se asignar\u00e1n por estricto orden de inscripci\u00f3n)\\n\\n1. Experiencia \u201cEl Sue\u00f1o de Don Guillem\u201d, d\u00eda 1:\\n15:30 \u2013 17:00 Presentaci\u00f3n Ordino Best Village Tourism y visita guiada con audiogu\u00eds en el Museo Casa d\u2019Areny-Plandolit, con la experiencia immersiva \u201cEl sue\u00f1o de Don Guillem\u201d, que nos transportar\u00e1 a la Andorra del siglo XIX.\\n\\n2. Experiencia bienestar, d\u00eda 1:\\n15:30 \u2013 17:00 Sesi\u00f3n de bienestar con ba\u00f1o de gong y cuencos en un entorno \u00fanico: el edificio hist\u00f3rico \u201cl\u2019Era del Raser\u201d, en Ordino.\\n\\nEleva tu experiencia \u2014 Tiempo libre:\\n17:00 \u2013 19:30 Possibilidad de realizar compras en un entorno \u00fanico: un  gran eje peatonal, un centro hist\u00f3rico con encanto y la tranquilidad de comprar con total seguridad.\"\n          }\n        ]\n      },\n      {\n        dateISO: \"2026-03-26\",\n        badge: \"D\u00eda 2\",\n        title: \"Jueves, 26 de marzo de 2026\",\n        venue: \"Pla\u00e7a del Poble\",\n        items: [\n          {\n            start: \"09:30\",\n            end: \"10:15\",\n            title: \"SESI\u00d3N 2: Detox digital y bienestar: desconecta para reconectar\",\n            desc: \"Se explorar\u00e1 el valor de la desconexi\u00f3n consciente en un mundo saturado de pantallas e hiperconectividad en conexi\u00f3n con el valor y oportunidad de los destinos de monta\u00f1a en posicionarse como destinos de bienestar. En los entornos naturales de monta\u00f1a, el silencio, el aire puro y el contacto con la naturaleza se convierten en un refugio para recuperar el equilibrio y el bienestar interior. Se hablar\u00e1 de ejemplos pr\u00e1cticos y del auge de las experiencias que invitan a desacelerar, respirar y reconectar con uno mismo, propuestas de valor diferenciadoras para los destinos naturales de monta\u00f1a.\"\n          },\n          {\n            start: \"10:15\",\n            end: \"10:45\",\n            title: \"Ponencia \u2013 HumanOS: instinto h\u00edbrido\",\n            desc: \"La ponencia analizar\u00e1 c\u00f3mo la era digital y la inteligencia artificial est\u00e1n transformando el turismo de monta\u00f1a desde una perspectiva humanista, en la que las capacidades humanas se consolidan como principales factores de diferenciaci\u00f3n. A trav\u00e9s del concepto de \u201cinstinto h\u00edbrido\u201d, se pondr\u00e1 de relieve que la verdadera innovaci\u00f3n reside en la integraci\u00f3n de la tecnolog\u00eda con una mentalidad audaz, creativa y profundamente humana, entendiendo la inteligencia artificial como una oportunidad estrat\u00e9gica que impulsa la adaptaci\u00f3n continua, el aprendizaje permanente y la toma de decisiones informadas. El objetivo es avanzar hacia un modelo de turismo de monta\u00f1a inteligente y sostenible que preserve su esencia y sit\u00fae a las personas en el centro. \u00bfY si el verdadero factor diferencial fuera, precisamente, lo humano?\"\n          },\n          { start: \"11:00\", end: \"11:30\", title: \"Pausa caf\u00e9\" },\n          {\n            start: \"11:30\",\n            end: \"12:10\",\n            title: \"SESI\u00d3N 3: De la nieve a la nube: monta\u00f1as hiperconectadas\",\n            desc: \"La digitalizaci\u00f3n y las tecnolog\u00edas inteligentes permiten evolucionar a los destinos de nieve y monta\u00f1a, mejorando la gesti\u00f3n tur\u00edstica, la seguridad y la experiencia del visitante. Se explorar\u00e1 c\u00f3mo la conectividad, los datos en tiempo real y las soluciones basadas en inteligencia artificial permiten optimizar recursos, prever condiciones meteorol\u00f3gicas, gestionar flujos o personalizar servicios.\"\n          },\n          { start: \"12:10\", end: \"12:30\", title: \"M\u00e1s all\u00e1 de lo digital \u2013 Turismo experiencial\" },\n          { start: \"12:30\", end: \"13:00\", title: \"Ceremonia de clausura\" },\n          { start: \"13:00\", end: \"15:30\", title: \"Almuerzo libre\" },\n          {\n            start: \"15:30\",\n            end: \"19:30\",\n            title: \"Experiencias vivenciales en Andorra la Vella y Ordino\",\n            desc: \"A ESCOGER (Las plazas se asignar\u00e1n por estricto orden de inscripci\u00f3n)\\n\\n3. Taller\/Experiencia: Gastronom\u00eda Km 0:\\n15:30 \u2013 17:00 Gastronom\u00eda: taller de cocina km 0 -  Rest. La Pla\u00e7a del Poble (Andorra la Vella)\\n\\n4. Experiencia bienestar, d\u00eda 2:\\n15:30 \u2013 17:00 Taller de bienestar con mindfulness guiado y contacto con la naturaleza (Ordino)\\n\\n5. Experiencia \u201cEl sue\u00f1o de Don Guillem\u201d, d\u00eda 2:\\n15:30 \u2013 17:00 Presentaci\u00f3n Ordino Best Village Tourism y visita guiada con audioguia del Museo Casa d\u2019Areny-Plandolit, con la experiencia immersiva \u201cEl sue\u00f1o de Don Guillem\u201d, que nos transportar\u00e1 a la Andorra del siglo XIX.\\n\\nEleva tu experiencia \u2014 Tiempo libre:\\n17:00 \u2013 19:30 Possibilidad de realizar compras en un entorno \u00fanico: un  gran eje peatonal, un centro hist\u00f3rico con encanto y la tranquilidad de comprar con total seguridad.\"\n          }\n        ]\n      },\n      {\n        dateISO: \"2026-03-27\",\n        badge: \"D\u00eda 3\",\n        title: \"Viernes, 27 de marzo de 2026\",\n        venue: \"\",\n        items: [\n          {\n            start: \"09:00\",\n            end: \"12:30\",\n            title: \"Experiencia Mirador solar de Tristaina\",\n            desc: \"Descubre el Mirador Solar de Tristaina situado a 2.701 m de altitud. Es una estructura emblem\u00e1tica con vistas espectaculares a los lagos de Tristaina y al valle de Ordino. El ascenso se realiza combinando el funicular y telesilla.\"\n          },\n          {\n            start: \"09:30\",\n            end: \"12:30\",\n            title: \"Experiencia \u201cEl sue\u00f1o de Don Guillem\u201d, d\u00eda 3\",\n            desc: \"Presentaci\u00f3n Ordino Best Village Tourism y visita guiada con audioguia del Museo Casa d\u2019Areny-Plandolit, con la experiencia immersiva \u201cEl sue\u00f1o de Don Guillem\u201d, que nos transportar\u00e1 a la Andorra del siglo XIX.\"\n          },\n          { start: \"12:30\", end: \"\", title: \"Disfruta de un d\u00eda en Ordino-Arcal\u00eds : consulta condiciones.\" },\n          {\n            start: \"17:00\",\n            end: \"19:30\",\n            title: \"Eleva tu experiencia \u2014 Tiempo libre\",\n            desc: \"Possibilidad de realizar compras en un entorno \u00fanico: un  gran eje peatonal, un centro hist\u00f3rico con encanto y la tranquilidad de comprar con total seguridad.\"\n          }\n        ]\n      }\n    ],\n    labels: { morning: \"Ma\u00f1ana\", afternoon: \"Tarde\", more: \"M\u00e1s info\", venue: \"Lugar\", time: \"Hora\", fullDay: \"D\u00eda completo\" }\n  },\n\n  \/* ---------- FRAN\u00c7AIS (ACTUALIS\u00c9) ---------- *\/\n  fr: {\n    days: [\n      {\n        dateISO: \"2026-03-25\",\n        badge: \"Jour 1\",\n        title: \"Mercredi 25 mars 2026\",\n        venue: \"Centre des congr\u00e8s d'Andorre-la-Vieille\",\n        items: [\n          { start: \"08:00\", end: \"09:30\", title: \"Arriv\u00e9e et inscription des participants\" },\n          { start: \"09:30\", end: \"10:00\", title: \"C\u00e9r\u00e9monie d\u2019ouverture\" },\n          {\n            start: \"10:00\",\n            end: \"10:30\",\n            title: \"Allocution principale : Ultrafalsifications (deepfakes) et IA g\u00e9n\u00e9rative : r\u00e9alit\u00e9 et fiction \u2013 de nouveaux horizons pour les destinations de neige, de montagne et de bien-\u00eatre\",\n            desc: \"L\u2019intelligence artificielle transforme la mani\u00e8re de g\u00e9rer et de promouvoir les destinations touristiques, en offrant de nouvelles opportunit\u00e9s pour attirer les visiteurs et am\u00e9liorer l\u2019exp\u00e9rience touristique. Cette session examinera comment tirer parti du potentiel cr\u00e9atif de l\u2019IA de fa\u00e7on \u00e9thique et responsable afin de stimuler l\u2019innovation et la durabilit\u00e9 dans les destinations de montagne et de neige, tout en pr\u00e9servant leur authenticit\u00e9 et leur valeur culturelle.\"\n          },\n          {\n            start: \"10:30\",\n            end: \"11:00\",\n            title: \"Table ronde de haut niveau : Le d\u00e9fi num\u00e9rique des destinations de montagne\",\n            desc: \"D\u00e9bat sur les strat\u00e9gies permettant d\u2019int\u00e9grer la num\u00e9risation et l\u2019intelligence artificielle dans la planification, la gestion et la gouvernance des destinations de montagne, en veillant \u00e0 ce qu\u2019elles am\u00e9liorent l\u2019exp\u00e9rience des visiteurs tout en contribuant \u00e0 la protection des ressources naturelles, \u00e0 la pr\u00e9servation des cultures locales et \u00e0 la promotion d\u2019\u00e9conomies r\u00e9silientes et inclusives, pour construire des destinations plus intelligentes, inclusives et durables.\"\n          },\n          {\n            start: \"11:00\",\n            end: \"11:45\",\n            title: \"La destination, prise au pi\u00e8ge de l\u2019algorithme\",\n            desc: \"Cette pr\u00e9sentation se concentrera sur la mani\u00e8re dont les algorithmes et l\u2019influence num\u00e9rique transforment le tourisme, o\u00f9 une seule publication peut modifier la perception et la fr\u00e9quentation d\u2019une destination. On y \u00e9voquera le pouvoir de l\u2019influence num\u00e9rique, la fronti\u00e8re fine entre inspiration et manipulation, ainsi que l\u2019impact de la surfr\u00e9quentation li\u00e9e aux recommandations virales. Il sera \u00e9galement question de la responsabilit\u00e9 \u00e9thique des cr\u00e9ateurs de contenu et du r\u00f4le des institutions dans la gestion de la r\u00e9putation.\"\n          },\n          { start: \"11:45\", end: \"12:00\", title: \"Pr\u00e9sentation : Mountain Partnership (FAO)\" },\n          {\n            start: \"12:00\",\n            end: \"13:00\",\n            title: \"SESSION 1: Au-del\u00e0 de la neige \u2013 Les destinations de montagne face au changement climatique\",\n            desc: \"L\u2019avenir des destinations de neige et de montagne d\u00e9pend de leur capacit\u00e9 \u00e0 s\u2019adapter aux effets du changement climatique. Cette session examinera comment les destinations de montagne peuvent se r\u00e9inventer pour relever le d\u00e9fi de la saisonnalit\u00e9 et s\u2019adapter \u00e0 un contexte climatique en \u00e9volution, en proposant des exp\u00e9riences authentiques mettant en valeur le patrimoine naturel et culturel tout au long de l\u2019ann\u00e9e. Le r\u00f4le de l\u2019innovation et de la durabilit\u00e9 dans la cr\u00e9ation d\u2019exp\u00e9riences plus immersives, conscientes et m\u00e9morables sera explor\u00e9, tout en soulignant l\u2019importance de maintenir un \u00e9quilibre entre le d\u00e9veloppement du tourisme et le bien-\u00eatre des communaut\u00e9s locales. Dans ce cadre, les premi\u00e8res conclusions du rapport \u00ab Changement climatique et avenir des destinations de tourisme de neige et de montagne \u00bb, command\u00e9 par la Commission r\u00e9gionale d\u2019ONU Tourisme pour l\u2019Europe et dirig\u00e9 par la Suisse, seront pr\u00e9sent\u00e9es.\"\n          },\n          { start: \"13:00\", end: \"15:00\", title: \"D\u00e9jeuner d\u2019Altitude \u2013 Gastronomie de Haute Montagne d\u2019Andorra\" },\n          {\n            start: \"15:30\",\n            end: \"19:30\",\n            title: \"Exp\u00e9riences immersives \u00e0 Andorre-la-Veille et \u00e0 Ordino\",\n            desc: \"\u00c0 CHOISIR (Les places seront attribu\u00e9es selon l\u2019ordre d\u2019inscription)\\n\\n1. \u201cThe Dream of Don Guillem\u201d Experience, Day 1:\\n15:30 \u2013 17:00 Pr\u00e9sentation d\u2019Ordino Best Village Tourism et visite guid\u00e9e avec audioguide du mus\u00e9e Casa d\u2019Areny-Plandolit, incluant l\u2019exp\u00e9rience immersive \u00ab Le r\u00eave de Don Guillem \u00bb.\\n\\n2. Wellness Experience, Day 1:\\n15:30 \u2013 17:00 Session de bien-\u00eatre avec bain de gong et bols chantants dans un cadre unique : le b\u00e2timent historique \u00ab l\u2019Era del Raser \u00bb, \u00e0 Ordino.\\n\\n\u00c9levez votre exp\u00e9rience \u2014 Temps libre:\\n17:00 \u2013 19:30 Possibilit\u00e9 de profiter d\u2019un temps libre pour faire du shopping dans un cadre unique : un grand axe pi\u00e9tonnier, un centre historique plein de charme et la tranquillit\u00e9 de faire ses achats en toute s\u00e9curit\u00e9.\"\n          }\n        ]\n      },\n      {\n        dateISO: \"2026-03-26\",\n        badge: \"Jour 2\",\n        title: \"Jeudi 26 mars 2026\",\n        venue: \"Centre des Congr\u00e8s d'Andorre-la-Vielle\",\n        items: [\n          {\n            start: \"09:30\",\n            end: \"10:15\",\n            title: \"SESSION 2: D\u00e9tox num\u00e9rique et bien-\u00eatre \u2013 se d\u00e9connecter pour se reconnecter\",\n            desc: \"Exploration de la valeur de la d\u00e9connexion consciente dans un monde satur\u00e9 d\u2019\u00e9crans et d\u2019hyperconnectivit\u00e9, en lien avec la valeur et les opportunit\u00e9s offertes aux destinations de montagne pour se positionner comme destinations de bien-\u00eatre. Dans les environnements naturels de montagne, le silence, l\u2019air pur et le contact avec la nature deviennent un refuge pour retrouver l\u2019\u00e9quilibre et le bien-\u00eatre int\u00e9rieur. Des exemples pratiques et des exp\u00e9riences invitant \u00e0 ralentir, respirer et se reconnecter \u00e0 soi-m\u00eame seront pr\u00e9sent\u00e9s, comme autant de propositions diff\u00e9renciatrices pour les destinations naturelles de montagne.\"\n          },\n          {\n            start: \"10:15\",\n            end: \"10:45\",\n            title: \"Intervention \u2013 HumanOS : instinct hybride\",\n            desc: \"La pr\u00e9sentation analysera comment l'\u00e8re num\u00e9rique et l'intelligence artificielle transforment le tourisme de montagne d'un point de vue humaniste, dans lequel les capacit\u00e9s humaines s'imposent comme les principaux facteurs de diff\u00e9renciation. \u00c0 travers le concept d'\u00ab instinct hybride \u00bb, il sera mis en \u00e9vidence que la v\u00e9ritable innovation r\u00e9side dans l'int\u00e9gration de la technologie \u00e0 un \u00e9tat d'esprit audacieux, cr\u00e9atif et profond\u00e9ment humain, en consid\u00e9rant l'intelligence artificielle comme une opportunit\u00e9 strat\u00e9gique qui favorise l'adaptation continue, l'apprentissage permanent et la prise de d\u00e9cisions \u00e9clair\u00e9es. L'objectif est de progresser vers un mod\u00e8le de tourisme de montagne intelligent et durable qui pr\u00e9serve son essence et place l'humain au centre. Et si le v\u00e9ritable facteur de diff\u00e9renciation \u00e9tait pr\u00e9cis\u00e9ment l'humain ?\"\n          },\n          { start: \"11:00\", end: \"11:30\", title: \"Pause caf\u00e9\" },\n          {\n            start: \"11:30\",\n            end: \"12:10\",\n            title: \"SESSION 3: De la neige au nuage, montagnes hyperconnect\u00e9es\",\n            desc: \"La num\u00e9risation et les technologies intelligentes permettent aux destinations de neige et de montagne d\u2019\u00e9voluer, en am\u00e9liorant la gestion touristique, la s\u00e9curit\u00e9 et l\u2019exp\u00e9rience des visiteurs. On y explorera comment la connectivit\u00e9, les donn\u00e9es en temps r\u00e9el et les solutions bas\u00e9es sur l\u2019intelligence artificielle permettent d\u2019optimiser les ressources, de pr\u00e9voir les conditions m\u00e9t\u00e9orologiques, de g\u00e9rer les flux ou de personnaliser les services.\"\n          },\n          { start: \"12:10\", end: \"12:30\", title: \"Au-del\u00e0 du num\u00e9rique \u2013 tourisme exp\u00e9rientiel\" },\n          { start: \"12:30\", end: \"13:00\", title: \"C\u00e9r\u00e9monie de cl\u00f4ture\" },\n          { start: \"13:00\", end: \"15:30\", title: \"D\u00e9jeuner libre\" },\n          {\n            start: \"15:30\",\n            end: \"19:30\",\n            title: \"Exp\u00e9riences immersives \u00e0 Andorre-la-Vieille et \u00e0 Ordino\",\n            desc: \"\u00c0 CHOISIR (Les places seront attribu\u00e9es selon l\u2019ordre d\u2019inscription)\\n\\n3. Atelier \/ Exp\u00e9rience : Gastronomie Km 0:\\n15:30 \u2013 17:00 Gastronomie : atelier de cuisine Km 0 \u2013 Restaurant La Pla\u00e7a del Poble (Andorre-la-Vieille).\\n\\n4. Exp\u00e9rience bien-\u00eatre, Jour 2:\\n15:30 \u2013 17:00 Atelier bien-\u00eatre : mindfulness guid\u00e9e et contact avec la nature (Ordino).\\n\\n5. Exp\u00e9rience \u00ab Le r\u00eave de Don Guillem \u00bb, Jour 2:\\n15:30 \u2013 17:00 Pr\u00e9sentation d\u2019Ordino Best Village Tourism et visite guid\u00e9e avec audioguide du mus\u00e9e Casa d\u2019Areny-Plandolit, incluant l\u2019exp\u00e9rience immersive \u00ab Le r\u00eave de Don Guillem \u00bb.\\n\\n\u00c9levez votre exp\u00e9rience \u2014 Temps libre:\\n17:00 \u2013 19:30 Possibilit\u00e9 de profiter d\u2019un temps libre pour faire du shopping dans un cadre unique : un grand axe pi\u00e9tonnier, un centre historique plein de charme et la tranquillit\u00e9 de faire ses achats en toute s\u00e9curit\u00e9.\"\n          }\n        ]\n      },\n      {\n        dateISO: \"2026-03-27\",\n        badge: \"Jour 3\",\n        title: \"Vendredi 27 mars 2026\",\n        venue: \"\",\n        items: [\n          {\n            start: \"09:00\",\n            end: \"12:30\",\n            title: \"Exp\u00e9rience du Mirador solaire de Tristaina\",\n            desc: \"D\u00e9couvrez le Mirador solaire de Tristaina, situ\u00e9 \u00e0 2 701 m\u00e8tres d\u2019altitude. Cette structure embl\u00e9matique offre des vues spectaculaires sur les lacs de Tristaina et la vall\u00e9e d\u2019Ordino. L\u2019ascension se fait en combinant le funiculaire et le t\u00e9l\u00e9si\u00e8ge.\"\n          },\n          {\n            start: \"09:30\",\n            end: \"12:30\",\n            title: \"Exp\u00e9rience \u00ab Le r\u00eave de Don Guillem \u00bb, Jour 3\",\n            desc: \"Pr\u00e9sentation d\u2019Ordino Best Village Tourism et visite guid\u00e9e avec audioguide du mus\u00e9e Casa d\u2019Areny-Plandolit, incluant l\u2019exp\u00e9rience immersive \u00ab Le r\u00eave de Don Guillem \u00bb, qui transportera les participants dans l\u2019Andorre du XIX\u1d49 si\u00e8cle.\"\n          },\n          { start: \"12:30\", end: \"\", title: \"Profitez d'une journ\u00e9e \u00e0 Ordino-Arcal\u00eds : v\u00e9rifiez les conditions.\" },\n          {\n            start: \"17:00\",\n            end: \"19:30\",\n            title: \"\u00c9levez votre exp\u00e9rience \u2014 Temps libre\",\n            desc: \"Possibilit\u00e9 de profiter d\u2019un temps libre pour faire du shopping dans un cadre unique : un grand axe pi\u00e9tonnier, un centre historique plein de charme et la tranquillit\u00e9 de faire ses achats en toute s\u00e9curit\u00e9.\"\n          }\n        ]\n      }\n    ],\n    labels: { morning: \"Matin\", afternoon: \"Apr\u00e8s-midi\", more: \"En savoir plus\", venue: \"Lieu\", time: \"Heure\", fullDay: \"Journ\u00e9e compl\u00e8te\" }\n  },\n\n  \/* ---------- ENGLISH (UPDATED) ---------- *\/\n  en: {\n    days: [\n      {\n        dateISO: \"2026-03-25\",\n        badge: \"Day 1\",\n        title: \"Wednesday, 25 March 2026\",\n        venue: \"Andorra la Vella Centre Congress\",\n        items: [\n          { start: \"08:00\", end: \"09:30\", title: \"Arrival and registration of participants\" },\n          { start: \"09:30\", end: \"10:00\", title: \"Opening Ceremony\" },\n          {\n            start: \"10:00\",\n            end: \"10:30\",\n            title: \"Keynote: Deepfakes and Generative AI: Reality and Fiction \u2013 New Horizons for Snow, Mountain and Wellness Destinations\",\n            desc: \"Artificial intelligence is transforming the way tourism destinations are managed and promoted, offering new opportunities to attract visitors and enhance the tourism experience. The session will reflect on how to harness the creative potential of AI ethically and responsibly to foster innovation and sustainability in mountain and snow destinations, while preserving their authenticity and cultural value.\"\n          },\n          {\n            start: \"10:30\",\n            end: \"11:00\",\n            title: \"High-Level Panel: The Digital Challenge of Mountain Destinations\",\n            desc: \"This discussion will explore strategies for integrating digitalisation and artificial intelligence into the planning, management, and governance of mountain destinations, ensuring they enhance the visitor experience while helping to protect natural resources, preserve local cultures, and foster resilient, inclusive economies, building smarter and more sustainable destinations.\"\n          },\n          {\n            start: \"11:00\",\n            end: \"11:45\",\n            title: \"The Destination, Captured by the Algorithm\",\n            desc: \"This session will focus on how algorithms and digital influence are transforming tourism, where a single post can change perceptions and visitor numbers. It will examine the power of digital influence, the fine line between inspiration and manipulation, and the impact of mass tourism driven by viral recommendations. It will also reflect on the ethical responsibility of content creators and the role of institutions in reputation management.\"\n          },\n          { start: \"11:45\", end: \"12:00\", title: \"Presentation \u2013 Mountain Partnership (FAO)\" },\n          {\n            start: \"12:00\",\n            end: \"13:00\",\n            title: \"SESSION 1: Beyond Snow \u2014 Mountain Destinations Adapting to Climate Change\",\n            desc: \"The future of snow and mountain destinations depends on their ability to adapt to the impacts of climate change. This session will explore how mountain destinations can reinvent themselves to address the challenge of seasonality and adapt to a changing climate context, offering authentic experiences that highlight natural and cultural heritage throughout the year. It will examine the role of innovation and sustainability in creating more immersive, conscious and memorable experiences, while highlighting the importance of fostering a balance between tourism development and the well-being of local communities. In this context, the first conclusions of the report \u201cClimate Change and the Future of Snow and Mountain Tourism Destinations\u201d, commissioned by the UN Tourism Regional Commission for Europe and led by Switzerland, will be presented.\"\n          },\n          { start: \"13:00\", end: \"15:00\", title: \"High-Altitude Lunch \u2013 High Mountain Gastronomy of Andorra\" },\n          {\n            start: \"15:30\",\n            end: \"19:30\",\n            title: \"Experiential activities in Andorra la Vella and Ordino\",\n            desc: \"TO BE SELECTED (Places will be allocated on a first-come, first-served basis)\\n\\n1. \u201cThe Dream of Don Guillem\u201d Experience, Day 1:\\n15:30 \u2013 17:00 Presentation of Ordino Best Village Tourism and guided visit with audio guide to the Casa d\u2019Areny-Plandolit Museum, featuring the immersive experience \u201cThe Dream of Don Guillem\u201d, which will transport participants to 19th-century Andorra.\\n\\n2. Wellness Experience, Day 1:\\n15:30 \u2013 17:00 Wellness session with gong bath and singing bowls in a unique setting: the historic building \u201cl\u2019Era del Raser\u201d, in Ordino.\\n\\nElevate your experience \u2014 Free time:\\n17:00 \u2013 19:30 Opportunity to enjoy free time for shopping in a unique setting, featuring a vibrant pedestrian area, a charming historic centre, and the comfort of shopping in a safe and relaxed environment.\"\n          }\n        ]\n      },\n      {\n        dateISO: \"2026-03-26\",\n        badge: \"Day 2\",\n        title: \"Thursday, 26 March 2026\",\n        venue: \"Andorra la Vella Centre Congress\",\n        items: [\n          {\n            start: \"09:30\",\n            end: \"10:15\",\n            title: \"SESSION 2: Digital Detox and Wellness \u2013 Disconnect to Reconnect\",\n            desc: \"The session will explore the value of conscious disconnection in a world overwhelmed by screens and hyperconnectivity, and the opportunity for mountain destinations to position themselves as wellness destinations. In natural mountain settings, silence, fresh air, and contact with nature become a refuge for restoring balance and inner well-being. Practical examples will be shared, along with experiences that invite participants to slow down, breathe, and reconnect with themselves\u2014distinctive value propositions for natural mountain destinations.\"\n          },\n          {\n            start: \"10:15\",\n            end: \"10:45\",\n            title: \"Keynote: HumanOS \u2013 Hybrid Instinct\",\n            desc: \"The presentation will analyse how the digital age and artificial intelligence are transforming mountain tourism from a humanistic perspective, in which human capabilities are consolidated as the main differentiating factors. Through the concept of \u2018hybrid instinct\u2019, it will be highlighted that true innovation lies in the integration of technology with a bold, creative and deeply human mindset, understanding artificial intelligence as a strategic opportunity that drives continuous adaptation, lifelong learning and informed decision-making. The aim is to move towards a model of smart and sustainable mountain tourism that preserves its essence and puts people at the centre. What if the real differentiating factor were, precisely, the human element?\"\n          },\n          { start: \"11:00\", end: \"11:30\", title: \"Coffee break\" },\n          {\n            start: \"11:30\",\n            end: \"12:10\",\n            title: \"SESSION 3: From Snow to Cloud \u2013 The Hyperconnected Mountains\",\n            desc: \"Digitalisation and smart technologies are transforming snow and mountain destinations, improving tourism management, safety and the visitor experience. The session will explore how connectivity, real-time data and AI-based solutions can optimise resources, forecast weather conditions, manage visitor flows, and personalise services.\"\n          },\n          { start: \"12:10\", end: \"12:30\", title: \"Beyond Digital \u2013 Experiential Tourism\" },\n          { start: \"12:30\", end: \"13:00\", title: \"Closing Ceremony\" },\n          { start: \"13:00\", end: \"15:30\", title: \"Free time for own lunch\" },\n          {\n            start: \"15:30\",\n            end: \"19:30\",\n            title: \"Experiential activities in Andorra la Vella and Ordino\",\n            desc: \"TO BE SELECTED (Places will be allocated on a first-come, first-served basis)\\n\\n3. Workshop \/ Experience: Km 0 Gastronomy:\\n15:30 \u2013 17:00 Gastronomy: Km 0 cooking workshop \u2013 Restaurant La Pla\u00e7a del Poble (Andorra la Vella).\\n\\n4. Wellness Experience, Day 2:\\n15:30 \u2013 17:00 Wellness workshop: guided mindfulness and connection with nature (Ordino).\\n\\n5. \u201cThe Dream of Don Guillem\u201d Experience, Day 2:\\n15:30 \u2013 17:00 Presentation of Ordino Best Village Tourism and guided visit with audio guide to the Casa d\u2019Areny-Plandolit Museum, featuring the immersive experience \u201cThe Dream of Don Guillem\u201d, which will transport participants to 19th-century Andorra.\\n\\nElevate your experience \u2014 Free time:\\n17:00 \u2013 19:30 Opportunity to enjoy free time for shopping in a unique setting, featuring a vibrant pedestrian area, a charming historic centre, and the comfort of shopping in a safe and relaxed environment.\"\n          }\n        ]\n      },\n      {\n        dateISO: \"2026-03-27\",\n        badge: \"Day 3\",\n        title: \"Friday, 27 March 2026\",\n        venue: \"\",\n        items: [\n          {\n            start: \"09:00\",\n            end: \"12:30\",\n            title: \"Tristaina Solar Viewpoint Experience\",\n            desc: \"Discover the Tristaina Solar Viewpoint, located at an altitude of 2,701 metres. This iconic structure offers spectacular views over the Tristaina lakes and the Ordino valley. The ascent combines a funicular and a chairlift.\"\n          },\n          {\n            start: \"09:30\",\n            end: \"12:30\",\n            title: \"\u201cThe Dream of Don Guillem\u201d Experience, Day 3\",\n            desc: \"Presentation of Ordino Best Village Tourism and guided visit with audio guide to the Casa d\u2019Areny-Plandolit Museum, featuring the immersive experience \u201cThe Dream of Don Guillem\u201d, which will transport participants to 19th-century Andorra.\"\n          },\n          { start: \"12:30\", end: \"\", title: \"Enjoy a day in Ordino-Arcal\u00eds: check conditions.\" },\n          {\n            start: \"17:00\",\n            end: \"19:30\",\n            title: \"Elevate your experience \u2014 Free time\",\n            desc: \"Opportunity to enjoy free time for shopping in a unique setting, featuring a vibrant pedestrian area, a charming historic centre, and the comfort of shopping in a safe and relaxed environment.\"\n          }\n        ]\n      }\n    ],\n    labels: { morning: \"Morning\", afternoon: \"Afternoon\", more: \"More info\", venue: \"Venue\", time: \"Time\", fullDay: \"Full day\" }\n  }\n\n};\n\n\/* ====================== 2) CONFIG ====================== *\/\nconst AFTERNOON_THRESHOLD = \"15:30\"; \/\/ >= 15:30 vai para Tarde\n\n\/* ====================== 3) HELPERS & idioma ====================== *\/\nconst parse = t=>{const [H,M]=t.split(':').map(Number);return H*60+M}\nconst isAfternoon = t => parse(t) >= parse(AFTERNOON_THRESHOLD); \/\/ regra corrigida\nfunction detectLang(){\n  const l=(document.documentElement.lang||'').toLowerCase();\n  if(l.startsWith('ca')) return 'ca'; if(l.startsWith('es')) return 'es'; if(l.startsWith('fr')) return 'fr'; if(l.startsWith('en')) return 'en';\n  const b=document.body.className;\n  if(\/trp-language-ca\/i.test(b)) return 'ca'; if(\/trp-language-es\/i.test(b)) return 'es'; if(\/trp-language-fr\/i.test(b)) return 'fr'; if(\/trp-language-en\/i.test(b)) return 'en';\n  return 'ca';\n}\n\n\/* ====================== 4) Tabs ====================== *\/\nlet ACTIVE_DAY_INDEX = 0;\nfunction buildTabs(lang){\n  const data=PROGRAM_DATA[lang]||PROGRAM_DATA.ca;\n  const nav=document.querySelector('.prog-tabs'); nav.innerHTML='';\n  data.days.forEach((d,idx)=>{\n    const btn=document.createElement('button');\n    btn.className='prog-tab'; btn.type='button'; btn.setAttribute('role','tab');\n    btn.setAttribute('aria-selected', idx===ACTIVE_DAY_INDEX ? 'true':'false');\n    btn.textContent=`${d.badge} \u2014 ${d.title}`;\n    btn.addEventListener('click', ()=>{\n      ACTIVE_DAY_INDEX=idx;\n      document.querySelectorAll('.prog-tab').forEach(el=>el.setAttribute('aria-selected','false'));\n      btn.setAttribute('aria-selected','true');\n      renderDay(lang, idx);\n    });\n    nav.appendChild(btn);\n  });\n}\n\n\/* ====================== 5) Render (um dia) ====================== *\/\nfunction isFullDay(day){\n  \/\/ Heur\u00edstica: um \u00fanico item com start e end e dura\u00e7\u00e3o >= 8h\n  if(!day || !day.items || day.items.length!==1) return false;\n  const it=day.items[0];\n  if(!it.start || !it.end) return false;\n  return (parse(it.end)-parse(it.start)) >= 8*60;\n}\n\nfunction renderDay(lang, dayIdx){\n  const wrap=document.getElementById('prog-daywrap');\n  const data=PROGRAM_DATA[lang]||PROGRAM_DATA.ca;\n  const day=data.days[dayIdx]; if(!day){ wrap.innerHTML=''; return; }\n\n  \/\/ Se for \u201cdia completo\u201d, render linha \u00fanica\n  if(isFullDay(day)){\n    const it=day.items[0];\n    wrap.innerHTML = `\n      <section class=\"prog-day\">\n        <div class=\"prog-day-header\">\n          ${day.badge?`<span class=\"prog-day-badge\">${day.badge}<\/span>`:''}\n          <div>\n            <div class=\"prog-day-title\">${day.title}<\/div>\n            ${day.venue?`<div class=\"prog-day-venue\">${data.labels.venue}: ${day.venue}<\/div>`:''}\n          <\/div>\n        <\/div>\n        <div class=\"prog-fullday\">\n          <span class=\"fd-pill\">${data.labels.fullDay}<\/span>\n          <span class=\"fd-time\">${it.start} \u2013 ${it.end}<\/span>\n          <span class=\"fd-title\">${it.title}<\/span>\n          ${it.desc?`<div class=\"prog-actions\" style=\"display:inline-block;margin-left:10px\"><a href=\"#\" class=\"prog-link\" data-open=\"fd-${dayIdx}\">${data.labels.more}<\/a><\/div>`:''}\n        <\/div>\n      <\/section>`;\n    if(it.desc){ attachModal(day, it, `fd-${dayIdx}`, data.labels); }\n    return;\n  }\n\n  \/\/ Caso normal (Manh\u00e3\/Tarde)\n  const html = `\n    <section class=\"prog-day\">\n      <div class=\"prog-day-header\">\n        ${day.badge?`<span class=\"prog-day-badge\">${day.badge}<\/span>`:''}\n        <div>\n          <div class=\"prog-day-title\">${day.title}<\/div>\n          ${day.venue?`<div class=\"prog-day-venue\">${data.labels.venue}: ${day.venue}<\/div>`:''}\n        <\/div>\n      <\/div>\n      <div class=\"prog-grid\">\n        <div class=\"prog-col\">\n          <h3>${data.labels.morning}<\/h3>\n          <div class=\"prog-list\" id=\"prog-am\"><\/div>\n        <\/div>\n        <div class=\"prog-col\">\n          <h3>${data.labels.afternoon}<\/h3>\n          <div class=\"prog-list\" id=\"prog-pm\"><\/div>\n        <\/div>\n      <\/div>\n    <\/section>`;\n  wrap.innerHTML = html;\n\n  const am = document.getElementById('prog-am');\n  const pm = document.getElementById('prog-pm');\n\n  day.items.slice().sort((a,b)=>parse(a.start)-parse(b.start)).forEach((it,idx)=>{\n    const where = isAfternoon(it.start) ? pm : am;\n    const hasDesc = !!(it.desc || it.speakers);\n    const id = `${day.dateISO||dayIdx}-${idx}`;\n    const item = document.createElement('div');\n    item.className='prog-item';\n    item.innerHTML = `\n      <div class=\"prog-time\">${it.start}${it.end?' \u2013 '+it.end:''}<\/div>\n      <div>\n        <div class=\"prog-title\">${it.title}<\/div>\n        ${it.note?`<div class=\"prog-note\">${it.note}<\/div>`:''}\n        ${hasDesc?`<div class=\"prog-actions\"><a href=\"#\" class=\"prog-link\" data-open=\"${id}\">${data.labels.more}<\/a><\/div>`:''}\n      <\/div>`;\n    where.appendChild(item);\n    if(hasDesc){ attachModal(day, it, id, data.labels); }\n  });\n}\n\n\/* ====================== 6) Modal ====================== *\/\nfunction ensureModal(){\n  let bd=document.querySelector('.prog-modal-backdrop');\n  if(!bd){\n    bd=document.createElement('div');\n    bd.className='prog-modal-backdrop';\n    bd.innerHTML=`<div class=\"prog-modal\" role=\"dialog\" aria-modal=\"true\" aria-labelledby=\"dlg-title\">\n      <header><div><h4 id=\"dlg-title\"><\/h4><div class=\"meta\"><\/div><\/div>\n      <button class=\"prog-close\" aria-label=\"Close\">\u00d7<\/button><\/header><div class=\"body\"><\/div><\/div>`;\n    document.body.appendChild(bd);\n    bd.addEventListener('click',e=>{ if(e.target===bd) closeModal(); });\n    bd.querySelector('.prog-close').addEventListener('click',closeModal);\n    document.addEventListener('keydown',e=>{ if(e.key==='Escape') closeModal(); });\n  }\n  return bd;\n}\nfunction attachModal(day, it, id, labels){\n  const link=document.querySelector(`[data-open=\"${id}\"]`);\n  if(!link) return;\n  link.addEventListener('click',e=>{\n    e.preventDefault();\n    const bd=ensureModal();\n    bd.style.display='flex';\n    bd.querySelector('h4').textContent = it.title;\n    const venue = day.venue ? ` \u2022 ${labels.venue}: ${day.venue}` : '';\n    const date = day.title; \/\/ data por extenso no cabe\u00e7alho\n    bd.querySelector('.meta').textContent = `${date} \u2022 ${labels.time}: ${it.start}${it.end?' \u2013 '+it.end:''}${venue}`;\n    bd.querySelector('.body').textContent = (it.desc||'') + (it.speakers?`\\n\\n${it.speakers}`:'');\n    document.body.style.overflow='hidden';\n  });\n}\nfunction closeModal(){\n  const bd=document.querySelector('.prog-modal-backdrop');\n  if(bd){ bd.style.display='none'; document.body.style.overflow=''; }\n}\n\n\/* ====================== 7) Init + re-render em mudan\u00e7a de idioma ====================== *\/\n(function(){\n  const lang = detectLang(); window.__prog_lang=lang;\n  buildTabs(lang); renderDay(lang, ACTIVE_DAY_INDEX);\n  const obs=new MutationObserver(()=>{ const l=detectLang(); if(l!==window.__prog_lang){ window.__prog_lang=l; ACTIVE_DAY_INDEX=0; buildTabs(l); renderDay(l, 0); }});\n  obs.observe(document.documentElement,{attributes:true,attributeFilter:['lang']});\n})();\n<\/script>\t\t\t\t<\/div>\n\t\t\t\t<\/div>\n\t\t\t\t\t<\/div>\n\t\t\t\t<\/div>\n\t\t<div data-particle_enable=\"false\" data-particle-mobile-disabled=\"false\" class=\"elementor-element elementor-element-af43c10 animated-slow e-flex e-con-boxed elementor-invisible e-con e-parent\" data-id=\"af43c10\" data-element_type=\"container\" data-e-type=\"container\" data-settings=\"{&quot;background_background&quot;:&quot;classic&quot;,&quot;animation&quot;:&quot;fadeIn&quot;,&quot;animation_delay&quot;:300}\">\n\t\t\t\t\t<div class=\"e-con-inner\">\n\t\t\t\t<div class=\"elementor-element elementor-element-b12d3ca elementor-widget elementor-widget-heading\" data-id=\"b12d3ca\" data-element_type=\"widget\" data-e-type=\"widget\" data-widget_type=\"heading.default\">\n\t\t\t\t<div class=\"elementor-widget-container\">\n\t\t\t\t\t<h2 class=\"elementor-heading-title elementor-size-default\">PONENTS<\/h2>\t\t\t\t<\/div>\n\t\t\t\t<\/div>\n\t\t\t\t<div class=\"elementor-element elementor-element-8200bac elementor-widget elementor-widget-spacer\" data-id=\"8200bac\" data-element_type=\"widget\" data-e-type=\"widget\" data-widget_type=\"spacer.default\">\n\t\t\t\t<div class=\"elementor-widget-container\">\n\t\t\t\t\t\t\t<div class=\"elementor-spacer\">\n\t\t\t<div class=\"elementor-spacer-inner\"><\/div>\n\t\t<\/div>\n\t\t\t\t\t\t<\/div>\n\t\t\t\t<\/div>\n\t\t\t\t<div class=\"elementor-element elementor-element-ce48edb elementor-widget elementor-widget-shortcode\" data-id=\"ce48edb\" data-element_type=\"widget\" data-e-type=\"widget\" data-widget_type=\"shortcode.default\">\n\t\t\t\t<div class=\"elementor-widget-container\">\n\t\t\t\t\t\t\t<div class=\"elementor-shortcode\"><div class=\"ml-ponents-grid\" data-ml-ponents><button type=\"button\" class=\"ml-ponent-card\" data-ml-open=\"ml-modal-ada-xu\" id=\"ponent-ada-xu\"><div class=\"ml-ponent-thumb\" style=\"background-image:url(https:\/\/mountainlikers.com\/wp-content\/uploads\/2026\/03\/Copy-of-Mountainlikers-2024-fotos-ponentes-4.png)\"><\/div><div class=\"ml-ponent-name\">Ada Xu<\/div><div class=\"ml-ponent-hover\">+ info<\/div><\/button><div class=\"ml-ponent-modal\" id=\"ml-modal-ada-xu\" aria-hidden=\"true\" data-ml-modal>  <div class=\"ml-ponent-modal__backdrop\" data-ml-close><\/div>  <div class=\"ml-ponent-modal__panel\" role=\"dialog\" aria-modal=\"true\" aria-label=\"Ada Xu\">    <button class=\"ml-ponent-modal__close\" type=\"button\" data-ml-close aria-label=\"Tancar\">\u00d7<\/button>    <div class=\"ml-ponent-modal__header\">      <div class=\"ml-ponent-modal__img\" style=\"background-image:url(https:\/\/mountainlikers.com\/wp-content\/uploads\/2026\/03\/Copy-of-Mountainlikers-2024-fotos-ponentes-4.png)\"><\/div>      <div class=\"ml-ponent-modal__top\">        <div class=\"ml-ponent-modal__name\">Ada Xu<\/div>        <div class=\"ml-ponent-modal__socials\">        <\/div><\/div><\/div>    <div class=\"ml-ponent-modal__content\">\n<p>Ada Xu \u00e9s directora d\u2019Afers Internacionals a Fliggy, la plataforma de viatges del grup Alibaba, on lidera les aliances globals, l\u2019estrat\u00e8gia de destinacions i les col\u00b7laboracions institucionals. Amb un perfil multicultural que abasta la Xina, l\u2019\u00c0frica i Europa, aporta una perspectiva transfronterera sobre com les destinacions interactuen amb el mercat emissor xin\u00e8s.<\/p>\n\n\n\n<p>Despr\u00e9s d\u2019establir una s\u00f2lida base en negocis internacionals i comer\u00e7 electr\u00f2nic, Ada es va incorporar al grup Alibaba el 2016, on va treballar amb Tmall per donar suport a marques franceses en la seva entrada al mercat xin\u00e8s. El 2019 es va traslladar a Fliggy, inicialment com a directora regional per a EMEA, centrant-se en el desenvolupament de destinacions i en la innovaci\u00f3 de l\u2019experi\u00e8ncia del viatger.<\/p>\n\n\n\n<p>Actualment, impulsa l\u2019expansi\u00f3 internacional de Fliggy amb un fort enfocament en el turisme d\u2019alt nivell i en el desenvolupament de segments verticalitzats, com l\u2019enoturisme, la gastronomia, la cultura i els viatges d\u2019estil de vida. Ada treballa estretament amb organismes de promoci\u00f3 tur\u00edstica, institucions culturals i xarxes internacionals com Great Wine Capitals i ONU Turisme, contribuint a estructurar ecosistemes basats en experi\u00e8ncies que connecten les destinacions amb els viatgers xinesos a trav\u00e9s de plataformes digitals.<\/p>\n\n\n\n<p>\u00c9s ponent habitual sobre l\u2019evoluci\u00f3 del turisme emissor xin\u00e8s, la diplom\u00e0cia de plataformes i les estrat\u00e8gies de destinaci\u00f3 centrades en l\u2019experi\u00e8ncia.<\/p>\n\n\n\n<p><strong>\u00c0rees d\u2019especialitzaci\u00f3:<\/strong><\/p>\n\n\n\n<p>Estrat\u00e8gia del turisme emissor xin\u00e8s i evoluci\u00f3 del mercat<\/p>\n\n\n\n<p>Plataformes digitals de viatge i orquestraci\u00f3 d\u2019ecosistemes<\/p>\n\n\n\n<p>Desenvolupament del turisme d\u2019alt nivell i verticalitzat<\/p>\n\n\n\n<p>Enoturisme, gastronomia i experi\u00e8ncies d\u2019estil de vida<\/p>\n\n\n\n<p>Col\u00b7laboracions destinaci\u00f3\u2013plataforma i publicoprivades<\/p>\n\n\n\n<p>Experi\u00e8ncies de viatge \u201cphygital\u201d (digital \u00d7 presencial)<\/p>\n\n\n\n<p>Estrat\u00e8gies d\u2019entrada al mercat xin\u00e8s per a destinacions<\/p>\n<\/div>  <\/div><\/div><button type=\"button\" class=\"ml-ponent-card\" data-ml-open=\"ml-modal-aleix-espargaro\" id=\"ponent-aleix-espargaro\"><div class=\"ml-ponent-thumb\" style=\"background-image:url(https:\/\/mountainlikers.com\/wp-content\/uploads\/2026\/03\/Copy-of-Mountainlikers-2024-fotos-ponentes-7.png)\"><\/div><div class=\"ml-ponent-name\">Aleix Espargar\u00f3<\/div><div class=\"ml-ponent-hover\">+ info<\/div><\/button><div class=\"ml-ponent-modal\" id=\"ml-modal-aleix-espargaro\" aria-hidden=\"true\" data-ml-modal>  <div class=\"ml-ponent-modal__backdrop\" data-ml-close><\/div>  <div class=\"ml-ponent-modal__panel\" role=\"dialog\" aria-modal=\"true\" aria-label=\"Aleix Espargar\u00f3\">    <button class=\"ml-ponent-modal__close\" type=\"button\" data-ml-close aria-label=\"Tancar\">\u00d7<\/button>    <div class=\"ml-ponent-modal__header\">      <div class=\"ml-ponent-modal__img\" style=\"background-image:url(https:\/\/mountainlikers.com\/wp-content\/uploads\/2026\/03\/Copy-of-Mountainlikers-2024-fotos-ponentes-7.png)\"><\/div>      <div class=\"ml-ponent-modal__top\">        <div class=\"ml-ponent-modal__name\">Aleix Espargar\u00f3<\/div>        <div class=\"ml-ponent-modal__socials\">        <\/div><\/div><\/div>    <div class=\"ml-ponent-modal__content\">\n<p><strong>Aleix Espargar\u00f3<\/strong>&nbsp;(Granollers, 1989)&nbsp;expilot de motociclisme i ciclista.<\/p>\n\n\n\n<p>Espargar\u00f3 ha estat molt m\u00e9s que un pilot de MotoGP: \u00e9s el reflex de la perseveran\u00e7a i la passi\u00f3 pel rendiment al l\u00edmit. Al llarg de la seva traject\u00f2ria al Mundial, s\u2019ha consolidat com un dels esportistes m\u00e9s constants i respectats del paddock.<\/p>\n\n\n\n<p>El seu moment m\u00e9s ic\u00f2nic arriba el 2022, quan aconsegueix la seva primera gran vict\u00f2ria a la categoria reina, culminant anys d\u2019esfor\u00e7 i posicionant-se entre l\u2019elit del motociclisme mundial.<\/p>\n\n\n\n<p>M\u00e9s enll\u00e0 dels resultats, destaca per la seva mentalitat inconformista: ha estat capa\u00e7 d\u2019adaptar-se a nous reptes i reinventar-se constantment.\u00a0El 2024\u00a0anuncia la seva retirada del MotoGP, iniciant una nova etapa vinculada a l\u2019alt rendiment esportiu.<\/p>\n\n\n\n<p>Des del 2025 \u00e9s pilot de prova de l\u2019equip d\u2019Honda\u00a0MotoGP, i integrant de l\u2019equip de ciclisme Lidl-Trek.<\/p>\n\n\n\n<p>Resident a Andorra i amant de la muntanya, Espargar\u00f3&nbsp;<strong>representa una nova generaci\u00f3 d\u2019esportistes que combinen competici\u00f3 i estil de vida saludable.<\/strong><\/p>\n<\/div>  <\/div><\/div><button type=\"button\" class=\"ml-ponent-card\" data-ml-open=\"ml-modal-dr-alex-connock\" id=\"ponent-dr-alex-connock\"><div class=\"ml-ponent-thumb\" style=\"background-image:url(https:\/\/mountainlikers.com\/wp-content\/uploads\/2026\/01\/3.png)\"><\/div><div class=\"ml-ponent-name\">Alex Connock<\/div><div class=\"ml-ponent-hover\">+ info<\/div><\/button><div class=\"ml-ponent-modal\" id=\"ml-modal-dr-alex-connock\" aria-hidden=\"true\" data-ml-modal>  <div class=\"ml-ponent-modal__backdrop\" data-ml-close><\/div>  <div class=\"ml-ponent-modal__panel\" role=\"dialog\" aria-modal=\"true\" aria-label=\"Alex Connock\">    <button class=\"ml-ponent-modal__close\" type=\"button\" data-ml-close aria-label=\"Tancar\">\u00d7<\/button>    <div class=\"ml-ponent-modal__header\">      <div class=\"ml-ponent-modal__img\" style=\"background-image:url(https:\/\/mountainlikers.com\/wp-content\/uploads\/2026\/01\/3.png)\"><\/div>      <div class=\"ml-ponent-modal__top\">        <div class=\"ml-ponent-modal__name\">Alex Connock<\/div>        <div class=\"ml-ponent-modal__socials\">        <\/div><\/div><\/div>    <div class=\"ml-ponent-modal__content\">\n<p><strong>El Dr. Alex Connock<\/strong>&nbsp;\u00e9s acad\u00e8mic especialitzat en el negoci dels mitjans de comunicaci\u00f3 i la intel\u00b7lig\u00e8ncia artificial, i \u00e9s autor d\u2019una trilogia de llibres que abasta el negoci contemporani dels mitjans:&nbsp;<a href=\"https:\/\/www.routledge.com\/Media-Management-and-Artificial-Intelligence-Understanding-Media-Business\/Connock\/p\/book\/9781032100944\"><em>Media Management and Artificial Intelligence<\/em><\/a><em>&nbsp;<\/em><em>(<\/em>2022),&nbsp;<a href=\"https:\/\/www.routledge.com\/Media-Management-and-Live-Experience-Sports-Culture-Entertainment-and\/Connock\/p\/book\/9781032563671\">Media&nbsp;<em>Management and Live Experience: Sports, Culture, Entertainment and Events<\/em><\/a><em>&nbsp;<\/em>(2024),<em>&nbsp;<\/em>i&nbsp;<a href=\"https:\/\/www.routledge.com\/Entrepreneurship-in-Media-and-Entertainment-Hits-and-Value-Creation\/Connock\/p\/book\/9781032847993\"><em>Entrepreneurship in Media and Entertainment<\/em><\/a>&nbsp;(2025), tots publicats per Routledge.<\/p>\n\n\n\n<p>\u00c9s tamb\u00e9 un ponent internacional de refer\u00e8ncia, tant en l\u2019\u00e0mbit acad\u00e8mic com en el sector professional, sobre el negoci dels mitjans i la seva transformaci\u00f3 a trav\u00e9s de la intel\u00b7lig\u00e8ncia artificial.<\/p>\n\n\n\n<p>En l\u2019\u00e0mbit acad\u00e8mic, \u00e9s Senior Fellow a la Sa\u00efd Business School de la Universitat d\u2019Oxford, on imparteix assignatures d\u2019intel\u00b7lig\u00e8ncia artificial, m\u00e0rqueting i negoci dels mitjans en programes de grau, MBA i EMBA. Va coimpulsar i dirigir el diploma de postgrau en intel\u00b7lig\u00e8ncia artificial per als Negocis d\u2019Oxford entre 2021 i 2023, i \u00e9s professor de Gesti\u00f3 al St Hugh\u2019s College d\u2019Oxford. L\u2019any 2025 va rebre un premi d\u2019Oxford a la innovaci\u00f3 docent.<\/p>\n\n\n\n<p>L\u2019Alex \u00e9s tamb\u00e9 professor de mitjans de comunicaci\u00f3 i intel\u00b7lig\u00e8ncia artificial a la Universitat d\u2019Exeter, i professor d\u2019innovaci\u00f3 en mitjans a la Universitat de Sunderland. \u00c9s doctor en optimitzaci\u00f3 de v\u00eddeo per al comer\u00e7 electr\u00f2nic i \u00e9s llicenciat per la Universitat d\u2019Oxford (PPE), la Universitat de Columbia (Periodisme) i INSEAD (MBA).<\/p>\n\n\n\n<p>Com a emprenedor, ha creat i desenvolupat diverses empreses de mitjans de comunicaci\u00f3. Entre 2012 i 2017 va ser director general de l\u2019empresa de producci\u00f3 televisiva i digital Endemol Shine North (actualment Workerbee). Entre 1998 i 2011 va cofundar i dirigir, com a conseller delegat, el grup medi\u00e0tic Ten Alps (avui Zinc Media) juntament amb Bob Geldof, produint centenars de programes per a cadenes del Regne Unit i internacionals, aix\u00ed com una important activitat en continguts digitals i de marca, incl\u00f2s el projecte Teachers TV del Govern brit\u00e0nic. Ha treballat directament per a la BBC, ITV, Channel 4 i la revista&nbsp;<em>People<\/em>.<\/p>\n\n\n\n<p>Ha estat finalista en sis ocasions al premi d\u2019Emprenedor de l\u2019Any.<\/p>\n<\/div>  <\/div><\/div><button type=\"button\" class=\"ml-ponent-card\" data-ml-open=\"ml-modal-alina-huseynli\" id=\"ponent-alina-huseynli\"><div class=\"ml-ponent-thumb\" style=\"background-image:url(https:\/\/mountainlikers.com\/wp-content\/uploads\/2026\/03\/Copy-of-Mountainlikers-2024-fotos-ponentes-8.png)\"><\/div><div class=\"ml-ponent-name\">Alina Huseynli<\/div><div class=\"ml-ponent-hover\">+ info<\/div><\/button><div class=\"ml-ponent-modal\" id=\"ml-modal-alina-huseynli\" aria-hidden=\"true\" data-ml-modal>  <div class=\"ml-ponent-modal__backdrop\" data-ml-close><\/div>  <div class=\"ml-ponent-modal__panel\" role=\"dialog\" aria-modal=\"true\" aria-label=\"Alina Huseynli\">    <button class=\"ml-ponent-modal__close\" type=\"button\" data-ml-close aria-label=\"Tancar\">\u00d7<\/button>    <div class=\"ml-ponent-modal__header\">      <div class=\"ml-ponent-modal__img\" style=\"background-image:url(https:\/\/mountainlikers.com\/wp-content\/uploads\/2026\/03\/Copy-of-Mountainlikers-2024-fotos-ponentes-8.png)\"><\/div>      <div class=\"ml-ponent-modal__top\">        <div class=\"ml-ponent-modal__name\">Alina Huseynli<\/div>        <div class=\"ml-ponent-modal__socials\">        <\/div><\/div><\/div>    <div class=\"ml-ponent-modal__content\">\n<p>Alina Huseynli \u00e9s directora i membre del consell d\u2019administraci\u00f3 de l\u2019Institut de Spa i Balneologia, un centre p\u00fablic de recerca. \u00c9s autora del projecte ins\u00edgnia \u201cSpa Research Centre\u201d, finan\u00e7at pel Fons de Transici\u00f3 Justa de la UE, que ha establert una plataforma de recerca multidisciplin\u00e0ria \u00fanica que abasta els aspectes m\u00e8dics, ambientals i socioecon\u00f2mics dels tractaments termals.&nbsp;<\/p>\n\n\n\n<p>Amb una s\u00f2lida formaci\u00f3 en estudis ambientals i gesti\u00f3 sanit\u00e0ria, actualment est\u00e0 finalitzant els seus estudis de doctorat, centrats en el paper del termalisme en la prevenci\u00f3 i el tractament de malalties relacionades amb l\u2019estil de vida.<\/p>\n\n\n\n<p>\u00c9s tamb\u00e9 autora de publicacions cient\u00edfiques i ponent habitual en congressos internacionals. Com a membre activa del Comit\u00e8 Cient\u00edfic de l\u2019European Historic Thermal Towns Association (EHTTA), contribueix a impulsar la recerca en termalisme i el turisme de salut arreu d\u2019Europa. El seu principal objectiu \u00e9s reintroduir un enfocament basat en l\u2019evid\u00e8ncia en els tractaments termals i posicionar-lo com una part integral dels sistemes moderns de salut preventiva.<\/p>\n<\/div>  <\/div><\/div><button type=\"button\" class=\"ml-ponent-card\" data-ml-open=\"ml-modal-andreas-skogseth\" id=\"ponent-andreas-skogseth\"><div class=\"ml-ponent-thumb\" style=\"background-image:url(https:\/\/mountainlikers.com\/wp-content\/uploads\/2026\/03\/Andreas_Skogseth_2026_Mountainlikers.png)\"><\/div><div class=\"ml-ponent-name\">Andreas Skogseth<\/div><div class=\"ml-ponent-hover\">+ info<\/div><\/button><div class=\"ml-ponent-modal\" id=\"ml-modal-andreas-skogseth\" aria-hidden=\"true\" data-ml-modal>  <div class=\"ml-ponent-modal__backdrop\" data-ml-close><\/div>  <div class=\"ml-ponent-modal__panel\" role=\"dialog\" aria-modal=\"true\" aria-label=\"Andreas Skogseth\">    <button class=\"ml-ponent-modal__close\" type=\"button\" data-ml-close aria-label=\"Tancar\">\u00d7<\/button>    <div class=\"ml-ponent-modal__header\">      <div class=\"ml-ponent-modal__img\" style=\"background-image:url(https:\/\/mountainlikers.com\/wp-content\/uploads\/2026\/03\/Andreas_Skogseth_2026_Mountainlikers.png)\"><\/div>      <div class=\"ml-ponent-modal__top\">        <div class=\"ml-ponent-modal__name\">Andreas Skogseth<\/div>        <div class=\"ml-ponent-modal__socials\">        <\/div><\/div><\/div>    <div class=\"ml-ponent-modal__content\">\n<p>CEO, Visit Hardangerfjord (Noruega)<\/p>\n\n\n\n<p>Andreas Skogseth \u00e9s el CEO de Visit Hardangerfjord, on lidera el desenvolupament estrat\u00e8gic d\u2019una de les destinacions de turisme de natura m\u00e9s importants de Noruega, que acull diverses atraccions ic\u00f2niques. Amb m\u00e9s de 15 anys d\u2019experi\u00e8ncia en turisme i lideratge en m\u00e0rqueting, incloent c\u00e0rrecs a Fjord Norway i a la destinaci\u00f3 glacial de Fonna, aporta una experi\u00e8ncia pr\u00e0ctica en desenvolupament empresarial, construcci\u00f3 de marca i transformaci\u00f3 de destinacions en un entorn en r\u00e0pida evoluci\u00f3.<\/p>\n\n\n\n<p><\/p>\n<\/div>  <\/div><\/div><button type=\"button\" class=\"ml-ponent-card\" data-ml-open=\"ml-modal-aradhana-khowala\" id=\"ponent-aradhana-khowala\"><div class=\"ml-ponent-thumb\" style=\"background-image:url(https:\/\/mountainlikers.com\/wp-content\/uploads\/2026\/01\/1.png)\"><\/div><div class=\"ml-ponent-name\">Aradhana Khowala<\/div><div class=\"ml-ponent-hover\">+ info<\/div><\/button><div class=\"ml-ponent-modal\" id=\"ml-modal-aradhana-khowala\" aria-hidden=\"true\" data-ml-modal>  <div class=\"ml-ponent-modal__backdrop\" data-ml-close><\/div>  <div class=\"ml-ponent-modal__panel\" role=\"dialog\" aria-modal=\"true\" aria-label=\"Aradhana Khowala\">    <button class=\"ml-ponent-modal__close\" type=\"button\" data-ml-close aria-label=\"Tancar\">\u00d7<\/button>    <div class=\"ml-ponent-modal__header\">      <div class=\"ml-ponent-modal__img\" style=\"background-image:url(https:\/\/mountainlikers.com\/wp-content\/uploads\/2026\/01\/1.png)\"><\/div>      <div class=\"ml-ponent-modal__top\">        <div class=\"ml-ponent-modal__name\">Aradhana Khowala<\/div>        <div class=\"ml-ponent-modal__socials\">        <\/div><\/div><\/div>    <div class=\"ml-ponent-modal__content\">\n<p>Aradhana Khowala \u00e9s una experta global i una de les veus m\u00e9s destacades del m\u00f3n en viatges, turisme i hospitalitat. Al llarg dels darrers 24 anys ha treballat en cinc continents i amb m\u00e9s de 85 pa\u00efsos, a la intersecci\u00f3 de l\u2019hospitalitat de luxe, el benestar i el creixement regeneratiu. Dedica bona part del seu temps a interactuar amb presidents, primers ministres i l\u00edders globals per aprofitar el turisme com a catalitzador de la vitalitat econ\u00f2mica, l\u2019acci\u00f3 clim\u00e0tica i el progr\u00e9s hum\u00e0.<\/p>\n\n\n\n<p>Actualment, \u00e9s la CEO d\u2019Aptamind Partners, la consultoria estrat\u00e8gica de refer\u00e8ncia per a governs, destinacions emergents i organitzacions p\u00fabliques i privades que busquen solucions de desenvolupament del turisme regeneratiu. Abans d\u2019assumir el seu c\u00e0rrec actual, va ser Managing Director of Tourism a NEOM \u2014el projecte de 500.000 milions de d\u00f2lars concebut com la terra del futur, dissenyada espec\u00edficament per a una manera de viure sostenible i innovadora\u2014 aix\u00ed com presidenta del Consell Assessor de Red Sea Global a l\u2019Ar\u00e0bia Saudita durant set anys, un altre giga projecte de diversos milers de milions de d\u00f2lars emmarcat dins de Vision 2030, que mitjan\u00e7ant models innovadors de turisme internacional est\u00e0 establint nous est\u00e0ndards en gesti\u00f3 ambiental.<\/p>\n\n\n\n<p>Membre activa de diversos consells d\u2019administraci\u00f3, compta amb un impressionant portafolis de c\u00e0rrecs no executius i actualment forma part del Consell d\u2019Administraci\u00f3 de Patrizia SE, una empresa immobili\u00e0ria cotitzada a Alemanya amb 70.000 milions d\u2019euros en actius sota gesti\u00f3. Tamb\u00e9 \u00e9s membre del consell i presidenta del Comit\u00e8 de Nomenaments i Retribucions d\u2019Elaf Group, una filial \u00edntegrament propietat de la companyia immobili\u00e0ria multiactiu SEDCO, l\u00edder del mercat en turisme religi\u00f3s a la regi\u00f3 MENA i al sud d\u2019\u00c0sia. A m\u00e9s, forma part del Consell del Global Wellness Institute als Estats Units, la principal autoritat mundial en l\u2019economia del benestar, valorada en 6,3 bilions de d\u00f2lars. La seva experi\u00e8ncia pr\u00e8via inclou Jones Lang LaSalle, on va cobrir els mercats del Regne Unit, Benelux i Escandin\u00e0via; rols de consultoria estrat\u00e8gica a Europa i \u00c0sia; i funcions operatives en el sector de l\u2019hospitalitat a l\u2019\u00cdndia.<\/p>\n\n\n\n<p>Guanyadora de m\u00faltiples premis, el 2025 va ser nomenada una de les 25 sud-asi\u00e0tiques m\u00e9s influents de Londres per Asian Standard, en reconeixement al seu paper pioner en el turisme i el lideratge p\u00fablic. Del 2021 al 2025, va ser distingida durant cinc anys consecutius com una de les l\u00edders m\u00e9s inspiradores de l\u2019hospitalitat global per l\u2019International Hospitality Institute, que tamb\u00e9 la va situar entre les 100 persones m\u00e9s poderoses del sector dels viatges i les 25 dones m\u00e9s influents en viatges i turisme. El 2021 va rebre el Chairman\u2019s Award de la Global Chamber of Commerce (EUA) pel seu lideratge destacat entre iguals i va ser reconeguda per City Nation Place (Regne Unit) com una Dona Inspiradora que repensa el turisme sostenible. El 2017 va guanyar el premi 21st Century Icon Award de CNBC i de la London School of Economics com a Inspirational Game Changer. I el 2014, la revista econ\u00f2mica su\u00efssa Bilan la va incloure entre els 50 l\u00edders emergents m\u00e9s influents de la nova generaci\u00f3 que configuren el futur de l\u2019hospitalitat de luxe.<\/p>\n\n\n\n<p>Conferenciant molt sol\u00b7licitada, interv\u00e9 cada setmana en esdeveniments d\u2019alt nivell arreu del m\u00f3n, captivant audi\u00e8ncies d\u2019entre 100 i 5.000 persones. Ha impartit pon\u00e8ncies d\u2019alt impacte a TEDx (prop d\u2019un mili\u00f3 de visualitzacions), al Future Hospitality Summit, al Global Wellness Summit i a FIBO, entre molts altres. Pensadora prol\u00edfica, ha publicat m\u00e9s de 200 articles en mitjans globals de primer nivell i \u00e9s entrevistada regularment a la televisi\u00f3 internacional. Tamb\u00e9 \u00e9s una pres\u00e8ncia habitual a les taules de decisi\u00f3 pol\u00edtica m\u00e9s influents del m\u00f3n, des de les Nacions Unides i el G20 fins al World Economic Forum, on contribueix a definir el relat sobre la redefinici\u00f3 del futur dels viatges, el turisme i el lideratge.<\/p>\n\n\n\n<p>\u00c9s doctora professional en Lideratge Tur\u00edstic i Sostenibilitat per l\u2019EIU Paris, practicant certificada de Programaci\u00f3 Neuroling\u00fc\u00edstica (PNL) i titulada amb un MBA per la prestigiosa \u00c9cole H\u00f4teli\u00e8re de Lausanne, a Su\u00efssa. Tamb\u00e9 disposa d\u2019una certificaci\u00f3 internacional com a consellera per INSEAD i ha cursat programes executius tant a la Cornell University de Nova York com a la University of Cambridge al Regne Unit.<\/p>\n\n\n\n<p>Ella divideix el seu temps entre Londres i Abu Dhabi.<\/p>\n<\/div>  <\/div><\/div><button type=\"button\" class=\"ml-ponent-card\" data-ml-open=\"ml-modal-bernat-casanas-masip\" id=\"ponent-bernat-casanas-masip\"><div class=\"ml-ponent-thumb\" style=\"background-image:url(https:\/\/mountainlikers.com\/wp-content\/uploads\/2026\/01\/4-1.png)\"><\/div><div class=\"ml-ponent-name\">Bernat Casa\u00f1as Masip<\/div><div class=\"ml-ponent-hover\">+ info<\/div><\/button><div class=\"ml-ponent-modal\" id=\"ml-modal-bernat-casanas-masip\" aria-hidden=\"true\" data-ml-modal>  <div class=\"ml-ponent-modal__backdrop\" data-ml-close><\/div>  <div class=\"ml-ponent-modal__panel\" role=\"dialog\" aria-modal=\"true\" aria-label=\"Bernat Casa\u00f1as Masip\">    <button class=\"ml-ponent-modal__close\" type=\"button\" data-ml-close aria-label=\"Tancar\">\u00d7<\/button>    <div class=\"ml-ponent-modal__header\">      <div class=\"ml-ponent-modal__img\" style=\"background-image:url(https:\/\/mountainlikers.com\/wp-content\/uploads\/2026\/01\/4-1.png)\"><\/div>      <div class=\"ml-ponent-modal__top\">        <div class=\"ml-ponent-modal__name\">Bernat Casa\u00f1as Masip<\/div>        <div class=\"ml-ponent-modal__socials\">        <\/div><\/div><\/div>    <div class=\"ml-ponent-modal__content\">\n<p>Bernat Casa\u00f1as Masip \u00e9s CEO de Becama Consulting i cofundador d&#8217;ENID (Escuela de Negocios e Innovaci\u00f3n Digital), una de les acad\u00e8mies d&#8217;IA m\u00e9s importants del m\u00f3n hispanoparlant. Autor del bestseller &#8220;IA: La \u00daltima Revoluci\u00f3n Humana&#8221;, ha format m\u00e9s de 50.000 professionals i col\u00b7laborat amb organitzacions com el Govern d&#8217;Andorra, Telef\u00f3nica, Hospital Sant Joan de D\u00e9u i la Cambra de Comer\u00e7 de Madrid. Speaker destacat en esdeveniments d&#8217;IA i amb pres\u00e8ncia a mitjans com El Mundo, La Vanguardia i Forbes Espa\u00f1a, treballa per democratitzar la intel\u00b7lig\u00e8ncia artificial i liderar la transformaci\u00f3 digital amb metodologia pr\u00e0ctica i resultats mesurables.<\/p>\n<\/div>  <\/div><\/div><button type=\"button\" class=\"ml-ponent-card\" data-ml-open=\"ml-modal-dr-christian-baumgartner\" id=\"ponent-dr-christian-baumgartner\"><div class=\"ml-ponent-thumb\" style=\"background-image:url(https:\/\/mountainlikers.com\/wp-content\/uploads\/2026\/02\/Copy-of-Mountainlikers-2024-fotos-ponentes-3.png)\"><\/div><div class=\"ml-ponent-name\">Christian Baumgartner<\/div><div class=\"ml-ponent-hover\">+ info<\/div><\/button><div class=\"ml-ponent-modal\" id=\"ml-modal-dr-christian-baumgartner\" aria-hidden=\"true\" data-ml-modal>  <div class=\"ml-ponent-modal__backdrop\" data-ml-close><\/div>  <div class=\"ml-ponent-modal__panel\" role=\"dialog\" aria-modal=\"true\" aria-label=\"Christian Baumgartner\">    <button class=\"ml-ponent-modal__close\" type=\"button\" data-ml-close aria-label=\"Tancar\">\u00d7<\/button>    <div class=\"ml-ponent-modal__header\">      <div class=\"ml-ponent-modal__img\" style=\"background-image:url(https:\/\/mountainlikers.com\/wp-content\/uploads\/2026\/02\/Copy-of-Mountainlikers-2024-fotos-ponentes-3.png)\"><\/div>      <div class=\"ml-ponent-modal__top\">        <div class=\"ml-ponent-modal__name\">Christian Baumgartner<\/div>        <div class=\"ml-ponent-modal__socials\">        <\/div><\/div><\/div>    <div class=\"ml-ponent-modal__content\">\n<p>El Dr. Christian Baumgartner \u00e9s professor de Turisme Sostenible a la FHGR \u2013 Universitat de Ci\u00e8ncies Aplicades dels Grisons, a Coira (Su\u00efssa), i fundador de response &amp; ability.<\/p>\n\n\n\n<p><br>Christian Baumgartner investiga, publica i desenvolupa projectes en l\u2019\u00e0mbit del desenvolupament i la transformaci\u00f3 del turisme sostenible i del desenvolupament regional sostenible, i ha liderat projectes espec\u00edfics de desenvolupament tur\u00edstic a Europa, \u00c0sia Central i el Sud-est Asi\u00e0tic. La seva activitat se centra especialment en els sistemes de certificaci\u00f3 i monitoratge, i exerceix com a auditor i membre de consells assessors de diversos segells nacionals i de la Uni\u00f3 Europea. Ha publicat diversos llibres sobre l\u2019avaluaci\u00f3 de la sostenibilitat en el turisme i \u00e9s membre del grup d\u2019experts&nbsp;<em>Tourism for Tomorrow<\/em>&nbsp;de la Comissi\u00f3 Europea. Ha impartit doc\u00e8ncia en diverses universitats d\u2019Europa i \u00c0sia.<\/p>\n<\/div>  <\/div><\/div><button type=\"button\" class=\"ml-ponent-card\" data-ml-open=\"ml-modal-cordula-wohlmuther\" id=\"ponent-cordula-wohlmuther\"><div class=\"ml-ponent-thumb\" style=\"background-image:url(https:\/\/mountainlikers.com\/wp-content\/uploads\/2026\/03\/2-2.png)\"><\/div><div class=\"ml-ponent-name\">Cordula Wohlmuther<\/div><div class=\"ml-ponent-hover\">+ info<\/div><\/button><div class=\"ml-ponent-modal\" id=\"ml-modal-cordula-wohlmuther\" aria-hidden=\"true\" data-ml-modal>  <div class=\"ml-ponent-modal__backdrop\" data-ml-close><\/div>  <div class=\"ml-ponent-modal__panel\" role=\"dialog\" aria-modal=\"true\" aria-label=\"Cordula Wohlmuther\">    <button class=\"ml-ponent-modal__close\" type=\"button\" data-ml-close aria-label=\"Tancar\">\u00d7<\/button>    <div class=\"ml-ponent-modal__header\">      <div class=\"ml-ponent-modal__img\" style=\"background-image:url(https:\/\/mountainlikers.com\/wp-content\/uploads\/2026\/03\/2-2.png)\"><\/div>      <div class=\"ml-ponent-modal__top\">        <div class=\"ml-ponent-modal__name\">Cordula Wohlmuther<\/div>        <div class=\"ml-ponent-modal__socials\">        <\/div><\/div><\/div>    <div class=\"ml-ponent-modal__content\">\n<p><strong>Directora regional per a Europa, ONU Turisme<\/strong><\/p>\n\n\n\n<p>Cordula Wohlmuther es va incorporar a ONU Turisme l\u2019any 2006, inicialment com a responsable regional, abans d\u2019esdevenir directora regional adjunta per a Europa. El 2012 va demanar una exced\u00e8ncia per dur a terme una recerca sobre turisme i pau al Centre for Peace Research and Peace Education d\u2019\u00c0ustria. Aquest treball va donar lloc a dues publicacions, entre les quals l\u2019International Handbook on Tourism and Peace, que va rebre el premi ITB Special Management Award l\u2019any 2015. Despr\u00e9s de tornar a l\u2019organitzaci\u00f3 el 2015, Cordula va ser nomenada cap del Departament de Relacions Institucionals i Aliances d\u2019ONU Turisme.<\/p>\n\n\n\n<p>&nbsp;El 2020 va assumir el c\u00e0rrec de coordinadora al Departament de Turisme Sostenible i Resili\u00e8ncia d\u2019ONU Turisme, on ha estat responsable de la implementaci\u00f3 d\u2019iniciatives de sostenibilitat i de seguiment a escala de destinaci\u00f3, especialment mitjan\u00e7ant la gesti\u00f3 de la International Network of Sustainable Tourism Observatories (INSTO).<\/p>\n\n\n\n<p>Abans d\u2019incorporar-se a ONU Turisme, Cordula va treballar entre el 2000 i el 2006 a l\u2019oficina del coordinador de projectes de l\u2019OSCE a K\u00ediv (Ucra\u00efna). Com a responsable s\u00e8nior de programes, va dirigir projectes de lluita contra el tr\u00e0fic d\u2019\u00e9ssers humans, iniciatives de lluita contra la corrupci\u00f3 i de promoci\u00f3 de l\u2019Estat de dret, aix\u00ed com programes de reconversi\u00f3 professional per a antics militars.<\/p>\n\n\n\n<p>Cordula \u00e9s titulada amb un m\u00e0ster per la Universitat de Viena, on tamb\u00e9 va cursar estudis de doctorat.<\/p>\n<\/div>  <\/div><\/div><button type=\"button\" class=\"ml-ponent-card\" data-ml-open=\"ml-modal-dubravka-kalin\" id=\"ponent-dubravka-kalin\"><div class=\"ml-ponent-thumb\" style=\"background-image:url(https:\/\/mountainlikers.com\/wp-content\/uploads\/2026\/03\/Copy-of-Mountainlikers-2024-fotos-ponentes-5.png)\"><\/div><div class=\"ml-ponent-name\">Dubravka Kalin<\/div><div class=\"ml-ponent-hover\">+ info<\/div><\/button><div class=\"ml-ponent-modal\" id=\"ml-modal-dubravka-kalin\" aria-hidden=\"true\" data-ml-modal>  <div class=\"ml-ponent-modal__backdrop\" data-ml-close><\/div>  <div class=\"ml-ponent-modal__panel\" role=\"dialog\" aria-modal=\"true\" aria-label=\"Dubravka Kalin\">    <button class=\"ml-ponent-modal__close\" type=\"button\" data-ml-close aria-label=\"Tancar\">\u00d7<\/button>    <div class=\"ml-ponent-modal__header\">      <div class=\"ml-ponent-modal__img\" style=\"background-image:url(https:\/\/mountainlikers.com\/wp-content\/uploads\/2026\/03\/Copy-of-Mountainlikers-2024-fotos-ponentes-5.png)\"><\/div>      <div class=\"ml-ponent-modal__top\">        <div class=\"ml-ponent-modal__name\">Dubravka Kalin<\/div>        <div class=\"ml-ponent-modal__socials\">        <\/div><\/div><\/div>    <div class=\"ml-ponent-modal__content\">\n<p>Dubravka Kalin, professora d\u2019hist\u00f2ria i bibliotec\u00e0ria de formaci\u00f3 universit\u00e0ria, ha adquirit una \u00e0mplia experi\u00e8ncia en diversos \u00e0mbits del turisme al llarg d\u2019una traject\u00f2ria professional de m\u00e9s de trenta anys. Ja durant els seus anys d\u2019estudiant, va rec\u00f3rrer Eslov\u00e8nia i el m\u00f3n com a guia tur\u00edstica. Posteriorment, com a responsable d\u2019una oficina d&#8217; ag\u00e8ncia de viatges, va desenvolupar compet\u00e8ncies s\u00f2lides en el desenvolupament de productes i la seva comercialitzaci\u00f3.<\/p>\n\n\n\n<p>L\u2019any 2011 es va implicar activament en projectes de desenvolupament tur\u00edstic i de destinacions a escala local i regional a la regi\u00f3 de Posavje. El 2019 va assumir la direcci\u00f3 del Centre Cultural, Tur\u00edstic i Recreatiu (KTRC) de Rade\u010de. En aquest c\u00e0rrec, va gestionar infraestructures culturals, esportives, residencials i tur\u00edstiques, i va participar en el disseny i la implementaci\u00f3 de nombrosos projectes europeus, contribuint aix\u00ed al desenvolupament del turisme en zones rurals.<\/p>\n\n\n\n<p>Actualment, es troba en el seu quart any com a cap de la Direcci\u00f3 de Turisme del Ministeri d\u2019Economia, Turisme i Esport, on participa activament en la implementaci\u00f3 de l\u2019Estrat\u00e8gia de Turisme d\u2019Eslov\u00e8nia, la revisi\u00f3 de la legislaci\u00f3 sectorial i l\u2019execuci\u00f3 de mesures estrat\u00e8giques del Pla de Recuperaci\u00f3 i Resili\u00e8ncia i de la Pol\u00edtica de Cohesi\u00f3 Europea. Aquestes actuacions tenen com a objectiu millorar la qualitat dels allotjaments, desenvolupar infraestructures tur\u00edstiques p\u00fabliques, refor\u00e7ar l\u2019estructura de les destinacions i transformar les estacions d\u2019esqu\u00ed en centres de muntanya operatius tot l\u2019any.<\/p>\n\n\n\n<p>La seva tasca se centra en el desenvolupament sostenible, la millora de la qualitat dels serveis i l\u2019alineaci\u00f3 de les comunitats locals amb els objectius tur\u00edstics nacionals. Tamb\u00e9 dedica una part important del seu temps a la cooperaci\u00f3 internacional, incloent-hi activitats en el marc d\u2019organismes com l\u2019OCDE i l\u2019ONU Turisme, contribuint a refor\u00e7ar el posicionament internacional del turisme eslov\u00e8.<\/p>\n<\/div>  <\/div><\/div><button type=\"button\" class=\"ml-ponent-card\" data-ml-open=\"ml-modal-giorgio-grussu\" id=\"ponent-giorgio-grussu\"><div class=\"ml-ponent-thumb\" style=\"background-image:url(https:\/\/mountainlikers.com\/wp-content\/uploads\/2026\/02\/2.png)\"><\/div><div class=\"ml-ponent-name\">Giorgio Grussu<\/div><div class=\"ml-ponent-hover\">+ info<\/div><\/button><div class=\"ml-ponent-modal\" id=\"ml-modal-giorgio-grussu\" aria-hidden=\"true\" data-ml-modal>  <div class=\"ml-ponent-modal__backdrop\" data-ml-close><\/div>  <div class=\"ml-ponent-modal__panel\" role=\"dialog\" aria-modal=\"true\" aria-label=\"Giorgio Grussu\">    <button class=\"ml-ponent-modal__close\" type=\"button\" data-ml-close aria-label=\"Tancar\">\u00d7<\/button>    <div class=\"ml-ponent-modal__header\">      <div class=\"ml-ponent-modal__img\" style=\"background-image:url(https:\/\/mountainlikers.com\/wp-content\/uploads\/2026\/02\/2.png)\"><\/div>      <div class=\"ml-ponent-modal__top\">        <div class=\"ml-ponent-modal__name\">Giorgio Grussu<\/div>        <div class=\"ml-ponent-modal__socials\">        <\/div><\/div><\/div>    <div class=\"ml-ponent-modal__content\">\n<p>Giorgio Grussu \u00e9s coordinador de projectes de la Secretaria de la Mountain Partnership a l\u2019Organitzaci\u00f3 de les Nacions Unides per a l\u2019Alimentaci\u00f3 i l\u2019Agricultura (FAO) des de l\u2019any 2012. \u00c9s doctor en biologia ambiental, t\u00e9 un m\u00e0ster en enginyeria ambiental, un m\u00e0ster en pol\u00edtiques ambientals i un certificat de postgrau en sistemes d\u2019informaci\u00f3 geogr\u00e0fica (SIG). Abans d\u2019incorporar-se a la FAO, va treballar com a assessor en q\u00fcestions ambientals amb la Cooperaci\u00f3 Italiana per al Desenvolupament i com a gestor de projectes amb la UICN, el PNUMA i diverses ONG al Marroc, Angola, la Rep\u00fablica de Maced\u00f2nia del Nord, Kosovo i B\u00f2snia i Hercegovina.<\/p>\n<\/div>  <\/div><\/div><button type=\"button\" class=\"ml-ponent-card\" data-ml-open=\"ml-modal-jessica-fischer\" id=\"ponent-jessica-fischer\"><div class=\"ml-ponent-thumb\" style=\"background-image:url(https:\/\/mountainlikers.com\/wp-content\/uploads\/2026\/01\/2-1.png)\"><\/div><div class=\"ml-ponent-name\">Jessica Fischer<\/div><div class=\"ml-ponent-hover\">+ info<\/div><\/button><div class=\"ml-ponent-modal\" id=\"ml-modal-jessica-fischer\" aria-hidden=\"true\" data-ml-modal>  <div class=\"ml-ponent-modal__backdrop\" data-ml-close><\/div>  <div class=\"ml-ponent-modal__panel\" role=\"dialog\" aria-modal=\"true\" aria-label=\"Jessica Fischer\">    <button class=\"ml-ponent-modal__close\" type=\"button\" data-ml-close aria-label=\"Tancar\">\u00d7<\/button>    <div class=\"ml-ponent-modal__header\">      <div class=\"ml-ponent-modal__img\" style=\"background-image:url(https:\/\/mountainlikers.com\/wp-content\/uploads\/2026\/01\/2-1.png)\"><\/div>      <div class=\"ml-ponent-modal__top\">        <div class=\"ml-ponent-modal__name\">Jessica Fischer<\/div>        <div class=\"ml-ponent-modal__socials\">        <\/div><\/div><\/div>    <div class=\"ml-ponent-modal__content\">\n<p>Jessica Fischer \u00e9s la fundadora i directora general de GuestOS, una plataforma de comunicaci\u00f3 impulsada per intel\u00b7lig\u00e8ncia artificial que ajuda destinacions, operadors del sector tur\u00edstic i hoteler i organismes p\u00fablics a oferir informaci\u00f3 clara i en temps real en m\u00faltiples lleng\u00fces. Va cr\u00e9ixer treballant als hotels familiars prop del Parc Nacional de Yosemite, on va constatar fins a quin punt l\u2019acc\u00e9s a la informaci\u00f3, la connectivitat i la seguretat condicionen l\u2019experi\u00e8ncia de les destinacions de muntanya remotes. Despr\u00e9s de perdre dues llars a causa d\u2019incendis forestals, va viure de primera m\u00e0 les conseq\u00fc\u00e8ncies del col\u00b7lapse dels sistemes de comunicaci\u00f3 en situacions d\u2019emerg\u00e8ncia d\u2019alt risc. <\/p>\n\n\n\n<p>Actualment, la seva feina se centra en el desenvolupament d\u2019infraestructures de comunicaci\u00f3 resilients i centrades en les persones, al servei del turisme, la seguretat p\u00fablica i la confian\u00e7a en entorns complexos.<\/p>\n<\/div>  <\/div><\/div><button type=\"button\" class=\"ml-ponent-card\" data-ml-open=\"ml-modal-joan-muro-de-sas\" id=\"ponent-joan-muro-de-sas\"><div class=\"ml-ponent-thumb\" style=\"background-image:url(https:\/\/mountainlikers.com\/wp-content\/uploads\/2026\/02\/Joan-Muro-Mountainlikers-2026.png)\"><\/div><div class=\"ml-ponent-name\">Joan Muro de Sas<\/div><div class=\"ml-ponent-hover\">+ info<\/div><\/button><div class=\"ml-ponent-modal\" id=\"ml-modal-joan-muro-de-sas\" aria-hidden=\"true\" data-ml-modal>  <div class=\"ml-ponent-modal__backdrop\" data-ml-close><\/div>  <div class=\"ml-ponent-modal__panel\" role=\"dialog\" aria-modal=\"true\" aria-label=\"Joan Muro de Sas\">    <button class=\"ml-ponent-modal__close\" type=\"button\" data-ml-close aria-label=\"Tancar\">\u00d7<\/button>    <div class=\"ml-ponent-modal__header\">      <div class=\"ml-ponent-modal__img\" style=\"background-image:url(https:\/\/mountainlikers.com\/wp-content\/uploads\/2026\/02\/Joan-Muro-Mountainlikers-2026.png)\"><\/div>      <div class=\"ml-ponent-modal__top\">        <div class=\"ml-ponent-modal__name\">Joan Muro de Sas<\/div>        <div class=\"ml-ponent-modal__socials\">        <\/div><\/div><\/div>    <div class=\"ml-ponent-modal__content\">\n<p><strong>Joan Muro de Sas<\/strong><\/p>\n\n\n\n<p>&#8211; Periodista i MBA per ESADE<br>&#8211; Project Manager d\u2019EONLIFE Clinic<br>&#8211; President d\u2019Andorra Health Destination<\/p>\n\n\n\n<p>Des del 2017, treballo vinculat al m\u00f3n de la medicina regenerativa dirigint primer Celular Clinic i ara, EONLIFE Clinic. Durant tot aquest temps hem tractat centenars de pacients amb tractaments personalitzats amb c\u00e8l\u00b7lules mare a Andorra per a patologies articulars. Des de l&#8217;any 2021, amb l\u2019objectiu de diversificar l&#8217;oferta econ\u00f2mica i tur\u00edstica d\u2019Andorra, tinc el plaer de presidir Andorra Health Destination, un projecte fruit de la col\u00b7laboraci\u00f3 publicoprivada que agrupa tot el sector del benestar i la salut a Andorra amb m\u00e9s de 25 socis.<\/p>\n<\/div>  <\/div><\/div><button type=\"button\" class=\"ml-ponent-card\" data-ml-open=\"ml-modal-jordi-hereu-boher\" id=\"ponent-jordi-hereu-boher\"><div class=\"ml-ponent-thumb\" style=\"background-image:url(https:\/\/mountainlikers.com\/wp-content\/uploads\/2026\/03\/Copy-of-Mountainlikers-2024-fotos-ponentes-6.png)\"><\/div><div class=\"ml-ponent-name\">Jordi Hereu Boher<\/div><div class=\"ml-ponent-hover\">+ info<\/div><\/button><div class=\"ml-ponent-modal\" id=\"ml-modal-jordi-hereu-boher\" aria-hidden=\"true\" data-ml-modal>  <div class=\"ml-ponent-modal__backdrop\" data-ml-close><\/div>  <div class=\"ml-ponent-modal__panel\" role=\"dialog\" aria-modal=\"true\" aria-label=\"Jordi Hereu Boher\">    <button class=\"ml-ponent-modal__close\" type=\"button\" data-ml-close aria-label=\"Tancar\">\u00d7<\/button>    <div class=\"ml-ponent-modal__header\">      <div class=\"ml-ponent-modal__img\" style=\"background-image:url(https:\/\/mountainlikers.com\/wp-content\/uploads\/2026\/03\/Copy-of-Mountainlikers-2024-fotos-ponentes-6.png)\"><\/div>      <div class=\"ml-ponent-modal__top\">        <div class=\"ml-ponent-modal__name\">Jordi Hereu Boher<\/div>        <div class=\"ml-ponent-modal__socials\">        <\/div><\/div><\/div>    <div class=\"ml-ponent-modal__content\">\n<p>Jordi Hereu Boher (Barcelona, 1965), \u00e9s Ministre d&#8217;Ind\u00fastria i Turisme del Govern d&#8217;Espanya des del novembre del 2023.<\/p>\n\n\n\n<p>Llicenciat en Administraci\u00f3 i Direcci\u00f3 d&#8217;Empreses per l&#8217;Escola Superior d&#8217;Administraci\u00f3 i Direcci\u00f3 d&#8217;Empreses (ESADE\/UPC) i M\u00e0ster en Direcci\u00f3 i Administraci\u00f3 d&#8217;Empreses (MBA) per ESADE.<\/p>\n\n\n\n<p>Abans d&#8217;incorporar-se al Govern, Jordi Hereu va ser President d&#8217;Hispasat i d&#8217;Idencity Consulting, aix\u00ed com patr\u00f3 de la Fundaci\u00f3 F\u00f2rum Ambiental i assessor de BCL Barcelona Centre Log\u00edstic.<\/p>\n\n\n\n<p>Entre el 2006 i el 2011, Hereu va ser Alcalde de Barcelona, Regidor President de l&#8217;\u00c0rea de Seguretat i Mobilitat, Regidor del Districte de Sant Andreu, Regidor del Districte de les Corts i Gerent del Districte de les Corts.<\/p>\n<\/div>  <\/div><\/div><button type=\"button\" class=\"ml-ponent-card\" data-ml-open=\"ml-modal-jordi-torres-falco\" id=\"ponent-jordi-torres-falco\"><div class=\"ml-ponent-thumb\" style=\"background-image:url(https:\/\/mountainlikers.com\/wp-content\/uploads\/2026\/03\/3-3.png)\"><\/div><div class=\"ml-ponent-name\">Jordi Torres Falc\u00f3<\/div><div class=\"ml-ponent-hover\">+ info<\/div><\/button><div class=\"ml-ponent-modal\" id=\"ml-modal-jordi-torres-falco\" aria-hidden=\"true\" data-ml-modal>  <div class=\"ml-ponent-modal__backdrop\" data-ml-close><\/div>  <div class=\"ml-ponent-modal__panel\" role=\"dialog\" aria-modal=\"true\" aria-label=\"Jordi Torres Falc\u00f3\">    <button class=\"ml-ponent-modal__close\" type=\"button\" data-ml-close aria-label=\"Tancar\">\u00d7<\/button>    <div class=\"ml-ponent-modal__header\">      <div class=\"ml-ponent-modal__img\" style=\"background-image:url(https:\/\/mountainlikers.com\/wp-content\/uploads\/2026\/03\/3-3.png)\"><\/div>      <div class=\"ml-ponent-modal__top\">        <div class=\"ml-ponent-modal__name\">Jordi Torres Falc\u00f3<\/div>        <div class=\"ml-ponent-modal__socials\">        <\/div><\/div><\/div>    <div class=\"ml-ponent-modal__content\">\n<p><strong>Jordi Torres Falc\u00f3, ministre de Turisme i Comer\u00e7&nbsp;<\/strong><strong><\/strong><\/p>\n\n\n\n<p>Jordi Torres Falc\u00f3, ministre de Turisme i Comer\u00e7 d&#8217;Andorra, va n\u00e9ixer el 1975 a Encamp, Andorra. \u00c9s llicenciat en Economia per la Universitat de Tolosa i compta amb un PDD per l\u2019IESE.<\/p>\n\n\n\n<p>Jordi Torres Falc\u00f3 ha desenvolupat la seva carrera pol\u00edtica en diverses institucions. Entre els anys 2003 i 2007 va ser conseller major al Com\u00fa d\u2019Encamp, on va assumir l\u2019\u00e0rea de Finances.<\/p>\n\n\n\n<p>Aix\u00ed mateix, va ocupar la presid\u00e8ncia dels consells d\u2019administraci\u00f3 de les empreses Gasopas, entre el 2000 i el 2004, i Saetde, entre el 2009 i el 2013.<\/p>\n\n\n\n<p>En l\u2019\u00e0mbit pol\u00edtic, va ser ambaixador d\u2019Andorra al Consell d\u2019Europa durant els anys 2010 i 2011. Va ser nomenat ministre d\u2019Ordenament Territorial l\u2019any 2015, i va repetir en la mateixa cartera sota el mandat de Xavier Espot, del maig del 2019 fins al maig del 2021, quan va passar a ocupar la cartera de Turisme i Telecomunicacions.<\/p>\n\n\n\n<p>Des del 16 de maig del 2023 \u00e9s ministre de Turisme i Comer\u00e7 del Govern d&#8217;Andorra.<\/p>\n<\/div>  <\/div><\/div><button type=\"button\" class=\"ml-ponent-card\" data-ml-open=\"ml-modal-jordi-urbea\" id=\"ponent-jordi-urbea\"><div class=\"ml-ponent-thumb\" style=\"background-image:url(https:\/\/mountainlikers.com\/wp-content\/uploads\/2026\/01\/Copy-of-Mountainlikers-2024-fotos-ponentes.png)\"><\/div><div class=\"ml-ponent-name\">Jordi Urbea\u00a0<\/div><div class=\"ml-ponent-hover\">+ info<\/div><\/button><div class=\"ml-ponent-modal\" id=\"ml-modal-jordi-urbea\" aria-hidden=\"true\" data-ml-modal>  <div class=\"ml-ponent-modal__backdrop\" data-ml-close><\/div>  <div class=\"ml-ponent-modal__panel\" role=\"dialog\" aria-modal=\"true\" aria-label=\"Jordi Urbea\u00a0\">    <button class=\"ml-ponent-modal__close\" type=\"button\" data-ml-close aria-label=\"Tancar\">\u00d7<\/button>    <div class=\"ml-ponent-modal__header\">      <div class=\"ml-ponent-modal__img\" style=\"background-image:url(https:\/\/mountainlikers.com\/wp-content\/uploads\/2026\/01\/Copy-of-Mountainlikers-2024-fotos-ponentes.png)\"><\/div>      <div class=\"ml-ponent-modal__top\">        <div class=\"ml-ponent-modal__name\">Jordi Urbea\u00a0<\/div>        <div class=\"ml-ponent-modal__socials\">        <\/div><\/div><\/div>    <div class=\"ml-ponent-modal__content\">\n<p>Jordi Urbea \u00e9s CEO d\u2019Ogilvy Spain. Pr\u00e8viament, va ocupar el c\u00e0rrec de Senior Vice president d\u2019Ogilvy Spain i CEO d\u2019Ogilvy Barcelona. Ha estat el responsable de la transformaci\u00f3 digital de l\u2019empresa a Barcelona, aix\u00ed com el creador del hub internacional de&nbsp;<em>Customer Engagement &amp; Data<\/em>&nbsp;d\u2019Ogilvy a Europa i impulsor d\u2019Ogilvy Mobile i d\u2019Ogilvy Upcelerator, la primera acceleradora de startups del grup Ogilvy al m\u00f3n, una iniciativa pionera en el sector.<\/p>\n\n\n\n<p>Urbea \u00e9s un dels professionals pioners de la publicitat digital a Espanya, sector en el qual treballa des dels seus inicis. El CEO d\u2019Ogilvy Spain va fundar la seva pr\u00f2pia ag\u00e8ncia l\u2019any 1996 i \u00e9s ponent habitual en congressos, empreses, universitats i institucions, aix\u00ed com divulgador als mitjans de comunicaci\u00f3 sobre les noves tend\u00e8ncies del m\u00e0rqueting i la publicitat i sobre la transformaci\u00f3 digital d\u2019empreses, negocis i marques.<\/p>\n\n\n\n<p>Inversor en diverses startups, \u00e9s coordinador del m\u00e0ster en M\u00e0rqueting Directe i Digital de la Universitat Pompeu Fabra i autor de diversos llibres, com&nbsp;<em>\u00c9xito<\/em>&nbsp;(Grupo Planeta) o&nbsp;<em>Recrear, c\u00f3mo ganar en el juego de la vida<\/em>&nbsp;(Plataforma Editorial).<\/p>\n<\/div>  <\/div><\/div><button type=\"button\" class=\"ml-ponent-card\" data-ml-open=\"ml-modal-jose-estevez-de-caceres\" id=\"ponent-jose-estevez-de-caceres\"><div class=\"ml-ponent-thumb\" style=\"background-image:url(https:\/\/mountainlikers.com\/wp-content\/uploads\/2026\/02\/Copy-of-Mountainlikers-2024-fotos-ponentes-2.png)\"><\/div><div class=\"ml-ponent-name\">Jos\u00e9 Est\u00e9vez de C\u00e1ceres<\/div><div class=\"ml-ponent-hover\">+ info<\/div><\/button><div class=\"ml-ponent-modal\" id=\"ml-modal-jose-estevez-de-caceres\" aria-hidden=\"true\" data-ml-modal>  <div class=\"ml-ponent-modal__backdrop\" data-ml-close><\/div>  <div class=\"ml-ponent-modal__panel\" role=\"dialog\" aria-modal=\"true\" aria-label=\"Jos\u00e9 Est\u00e9vez de C\u00e1ceres\">    <button class=\"ml-ponent-modal__close\" type=\"button\" data-ml-close aria-label=\"Tancar\">\u00d7<\/button>    <div class=\"ml-ponent-modal__header\">      <div class=\"ml-ponent-modal__img\" style=\"background-image:url(https:\/\/mountainlikers.com\/wp-content\/uploads\/2026\/02\/Copy-of-Mountainlikers-2024-fotos-ponentes-2.png)\"><\/div>      <div class=\"ml-ponent-modal__top\">        <div class=\"ml-ponent-modal__name\">Jos\u00e9 Est\u00e9vez de C\u00e1ceres<\/div>        <div class=\"ml-ponent-modal__socials\">        <\/div><\/div><\/div>    <div class=\"ml-ponent-modal__content\">\n<p>Jos\u00e9 Est\u00e9vez de C\u00e1ceres, cap de projecte s\u00e8nior de la Plataforma Intel\u00b7ligent de Destinacions de la Direcci\u00f3 de Relacions Institucionals de SEGITTUR.<\/p>\n\n\n\n<p>Arquitecte de formaci\u00f3, exerceix des de fa m\u00e9s de quinze anys com a consultor TIC, amb una \u00e0mplia experi\u00e8ncia en la concepci\u00f3 i el desenvolupament de solucions i projectes en l\u2019\u00e0mbit de les&nbsp;<em>smart cities<\/em>&nbsp;i del turisme intel\u00b7ligent.<br>Actualment \u00e9s el responsable del desenvolupament del projecte del Node Central de la PID a SEGITTUR, i ha participat en la posada en marxa de totes les accions de la iniciativa de la Plataforma Intel\u00b7ligent de Destinacions.<\/p>\n<\/div>  <\/div><\/div><button type=\"button\" class=\"ml-ponent-card\" data-ml-open=\"ml-modal-lina-nosevic-vilnius\" id=\"ponent-lina-nosevic-vilnius\"><div class=\"ml-ponent-thumb\" style=\"background-image:url(https:\/\/mountainlikers.com\/wp-content\/uploads\/2026\/03\/2-3.png)\"><\/div><div class=\"ml-ponent-name\">Lina Nosevi\u010d<\/div><div class=\"ml-ponent-hover\">+ info<\/div><\/button><div class=\"ml-ponent-modal\" id=\"ml-modal-lina-nosevic-vilnius\" aria-hidden=\"true\" data-ml-modal>  <div class=\"ml-ponent-modal__backdrop\" data-ml-close><\/div>  <div class=\"ml-ponent-modal__panel\" role=\"dialog\" aria-modal=\"true\" aria-label=\"Lina Nosevi\u010d\">    <button class=\"ml-ponent-modal__close\" type=\"button\" data-ml-close aria-label=\"Tancar\">\u00d7<\/button>    <div class=\"ml-ponent-modal__header\">      <div class=\"ml-ponent-modal__img\" style=\"background-image:url(https:\/\/mountainlikers.com\/wp-content\/uploads\/2026\/03\/2-3.png)\"><\/div>      <div class=\"ml-ponent-modal__top\">        <div class=\"ml-ponent-modal__name\">Lina Nosevi\u010d<\/div>        <div class=\"ml-ponent-modal__socials\">        <\/div><\/div><\/div>    <div class=\"ml-ponent-modal__content\">\n<p><strong>PERFIL PROFESSIONAL<\/strong><\/p>\n\n\n\n<p>Directiva del sector de la salut i l\u2019hospitalitat i responsable d\u2019establiments termals i institucions de rehabilitaci\u00f3 de Litu\u00e0nia, amb m\u00e9s de 20 anys d\u2019experi\u00e8ncia en desenvolupament i implementaci\u00f3 d\u2019estrat\u00e8gies, expansi\u00f3 de mercats i lideratge d\u2019equips. Representant reconeguda a escala nacional i internacional, especialitzada en economia de la salut, spa i rehabilitaci\u00f3 m\u00e8dica, aix\u00ed com en la gesti\u00f3 d\u2019hotels spa. Professora universit\u00e0ria i doctoranda en economia; tesi en curs: \u201cThe Economic Impact of Healing Factors Certification on Lithuania\u2019s Health Tourism Sector\u201d.<\/p>\n\n\n\n<p><strong>Directora executiva<\/strong><br>Associaci\u00f3 Nacional de Centres Termals M\u00e8dics i de Rehabilitaci\u00f3 | V\u00edlnius<br>06\/2019 \u2013 Actualitat<\/p>\n\n\n\n<ul class=\"wp-block-list\">\n<li>Implementaci\u00f3 dels objectius estrat\u00e8gics i dels plans d\u2019acci\u00f3 de l\u2019associaci\u00f3.<\/li>\n\n\n\n<li>An\u00e0lisi del mercat i desenvolupament del sector dels spas m\u00e8dics.<\/li>\n\n\n\n<li>Representaci\u00f3 dels interessos dels membres davant les institucions governamentals i en xarxes internacionals.<\/li>\n\n\n\n<li>Participaci\u00f3 com a ponent en confer\u00e8ncies internacionals i impartici\u00f3 de formaci\u00f3.<\/li>\n<\/ul>\n\n\n\n<p><strong>Empres\u00e0ria<\/strong><br>PLACER.LT \u2014 plataforma de recintes i experi\u00e8ncies<br>2014 \u2013 Actualitat<\/p>\n\n\n\n<p><strong>Directora de vendes i desenvolupament<\/strong><br>SPA VILNIUS | Druskininkai, V\u00edlnius<br>01\/2007 \u2013 06\/2019<\/p>\n\n\n\n<ul class=\"wp-block-list\">\n<li>Desenvolupament i implementaci\u00f3 d\u2019estrat\u00e8gies de vendes i creixement.<\/li>\n\n\n\n<li>An\u00e0lisi del mercat dels spas i desenvolupament de nous serveis.<\/li>\n\n\n\n<li>Lideratge d\u2019equips i gesti\u00f3 del rendiment; gesti\u00f3, fidelitzaci\u00f3 i desenvolupament de relacions amb clients corporatius.<\/li>\n\n\n\n<li>Participaci\u00f3 en fires internacionals i reunions B2B; impartici\u00f3 de sessions formatives.<\/li>\n<\/ul>\n\n\n\n<p><strong>ASSOCIACIONS<\/strong><\/p>\n\n\n\n<ul class=\"wp-block-list\">\n<li>Ladies Circle International \u2014 membre | membre del consell (2019\u20132022)<\/li>\n\n\n\n<li>Business Women\u2019s Association \u2014 membre (2022\u2013actualitat)<\/li>\n<\/ul>\n\n\n\n<p><strong>FORMACI\u00d3<\/strong><\/p>\n\n\n\n<ul class=\"wp-block-list\">\n<li>Estudis de doctorat (Economia i Empresa) \u2014 Universitat de Klaip\u0117da (10\/2024\u2013actualitat)<\/li>\n\n\n\n<li>M\u00e0ster en Administraci\u00f3 i Direcci\u00f3 d\u2019Empreses (MBA) \u2014 Universitat de Klaip\u0117da (09\/2001\u201306\/2003)<\/li>\n\n\n\n<li>Grau en Administraci\u00f3 i Direcci\u00f3 d\u2019Empreses \u2014 Klaip\u0117da University of Management and Economics (09\/1997\u201306\/2001)<\/li>\n<\/ul>\n\n\n\n<p><strong>COMPET\u00c8NCIES<\/strong><\/p>\n\n\n\n<ul class=\"wp-block-list\">\n<li>Planificaci\u00f3 estrat\u00e8gica; desenvolupament organitzatiu<\/li>\n\n\n\n<li>Capacitat anal\u00edtica; gesti\u00f3 de relacions amb clients; presa de decisions<\/li>\n\n\n\n<li>Lideratge i gesti\u00f3 d\u2019equips<\/li>\n<\/ul>\n\n\n\n<p><strong>IDIOMES<\/strong><\/p>\n\n\n\n<ul class=\"wp-block-list\">\n<li>Litu\u00e0 \u2014 nadiu<\/li>\n\n\n\n<li>Angl\u00e8s \u2014 bo<\/li>\n\n\n\n<li>Rus \u2014 bo<\/li>\n\n\n\n<li>Alemany \u2014 bo<\/li>\n<\/ul>\n<\/div>  <\/div><\/div><button type=\"button\" class=\"ml-ponent-card\" data-ml-open=\"ml-modal-markus-redl\" id=\"ponent-markus-redl\"><div class=\"ml-ponent-thumb\" style=\"background-image:url(https:\/\/mountainlikers.com\/wp-content\/uploads\/2026\/03\/Copy-of-Mountainlikers-2024-fotos-ponentes-10.png)\"><\/div><div class=\"ml-ponent-name\">Markus Redl<\/div><div class=\"ml-ponent-hover\">+ info<\/div><\/button><div class=\"ml-ponent-modal\" id=\"ml-modal-markus-redl\" aria-hidden=\"true\" data-ml-modal>  <div class=\"ml-ponent-modal__backdrop\" data-ml-close><\/div>  <div class=\"ml-ponent-modal__panel\" role=\"dialog\" aria-modal=\"true\" aria-label=\"Markus Redl\">    <button class=\"ml-ponent-modal__close\" type=\"button\" data-ml-close aria-label=\"Tancar\">\u00d7<\/button>    <div class=\"ml-ponent-modal__header\">      <div class=\"ml-ponent-modal__img\" style=\"background-image:url(https:\/\/mountainlikers.com\/wp-content\/uploads\/2026\/03\/Copy-of-Mountainlikers-2024-fotos-ponentes-10.png)\"><\/div>      <div class=\"ml-ponent-modal__top\">        <div class=\"ml-ponent-modal__name\">Markus Redl<\/div>        <div class=\"ml-ponent-modal__socials\">        <\/div><\/div><\/div>    <div class=\"ml-ponent-modal__content\">\n<p><strong>Director General, ecoplus Alpin GmbH (\u00c0ustria)<\/strong><\/p>\n\n\n\n<p>Markus Redl \u00e9s el Director General d&#8217;ecoplus Alpin GmbH, on dirigeix el desenvolupament estrat\u00e8gic i la gesti\u00f3 de nou estacions de muntanya a la regi\u00f3 alpina del sud de la Baixa \u00c0ustria. Amb m\u00e9s de 25 anys d&#8217;experi\u00e8ncia en direcci\u00f3 tur\u00edstica, gesti\u00f3 esportiva d&#8217;alt nivell i organitzaci\u00f3 d&#8217;esdeveniments internacionals, incloent-hi c\u00e0rrecs a la Universiada d&#8217;Hivern i als Jocs Ol\u00edmpics de la Joventut, aporta una combinaci\u00f3 singular d&#8217;expertesa pr\u00e0ctica en transformaci\u00f3 de destinacions i desenvolupament empresarial sostenible. M\u00e0ster en Administraci\u00f3 P\u00fablica per Harvard i becari Fulbright, Markus \u00e9s tamb\u00e9 autor reconegut i presentador del podcast\u00a0<em>Pistenkilometer<\/em>, centrat en l&#8217;evoluci\u00f3 dels esports de neu en un entorn en r\u00e0pida transformaci\u00f3.<\/p>\n<\/div>  <\/div><\/div><button type=\"button\" class=\"ml-ponent-card\" data-ml-open=\"ml-modal-melanie-tamborini\" id=\"ponent-melanie-tamborini\"><div class=\"ml-ponent-thumb\" style=\"background-image:url(https:\/\/mountainlikers.com\/wp-content\/uploads\/2026\/02\/1.png)\"><\/div><div class=\"ml-ponent-name\">Melanie Tamborini<\/div><div class=\"ml-ponent-hover\">+ info<\/div><\/button><div class=\"ml-ponent-modal\" id=\"ml-modal-melanie-tamborini\" aria-hidden=\"true\" data-ml-modal>  <div class=\"ml-ponent-modal__backdrop\" data-ml-close><\/div>  <div class=\"ml-ponent-modal__panel\" role=\"dialog\" aria-modal=\"true\" aria-label=\"Melanie Tamborini\">    <button class=\"ml-ponent-modal__close\" type=\"button\" data-ml-close aria-label=\"Tancar\">\u00d7<\/button>    <div class=\"ml-ponent-modal__header\">      <div class=\"ml-ponent-modal__img\" style=\"background-image:url(https:\/\/mountainlikers.com\/wp-content\/uploads\/2026\/02\/1.png)\"><\/div>      <div class=\"ml-ponent-modal__top\">        <div class=\"ml-ponent-modal__name\">Melanie Tamborini<\/div>        <div class=\"ml-ponent-modal__socials\">        <\/div><\/div><\/div>    <div class=\"ml-ponent-modal__content\">\n<p>Melanie Tamborini treballa com a cap de projecte i professora a la Universitat de Ci\u00e8ncies Aplicades dels Grisons, a Coira (Su\u00efssa), on lidera i participa en projectes orientats a generar coneixement basat en l\u2019evid\u00e8ncia en l\u2019\u00e0mbit de la conscienciaci\u00f3 i l\u2019acceptaci\u00f3 del turisme, el turisme esportiu i el desenvolupament regional. Tamb\u00e9 dirigeix un Living Lab, un laboratori de recerca transdisciplinari que t\u00e9 com a objectiu fomentar la col\u00b7laboraci\u00f3 entre la recerca acad\u00e8mica, els actors locals i les comunitats per donar suport al desenvolupament regional sostenible. Melanie Tamborini imparteix doc\u00e8ncia a la UAS Grisons i compta amb experi\u00e8ncia docent internacional.<\/p>\n<\/div>  <\/div><\/div><button type=\"button\" class=\"ml-ponent-card\" data-ml-open=\"ml-modal-pedro-machado\" id=\"ponent-pedro-machado\"><div class=\"ml-ponent-thumb\" style=\"background-image:url(https:\/\/mountainlikers.com\/wp-content\/uploads\/2026\/03\/1-3.png)\"><\/div><div class=\"ml-ponent-name\">Pedro Machado<\/div><div class=\"ml-ponent-hover\">+ info<\/div><\/button><div class=\"ml-ponent-modal\" id=\"ml-modal-pedro-machado\" aria-hidden=\"true\" data-ml-modal>  <div class=\"ml-ponent-modal__backdrop\" data-ml-close><\/div>  <div class=\"ml-ponent-modal__panel\" role=\"dialog\" aria-modal=\"true\" aria-label=\"Pedro Machado\">    <button class=\"ml-ponent-modal__close\" type=\"button\" data-ml-close aria-label=\"Tancar\">\u00d7<\/button>    <div class=\"ml-ponent-modal__header\">      <div class=\"ml-ponent-modal__img\" style=\"background-image:url(https:\/\/mountainlikers.com\/wp-content\/uploads\/2026\/03\/1-3.png)\"><\/div>      <div class=\"ml-ponent-modal__top\">        <div class=\"ml-ponent-modal__name\">Pedro Machado<\/div>        <div class=\"ml-ponent-modal__socials\">        <\/div><\/div><\/div>    <div class=\"ml-ponent-modal__content\">\n<p><strong>Pedro Machado<\/strong><br><strong>Secretari d\u2019Estat de Turisme, Comer\u00e7 i Serveis<\/strong><br><strong>XXV Govern Constitucional de Portugal<\/strong><\/p>\n\n\n\n<p>I. FORMACI\u00d3 ACAD\u00c8MICA<\/p>\n\n\n\n<ul class=\"wp-block-list\">\n<li>Doctorand del programa PACI \u2013 Patrimoni Alimentari: Cultures i Identitats, a la Facultat de Lletres de la Universitat de Co\u00efmbra. Va completar el primer any del programa l\u2019octubre del 2020.<\/li>\n\n\n\n<li>M\u00e0ster en Ci\u00e8ncies de l\u2019Educaci\u00f3 (especialitzaci\u00f3 en Psicologia de l\u2019Educaci\u00f3), per la Facultat de Psicologia i Ci\u00e8ncies de l\u2019Educaci\u00f3 de la Universitat de Co\u00efmbra, finalitzat el 13 de mar\u00e7 de 2008.<\/li>\n\n\n\n<li>Llicenciat en Filosofia per la Facultat de Lletres de la Universitat de Co\u00efmbra, finalitzat el 24 de juny de 1993.<\/li>\n<\/ul>\n\n\n\n<p>II. C\u00c0RREC ACTUAL<\/p>\n\n\n\n<ul class=\"wp-block-list\">\n<li>Secretari d\u2019Estat de Turisme, Comer\u00e7 i Serveis del XXV Govern Constitucional de Portugal, nomenat a proposta del primer ministre, Lu\u00eds Montenegro, per decret del president de la Rep\u00fablica Portuguesa \u2013 juny de 2025.<\/li>\n<\/ul>\n\n\n\n<p>III. C\u00c0RRECS I FUNCIONS EXERCITS<\/p>\n\n\n\n<ul class=\"wp-block-list\">\n<li>Secretari d\u2019Estat de Turisme del XXIV Govern Constitucional de Portugal, nomenat a proposta del primer ministre, Lu\u00eds Montenegro, per decret del president de la Rep\u00fablica de Portugal \u2013 abril de 2024 a juny de 2025.<\/li>\n<\/ul>\n\n\n\n<p>&#8211; President de l\u2019Entitat Regional de Turisme del Centre de Portugal, elegit per primera vegada l\u20191 de setembre de 2006, reelegit per a un segon mandat el 2008, un tercer mandat el 2013 i per al mandat 2018\u20132023, fins a l\u20191 de setembre de 2023.<\/p>\n\n\n\n<p>&#8211; President de l\u2019ARPT \u2013 Ag\u00e8ncia Regional de Promoci\u00f3 Tur\u00edstica Externa del Centre de Portugal, elegit el 7 de desembre de 2021 per al mandat 2021\u20132025.<\/p>\n\n\n\n<ul class=\"wp-block-list\">\n<li>Professor assistent convidat a l\u2019Institut Polit\u00e8cnic de Viseu, on imparteix Gesti\u00f3 de Destinacions Tur\u00edstiques i M\u00e0rqueting Digital al m\u00e0ster en Gesti\u00f3 del Turisme des dels cursos acad\u00e8mics 2022\/2023 i 2023\/2024.<\/li>\n<\/ul>\n\n\n\n<p>&#8211; Conseller i vicepresident de l\u2019Ajuntament de Montemor-o-Velho entre el 2 de gener de 2002 i el setembre de 2012.<\/p>\n\n\n\n<ul class=\"wp-block-list\">\n<li>Cap del gabinet del secretari d\u2019Estat d\u2019Administraci\u00f3 Local en el XVI Govern Constitucional (2005).<\/li>\n<\/ul>\n<\/div>  <\/div><\/div><button type=\"button\" class=\"ml-ponent-card\" data-ml-open=\"ml-modal-richard-kampf\" id=\"ponent-richard-kampf\"><div class=\"ml-ponent-thumb\" style=\"background-image:url(https:\/\/mountainlikers.com\/wp-content\/uploads\/2026\/03\/5.png)\"><\/div><div class=\"ml-ponent-name\">Richard K\u00e4mpf<\/div><div class=\"ml-ponent-hover\">+ info<\/div><\/button><div class=\"ml-ponent-modal\" id=\"ml-modal-richard-kampf\" aria-hidden=\"true\" data-ml-modal>  <div class=\"ml-ponent-modal__backdrop\" data-ml-close><\/div>  <div class=\"ml-ponent-modal__panel\" role=\"dialog\" aria-modal=\"true\" aria-label=\"Richard K\u00e4mpf\">    <button class=\"ml-ponent-modal__close\" type=\"button\" data-ml-close aria-label=\"Tancar\">\u00d7<\/button>    <div class=\"ml-ponent-modal__header\">      <div class=\"ml-ponent-modal__img\" style=\"background-image:url(https:\/\/mountainlikers.com\/wp-content\/uploads\/2026\/03\/5.png)\"><\/div>      <div class=\"ml-ponent-modal__top\">        <div class=\"ml-ponent-modal__name\">Richard K\u00e4mpf<\/div>        <div class=\"ml-ponent-modal__socials\">        <\/div><\/div><\/div>    <div class=\"ml-ponent-modal__content\">\n<p>Cap de Pol\u00edtica Tur\u00edstica i cap adjunt de la direcci\u00f3 d\u2019Activitats de Promoci\u00f3 de la Secretaria d\u2019Estat d\u2019Economia (SECO)<\/p>\n\n\n\n<p>Richard K\u00e4mpf \u00e9s cap de Pol\u00edtica Tur\u00edstica a la Secretaria d\u2019Estat d\u2019Economia (SECO) des del maig del 2008. Anteriorment va treballar durant m\u00e9s de deu anys a BAK Economics, on era responsable d\u2019an\u00e0lisis regionals i d\u2019estudis sobre turisme, i va formar part del consell executiu durant dos anys.<\/p>\n\n\n\n<p>K\u00e4mpf va estudiar economia a la Universitat de Berna, amb especialitzaci\u00f3 en comer\u00e7 exterior i finances.<\/p>\n<\/div>  <\/div><\/div><button type=\"button\" class=\"ml-ponent-card\" data-ml-open=\"ml-modal-sandra-carvao\" id=\"ponent-sandra-carvao\"><div class=\"ml-ponent-thumb\" style=\"background-image:url(https:\/\/mountainlikers.com\/wp-content\/uploads\/2026\/03\/4-3.png)\"><\/div><div class=\"ml-ponent-name\">Sandra Carv\u00e3o<\/div><div class=\"ml-ponent-hover\">+ info<\/div><\/button><div class=\"ml-ponent-modal\" id=\"ml-modal-sandra-carvao\" aria-hidden=\"true\" data-ml-modal>  <div class=\"ml-ponent-modal__backdrop\" data-ml-close><\/div>  <div class=\"ml-ponent-modal__panel\" role=\"dialog\" aria-modal=\"true\" aria-label=\"Sandra Carv\u00e3o\">    <button class=\"ml-ponent-modal__close\" type=\"button\" data-ml-close aria-label=\"Tancar\">\u00d7<\/button>    <div class=\"ml-ponent-modal__header\">      <div class=\"ml-ponent-modal__img\" style=\"background-image:url(https:\/\/mountainlikers.com\/wp-content\/uploads\/2026\/03\/4-3.png)\"><\/div>      <div class=\"ml-ponent-modal__top\">        <div class=\"ml-ponent-modal__name\">Sandra Carv\u00e3o<\/div>        <div class=\"ml-ponent-modal__socials\">        <\/div><\/div><\/div>    <div class=\"ml-ponent-modal__content\">\n<p><strong>Sandra Carv\u00e3o, directora d\u2019Intel\u00b7lig\u00e8ncia de Mercat, Pol\u00edtiques i Competitivitat, ONU Turisme<\/strong><\/p>\n\n\n\n<p>Sandra Carv\u00e3o \u00e9s directora d\u2019Intel\u00b7lig\u00e8ncia de Mercat, Pol\u00edtiques i Competitivitat de l\u2019Organitzaci\u00f3 Mundial del Turisme (ONU Turisme) des del juny del 2018. Anteriorment, va ser cap de Comunicaci\u00f3 i Publicacions durant vuit anys, fins al maig del 2018, on s\u2019encarregava del posicionament estrat\u00e8gic de l\u2019Organitzaci\u00f3 Mundial del Turisme.<\/p>\n\n\n\n<p>Abans d\u2019aquesta funci\u00f3, Sandra va ser cap adjunta del departament de Tend\u00e8ncies de Mercat, Competitivitat i Comer\u00e7 de Serveis Tur\u00edstics de l\u2019Organitzaci\u00f3 Mundial del Turisme entre el 2007 i el 2010. Durant aquest per\u00edode va coordinar el Tourism Resilience Committee creat per ONU Turisme per abordar els impactes de la crisi econ\u00f2mica global del 2008\u20132009 sobre el turisme.<\/p>\n\n\n\n<p>Abans d\u2019incorporar-se a ONU Turisme l\u2019any 2003, Sandra va ocupar el c\u00e0rrec de responsable de mercat a l\u2019Oficina Nacional de Turisme de Portugal a Lisboa.<\/p>\n\n\n\n<p>Sandra \u00e9s llicenciada en Relacions Internacionals, especialitat d\u2019Economia, per l\u2019Instituto de Ci\u00eancias Sociais e Pol\u00edticas de la Universidade T\u00e9cnica de Lisboa, i t\u00e9 un postgrau en m\u00e0rqueting per la Universidad Complutense de Madrid.<\/p>\n<\/div>  <\/div><\/div><button type=\"button\" class=\"ml-ponent-card\" data-ml-open=\"ml-modal-sharaf-sheralizoda\" id=\"ponent-sharaf-sheralizoda\"><div class=\"ml-ponent-thumb\" style=\"background-image:url(https:\/\/mountainlikers.com\/wp-content\/uploads\/2026\/03\/Copy-of-Mountainlikers-2024-fotos-ponentes-9.png)\"><\/div><div class=\"ml-ponent-name\">Sharaf Sheralizoda<\/div><div class=\"ml-ponent-hover\">+ info<\/div><\/button><div class=\"ml-ponent-modal\" id=\"ml-modal-sharaf-sheralizoda\" aria-hidden=\"true\" data-ml-modal>  <div class=\"ml-ponent-modal__backdrop\" data-ml-close><\/div>  <div class=\"ml-ponent-modal__panel\" role=\"dialog\" aria-modal=\"true\" aria-label=\"Sharaf Sheralizoda\">    <button class=\"ml-ponent-modal__close\" type=\"button\" data-ml-close aria-label=\"Tancar\">\u00d7<\/button>    <div class=\"ml-ponent-modal__header\">      <div class=\"ml-ponent-modal__img\" style=\"background-image:url(https:\/\/mountainlikers.com\/wp-content\/uploads\/2026\/03\/Copy-of-Mountainlikers-2024-fotos-ponentes-9.png)\"><\/div>      <div class=\"ml-ponent-modal__top\">        <div class=\"ml-ponent-modal__name\">Sharaf Sheralizoda<\/div>        <div class=\"ml-ponent-modal__socials\">        <\/div><\/div><\/div>    <div class=\"ml-ponent-modal__content\">\n<p>Sharaf Sheralizoda (nascut el 29 d\u2019abril de 1981, Rep\u00fablica del Tadjikistan) \u00e9s un diplom\u00e0tic tadjik que actualment exerceix com a ambaixador extraordinari i plenipotenciari del Tadjikistan davant la Confederaci\u00f3 Su\u00efssa (des del maig de 2023), aix\u00ed com representant permanent davant les Nacions Unides i altres organitzacions internacionals a Ginebra.&nbsp;Tamb\u00e9 est\u00e0 acreditat com a ambaixador a Espanya, c\u00e0rrec que va assumir el 2023.<\/p>\n\n\n\n<p>Sheralizoda ha ocupat diversos c\u00e0rrecs governamentals de responsabilitat, entre els quals viceministre d\u2019Afers Exteriors (2021\u20132023) i primer vicepresident del Comit\u00e8 Estatal d\u2019Inversions i Gesti\u00f3 de la Propietat Estatal (2019\u20132021). En una etapa anterior de la seva traject\u00f2ria, va dirigir la Secretaria del Consell Consultiu Presidencial per a la Millora del Clima d\u2019Inversi\u00f3 i va encap\u00e7alar la Unitat d\u2019Implementaci\u00f3 de Projectes de Col\u00b7laboraci\u00f3 Publicoprivada.<\/p>\n\n\n\n<p>La seva experi\u00e8ncia professional inclou tamb\u00e9 l\u2019\u00e0mbit de la governan\u00e7a financera internacional, ja que va exercir com a director executiu suplent al Banc Asi\u00e0tic de Desenvolupament, a Manila (2015\u20132017), aix\u00ed com funcions d\u2019assessorament i t\u00e8cniques a l\u2019Oficina Executiva del President i en institucions nacionals clau d\u2019infraestructures i finances.<\/p>\n<\/div>  <\/div><\/div><button type=\"button\" class=\"ml-ponent-card\" data-ml-open=\"ml-modal-ministra-simonida-kordic\" id=\"ponent-ministra-simonida-kordic\"><div class=\"ml-ponent-thumb\" style=\"background-image:url(https:\/\/mountainlikers.com\/wp-content\/uploads\/2026\/02\/Simonida-photo-Mountainlikers.png)\"><\/div><div class=\"ml-ponent-name\">Simonida Kordi\u0107<\/div><div class=\"ml-ponent-hover\">+ info<\/div><\/button><div class=\"ml-ponent-modal\" id=\"ml-modal-ministra-simonida-kordic\" aria-hidden=\"true\" data-ml-modal>  <div class=\"ml-ponent-modal__backdrop\" data-ml-close><\/div>  <div class=\"ml-ponent-modal__panel\" role=\"dialog\" aria-modal=\"true\" aria-label=\"Simonida Kordi\u0107\">    <button class=\"ml-ponent-modal__close\" type=\"button\" data-ml-close aria-label=\"Tancar\">\u00d7<\/button>    <div class=\"ml-ponent-modal__header\">      <div class=\"ml-ponent-modal__img\" style=\"background-image:url(https:\/\/mountainlikers.com\/wp-content\/uploads\/2026\/02\/Simonida-photo-Mountainlikers.png)\"><\/div>      <div class=\"ml-ponent-modal__top\">        <div class=\"ml-ponent-modal__name\">Simonida Kordi\u0107<\/div>        <div class=\"ml-ponent-modal__socials\">        <\/div><\/div><\/div>    <div class=\"ml-ponent-modal__content\">\n<p>Simonida Kordi\u0107 ha desenvolupat una traject\u00f2ria destacada en el sector p\u00fablic, amb una \u00e0mplia experi\u00e8ncia en cooperaci\u00f3 internacional, activitat parlament\u00e0ria i mitjans de comunicaci\u00f3.<\/p>\n\n\n\n<p>\u00c9s llicenciada en Dret per la Facultat de Dret de la Universitat de Belgrad, amb especialitzaci\u00f3 en dret internacional p\u00fablic. Posteriorment, va ampliar la seva formaci\u00f3 al Regne Unit, on va cursar un MBA a la Universitat de Sheffield.<\/p>\n\n\n\n<p>El juliol de 2024 va ser nomenada ministra de Turisme del Govern de Montenegro. Pr\u00e8viament, va exercir com a diputada al Parlament de Montenegro, on tamb\u00e9 va ocupar el c\u00e0rrec de presidenta de la Comissi\u00f3 Constitucional.<\/p>\n\n\n\n<p>Aix\u00ed mateix, va ser copresidenta del Club de Dones del Parlament de Montenegro, membre de les delegacions a les Assemblees Parlament\u00e0ries de l\u2019OTAN i de l\u2019OSCE, aix\u00ed com presidenta del Grup Parlamentari de la Francofonia.<\/p>\n\n\n\n<p>La seva traject\u00f2ria en l\u2019administraci\u00f3 p\u00fablica es va iniciar a Herceg Novi, on va treballar com a assessora per a la cooperaci\u00f3 amb organitzacions internacionals.<\/p>\n\n\n\n<p>Posteriorment, va ser nomenada cap del Departament de Cooperaci\u00f3 Internacional, aprofundint en la seva expertesa en relacions internacionals i diplom\u00e0cia.<\/p>\n\n\n\n<p>Abans d\u2019incorporar-se a l\u2019administraci\u00f3 p\u00fablica, va treballar com a periodista, autora i editora en alguns dels mitjans de comunicaci\u00f3 m\u00e9s influents de l\u2019estat federal.<\/p>\n\n\n\n<p>Parla angl\u00e8s i franc\u00e8s amb flu\u00efdesa i t\u00e9 un nivell intermedi de xin\u00e8s (HSK3).<\/p>\n<\/div>  <\/div><\/div><\/div><\/div>\n\t\t\t\t\t\t<\/div>\n\t\t\t\t<\/div>\n\t\t\t\t<div class=\"elementor-element elementor-element-254f9b7 elementor-widget elementor-widget-spacer\" data-id=\"254f9b7\" data-element_type=\"widget\" data-e-type=\"widget\" data-widget_type=\"spacer.default\">\n\t\t\t\t<div class=\"elementor-widget-container\">\n\t\t\t\t\t\t\t<div class=\"elementor-spacer\">\n\t\t\t<div class=\"elementor-spacer-inner\"><\/div>\n\t\t<\/div>\n\t\t\t\t\t\t<\/div>\n\t\t\t\t<\/div>\n\t\t\t\t<div class=\"elementor-element elementor-element-2873bab elementor-widget elementor-widget-spacer\" data-id=\"2873bab\" data-element_type=\"widget\" data-e-type=\"widget\" data-widget_type=\"spacer.default\">\n\t\t\t\t<div class=\"elementor-widget-container\">\n\t\t\t\t\t\t\t<div class=\"elementor-spacer\">\n\t\t\t<div class=\"elementor-spacer-inner\"><\/div>\n\t\t<\/div>\n\t\t\t\t\t\t<\/div>\n\t\t\t\t<\/div>\n\t\t\t\t\t<\/div>\n\t\t\t\t<\/div>\n\t\t<div data-particle_enable=\"false\" data-particle-mobile-disabled=\"false\" class=\"elementor-element elementor-element-c860d85 animated-slow elementor-hidden-desktop elementor-hidden-tablet elementor-hidden-mobile e-flex e-con-boxed elementor-invisible e-con e-parent\" data-id=\"c860d85\" data-element_type=\"container\" data-e-type=\"container\" data-settings=\"{&quot;background_background&quot;:&quot;classic&quot;,&quot;animation&quot;:&quot;fadeIn&quot;,&quot;animation_delay&quot;:300}\">\n\t\t\t\t\t<div class=\"e-con-inner\">\n\t\t\t\t<div class=\"elementor-element elementor-element-4535be9 elementor-widget elementor-widget-html\" data-id=\"4535be9\" data-element_type=\"widget\" data-e-type=\"widget\" data-widget_type=\"html.default\">\n\t\t\t\t<div class=\"elementor-widget-container\">\n\t\t\t\t\t<style>\n\/* --- ESTILOS DO CTA (Copie tudo) --- *\/\n\n\/* O Container do Cart\u00e3o *\/\n.mountain-cta-wrapper {\n    position: relative;\n    width: 100%;\n    max-width: 900px;\n    margin: 40px auto; \/* Espa\u00e7o acima e abaixo *\/\n    padding: 3px; \/* Borda gradiente *\/\n    background: linear-gradient(135deg, #e0e0e0 0%, #ffffff 100%);\n    border-radius: 20px;\n    box-shadow: 0 10px 30px -10px rgba(0,0,0,0.15);\n    overflow: hidden;\n    font-family: 'Montserrat', sans-serif; \/* Ajuste para a fonte do seu tema *\/\n}\n\n\/* Fundo com efeito de montanha subtil *\/\n.mountain-cta-card {\n    background: rgba(255, 255, 255, 0.9);\n    backdrop-filter: blur(10px);\n    border-radius: 18px;\n    padding: 40px 30px;\n    display: flex;\n    flex-direction: column;\n    align-items: center;\n    justify-content: center;\n    text-align: center;\n    position: relative;\n    z-index: 2;\n}\n\n\/* Texto Principal *\/\n.cta-title {\n    font-size: 24px;\n    font-weight: 700;\n    color: #333;\n    margin-bottom: 8px;\n    line-height: 1.2;\n}\n\n.cta-subtitle {\n    font-size: 16px;\n    color: #666;\n    margin-bottom: 25px;\n}\n\n\/* O Bot\u00e3o Interativo *\/\n.mountain-btn {\n    display: inline-flex;\n    align-items: center;\n    justify-content: center;\n    background: #D6001C; \/* Vermelho Andorra *\/\n    color: white !important;\n    text-decoration: none !important;\n    padding: 15px 40px;\n    border-radius: 50px;\n    font-weight: 600;\n    font-size: 16px;\n    text-transform: uppercase;\n    letter-spacing: 1px;\n    transition: all 0.3s ease;\n    box-shadow: 0 4px 15px rgba(214, 0, 28, 0.3);\n    position: relative;\n    overflow: hidden;\n    border: none;\n}\n\n\/* Efeito Hover do Bot\u00e3o *\/\n.mountain-btn:hover {\n    transform: translateY(-3px);\n    box-shadow: 0 8px 25px rgba(214, 0, 28, 0.4);\n    background: #b50018;\n}\n\n\/* Brilho animado passando pelo bot\u00e3o *\/\n.mountain-btn::after {\n    content: '';\n    position: absolute;\n    top: 0;\n    left: -100%;\n    width: 100%;\n    height: 100%;\n    background: linear-gradient(90deg, transparent, rgba(255,255,255,0.3), transparent);\n    transition: 0.5s;\n}\n\n.mountain-btn:hover::after {\n    left: 100%;\n    transition: 0.7s ease-in-out;\n}\n\n\/* \u00cdcone do carrinho\/ticket *\/\n.btn-icon {\n    margin-right: 10px;\n    font-size: 18px;\n}\n\n\/* --- L\u00d3GICA DE IDIOMAS AUTOM\u00c1TICA --- *\/\n\/* Por defeito, esconde todos *\/\n.lang-content { display: none; }\n\n\/* Se o HTML for CA, mostra CA (ou se n\u00e3o tiver lang definida, assume CA) *\/\n:lang(ca) .lang-ca, :root:not([lang]) .lang-ca { display: block; }\n:lang(es) .lang-es { display: block; }\n:lang(fr) .lang-fr { display: block; }\n:lang(en) .lang-en { display: block; }\n\n\/* Corre\u00e7\u00e3o caso o plugin de tradu\u00e7\u00e3o use classes no body em vez de lang no html *\/\nbody.translate-press-es_ES .lang-ca { display: none; }\nbody.translate-press-es_ES .lang-es { display: block; }\n\/* (Adicione outras classes de plugin se necess\u00e1rio, mas o m\u00e9todo :lang costuma funcionar nativamente) *\/\n\n\/* Responsivo *\/\n@media (min-width: 768px) {\n    .mountain-cta-card {\n        flex-direction: row;\n        justify-content: space-between;\n        text-align: left;\n        padding: 50px 60px;\n    }\n    .cta-text-group {\n        max-width: 60%;\n    }\n    .cta-title { font-size: 32px; }\n}\n<\/style>\n\n<div class=\"mountain-cta-wrapper\">\n    <div class=\"mountain-cta-card\">\n        \n        <div class=\"cta-text-group\">\n            <div class=\"lang-content lang-ca\">\n                <div class=\"cta-title\">Ja tens la teva entrada?<\/div>\n                <div class=\"cta-subtitle\">Assegura la teva pla\u00e7a al 13\u00e8 Congr\u00e9s Mundial avui mateix.<\/div>\n            <\/div>\n\n            <div class=\"lang-content lang-es\">\n                <div class=\"cta-title\">\u00bfYa tienes tu entrada?<\/div>\n                <div class=\"cta-subtitle\">Asegura tu plaza en el 13\u00ba Congreso Mundial hoy mismo.<\/div>\n            <\/div>\n\n            <div class=\"lang-content lang-fr\">\n                <div class=\"cta-title\">Avez-vous d\u00e9j\u00e0 votre billet ?<\/div>\n                <div class=\"cta-subtitle\">Garantissez votre place au 13\u00e8me Congr\u00e8s Mondial d\u00e8s aujourd'hui.<\/div>\n            <\/div>\n\n            <div class=\"lang-content lang-en\">\n                <div class=\"cta-title\">Do you have your ticket yet?<\/div>\n                <div class=\"cta-subtitle\">Secure your spot at the 13th World Congress today.<\/div>\n            <\/div>\n        <\/div>\n\n        <a href=\"https:\/\/mountainlikers.com\/botiga\/13e-congres-mundial-de-turisme-de-neu-muntanya-i-benestar\/\" class=\"mountain-btn\">\n            <span class=\"btn-icon\">\ud83c\udf9f\ufe0f<\/span>\n            \n            <span class=\"lang-content lang-ca\">Comprar Entrades<\/span>\n            <span class=\"lang-content lang-es\">Comprar Entradas<\/span>\n            <span class=\"lang-content lang-fr\">Acheter Billets<\/span>\n            <span class=\"lang-content lang-en\">Buy Tickets<\/span>\n        <\/a>\n\n    <\/div>\n<\/div>\t\t\t\t<\/div>\n\t\t\t\t<\/div>\n\t\t\t\t\t<\/div>\n\t\t\t\t<\/div>\n\t\t<div data-particle_enable=\"false\" data-particle-mobile-disabled=\"false\" class=\"elementor-element elementor-element-75094502 animated-slow e-flex e-con-boxed elementor-invisible e-con e-parent\" data-id=\"75094502\" data-element_type=\"container\" data-e-type=\"container\" data-settings=\"{&quot;animation&quot;:&quot;fadeIn&quot;,&quot;animation_delay&quot;:200}\">\n\t\t\t\t\t<div class=\"e-con-inner\">\n\t\t\t\t<div class=\"elementor-element elementor-element-5b6e532b elementor-widget elementor-widget-image\" data-id=\"5b6e532b\" data-element_type=\"widget\" data-e-type=\"widget\" data-widget_type=\"image.default\">\n\t\t\t\t<div class=\"elementor-widget-container\">\n\t\t\t\t\t\t\t\t\t\t\t\t\t\t\t<img loading=\"lazy\" decoding=\"async\" width=\"640\" height=\"75\" src=\"https:\/\/mountainlikers.com\/wp-content\/uploads\/2025\/09\/sanefa-floc_Mesa-de-trabajo-1-1024x120.png\" class=\"attachment-large size-large wp-image-14698\" alt=\"\" srcset=\"https:\/\/mountainlikers.com\/wp-content\/uploads\/2025\/09\/sanefa-floc_Mesa-de-trabajo-1-1024x120.png 1024w, https:\/\/mountainlikers.com\/wp-content\/uploads\/2025\/09\/sanefa-floc_Mesa-de-trabajo-1-600x71.png 600w, https:\/\/mountainlikers.com\/wp-content\/uploads\/2025\/09\/sanefa-floc_Mesa-de-trabajo-1-800x94.png 800w, https:\/\/mountainlikers.com\/wp-content\/uploads\/2025\/09\/sanefa-floc_Mesa-de-trabajo-1-300x35.png 300w, https:\/\/mountainlikers.com\/wp-content\/uploads\/2025\/09\/sanefa-floc_Mesa-de-trabajo-1-768x90.png 768w, https:\/\/mountainlikers.com\/wp-content\/uploads\/2025\/09\/sanefa-floc_Mesa-de-trabajo-1-18x2.png 18w, https:\/\/mountainlikers.com\/wp-content\/uploads\/2025\/09\/sanefa-floc_Mesa-de-trabajo-1.png 1241w\" sizes=\"auto, (max-width: 640px) 100vw, 640px\" \/>\t\t\t\t\t\t\t\t\t\t\t\t\t\t\t<\/div>\n\t\t\t\t<\/div>\n\t\t\t\t<div class=\"elementor-element elementor-element-3c4dcc8b elementor-widget elementor-widget-heading\" data-id=\"3c4dcc8b\" data-element_type=\"widget\" data-e-type=\"widget\" data-widget_type=\"heading.default\">\n\t\t\t\t<div class=\"elementor-widget-container\">\n\t\t\t\t\t<h2 class=\"elementor-heading-title elementor-size-default\">Sponsors<\/h2>\t\t\t\t<\/div>\n\t\t\t\t<\/div>\n\t\t\t\t<div class=\"elementor-element elementor-element-6708e3e6 elementor-widget elementor-widget-heading\" data-id=\"6708e3e6\" data-element_type=\"widget\" data-e-type=\"widget\" data-widget_type=\"heading.default\">\n\t\t\t\t<div class=\"elementor-widget-container\">\n\t\t\t\t\t<h2 class=\"elementor-heading-title elementor-size-default\">ORGANITZADORS<\/h2>\t\t\t\t<\/div>\n\t\t\t\t<\/div>\n\t\t\t\t<div class=\"elementor-element elementor-element-a79fc42 elementor-widget elementor-widget-spacer\" data-id=\"a79fc42\" data-element_type=\"widget\" data-e-type=\"widget\" data-widget_type=\"spacer.default\">\n\t\t\t\t<div class=\"elementor-widget-container\">\n\t\t\t\t\t\t\t<div class=\"elementor-spacer\">\n\t\t\t<div class=\"elementor-spacer-inner\"><\/div>\n\t\t<\/div>\n\t\t\t\t\t\t<\/div>\n\t\t\t\t<\/div>\n\t\t<div data-particle_enable=\"false\" data-particle-mobile-disabled=\"false\" class=\"elementor-element elementor-element-45e04d4f e-con-full e-flex e-con e-child\" data-id=\"45e04d4f\" data-element_type=\"container\" data-e-type=\"container\">\n\t\t<div data-particle_enable=\"false\" data-particle-mobile-disabled=\"false\" class=\"elementor-element elementor-element-4dd16f93 e-con-full e-flex e-con e-child\" data-id=\"4dd16f93\" data-element_type=\"container\" data-e-type=\"container\">\n\t\t\t\t<div class=\"elementor-element elementor-element-46852f4d elementor-widget elementor-widget-image\" data-id=\"46852f4d\" data-element_type=\"widget\" data-e-type=\"widget\" data-widget_type=\"image.default\">\n\t\t\t\t<div class=\"elementor-widget-container\">\n\t\t\t\t\t\t\t\t\t\t\t\t\t\t\t\t<a href=\"https:\/\/visitordino.com\" target=\"_blank\">\n\t\t\t\t\t\t\t<img loading=\"lazy\" decoding=\"async\" width=\"640\" height=\"546\" src=\"https:\/\/mountainlikers.com\/wp-content\/uploads\/2025\/09\/1-1024x874.png\" class=\"attachment-large size-large wp-image-14574\" alt=\"\" srcset=\"https:\/\/mountainlikers.com\/wp-content\/uploads\/2025\/09\/1-1024x874.png 1024w, https:\/\/mountainlikers.com\/wp-content\/uploads\/2025\/09\/1-600x512.png 600w, https:\/\/mountainlikers.com\/wp-content\/uploads\/2025\/09\/1-800x683.png 800w, https:\/\/mountainlikers.com\/wp-content\/uploads\/2025\/09\/1-300x256.png 300w, https:\/\/mountainlikers.com\/wp-content\/uploads\/2025\/09\/1-768x656.png 768w, https:\/\/mountainlikers.com\/wp-content\/uploads\/2025\/09\/1-1536x1311.png 1536w, https:\/\/mountainlikers.com\/wp-content\/uploads\/2025\/09\/1-2048x1748.png 2048w, https:\/\/mountainlikers.com\/wp-content\/uploads\/2025\/09\/1-14x12.png 14w\" sizes=\"auto, (max-width: 640px) 100vw, 640px\" \/>\t\t\t\t\t\t\t\t<\/a>\n\t\t\t\t\t\t\t\t\t\t\t\t\t\t\t<\/div>\n\t\t\t\t<\/div>\n\t\t\t\t<\/div>\n\t\t<div data-particle_enable=\"false\" data-particle-mobile-disabled=\"false\" class=\"elementor-element elementor-element-6e832a03 e-con-full e-flex e-con e-child\" data-id=\"6e832a03\" data-element_type=\"container\" data-e-type=\"container\">\n\t\t\t\t<div class=\"elementor-element elementor-element-2c9e00ae elementor-widget elementor-widget-image\" data-id=\"2c9e00ae\" data-element_type=\"widget\" data-e-type=\"widget\" data-widget_type=\"image.default\">\n\t\t\t\t<div class=\"elementor-widget-container\">\n\t\t\t\t\t\t\t\t\t\t\t\t\t\t\t\t<a href=\"https:\/\/www.govern.ad\/\" target=\"_blank\">\n\t\t\t\t\t\t\t<img loading=\"lazy\" decoding=\"async\" width=\"640\" height=\"356\" src=\"https:\/\/mountainlikers.com\/wp-content\/uploads\/2025\/10\/govern-d-andorra-logo-vector.png\" class=\"attachment-large size-large wp-image-14728\" alt=\"\" srcset=\"https:\/\/mountainlikers.com\/wp-content\/uploads\/2025\/10\/govern-d-andorra-logo-vector.png 900w, https:\/\/mountainlikers.com\/wp-content\/uploads\/2025\/10\/govern-d-andorra-logo-vector-600x333.png 600w, https:\/\/mountainlikers.com\/wp-content\/uploads\/2025\/10\/govern-d-andorra-logo-vector-800x444.png 800w, https:\/\/mountainlikers.com\/wp-content\/uploads\/2025\/10\/govern-d-andorra-logo-vector-300x167.png 300w, https:\/\/mountainlikers.com\/wp-content\/uploads\/2025\/10\/govern-d-andorra-logo-vector-768x427.png 768w, https:\/\/mountainlikers.com\/wp-content\/uploads\/2025\/10\/govern-d-andorra-logo-vector-18x10.png 18w\" sizes=\"auto, (max-width: 640px) 100vw, 640px\" \/>\t\t\t\t\t\t\t\t<\/a>\n\t\t\t\t\t\t\t\t\t\t\t\t\t\t\t<\/div>\n\t\t\t\t<\/div>\n\t\t\t\t<\/div>\n\t\t<div data-particle_enable=\"false\" data-particle-mobile-disabled=\"false\" class=\"elementor-element elementor-element-4a91d228 e-con-full e-flex e-con e-child\" data-id=\"4a91d228\" data-element_type=\"container\" data-e-type=\"container\">\n\t\t\t\t<div class=\"elementor-element elementor-element-66bb91b8 elementor-widget elementor-widget-image\" data-id=\"66bb91b8\" data-element_type=\"widget\" data-e-type=\"widget\" data-widget_type=\"image.default\">\n\t\t\t\t<div class=\"elementor-widget-container\">\n\t\t\t\t\t\t\t\t\t\t\t\t\t\t\t\t<a href=\"https:\/\/www.unwto.org\/\" target=\"_blank\">\n\t\t\t\t\t\t\t<img loading=\"lazy\" decoding=\"async\" width=\"640\" height=\"496\" src=\"https:\/\/mountainlikers.com\/wp-content\/uploads\/2025\/10\/Logo_UN_Tourism.svg-1024x794.png\" class=\"attachment-large size-large wp-image-14729\" alt=\"\" srcset=\"https:\/\/mountainlikers.com\/wp-content\/uploads\/2025\/10\/Logo_UN_Tourism.svg-1024x794.png 1024w, https:\/\/mountainlikers.com\/wp-content\/uploads\/2025\/10\/Logo_UN_Tourism.svg-600x465.png 600w, https:\/\/mountainlikers.com\/wp-content\/uploads\/2025\/10\/Logo_UN_Tourism.svg-800x620.png 800w, https:\/\/mountainlikers.com\/wp-content\/uploads\/2025\/10\/Logo_UN_Tourism.svg-300x233.png 300w, https:\/\/mountainlikers.com\/wp-content\/uploads\/2025\/10\/Logo_UN_Tourism.svg-768x595.png 768w, https:\/\/mountainlikers.com\/wp-content\/uploads\/2025\/10\/Logo_UN_Tourism.svg-1536x1190.png 1536w, https:\/\/mountainlikers.com\/wp-content\/uploads\/2025\/10\/Logo_UN_Tourism.svg-2048x1587.png 2048w, https:\/\/mountainlikers.com\/wp-content\/uploads\/2025\/10\/Logo_UN_Tourism.svg-15x12.png 15w\" sizes=\"auto, (max-width: 640px) 100vw, 640px\" \/>\t\t\t\t\t\t\t\t<\/a>\n\t\t\t\t\t\t\t\t\t\t\t\t\t\t\t<\/div>\n\t\t\t\t<\/div>\n\t\t\t\t<\/div>\n\t\t<div data-particle_enable=\"false\" data-particle-mobile-disabled=\"false\" class=\"elementor-element elementor-element-5887ec3 e-con-full e-flex e-con e-child\" data-id=\"5887ec3\" data-element_type=\"container\" data-e-type=\"container\">\n\t\t\t\t<div class=\"elementor-element elementor-element-489a2ded elementor-widget elementor-widget-image\" data-id=\"489a2ded\" data-element_type=\"widget\" data-e-type=\"widget\" data-widget_type=\"image.default\">\n\t\t\t\t<div class=\"elementor-widget-container\">\n\t\t\t\t\t\t\t\t\t\t\t\t\t\t\t\t<a href=\"https:\/\/visitandorra.com\/\" target=\"_blank\">\n\t\t\t\t\t\t\t<img loading=\"lazy\" decoding=\"async\" width=\"386\" height=\"342\" src=\"https:\/\/mountainlikers.com\/wp-content\/uploads\/2025\/11\/Logo_AndorraWeb_RGB.png\" class=\"attachment-full size-full wp-image-15142\" alt=\"\" srcset=\"https:\/\/mountainlikers.com\/wp-content\/uploads\/2025\/11\/Logo_AndorraWeb_RGB.png 386w, https:\/\/mountainlikers.com\/wp-content\/uploads\/2025\/11\/Logo_AndorraWeb_RGB-324x287.png 324w, https:\/\/mountainlikers.com\/wp-content\/uploads\/2025\/11\/Logo_AndorraWeb_RGB-300x266.png 300w, https:\/\/mountainlikers.com\/wp-content\/uploads\/2025\/11\/Logo_AndorraWeb_RGB-14x12.png 14w\" sizes=\"auto, (max-width: 386px) 100vw, 386px\" \/>\t\t\t\t\t\t\t\t<\/a>\n\t\t\t\t\t\t\t\t\t\t\t\t\t\t\t<\/div>\n\t\t\t\t<\/div>\n\t\t\t\t<\/div>\n\t\t\t\t<\/div>\n\t\t\t\t\t<\/div>\n\t\t\t\t<\/div>\n\t\t<div data-particle_enable=\"false\" data-particle-mobile-disabled=\"false\" class=\"elementor-element elementor-element-2bc7d27f animated-slow e-flex e-con-boxed elementor-invisible e-con e-parent\" data-id=\"2bc7d27f\" data-element_type=\"container\" data-e-type=\"container\" data-settings=\"{&quot;animation&quot;:&quot;fadeIn&quot;,&quot;animation_delay&quot;:280}\">\n\t\t\t\t\t<div class=\"e-con-inner\">\n\t\t\t\t<div class=\"elementor-element elementor-element-cd61cf6 elementor-widget elementor-widget-heading\" data-id=\"cd61cf6\" data-element_type=\"widget\" data-e-type=\"widget\" data-widget_type=\"heading.default\">\n\t\t\t\t<div class=\"elementor-widget-container\">\n\t\t\t\t\t<h2 class=\"elementor-heading-title elementor-size-default\">PATROCINADORS<\/h2>\t\t\t\t<\/div>\n\t\t\t\t<\/div>\n\t\t<div data-particle_enable=\"false\" data-particle-mobile-disabled=\"false\" class=\"elementor-element elementor-element-1339a006 e-con-full e-flex e-con e-child\" data-id=\"1339a006\" data-element_type=\"container\" data-e-type=\"container\">\n\t\t<div data-particle_enable=\"false\" data-particle-mobile-disabled=\"false\" class=\"elementor-element elementor-element-69dd88a2 e-con-full e-flex e-con e-child\" data-id=\"69dd88a2\" data-element_type=\"container\" data-e-type=\"container\">\n\t\t\t\t<div class=\"elementor-element elementor-element-732e4993 elementor-widget elementor-widget-image\" data-id=\"732e4993\" data-element_type=\"widget\" data-e-type=\"widget\" data-widget_type=\"image.default\">\n\t\t\t\t<div class=\"elementor-widget-container\">\n\t\t\t\t\t\t\t\t\t\t\t\t\t\t\t\t<a href=\"http:\/\/www.canillo.ad\" target=\"_blank\">\n\t\t\t\t\t\t\t<img loading=\"lazy\" decoding=\"async\" width=\"92\" height=\"85\" src=\"https:\/\/mountainlikers.com\/wp-content\/uploads\/2021\/10\/Canillo-copia.png\" class=\"attachment-full size-full wp-image-9769\" alt=\"\" srcset=\"https:\/\/mountainlikers.com\/wp-content\/uploads\/2021\/10\/Canillo-copia.png 92w, https:\/\/mountainlikers.com\/wp-content\/uploads\/2021\/10\/Canillo-copia-13x12.png 13w\" sizes=\"auto, (max-width: 92px) 100vw, 92px\" \/>\t\t\t\t\t\t\t\t<\/a>\n\t\t\t\t\t\t\t\t\t\t\t\t\t\t\t<\/div>\n\t\t\t\t<\/div>\n\t\t\t\t<\/div>\n\t\t<div data-particle_enable=\"false\" data-particle-mobile-disabled=\"false\" class=\"elementor-element elementor-element-7438239d e-con-full e-flex e-con e-child\" data-id=\"7438239d\" data-element_type=\"container\" data-e-type=\"container\">\n\t\t\t\t<div class=\"elementor-element elementor-element-865fc0a elementor-widget elementor-widget-image\" data-id=\"865fc0a\" data-element_type=\"widget\" data-e-type=\"widget\" data-widget_type=\"image.default\">\n\t\t\t\t<div class=\"elementor-widget-container\">\n\t\t\t\t\t\t\t\t\t\t\t\t\t\t\t\t<a href=\"https:\/\/www.encamp.ad\" target=\"_blank\">\n\t\t\t\t\t\t\t<img loading=\"lazy\" decoding=\"async\" width=\"160\" height=\"85\" src=\"https:\/\/mountainlikers.com\/wp-content\/uploads\/2023\/09\/2-2.png\" class=\"attachment-full size-full wp-image-12627\" alt=\"\" srcset=\"https:\/\/mountainlikers.com\/wp-content\/uploads\/2023\/09\/2-2.png 160w, https:\/\/mountainlikers.com\/wp-content\/uploads\/2023\/09\/2-2-18x10.png 18w\" sizes=\"auto, (max-width: 160px) 100vw, 160px\" \/>\t\t\t\t\t\t\t\t<\/a>\n\t\t\t\t\t\t\t\t\t\t\t\t\t\t\t<\/div>\n\t\t\t\t<\/div>\n\t\t\t\t<\/div>\n\t\t<div data-particle_enable=\"false\" data-particle-mobile-disabled=\"false\" class=\"elementor-element elementor-element-16d2ef3a e-con-full e-flex e-con e-child\" data-id=\"16d2ef3a\" data-element_type=\"container\" data-e-type=\"container\">\n\t\t\t\t<div class=\"elementor-element elementor-element-75651d98 elementor-widget elementor-widget-image\" data-id=\"75651d98\" data-element_type=\"widget\" data-e-type=\"widget\" data-widget_type=\"image.default\">\n\t\t\t\t<div class=\"elementor-widget-container\">\n\t\t\t\t\t\t\t\t\t\t\t\t\t\t\t\t<a href=\"https:\/\/www.ordino.ad\" target=\"_blank\">\n\t\t\t\t\t\t\t<img loading=\"lazy\" decoding=\"async\" width=\"2454\" height=\"1340\" src=\"https:\/\/mountainlikers.com\/wp-content\/uploads\/2025\/09\/Biosfera_logoO.jpg\" class=\"attachment-full size-full wp-image-14566\" alt=\"\" srcset=\"https:\/\/mountainlikers.com\/wp-content\/uploads\/2025\/09\/Biosfera_logoO.jpg 2454w, https:\/\/mountainlikers.com\/wp-content\/uploads\/2025\/09\/Biosfera_logoO-600x328.jpg 600w, https:\/\/mountainlikers.com\/wp-content\/uploads\/2025\/09\/Biosfera_logoO-800x437.jpg 800w, https:\/\/mountainlikers.com\/wp-content\/uploads\/2025\/09\/Biosfera_logoO-300x164.jpg 300w, https:\/\/mountainlikers.com\/wp-content\/uploads\/2025\/09\/Biosfera_logoO-1024x559.jpg 1024w, https:\/\/mountainlikers.com\/wp-content\/uploads\/2025\/09\/Biosfera_logoO-768x419.jpg 768w, https:\/\/mountainlikers.com\/wp-content\/uploads\/2025\/09\/Biosfera_logoO-1536x839.jpg 1536w, https:\/\/mountainlikers.com\/wp-content\/uploads\/2025\/09\/Biosfera_logoO-2048x1118.jpg 2048w, https:\/\/mountainlikers.com\/wp-content\/uploads\/2025\/09\/Biosfera_logoO-18x10.jpg 18w\" sizes=\"auto, (max-width: 2454px) 100vw, 2454px\" \/>\t\t\t\t\t\t\t\t<\/a>\n\t\t\t\t\t\t\t\t\t\t\t\t\t\t\t<\/div>\n\t\t\t\t<\/div>\n\t\t\t\t<\/div>\n\t\t<div data-particle_enable=\"false\" data-particle-mobile-disabled=\"false\" class=\"elementor-element elementor-element-3d427776 e-con-full e-flex e-con e-child\" data-id=\"3d427776\" data-element_type=\"container\" data-e-type=\"container\">\n\t\t\t\t<div class=\"elementor-element elementor-element-472a24b6 elementor-widget elementor-widget-image\" data-id=\"472a24b6\" data-element_type=\"widget\" data-e-type=\"widget\" data-widget_type=\"image.default\">\n\t\t\t\t<div class=\"elementor-widget-container\">\n\t\t\t\t\t\t\t\t\t\t\t\t\t\t\t\t<a href=\"https:\/\/www.lamassana.ad\" target=\"_blank\">\n\t\t\t\t\t\t\t<img loading=\"lazy\" decoding=\"async\" width=\"2454\" height=\"1340\" src=\"https:\/\/mountainlikers.com\/wp-content\/uploads\/2025\/11\/Untitled-design-236.png\" class=\"attachment-full size-full wp-image-14901\" alt=\"\" srcset=\"https:\/\/mountainlikers.com\/wp-content\/uploads\/2025\/11\/Untitled-design-236.png 2454w, https:\/\/mountainlikers.com\/wp-content\/uploads\/2025\/11\/Untitled-design-236-600x328.png 600w, https:\/\/mountainlikers.com\/wp-content\/uploads\/2025\/11\/Untitled-design-236-800x437.png 800w, https:\/\/mountainlikers.com\/wp-content\/uploads\/2025\/11\/Untitled-design-236-300x164.png 300w, https:\/\/mountainlikers.com\/wp-content\/uploads\/2025\/11\/Untitled-design-236-1024x559.png 1024w, https:\/\/mountainlikers.com\/wp-content\/uploads\/2025\/11\/Untitled-design-236-768x419.png 768w, https:\/\/mountainlikers.com\/wp-content\/uploads\/2025\/11\/Untitled-design-236-1536x839.png 1536w, https:\/\/mountainlikers.com\/wp-content\/uploads\/2025\/11\/Untitled-design-236-2048x1118.png 2048w, https:\/\/mountainlikers.com\/wp-content\/uploads\/2025\/11\/Untitled-design-236-18x10.png 18w\" sizes=\"auto, (max-width: 2454px) 100vw, 2454px\" \/>\t\t\t\t\t\t\t\t<\/a>\n\t\t\t\t\t\t\t\t\t\t\t\t\t\t\t<\/div>\n\t\t\t\t<\/div>\n\t\t\t\t<\/div>\n\t\t\t\t<\/div>\n\t\t<div data-particle_enable=\"false\" data-particle-mobile-disabled=\"false\" class=\"elementor-element elementor-element-69e9b777 e-con-full e-flex e-con e-child\" data-id=\"69e9b777\" data-element_type=\"container\" data-e-type=\"container\">\n\t\t<div data-particle_enable=\"false\" data-particle-mobile-disabled=\"false\" class=\"elementor-element elementor-element-6066a1d e-con-full e-flex e-con e-child\" data-id=\"6066a1d\" data-element_type=\"container\" data-e-type=\"container\">\n\t\t\t\t<div class=\"elementor-element elementor-element-2cbbaaf elementor-widget elementor-widget-image\" data-id=\"2cbbaaf\" data-element_type=\"widget\" data-e-type=\"widget\" data-widget_type=\"image.default\">\n\t\t\t\t<div class=\"elementor-widget-container\">\n\t\t\t\t\t\t\t\t\t\t\t\t\t\t\t\t<a href=\"https:\/\/www.andorralavella.ad\" target=\"_blank\">\n\t\t\t\t\t\t\t<img loading=\"lazy\" decoding=\"async\" width=\"2560\" height=\"1811\" src=\"https:\/\/mountainlikers.com\/wp-content\/uploads\/2025\/11\/ALV_LOGO_Variants_CMYK-scaled.png\" class=\"attachment-full size-full wp-image-14893\" alt=\"\" srcset=\"https:\/\/mountainlikers.com\/wp-content\/uploads\/2025\/11\/ALV_LOGO_Variants_CMYK-scaled.png 2560w, https:\/\/mountainlikers.com\/wp-content\/uploads\/2025\/11\/ALV_LOGO_Variants_CMYK-scaled-600x424.png 600w, https:\/\/mountainlikers.com\/wp-content\/uploads\/2025\/11\/ALV_LOGO_Variants_CMYK-scaled-800x566.png 800w, https:\/\/mountainlikers.com\/wp-content\/uploads\/2025\/11\/ALV_LOGO_Variants_CMYK-300x212.png 300w, https:\/\/mountainlikers.com\/wp-content\/uploads\/2025\/11\/ALV_LOGO_Variants_CMYK-1024x724.png 1024w, https:\/\/mountainlikers.com\/wp-content\/uploads\/2025\/11\/ALV_LOGO_Variants_CMYK-768x543.png 768w, https:\/\/mountainlikers.com\/wp-content\/uploads\/2025\/11\/ALV_LOGO_Variants_CMYK-1536x1086.png 1536w, https:\/\/mountainlikers.com\/wp-content\/uploads\/2025\/11\/ALV_LOGO_Variants_CMYK-2048x1448.png 2048w, https:\/\/mountainlikers.com\/wp-content\/uploads\/2025\/11\/ALV_LOGO_Variants_CMYK-18x12.png 18w\" sizes=\"auto, (max-width: 2560px) 100vw, 2560px\" \/>\t\t\t\t\t\t\t\t<\/a>\n\t\t\t\t\t\t\t\t\t\t\t\t\t\t\t<\/div>\n\t\t\t\t<\/div>\n\t\t\t\t<\/div>\n\t\t<div data-particle_enable=\"false\" data-particle-mobile-disabled=\"false\" class=\"elementor-element elementor-element-2fa52b47 e-con-full e-flex e-con e-child\" data-id=\"2fa52b47\" data-element_type=\"container\" data-e-type=\"container\">\n\t\t\t\t<div class=\"elementor-element elementor-element-1d6e45db elementor-widget elementor-widget-image\" data-id=\"1d6e45db\" data-element_type=\"widget\" data-e-type=\"widget\" data-widget_type=\"image.default\">\n\t\t\t\t<div class=\"elementor-widget-container\">\n\t\t\t\t\t\t\t\t\t\t\t\t\t\t\t\t<a href=\"https:\/\/comusantjulia.ad\/ca\/\" target=\"_blank\">\n\t\t\t\t\t\t\t<img loading=\"lazy\" decoding=\"async\" width=\"1920\" height=\"1080\" src=\"https:\/\/mountainlikers.com\/wp-content\/uploads\/2023\/11\/logosantjulia2023v2.png\" class=\"attachment-full size-full wp-image-12774\" alt=\"\" srcset=\"https:\/\/mountainlikers.com\/wp-content\/uploads\/2023\/11\/logosantjulia2023v2.png 1920w, https:\/\/mountainlikers.com\/wp-content\/uploads\/2023\/11\/logosantjulia2023v2-600x338.png 600w, https:\/\/mountainlikers.com\/wp-content\/uploads\/2023\/11\/logosantjulia2023v2-800x450.png 800w, https:\/\/mountainlikers.com\/wp-content\/uploads\/2023\/11\/logosantjulia2023v2-300x169.png 300w, https:\/\/mountainlikers.com\/wp-content\/uploads\/2023\/11\/logosantjulia2023v2-1024x576.png 1024w, https:\/\/mountainlikers.com\/wp-content\/uploads\/2023\/11\/logosantjulia2023v2-768x432.png 768w, https:\/\/mountainlikers.com\/wp-content\/uploads\/2023\/11\/logosantjulia2023v2-1536x864.png 1536w, https:\/\/mountainlikers.com\/wp-content\/uploads\/2023\/11\/logosantjulia2023v2-18x10.png 18w\" sizes=\"auto, (max-width: 1920px) 100vw, 1920px\" \/>\t\t\t\t\t\t\t\t<\/a>\n\t\t\t\t\t\t\t\t\t\t\t\t\t\t\t<\/div>\n\t\t\t\t<\/div>\n\t\t\t\t<\/div>\n\t\t<div data-particle_enable=\"false\" data-particle-mobile-disabled=\"false\" class=\"elementor-element elementor-element-946c27b e-con-full e-flex e-con e-child\" data-id=\"946c27b\" data-element_type=\"container\" data-e-type=\"container\">\n\t\t\t\t<div class=\"elementor-element elementor-element-635e4d2 elementor-widget elementor-widget-image\" data-id=\"635e4d2\" data-element_type=\"widget\" data-e-type=\"widget\" data-widget_type=\"image.default\">\n\t\t\t\t<div class=\"elementor-widget-container\">\n\t\t\t\t\t\t\t\t\t\t\t\t\t\t\t\t<a href=\"https:\/\/e-e.ad\" target=\"_blank\">\n\t\t\t\t\t\t\t<img loading=\"lazy\" decoding=\"async\" width=\"2454\" height=\"1340\" src=\"https:\/\/mountainlikers.com\/wp-content\/uploads\/2026\/01\/Logo_Turisme_Escaldes-v2.png\" class=\"attachment-full size-full wp-image-15404\" alt=\"\" srcset=\"https:\/\/mountainlikers.com\/wp-content\/uploads\/2026\/01\/Logo_Turisme_Escaldes-v2.png 2454w, https:\/\/mountainlikers.com\/wp-content\/uploads\/2026\/01\/Logo_Turisme_Escaldes-v2-600x328.png 600w, https:\/\/mountainlikers.com\/wp-content\/uploads\/2026\/01\/Logo_Turisme_Escaldes-v2-800x437.png 800w, https:\/\/mountainlikers.com\/wp-content\/uploads\/2026\/01\/Logo_Turisme_Escaldes-v2-300x164.png 300w, https:\/\/mountainlikers.com\/wp-content\/uploads\/2026\/01\/Logo_Turisme_Escaldes-v2-1024x559.png 1024w, https:\/\/mountainlikers.com\/wp-content\/uploads\/2026\/01\/Logo_Turisme_Escaldes-v2-768x419.png 768w, https:\/\/mountainlikers.com\/wp-content\/uploads\/2026\/01\/Logo_Turisme_Escaldes-v2-1536x839.png 1536w, https:\/\/mountainlikers.com\/wp-content\/uploads\/2026\/01\/Logo_Turisme_Escaldes-v2-2048x1118.png 2048w, https:\/\/mountainlikers.com\/wp-content\/uploads\/2026\/01\/Logo_Turisme_Escaldes-v2-18x10.png 18w\" sizes=\"auto, (max-width: 2454px) 100vw, 2454px\" \/>\t\t\t\t\t\t\t\t<\/a>\n\t\t\t\t\t\t\t\t\t\t\t\t\t\t\t<\/div>\n\t\t\t\t<\/div>\n\t\t\t\t<\/div>\n\t\t<div data-particle_enable=\"false\" data-particle-mobile-disabled=\"false\" class=\"elementor-element elementor-element-6a53d9b e-con-full e-flex e-con e-child\" data-id=\"6a53d9b\" data-element_type=\"container\" data-e-type=\"container\">\n\t\t\t\t<div class=\"elementor-element elementor-element-440f9baa elementor-widget elementor-widget-image\" data-id=\"440f9baa\" data-element_type=\"widget\" data-e-type=\"widget\" data-widget_type=\"image.default\">\n\t\t\t\t<div class=\"elementor-widget-container\">\n\t\t\t\t\t\t\t\t\t\t\t\t\t\t\t\t<a href=\"https:\/\/visitandorra.com\/en\/\" target=\"_blank\">\n\t\t\t\t\t\t\t<img loading=\"lazy\" decoding=\"async\" width=\"1920\" height=\"1080\" src=\"https:\/\/mountainlikers.com\/wp-content\/uploads\/2025\/10\/Untitled-design-224.png\" class=\"attachment-full size-full wp-image-14773\" alt=\"\" srcset=\"https:\/\/mountainlikers.com\/wp-content\/uploads\/2025\/10\/Untitled-design-224.png 1920w, https:\/\/mountainlikers.com\/wp-content\/uploads\/2025\/10\/Untitled-design-224-600x338.png 600w, https:\/\/mountainlikers.com\/wp-content\/uploads\/2025\/10\/Untitled-design-224-800x450.png 800w, https:\/\/mountainlikers.com\/wp-content\/uploads\/2025\/10\/Untitled-design-224-300x169.png 300w, https:\/\/mountainlikers.com\/wp-content\/uploads\/2025\/10\/Untitled-design-224-1024x576.png 1024w, https:\/\/mountainlikers.com\/wp-content\/uploads\/2025\/10\/Untitled-design-224-768x432.png 768w, https:\/\/mountainlikers.com\/wp-content\/uploads\/2025\/10\/Untitled-design-224-1536x864.png 1536w, https:\/\/mountainlikers.com\/wp-content\/uploads\/2025\/10\/Untitled-design-224-18x10.png 18w\" sizes=\"auto, (max-width: 1920px) 100vw, 1920px\" \/>\t\t\t\t\t\t\t\t<\/a>\n\t\t\t\t\t\t\t\t\t\t\t\t\t\t\t<\/div>\n\t\t\t\t<\/div>\n\t\t\t\t<\/div>\n\t\t\t\t<\/div>\n\t\t\t\t\t<\/div>\n\t\t\t\t<\/div>\n\t\t<div data-particle_enable=\"false\" data-particle-mobile-disabled=\"false\" class=\"elementor-element elementor-element-9854741 animated-slow e-flex e-con-boxed elementor-invisible e-con e-parent\" data-id=\"9854741\" data-element_type=\"container\" data-e-type=\"container\" data-settings=\"{&quot;animation&quot;:&quot;fadeIn&quot;,&quot;animation_delay&quot;:320}\">\n\t\t\t\t\t<div class=\"e-con-inner\">\n\t\t<div data-particle_enable=\"false\" data-particle-mobile-disabled=\"false\" class=\"elementor-element elementor-element-10b9200c e-con-full e-flex e-con e-child\" data-id=\"10b9200c\" data-element_type=\"container\" data-e-type=\"container\">\n\t\t\t\t<div class=\"elementor-element elementor-element-7876efd3 elementor-widget elementor-widget-heading\" data-id=\"7876efd3\" data-element_type=\"widget\" data-e-type=\"widget\" data-widget_type=\"heading.default\">\n\t\t\t\t<div class=\"elementor-widget-container\">\n\t\t\t\t\t<h2 class=\"elementor-heading-title elementor-size-default\">PARTNER TECNOL\u00d2GIC<\/h2>\t\t\t\t<\/div>\n\t\t\t\t<\/div>\n\t\t\t\t<div class=\"elementor-element elementor-element-260305cf elementor-widget elementor-widget-image\" data-id=\"260305cf\" data-element_type=\"widget\" data-e-type=\"widget\" data-widget_type=\"image.default\">\n\t\t\t\t<div class=\"elementor-widget-container\">\n\t\t\t\t\t\t\t\t\t\t\t\t\t\t\t\t<a href=\"https:\/\/www.andorratelecom.ad\" target=\"_blank\">\n\t\t\t\t\t\t\t<img loading=\"lazy\" decoding=\"async\" width=\"1275\" height=\"499\" src=\"https:\/\/mountainlikers.com\/wp-content\/uploads\/2025\/10\/ATel_Logo_RGB_03.png\" class=\"attachment-full size-full wp-image-14734\" alt=\"\" srcset=\"https:\/\/mountainlikers.com\/wp-content\/uploads\/2025\/10\/ATel_Logo_RGB_03.png 1275w, https:\/\/mountainlikers.com\/wp-content\/uploads\/2025\/10\/ATel_Logo_RGB_03-600x235.png 600w, https:\/\/mountainlikers.com\/wp-content\/uploads\/2025\/10\/ATel_Logo_RGB_03-800x313.png 800w, https:\/\/mountainlikers.com\/wp-content\/uploads\/2025\/10\/ATel_Logo_RGB_03-300x117.png 300w, https:\/\/mountainlikers.com\/wp-content\/uploads\/2025\/10\/ATel_Logo_RGB_03-1024x401.png 1024w, https:\/\/mountainlikers.com\/wp-content\/uploads\/2025\/10\/ATel_Logo_RGB_03-768x301.png 768w, https:\/\/mountainlikers.com\/wp-content\/uploads\/2025\/10\/ATel_Logo_RGB_03-18x7.png 18w\" sizes=\"auto, (max-width: 1275px) 100vw, 1275px\" \/>\t\t\t\t\t\t\t\t<\/a>\n\t\t\t\t\t\t\t\t\t\t\t\t\t\t\t<\/div>\n\t\t\t\t<\/div>\n\t\t\t\t<\/div>\n\t\t<div data-particle_enable=\"false\" data-particle-mobile-disabled=\"false\" class=\"elementor-element elementor-element-18f1853 e-con-full e-flex e-con e-child\" data-id=\"18f1853\" data-element_type=\"container\" data-e-type=\"container\">\n\t\t\t\t<div class=\"elementor-element elementor-element-2eb42cd3 elementor-widget elementor-widget-heading\" data-id=\"2eb42cd3\" data-element_type=\"widget\" data-e-type=\"widget\" data-widget_type=\"heading.default\">\n\t\t\t\t<div class=\"elementor-widget-container\">\n\t\t\t\t\t<h2 class=\"elementor-heading-title elementor-size-default\">PATROCINADOR PLATA<\/h2>\t\t\t\t<\/div>\n\t\t\t\t<\/div>\n\t\t\t\t<div class=\"elementor-element elementor-element-1a0d5c0 elementor-widget elementor-widget-spacer\" data-id=\"1a0d5c0\" data-element_type=\"widget\" data-e-type=\"widget\" data-widget_type=\"spacer.default\">\n\t\t\t\t<div class=\"elementor-widget-container\">\n\t\t\t\t\t\t\t<div class=\"elementor-spacer\">\n\t\t\t<div class=\"elementor-spacer-inner\"><\/div>\n\t\t<\/div>\n\t\t\t\t\t\t<\/div>\n\t\t\t\t<\/div>\n\t\t\t\t<div class=\"elementor-element elementor-element-607b8266 elementor-widget elementor-widget-image\" data-id=\"607b8266\" data-element_type=\"widget\" data-e-type=\"widget\" data-widget_type=\"image.default\">\n\t\t\t\t<div class=\"elementor-widget-container\">\n\t\t\t\t\t\t\t\t\t\t\t\t\t\t\t\t<a href=\"https:\/\/comercial.creditandorragroup.ad\/ca\" target=\"_blank\">\n\t\t\t\t\t\t\t<img decoding=\"async\" src=\"https:\/\/mountainlikers.com\/wp-content\/uploads\/elementor\/thumbs\/Creand-CA-LVerde-FBlanco-CMYK-scaled-rj1mzld712u9nccjnujtk57izxf5hasnikwmiirrwg.png\" title=\"Creand CA LVerde FBlanco CMYK\" alt=\"Creand CA LVerde FBlanco CMYK\" loading=\"lazy\" \/>\t\t\t\t\t\t\t\t<\/a>\n\t\t\t\t\t\t\t\t\t\t\t\t\t\t\t<\/div>\n\t\t\t\t<\/div>\n\t\t\t\t<\/div>\n\t\t\t\t\t<\/div>\n\t\t\t\t<\/div>\n\t\t<div data-particle_enable=\"false\" data-particle-mobile-disabled=\"false\" class=\"elementor-element elementor-element-11b559e2 animated-slow e-flex e-con-boxed elementor-invisible e-con e-parent\" data-id=\"11b559e2\" data-element_type=\"container\" data-e-type=\"container\" data-settings=\"{&quot;animation&quot;:&quot;fadeIn&quot;,&quot;animation_delay&quot;:350}\">\n\t\t\t\t\t<div class=\"e-con-inner\">\n\t\t\t\t<div class=\"elementor-element elementor-element-1e5c68ff elementor-widget elementor-widget-heading\" data-id=\"1e5c68ff\" data-element_type=\"widget\" data-e-type=\"widget\" data-widget_type=\"heading.default\">\n\t\t\t\t<div class=\"elementor-widget-container\">\n\t\t\t\t\t<h2 class=\"elementor-heading-title elementor-size-default\">col\u00b7laboradors<\/h2>\t\t\t\t<\/div>\n\t\t\t\t<\/div>\n\t\t<div data-particle_enable=\"false\" data-particle-mobile-disabled=\"false\" class=\"elementor-element elementor-element-5e981a68 e-con-full e-flex e-con e-child\" data-id=\"5e981a68\" data-element_type=\"container\" data-e-type=\"container\">\n\t\t<div data-particle_enable=\"false\" data-particle-mobile-disabled=\"false\" class=\"elementor-element elementor-element-67fdb900 e-con-full e-flex e-con e-child\" data-id=\"67fdb900\" data-element_type=\"container\" data-e-type=\"container\">\n\t\t\t\t<div class=\"elementor-element elementor-element-3a728935 elementor-widget elementor-widget-image\" data-id=\"3a728935\" data-element_type=\"widget\" data-e-type=\"widget\" data-widget_type=\"image.default\">\n\t\t\t\t<div class=\"elementor-widget-container\">\n\t\t\t\t\t\t\t\t\t\t\t\t\t\t\t\t<a href=\"https:\/\/www.grandvalira.com\/en\" target=\"_blank\">\n\t\t\t\t\t\t\t<img loading=\"lazy\" decoding=\"async\" width=\"640\" height=\"349\" src=\"https:\/\/mountainlikers.com\/wp-content\/uploads\/2025\/11\/Untitled-design-238-1024x559.png\" class=\"attachment-large size-large wp-image-14939\" alt=\"\" srcset=\"https:\/\/mountainlikers.com\/wp-content\/uploads\/2025\/11\/Untitled-design-238-1024x559.png 1024w, https:\/\/mountainlikers.com\/wp-content\/uploads\/2025\/11\/Untitled-design-238-600x328.png 600w, https:\/\/mountainlikers.com\/wp-content\/uploads\/2025\/11\/Untitled-design-238-800x437.png 800w, https:\/\/mountainlikers.com\/wp-content\/uploads\/2025\/11\/Untitled-design-238-300x164.png 300w, https:\/\/mountainlikers.com\/wp-content\/uploads\/2025\/11\/Untitled-design-238-768x419.png 768w, https:\/\/mountainlikers.com\/wp-content\/uploads\/2025\/11\/Untitled-design-238-1536x839.png 1536w, https:\/\/mountainlikers.com\/wp-content\/uploads\/2025\/11\/Untitled-design-238-2048x1118.png 2048w, https:\/\/mountainlikers.com\/wp-content\/uploads\/2025\/11\/Untitled-design-238-18x10.png 18w\" sizes=\"auto, (max-width: 640px) 100vw, 640px\" \/>\t\t\t\t\t\t\t\t<\/a>\n\t\t\t\t\t\t\t\t\t\t\t\t\t\t\t<\/div>\n\t\t\t\t<\/div>\n\t\t\t\t<\/div>\n\t\t<div data-particle_enable=\"false\" data-particle-mobile-disabled=\"false\" class=\"elementor-element elementor-element-34db08f2 e-con-full e-flex e-con e-child\" data-id=\"34db08f2\" data-element_type=\"container\" data-e-type=\"container\">\n\t\t\t\t<div class=\"elementor-element elementor-element-4bc4936a elementor-widget elementor-widget-image\" data-id=\"4bc4936a\" data-element_type=\"widget\" data-e-type=\"widget\" data-widget_type=\"image.default\">\n\t\t\t\t<div class=\"elementor-widget-container\">\n\t\t\t\t\t\t\t\t\t\t\t\t\t\t\t\t<a href=\"https:\/\/naturland.ad\/es\/\" target=\"_blank\">\n\t\t\t\t\t\t\t<img loading=\"lazy\" decoding=\"async\" width=\"640\" height=\"349\" src=\"https:\/\/mountainlikers.com\/wp-content\/uploads\/2025\/11\/1-2-1024x559.png\" class=\"attachment-large size-large wp-image-14948\" alt=\"\" srcset=\"https:\/\/mountainlikers.com\/wp-content\/uploads\/2025\/11\/1-2-1024x559.png 1024w, https:\/\/mountainlikers.com\/wp-content\/uploads\/2025\/11\/1-2-600x328.png 600w, https:\/\/mountainlikers.com\/wp-content\/uploads\/2025\/11\/1-2-800x437.png 800w, https:\/\/mountainlikers.com\/wp-content\/uploads\/2025\/11\/1-2-300x164.png 300w, https:\/\/mountainlikers.com\/wp-content\/uploads\/2025\/11\/1-2-768x419.png 768w, https:\/\/mountainlikers.com\/wp-content\/uploads\/2025\/11\/1-2-1536x839.png 1536w, https:\/\/mountainlikers.com\/wp-content\/uploads\/2025\/11\/1-2-2048x1118.png 2048w, https:\/\/mountainlikers.com\/wp-content\/uploads\/2025\/11\/1-2-18x10.png 18w\" sizes=\"auto, (max-width: 640px) 100vw, 640px\" \/>\t\t\t\t\t\t\t\t<\/a>\n\t\t\t\t\t\t\t\t\t\t\t\t\t\t\t<\/div>\n\t\t\t\t<\/div>\n\t\t\t\t<\/div>\n\t\t<div data-particle_enable=\"false\" data-particle-mobile-disabled=\"false\" class=\"elementor-element elementor-element-7d8aaba8 e-con-full e-flex e-con e-child\" data-id=\"7d8aaba8\" data-element_type=\"container\" data-e-type=\"container\">\n\t\t\t\t<div class=\"elementor-element elementor-element-6cd615be elementor-widget elementor-widget-image\" data-id=\"6cd615be\" data-element_type=\"widget\" data-e-type=\"widget\" data-widget_type=\"image.default\">\n\t\t\t\t<div class=\"elementor-widget-container\">\n\t\t\t\t\t\t\t\t\t\t\t\t\t\t\t\t<a href=\"https:\/\/www.caldea.com\" target=\"_blank\">\n\t\t\t\t\t\t\t<img loading=\"lazy\" decoding=\"async\" width=\"2454\" height=\"1340\" src=\"https:\/\/mountainlikers.com\/wp-content\/uploads\/2025\/11\/2-2.png\" class=\"attachment-full size-full wp-image-14947\" alt=\"\" srcset=\"https:\/\/mountainlikers.com\/wp-content\/uploads\/2025\/11\/2-2.png 2454w, https:\/\/mountainlikers.com\/wp-content\/uploads\/2025\/11\/2-2-600x328.png 600w, https:\/\/mountainlikers.com\/wp-content\/uploads\/2025\/11\/2-2-800x437.png 800w, https:\/\/mountainlikers.com\/wp-content\/uploads\/2025\/11\/2-2-300x164.png 300w, https:\/\/mountainlikers.com\/wp-content\/uploads\/2025\/11\/2-2-1024x559.png 1024w, https:\/\/mountainlikers.com\/wp-content\/uploads\/2025\/11\/2-2-768x419.png 768w, https:\/\/mountainlikers.com\/wp-content\/uploads\/2025\/11\/2-2-1536x839.png 1536w, https:\/\/mountainlikers.com\/wp-content\/uploads\/2025\/11\/2-2-2048x1118.png 2048w, https:\/\/mountainlikers.com\/wp-content\/uploads\/2025\/11\/2-2-18x10.png 18w\" sizes=\"auto, (max-width: 2454px) 100vw, 2454px\" \/>\t\t\t\t\t\t\t\t<\/a>\n\t\t\t\t\t\t\t\t\t\t\t\t\t\t\t<\/div>\n\t\t\t\t<\/div>\n\t\t\t\t<\/div>\n\t\t\t\t<\/div>\n\t\t\t\t\t<\/div>\n\t\t\t\t<\/div>\n\t\t\t\t<section data-particle_enable=\"false\" data-particle-mobile-disabled=\"false\" class=\"elementor-section elementor-top-section elementor-element elementor-element-40a8aff elementor-section-stretched animated-slow elementor-hidden-desktop elementor-hidden-tablet elementor-hidden-mobile elementor-section-boxed elementor-section-height-default elementor-section-height-default elementor-invisible\" data-id=\"40a8aff\" data-element_type=\"section\" data-e-type=\"section\" data-settings=\"{&quot;stretch_section&quot;:&quot;section-stretched&quot;,&quot;background_background&quot;:&quot;classic&quot;,&quot;shape_divider_top&quot;:&quot;mountains&quot;,&quot;shape_divider_bottom&quot;:&quot;mountains&quot;,&quot;animation&quot;:&quot;fadeIn&quot;,&quot;animation_delay&quot;:250}\">\n\t\t\t\t\t\t\t<div class=\"elementor-background-overlay\"><\/div>\n\t\t\t\t\t\t<div class=\"elementor-shape elementor-shape-top\" aria-hidden=\"true\" data-negative=\"false\">\n\t\t\t<svg xmlns=\"http:\/\/www.w3.org\/2000\/svg\" viewBox=\"0 0 1000 100\" preserveAspectRatio=\"none\">\n\t<path class=\"elementor-shape-fill\" opacity=\"0.33\" d=\"M473,67.3c-203.9,88.3-263.1-34-320.3,0C66,119.1,0,59.7,0,59.7V0h1000v59.7 c0,0-62.1,26.1-94.9,29.3c-32.8,3.3-62.8-12.3-75.8-22.1C806,49.6,745.3,8.7,694.9,4.7S492.4,59,473,67.3z\"\/>\n\t<path class=\"elementor-shape-fill\" opacity=\"0.66\" d=\"M734,67.3c-45.5,0-77.2-23.2-129.1-39.1c-28.6-8.7-150.3-10.1-254,39.1 s-91.7-34.4-149.2,0C115.7,118.3,0,39.8,0,39.8V0h1000v36.5c0,0-28.2-18.5-92.1-18.5C810.2,18.1,775.7,67.3,734,67.3z\"\/>\n\t<path class=\"elementor-shape-fill\" d=\"M766.1,28.9c-200-57.5-266,65.5-395.1,19.5C242,1.8,242,5.4,184.8,20.6C128,35.8,132.3,44.9,89.9,52.5C28.6,63.7,0,0,0,0 h1000c0,0-9.9,40.9-83.6,48.1S829.6,47,766.1,28.9z\"\/>\n<\/svg>\t\t<\/div>\n\t\t\t\t<div class=\"elementor-shape elementor-shape-bottom\" aria-hidden=\"true\" data-negative=\"false\">\n\t\t\t<svg xmlns=\"http:\/\/www.w3.org\/2000\/svg\" viewBox=\"0 0 1000 100\" preserveAspectRatio=\"none\">\n\t<path class=\"elementor-shape-fill\" opacity=\"0.33\" d=\"M473,67.3c-203.9,88.3-263.1-34-320.3,0C66,119.1,0,59.7,0,59.7V0h1000v59.7 c0,0-62.1,26.1-94.9,29.3c-32.8,3.3-62.8-12.3-75.8-22.1C806,49.6,745.3,8.7,694.9,4.7S492.4,59,473,67.3z\"\/>\n\t<path class=\"elementor-shape-fill\" opacity=\"0.66\" d=\"M734,67.3c-45.5,0-77.2-23.2-129.1-39.1c-28.6-8.7-150.3-10.1-254,39.1 s-91.7-34.4-149.2,0C115.7,118.3,0,39.8,0,39.8V0h1000v36.5c0,0-28.2-18.5-92.1-18.5C810.2,18.1,775.7,67.3,734,67.3z\"\/>\n\t<path class=\"elementor-shape-fill\" d=\"M766.1,28.9c-200-57.5-266,65.5-395.1,19.5C242,1.8,242,5.4,184.8,20.6C128,35.8,132.3,44.9,89.9,52.5C28.6,63.7,0,0,0,0 h1000c0,0-9.9,40.9-83.6,48.1S829.6,47,766.1,28.9z\"\/>\n<\/svg>\t\t<\/div>\n\t\t\t\t\t<div class=\"elementor-container elementor-column-gap-default\">\n\t\t\t\t\t<div class=\"elementor-column elementor-col-100 elementor-top-column elementor-element elementor-element-60072a8\" data-id=\"60072a8\" data-element_type=\"column\" data-e-type=\"column\">\n\t\t\t<div class=\"elementor-widget-wrap elementor-element-populated\">\n\t\t\t\t\t\t<div class=\"elementor-element elementor-element-6f4f518 elementor-widget elementor-widget-spacer\" data-id=\"6f4f518\" data-element_type=\"widget\" data-e-type=\"widget\" data-widget_type=\"spacer.default\">\n\t\t\t\t<div class=\"elementor-widget-container\">\n\t\t\t\t\t\t\t<div class=\"elementor-spacer\">\n\t\t\t<div class=\"elementor-spacer-inner\"><\/div>\n\t\t<\/div>\n\t\t\t\t\t\t<\/div>\n\t\t\t\t<\/div>\n\t\t\t\t\t<\/div>\n\t\t<\/div>\n\t\t\t\t\t<\/div>\n\t\t<\/section>\n\t\t\t\t<section data-particle_enable=\"false\" data-particle-mobile-disabled=\"false\" class=\"elementor-section elementor-top-section elementor-element elementor-element-eabcea5 elementor-section-stretched animated-slow elementor-section-boxed elementor-section-height-default elementor-section-height-default elementor-invisible\" data-id=\"eabcea5\" data-element_type=\"section\" data-e-type=\"section\" data-settings=\"{&quot;stretch_section&quot;:&quot;section-stretched&quot;,&quot;background_background&quot;:&quot;gradient&quot;,&quot;animation&quot;:&quot;fadeInUp&quot;,&quot;animation_delay&quot;:350}\">\n\t\t\t\t\t\t<div class=\"elementor-container elementor-column-gap-default\">\n\t\t\t\t\t<div class=\"elementor-column elementor-col-100 elementor-top-column elementor-element elementor-element-86bf2ed\" data-id=\"86bf2ed\" data-element_type=\"column\" data-e-type=\"column\">\n\t\t\t<div class=\"elementor-widget-wrap\">\n\t\t\t\t\t\t\t<\/div>\n\t\t<\/div>\n\t\t\t\t\t<\/div>\n\t\t<\/section>\n\t\t\t\t<section data-particle_enable=\"false\" data-particle-mobile-disabled=\"false\" class=\"elementor-section elementor-top-section elementor-element elementor-element-ee67b94 elementor-section-stretched animated-slow elementor-section-boxed elementor-section-height-default elementor-section-height-default elementor-invisible\" data-id=\"ee67b94\" data-element_type=\"section\" data-e-type=\"section\" data-settings=\"{&quot;stretch_section&quot;:&quot;section-stretched&quot;,&quot;background_background&quot;:&quot;classic&quot;,&quot;shape_divider_top&quot;:&quot;wave-brush&quot;,&quot;shape_divider_bottom&quot;:&quot;wave-brush&quot;,&quot;animation&quot;:&quot;fadeIn&quot;,&quot;animation_delay&quot;:200}\">\n\t\t\t\t\t\t\t<div class=\"elementor-background-overlay\"><\/div>\n\t\t\t\t\t\t<div class=\"elementor-shape elementor-shape-top\" aria-hidden=\"true\" data-negative=\"false\">\n\t\t\t<svg xmlns=\"http:\/\/www.w3.org\/2000\/svg\" viewBox=\"0 0 283.5 27.8\" preserveAspectRatio=\"none\">\n\t<path class=\"elementor-shape-fill\" d=\"M283.5,9.7c0,0-7.3,4.3-14,4.6c-6.8,0.3-12.6,0-20.9-1.5c-11.3-2-33.1-10.1-44.7-5.7\ts-12.1,4.6-18,7.4c-6.6,3.2-20,9.6-36.6,9.3C131.6,23.5,99.5,7.2,86.3,8c-1.4,0.1-6.6,0.8-10.5,2c-3.8,1.2-9.4,3.8-17,4.7\tc-3.2,0.4-8.3,1.1-14.2,0.9c-1.5-0.1-6.3-0.4-12-1.6c-5.7-1.2-11-3.1-15.8-3.7C6.5,9.2,0,10.8,0,10.8V0h283.5V9.7z M260.8,11.3\tc-0.7-1-2-0.4-4.3-0.4c-2.3,0-6.1-1.2-5.8-1.1c0.3,0.1,3.1,1.5,6,1.9C259.7,12.2,261.4,12.3,260.8,11.3z M242.4,8.6\tc0,0-2.4-0.2-5.6-0.9c-3.2-0.8-10.3-2.8-15.1-3.5c-8.2-1.1-15.8,0-15.1,0.1c0.8,0.1,9.6-0.6,17.6,1.1c3.3,0.7,9.3,2.2,12.4,2.7\tC239.9,8.7,242.4,8.6,242.4,8.6z M185.2,8.5c1.7-0.7-13.3,4.7-18.5,6.1c-2.1,0.6-6.2,1.6-10,2c-3.9,0.4-8.9,0.4-8.8,0.5\tc0,0.2,5.8,0.8,11.2,0c5.4-0.8,5.2-1.1,7.6-1.6C170.5,14.7,183.5,9.2,185.2,8.5z M199.1,6.9c0.2,0-0.8-0.4-4.8,1.1\tc-4,1.5-6.7,3.5-6.9,3.7c-0.2,0.1,3.5-1.8,6.6-3C197,7.5,199,6.9,199.1,6.9z M283,6c-0.1,0.1-1.9,1.1-4.8,2.5s-6.9,2.8-6.7,2.7\tc0.2,0,3.5-0.6,7.4-2.5C282.8,6.8,283.1,5.9,283,6z M31.3,11.6c0.1-0.2-1.9-0.2-4.5-1.2s-5.4-1.6-7.8-2C15,7.6,7.3,8.5,7.7,8.6\tC8,8.7,15.9,8.3,20.2,9.3c2.2,0.5,2.4,0.5,5.7,1.6S31.2,11.9,31.3,11.6z M73,9.2c0.4-0.1,3.5-1.6,8.4-2.6c4.9-1.1,8.9-0.5,8.9-0.8\tc0-0.3-1-0.9-6.2-0.3S72.6,9.3,73,9.2z M71.6,6.7C71.8,6.8,75,5.4,77.3,5c2.3-0.3,1.9-0.5,1.9-0.6c0-0.1-1.1-0.2-2.7,0.2\tC74.8,5.1,71.4,6.6,71.6,6.7z M93.6,4.4c0.1,0.2,3.5,0.8,5.6,1.8c2.1,1,1.8,0.6,1.9,0.5c0.1-0.1-0.8-0.8-2.4-1.3\tC97.1,4.8,93.5,4.2,93.6,4.4z M65.4,11.1c-0.1,0.3,0.3,0.5,1.9-0.2s2.6-1.3,2.2-1.2s-0.9,0.4-2.5,0.8C65.3,10.9,65.5,10.8,65.4,11.1\tz M34.5,12.4c-0.2,0,2.1,0.8,3.3,0.9c1.2,0.1,2,0.1,2-0.2c0-0.3-0.1-0.5-1.6-0.4C36.6,12.8,34.7,12.4,34.5,12.4z M152.2,21.1\tc-0.1,0.1-2.4-0.3-7.5-0.3c-5,0-13.6-2.4-17.2-3.5c-3.6-1.1,10,3.9,16.5,4.1C150.5,21.6,152.3,21,152.2,21.1z\"\/>\n\t<path class=\"elementor-shape-fill\" d=\"M269.6,18c-0.1-0.1-4.6,0.3-7.2,0c-7.3-0.7-17-3.2-16.6-2.9c0.4,0.3,13.7,3.1,17,3.3\tC267.7,18.8,269.7,18,269.6,18z\"\/>\n\t<path class=\"elementor-shape-fill\" d=\"M227.4,9.8c-0.2-0.1-4.5-1-9.5-1.2c-5-0.2-12.7,0.6-12.3,0.5c0.3-0.1,5.9-1.8,13.3-1.2\tS227.6,9.9,227.4,9.8z\"\/>\n\t<path class=\"elementor-shape-fill\" d=\"M204.5,13.4c-0.1-0.1,2-1,3.2-1.1c1.2-0.1,2,0,2,0.3c0,0.3-0.1,0.5-1.6,0.4\tC206.4,12.9,204.6,13.5,204.5,13.4z\"\/>\n\t<path class=\"elementor-shape-fill\" d=\"M201,10.6c0-0.1-4.4,1.2-6.3,2.2c-1.9,0.9-6.2,3.1-6.1,3.1c0.1,0.1,4.2-1.6,6.3-2.6\tS201,10.7,201,10.6z\"\/>\n\t<path class=\"elementor-shape-fill\" d=\"M154.5,26.7c-0.1-0.1-4.6,0.3-7.2,0c-7.3-0.7-17-3.2-16.6-2.9c0.4,0.3,13.7,3.1,17,3.3\tC152.6,27.5,154.6,26.8,154.5,26.7z\"\/>\n\t<path class=\"elementor-shape-fill\" d=\"M41.9,19.3c0,0,1.2-0.3,2.9-0.1c1.7,0.2,5.8,0.9,8.2,0.7c4.2-0.4,7.4-2.7,7-2.6\tc-0.4,0-4.3,2.2-8.6,1.9c-1.8-0.1-5.1-0.5-6.7-0.4S41.9,19.3,41.9,19.3z\"\/>\n\t<path class=\"elementor-shape-fill\" d=\"M75.5,12.6c0.2,0.1,2-0.8,4.3-1.1c2.3-0.2,2.1-0.3,2.1-0.5c0-0.1-1.8-0.4-3.4,0\tC76.9,11.5,75.3,12.5,75.5,12.6z\"\/>\n\t<path class=\"elementor-shape-fill\" d=\"M15.6,13.2c0-0.1,4.3,0,6.7,0.5c2.4,0.5,5,1.9,5,2c0,0.1-2.7-0.8-5.1-1.4\tC19.9,13.7,15.7,13.3,15.6,13.2z\"\/>\n<\/svg>\t\t<\/div>\n\t\t\t\t<div class=\"elementor-shape elementor-shape-bottom\" aria-hidden=\"true\" data-negative=\"false\">\n\t\t\t<svg xmlns=\"http:\/\/www.w3.org\/2000\/svg\" viewBox=\"0 0 283.5 27.8\" preserveAspectRatio=\"none\">\n\t<path class=\"elementor-shape-fill\" d=\"M283.5,9.7c0,0-7.3,4.3-14,4.6c-6.8,0.3-12.6,0-20.9-1.5c-11.3-2-33.1-10.1-44.7-5.7\ts-12.1,4.6-18,7.4c-6.6,3.2-20,9.6-36.6,9.3C131.6,23.5,99.5,7.2,86.3,8c-1.4,0.1-6.6,0.8-10.5,2c-3.8,1.2-9.4,3.8-17,4.7\tc-3.2,0.4-8.3,1.1-14.2,0.9c-1.5-0.1-6.3-0.4-12-1.6c-5.7-1.2-11-3.1-15.8-3.7C6.5,9.2,0,10.8,0,10.8V0h283.5V9.7z M260.8,11.3\tc-0.7-1-2-0.4-4.3-0.4c-2.3,0-6.1-1.2-5.8-1.1c0.3,0.1,3.1,1.5,6,1.9C259.7,12.2,261.4,12.3,260.8,11.3z M242.4,8.6\tc0,0-2.4-0.2-5.6-0.9c-3.2-0.8-10.3-2.8-15.1-3.5c-8.2-1.1-15.8,0-15.1,0.1c0.8,0.1,9.6-0.6,17.6,1.1c3.3,0.7,9.3,2.2,12.4,2.7\tC239.9,8.7,242.4,8.6,242.4,8.6z M185.2,8.5c1.7-0.7-13.3,4.7-18.5,6.1c-2.1,0.6-6.2,1.6-10,2c-3.9,0.4-8.9,0.4-8.8,0.5\tc0,0.2,5.8,0.8,11.2,0c5.4-0.8,5.2-1.1,7.6-1.6C170.5,14.7,183.5,9.2,185.2,8.5z M199.1,6.9c0.2,0-0.8-0.4-4.8,1.1\tc-4,1.5-6.7,3.5-6.9,3.7c-0.2,0.1,3.5-1.8,6.6-3C197,7.5,199,6.9,199.1,6.9z M283,6c-0.1,0.1-1.9,1.1-4.8,2.5s-6.9,2.8-6.7,2.7\tc0.2,0,3.5-0.6,7.4-2.5C282.8,6.8,283.1,5.9,283,6z M31.3,11.6c0.1-0.2-1.9-0.2-4.5-1.2s-5.4-1.6-7.8-2C15,7.6,7.3,8.5,7.7,8.6\tC8,8.7,15.9,8.3,20.2,9.3c2.2,0.5,2.4,0.5,5.7,1.6S31.2,11.9,31.3,11.6z M73,9.2c0.4-0.1,3.5-1.6,8.4-2.6c4.9-1.1,8.9-0.5,8.9-0.8\tc0-0.3-1-0.9-6.2-0.3S72.6,9.3,73,9.2z M71.6,6.7C71.8,6.8,75,5.4,77.3,5c2.3-0.3,1.9-0.5,1.9-0.6c0-0.1-1.1-0.2-2.7,0.2\tC74.8,5.1,71.4,6.6,71.6,6.7z M93.6,4.4c0.1,0.2,3.5,0.8,5.6,1.8c2.1,1,1.8,0.6,1.9,0.5c0.1-0.1-0.8-0.8-2.4-1.3\tC97.1,4.8,93.5,4.2,93.6,4.4z M65.4,11.1c-0.1,0.3,0.3,0.5,1.9-0.2s2.6-1.3,2.2-1.2s-0.9,0.4-2.5,0.8C65.3,10.9,65.5,10.8,65.4,11.1\tz M34.5,12.4c-0.2,0,2.1,0.8,3.3,0.9c1.2,0.1,2,0.1,2-0.2c0-0.3-0.1-0.5-1.6-0.4C36.6,12.8,34.7,12.4,34.5,12.4z M152.2,21.1\tc-0.1,0.1-2.4-0.3-7.5-0.3c-5,0-13.6-2.4-17.2-3.5c-3.6-1.1,10,3.9,16.5,4.1C150.5,21.6,152.3,21,152.2,21.1z\"\/>\n\t<path class=\"elementor-shape-fill\" d=\"M269.6,18c-0.1-0.1-4.6,0.3-7.2,0c-7.3-0.7-17-3.2-16.6-2.9c0.4,0.3,13.7,3.1,17,3.3\tC267.7,18.8,269.7,18,269.6,18z\"\/>\n\t<path class=\"elementor-shape-fill\" d=\"M227.4,9.8c-0.2-0.1-4.5-1-9.5-1.2c-5-0.2-12.7,0.6-12.3,0.5c0.3-0.1,5.9-1.8,13.3-1.2\tS227.6,9.9,227.4,9.8z\"\/>\n\t<path class=\"elementor-shape-fill\" d=\"M204.5,13.4c-0.1-0.1,2-1,3.2-1.1c1.2-0.1,2,0,2,0.3c0,0.3-0.1,0.5-1.6,0.4\tC206.4,12.9,204.6,13.5,204.5,13.4z\"\/>\n\t<path class=\"elementor-shape-fill\" d=\"M201,10.6c0-0.1-4.4,1.2-6.3,2.2c-1.9,0.9-6.2,3.1-6.1,3.1c0.1,0.1,4.2-1.6,6.3-2.6\tS201,10.7,201,10.6z\"\/>\n\t<path class=\"elementor-shape-fill\" d=\"M154.5,26.7c-0.1-0.1-4.6,0.3-7.2,0c-7.3-0.7-17-3.2-16.6-2.9c0.4,0.3,13.7,3.1,17,3.3\tC152.6,27.5,154.6,26.8,154.5,26.7z\"\/>\n\t<path class=\"elementor-shape-fill\" d=\"M41.9,19.3c0,0,1.2-0.3,2.9-0.1c1.7,0.2,5.8,0.9,8.2,0.7c4.2-0.4,7.4-2.7,7-2.6\tc-0.4,0-4.3,2.2-8.6,1.9c-1.8-0.1-5.1-0.5-6.7-0.4S41.9,19.3,41.9,19.3z\"\/>\n\t<path class=\"elementor-shape-fill\" d=\"M75.5,12.6c0.2,0.1,2-0.8,4.3-1.1c2.3-0.2,2.1-0.3,2.1-0.5c0-0.1-1.8-0.4-3.4,0\tC76.9,11.5,75.3,12.5,75.5,12.6z\"\/>\n\t<path class=\"elementor-shape-fill\" d=\"M15.6,13.2c0-0.1,4.3,0,6.7,0.5c2.4,0.5,5,1.9,5,2c0,0.1-2.7-0.8-5.1-1.4\tC19.9,13.7,15.7,13.3,15.6,13.2z\"\/>\n<\/svg>\t\t<\/div>\n\t\t\t\t\t<div class=\"elementor-container elementor-column-gap-default\">\n\t\t\t\t\t<div class=\"elementor-column elementor-col-25 elementor-top-column elementor-element elementor-element-de3b9cf\" data-id=\"de3b9cf\" data-element_type=\"column\" data-e-type=\"column\">\n\t\t\t<div class=\"elementor-widget-wrap\">\n\t\t\t\t\t\t\t<\/div>\n\t\t<\/div>\n\t\t\t\t<div class=\"elementor-column elementor-col-25 elementor-top-column elementor-element elementor-element-e355a0d\" data-id=\"e355a0d\" data-element_type=\"column\" data-e-type=\"column\">\n\t\t\t<div class=\"elementor-widget-wrap\">\n\t\t\t\t\t\t\t<\/div>\n\t\t<\/div>\n\t\t\t\t<div class=\"elementor-column elementor-col-25 elementor-top-column elementor-element elementor-element-1ebb317\" data-id=\"1ebb317\" data-element_type=\"column\" data-e-type=\"column\">\n\t\t\t<div class=\"elementor-widget-wrap\">\n\t\t\t\t\t\t\t<\/div>\n\t\t<\/div>\n\t\t\t\t<div class=\"elementor-column elementor-col-25 elementor-top-column elementor-element elementor-element-7f7e82d\" data-id=\"7f7e82d\" data-element_type=\"column\" data-e-type=\"column\">\n\t\t\t<div class=\"elementor-widget-wrap\">\n\t\t\t\t\t\t\t<\/div>\n\t\t<\/div>\n\t\t\t\t\t<\/div>\n\t\t<\/section>\n\t\t\t\t\t<script>\n\t\t\t\t(function($) {\n                    \"use strict\";\n\n                    var target = $('.elementor-element-ee67b94');\n                    target.addClass('e-lazyloaded');\n\n                    \n                    var EaelParallaxElement = {\n\n\t\t\t\t\t\tinit: function() {\n\t\t\t\t\t\t\telementorFrontend.hooks.addAction('frontend\/element_ready\/global', EaelParallaxElement.initWidget);\n\t\t\t\t\t\t},\n                        responsiveParallax: function(){\n                            var android = 1,\n                                ios = 1;\n                            switch( true || 1 ){\n                                case android && ios:\n                                    return \/iPad|iPhone|iPod|Android\/;\n                                    break;\n                                case android && ! ios:\n                                    return \/Android\/;\n                                    break;\n                                case ! android && ios:\n                                    return \/iPad|iPhone|iPod\/;\n                                    break;\n                                case ( ! android && ! ios ):\n                                    return null;\n                            }\n                        },\n\t\t\t\t\t\tinitWidget: function( $scope ) {\n\n\t\t\t\t\t\t\ttarget.jarallax({\n\t\t\t\t\t\t\t\ttype: 'scroll',\n\t\t\t\t\t\t\t\tspeed: 1.3,\n\t\t\t\t\t\t\t\tkeepImg: true,\n                                disableParallax: EaelParallaxElement.responsiveParallax(),\n\t\t\t\t\t\t\t});\n\t\t\t\t\t\t}\n\n\t\t\t\t\t};\n\n\t\t\t\t\t$( window ).on('elementor\/frontend\/init', EaelParallaxElement.init);\n\n                    \t\t\t\t}( jQuery ) );\n\t\t\t<\/script>\n\t\t\t\t<section data-particle_enable=\"false\" data-particle-mobile-disabled=\"false\" class=\"elementor-section elementor-top-section elementor-element elementor-element-8219cb9 animated-slow elementor-section-boxed elementor-section-height-default elementor-section-height-default elementor-invisible\" data-id=\"8219cb9\" data-element_type=\"section\" data-e-type=\"section\" data-settings=\"{&quot;background_background&quot;:&quot;classic&quot;,&quot;animation&quot;:&quot;fadeIn&quot;,&quot;animation_delay&quot;:300}\">\n\t\t\t\t\t\t<div class=\"elementor-container elementor-column-gap-default\">\n\t\t\t\t\t<div class=\"elementor-column elementor-col-100 elementor-top-column elementor-element elementor-element-7dfb7f0\" data-id=\"7dfb7f0\" data-element_type=\"column\" data-e-type=\"column\">\n\t\t\t<div class=\"elementor-widget-wrap elementor-element-populated\">\n\t\t\t\t\t\t<div class=\"elementor-element elementor-element-421bb6c gallery-spacing-custom elementor-widget elementor-widget-image-gallery\" data-id=\"421bb6c\" data-element_type=\"widget\" data-e-type=\"widget\" data-widget_type=\"image-gallery.default\">\n\t\t\t\t<div class=\"elementor-widget-container\">\n\t\t\t\t\t\t\t<div class=\"elementor-image-gallery\">\n\t\t\t<div id='gallery-1' class='gallery galleryid-16064 gallery-columns-3 gallery-size-full'><figure class='gallery-item'>\n\t\t\t<div class='gallery-icon landscape'>\n\t\t\t\t<a data-elementor-open-lightbox=\"yes\" data-elementor-lightbox-slideshow=\"421bb6c\" data-elementor-lightbox-title=\"53631139176_8a7a3eb36c_b\" data-e-action-hash=\"#elementor-action%3Aaction%3Dlightbox%26settings%3DeyJpZCI6MTQ5NTQsInVybCI6Imh0dHBzOlwvXC9tb3VudGFpbmxpa2Vycy5jb21cL3dwLWNvbnRlbnRcL3VwbG9hZHNcLzIwMjVcLzExXC81MzYzMTEzOTE3Nl84YTdhM2ViMzZjX2IuanBnIiwic2xpZGVzaG93IjoiNDIxYmI2YyJ9\" href='https:\/\/mountainlikers.com\/wp-content\/uploads\/2025\/11\/53631139176_8a7a3eb36c_b.jpg'><img loading=\"lazy\" decoding=\"async\" width=\"1024\" height=\"683\" src=\"https:\/\/mountainlikers.com\/wp-content\/uploads\/2025\/11\/53631139176_8a7a3eb36c_b.jpg\" class=\"attachment-full size-full\" alt=\"\" srcset=\"https:\/\/mountainlikers.com\/wp-content\/uploads\/2025\/11\/53631139176_8a7a3eb36c_b.jpg 1024w, https:\/\/mountainlikers.com\/wp-content\/uploads\/2025\/11\/53631139176_8a7a3eb36c_b-600x400.jpg 600w, https:\/\/mountainlikers.com\/wp-content\/uploads\/2025\/11\/53631139176_8a7a3eb36c_b-800x534.jpg 800w, https:\/\/mountainlikers.com\/wp-content\/uploads\/2025\/11\/53631139176_8a7a3eb36c_b-300x200.jpg 300w, https:\/\/mountainlikers.com\/wp-content\/uploads\/2025\/11\/53631139176_8a7a3eb36c_b-768x512.jpg 768w, https:\/\/mountainlikers.com\/wp-content\/uploads\/2025\/11\/53631139176_8a7a3eb36c_b-18x12.jpg 18w, https:\/\/mountainlikers.com\/wp-content\/uploads\/2025\/11\/53631139176_8a7a3eb36c_b-365x243.jpg 365w\" sizes=\"auto, (max-width: 1024px) 100vw, 1024px\" \/><\/a>\n\t\t\t<\/div><\/figure><figure class='gallery-item'>\n\t\t\t<div class='gallery-icon landscape'>\n\t\t\t\t<a data-elementor-open-lightbox=\"yes\" data-elementor-lightbox-slideshow=\"421bb6c\" data-elementor-lightbox-title=\"53631591115_e39a6c80b0_b\" data-e-action-hash=\"#elementor-action%3Aaction%3Dlightbox%26settings%3DeyJpZCI6MTQ5NDksInVybCI6Imh0dHBzOlwvXC9tb3VudGFpbmxpa2Vycy5jb21cL3dwLWNvbnRlbnRcL3VwbG9hZHNcLzIwMjVcLzExXC81MzYzMTU5MTExNV9lMzlhNmM4MGIwX2IuanBnIiwic2xpZGVzaG93IjoiNDIxYmI2YyJ9\" href='https:\/\/mountainlikers.com\/wp-content\/uploads\/2025\/11\/53631591115_e39a6c80b0_b.jpg'><img loading=\"lazy\" decoding=\"async\" width=\"1024\" height=\"683\" src=\"https:\/\/mountainlikers.com\/wp-content\/uploads\/2025\/11\/53631591115_e39a6c80b0_b.jpg\" class=\"attachment-full size-full\" alt=\"\" srcset=\"https:\/\/mountainlikers.com\/wp-content\/uploads\/2025\/11\/53631591115_e39a6c80b0_b.jpg 1024w, https:\/\/mountainlikers.com\/wp-content\/uploads\/2025\/11\/53631591115_e39a6c80b0_b-600x400.jpg 600w, https:\/\/mountainlikers.com\/wp-content\/uploads\/2025\/11\/53631591115_e39a6c80b0_b-800x534.jpg 800w, https:\/\/mountainlikers.com\/wp-content\/uploads\/2025\/11\/53631591115_e39a6c80b0_b-300x200.jpg 300w, https:\/\/mountainlikers.com\/wp-content\/uploads\/2025\/11\/53631591115_e39a6c80b0_b-768x512.jpg 768w, https:\/\/mountainlikers.com\/wp-content\/uploads\/2025\/11\/53631591115_e39a6c80b0_b-18x12.jpg 18w, https:\/\/mountainlikers.com\/wp-content\/uploads\/2025\/11\/53631591115_e39a6c80b0_b-365x243.jpg 365w\" sizes=\"auto, (max-width: 1024px) 100vw, 1024px\" \/><\/a>\n\t\t\t<\/div><\/figure><figure class='gallery-item'>\n\t\t\t<div class='gallery-icon landscape'>\n\t\t\t\t<a data-elementor-open-lightbox=\"yes\" data-elementor-lightbox-slideshow=\"421bb6c\" data-elementor-lightbox-title=\"53631138051_2cc752b7a3_b\" data-e-action-hash=\"#elementor-action%3Aaction%3Dlightbox%26settings%3DeyJpZCI6MTQ5NTIsInVybCI6Imh0dHBzOlwvXC9tb3VudGFpbmxpa2Vycy5jb21cL3dwLWNvbnRlbnRcL3VwbG9hZHNcLzIwMjVcLzExXC81MzYzMTEzODA1MV8yY2M3NTJiN2EzX2IuanBnIiwic2xpZGVzaG93IjoiNDIxYmI2YyJ9\" href='https:\/\/mountainlikers.com\/wp-content\/uploads\/2025\/11\/53631138051_2cc752b7a3_b.jpg'><img loading=\"lazy\" decoding=\"async\" width=\"1024\" height=\"683\" src=\"https:\/\/mountainlikers.com\/wp-content\/uploads\/2025\/11\/53631138051_2cc752b7a3_b.jpg\" class=\"attachment-full size-full\" alt=\"\" srcset=\"https:\/\/mountainlikers.com\/wp-content\/uploads\/2025\/11\/53631138051_2cc752b7a3_b.jpg 1024w, https:\/\/mountainlikers.com\/wp-content\/uploads\/2025\/11\/53631138051_2cc752b7a3_b-600x400.jpg 600w, https:\/\/mountainlikers.com\/wp-content\/uploads\/2025\/11\/53631138051_2cc752b7a3_b-800x534.jpg 800w, https:\/\/mountainlikers.com\/wp-content\/uploads\/2025\/11\/53631138051_2cc752b7a3_b-300x200.jpg 300w, https:\/\/mountainlikers.com\/wp-content\/uploads\/2025\/11\/53631138051_2cc752b7a3_b-768x512.jpg 768w, https:\/\/mountainlikers.com\/wp-content\/uploads\/2025\/11\/53631138051_2cc752b7a3_b-18x12.jpg 18w, https:\/\/mountainlikers.com\/wp-content\/uploads\/2025\/11\/53631138051_2cc752b7a3_b-365x243.jpg 365w\" sizes=\"auto, (max-width: 1024px) 100vw, 1024px\" \/><\/a>\n\t\t\t<\/div><\/figure><figure class='gallery-item'>\n\t\t\t<div class='gallery-icon landscape'>\n\t\t\t\t<a data-elementor-open-lightbox=\"yes\" data-elementor-lightbox-slideshow=\"421bb6c\" data-elementor-lightbox-title=\"53631138271_e2ba715c9b_b\" data-e-action-hash=\"#elementor-action%3Aaction%3Dlightbox%26settings%3DeyJpZCI6MTQ5NTMsInVybCI6Imh0dHBzOlwvXC9tb3VudGFpbmxpa2Vycy5jb21cL3dwLWNvbnRlbnRcL3VwbG9hZHNcLzIwMjVcLzExXC81MzYzMTEzODI3MV9lMmJhNzE1YzliX2IuanBnIiwic2xpZGVzaG93IjoiNDIxYmI2YyJ9\" href='https:\/\/mountainlikers.com\/wp-content\/uploads\/2025\/11\/53631138271_e2ba715c9b_b.jpg'><img loading=\"lazy\" decoding=\"async\" width=\"1024\" height=\"683\" src=\"https:\/\/mountainlikers.com\/wp-content\/uploads\/2025\/11\/53631138271_e2ba715c9b_b.jpg\" class=\"attachment-full size-full\" alt=\"\" srcset=\"https:\/\/mountainlikers.com\/wp-content\/uploads\/2025\/11\/53631138271_e2ba715c9b_b.jpg 1024w, https:\/\/mountainlikers.com\/wp-content\/uploads\/2025\/11\/53631138271_e2ba715c9b_b-600x400.jpg 600w, https:\/\/mountainlikers.com\/wp-content\/uploads\/2025\/11\/53631138271_e2ba715c9b_b-800x534.jpg 800w, https:\/\/mountainlikers.com\/wp-content\/uploads\/2025\/11\/53631138271_e2ba715c9b_b-300x200.jpg 300w, https:\/\/mountainlikers.com\/wp-content\/uploads\/2025\/11\/53631138271_e2ba715c9b_b-768x512.jpg 768w, https:\/\/mountainlikers.com\/wp-content\/uploads\/2025\/11\/53631138271_e2ba715c9b_b-18x12.jpg 18w, https:\/\/mountainlikers.com\/wp-content\/uploads\/2025\/11\/53631138271_e2ba715c9b_b-365x243.jpg 365w\" sizes=\"auto, (max-width: 1024px) 100vw, 1024px\" \/><\/a>\n\t\t\t<\/div><\/figure><figure class='gallery-item'>\n\t\t\t<div class='gallery-icon landscape'>\n\t\t\t\t<a data-elementor-open-lightbox=\"yes\" data-elementor-lightbox-slideshow=\"421bb6c\" data-elementor-lightbox-title=\"53631356738_d77298c3dd_b\" data-e-action-hash=\"#elementor-action%3Aaction%3Dlightbox%26settings%3DeyJpZCI6MTQ5NTEsInVybCI6Imh0dHBzOlwvXC9tb3VudGFpbmxpa2Vycy5jb21cL3dwLWNvbnRlbnRcL3VwbG9hZHNcLzIwMjVcLzExXC81MzYzMTM1NjczOF9kNzcyOThjM2RkX2IuanBnIiwic2xpZGVzaG93IjoiNDIxYmI2YyJ9\" href='https:\/\/mountainlikers.com\/wp-content\/uploads\/2025\/11\/53631356738_d77298c3dd_b.jpg'><img loading=\"lazy\" decoding=\"async\" width=\"1024\" height=\"683\" src=\"https:\/\/mountainlikers.com\/wp-content\/uploads\/2025\/11\/53631356738_d77298c3dd_b.jpg\" class=\"attachment-full size-full\" alt=\"\" srcset=\"https:\/\/mountainlikers.com\/wp-content\/uploads\/2025\/11\/53631356738_d77298c3dd_b.jpg 1024w, https:\/\/mountainlikers.com\/wp-content\/uploads\/2025\/11\/53631356738_d77298c3dd_b-600x400.jpg 600w, https:\/\/mountainlikers.com\/wp-content\/uploads\/2025\/11\/53631356738_d77298c3dd_b-800x534.jpg 800w, https:\/\/mountainlikers.com\/wp-content\/uploads\/2025\/11\/53631356738_d77298c3dd_b-300x200.jpg 300w, https:\/\/mountainlikers.com\/wp-content\/uploads\/2025\/11\/53631356738_d77298c3dd_b-768x512.jpg 768w, https:\/\/mountainlikers.com\/wp-content\/uploads\/2025\/11\/53631356738_d77298c3dd_b-18x12.jpg 18w, https:\/\/mountainlikers.com\/wp-content\/uploads\/2025\/11\/53631356738_d77298c3dd_b-365x243.jpg 365w\" sizes=\"auto, (max-width: 1024px) 100vw, 1024px\" \/><\/a>\n\t\t\t<\/div><\/figure><figure class='gallery-item'>\n\t\t\t<div class='gallery-icon landscape'>\n\t\t\t\t<a data-elementor-open-lightbox=\"yes\" data-elementor-lightbox-slideshow=\"421bb6c\" data-elementor-lightbox-title=\"53631591125_599461624e_b\" data-e-action-hash=\"#elementor-action%3Aaction%3Dlightbox%26settings%3DeyJpZCI6MTQ5NTAsInVybCI6Imh0dHBzOlwvXC9tb3VudGFpbmxpa2Vycy5jb21cL3dwLWNvbnRlbnRcL3VwbG9hZHNcLzIwMjVcLzExXC81MzYzMTU5MTEyNV81OTk0NjE2MjRlX2IuanBnIiwic2xpZGVzaG93IjoiNDIxYmI2YyJ9\" href='https:\/\/mountainlikers.com\/wp-content\/uploads\/2025\/11\/53631591125_599461624e_b.jpg'><img loading=\"lazy\" decoding=\"async\" width=\"1024\" height=\"683\" src=\"https:\/\/mountainlikers.com\/wp-content\/uploads\/2025\/11\/53631591125_599461624e_b.jpg\" class=\"attachment-full size-full\" alt=\"\" srcset=\"https:\/\/mountainlikers.com\/wp-content\/uploads\/2025\/11\/53631591125_599461624e_b.jpg 1024w, https:\/\/mountainlikers.com\/wp-content\/uploads\/2025\/11\/53631591125_599461624e_b-600x400.jpg 600w, https:\/\/mountainlikers.com\/wp-content\/uploads\/2025\/11\/53631591125_599461624e_b-800x534.jpg 800w, https:\/\/mountainlikers.com\/wp-content\/uploads\/2025\/11\/53631591125_599461624e_b-300x200.jpg 300w, https:\/\/mountainlikers.com\/wp-content\/uploads\/2025\/11\/53631591125_599461624e_b-768x512.jpg 768w, https:\/\/mountainlikers.com\/wp-content\/uploads\/2025\/11\/53631591125_599461624e_b-18x12.jpg 18w, https:\/\/mountainlikers.com\/wp-content\/uploads\/2025\/11\/53631591125_599461624e_b-365x243.jpg 365w\" sizes=\"auto, (max-width: 1024px) 100vw, 1024px\" \/><\/a>\n\t\t\t<\/div><\/figure>\n\t\t<\/div>\n\t\t<\/div>\n\t\t\t\t\t\t<\/div>\n\t\t\t\t<\/div>\n\t\t\t\t<section data-particle_enable=\"false\" data-particle-mobile-disabled=\"false\" class=\"elementor-section elementor-inner-section elementor-element elementor-element-87e7e3b elementor-section-boxed elementor-section-height-default elementor-section-height-default\" data-id=\"87e7e3b\" data-element_type=\"section\" data-e-type=\"section\">\n\t\t\t\t\t\t<div class=\"elementor-container elementor-column-gap-default\">\n\t\t\t\t\t<div class=\"elementor-column elementor-col-20 elementor-inner-column elementor-element elementor-element-ab5d945\" data-id=\"ab5d945\" data-element_type=\"column\" data-e-type=\"column\">\n\t\t\t<div class=\"elementor-widget-wrap elementor-element-populated\">\n\t\t\t\t\t\t<div class=\"elementor-element elementor-element-ccbde73 elementor-align-center elementor-widget elementor-widget-button\" data-id=\"ccbde73\" data-element_type=\"widget\" data-e-type=\"widget\" data-widget_type=\"button.default\">\n\t\t\t\t<div class=\"elementor-widget-container\">\n\t\t\t\t\t\t\t\t\t<div class=\"elementor-button-wrapper\">\n\t\t\t\t\t<a class=\"elementor-button elementor-button-link elementor-size-sm\" href=\"https:\/\/www.flickr.com\/photos\/mountainlikers\/\" target=\"_blank\">\n\t\t\t\t\t\t<span class=\"elementor-button-content-wrapper\">\n\t\t\t\t\t\t\t\t\t<span class=\"elementor-button-text\">Veure galeria de fotos 2024<\/span>\n\t\t\t\t\t<\/span>\n\t\t\t\t\t<\/a>\n\t\t\t\t<\/div>\n\t\t\t\t\t\t\t\t<\/div>\n\t\t\t\t<\/div>\n\t\t\t\t\t<\/div>\n\t\t<\/div>\n\t\t\t\t<div class=\"elementor-column elementor-col-20 elementor-inner-column elementor-element elementor-element-578b124\" data-id=\"578b124\" data-element_type=\"column\" data-e-type=\"column\">\n\t\t\t<div class=\"elementor-widget-wrap elementor-element-populated\">\n\t\t\t\t\t\t<div class=\"elementor-element elementor-element-e2340fe elementor-align-center elementor-widget elementor-widget-button\" data-id=\"e2340fe\" data-element_type=\"widget\" data-e-type=\"widget\" data-widget_type=\"button.default\">\n\t\t\t\t<div class=\"elementor-widget-container\">\n\t\t\t\t\t\t\t\t\t<div class=\"elementor-button-wrapper\">\n\t\t\t\t\t<a class=\"elementor-button elementor-button-link elementor-size-sm\" href=\"https:\/\/www.flickr.com\/photos\/195306917@N03\/\" target=\"_blank\">\n\t\t\t\t\t\t<span class=\"elementor-button-content-wrapper\">\n\t\t\t\t\t\t\t\t\t<span class=\"elementor-button-text\">Veure galeria de fotos 2022<\/span>\n\t\t\t\t\t<\/span>\n\t\t\t\t\t<\/a>\n\t\t\t\t<\/div>\n\t\t\t\t\t\t\t\t<\/div>\n\t\t\t\t<\/div>\n\t\t\t\t\t<\/div>\n\t\t<\/div>\n\t\t\t\t<div class=\"elementor-column elementor-col-20 elementor-inner-column elementor-element elementor-element-41e9730\" data-id=\"41e9730\" data-element_type=\"column\" data-e-type=\"column\">\n\t\t\t<div class=\"elementor-widget-wrap elementor-element-populated\">\n\t\t\t\t\t\t<div class=\"elementor-element elementor-element-db5cd8c elementor-align-center elementor-widget elementor-widget-button\" data-id=\"db5cd8c\" data-element_type=\"widget\" data-e-type=\"widget\" data-widget_type=\"button.default\">\n\t\t\t\t<div class=\"elementor-widget-container\">\n\t\t\t\t\t\t\t\t\t<div class=\"elementor-button-wrapper\">\n\t\t\t\t\t<a class=\"elementor-button elementor-button-link elementor-size-sm\" href=\"https:\/\/flic.kr\/s\/aHsmhB1Kk3\" target=\"_blank\">\n\t\t\t\t\t\t<span class=\"elementor-button-content-wrapper\">\n\t\t\t\t\t\t\t\t\t<span class=\"elementor-button-text\">Veure galeria de fotos 2018<\/span>\n\t\t\t\t\t<\/span>\n\t\t\t\t\t<\/a>\n\t\t\t\t<\/div>\n\t\t\t\t\t\t\t\t<\/div>\n\t\t\t\t<\/div>\n\t\t\t\t\t<\/div>\n\t\t<\/div>\n\t\t\t\t<div class=\"elementor-column elementor-col-20 elementor-inner-column elementor-element elementor-element-17a06e0\" data-id=\"17a06e0\" data-element_type=\"column\" data-e-type=\"column\">\n\t\t\t<div class=\"elementor-widget-wrap elementor-element-populated\">\n\t\t\t\t\t\t<div class=\"elementor-element elementor-element-c6713d5 elementor-align-center elementor-widget elementor-widget-button\" data-id=\"c6713d5\" data-element_type=\"widget\" data-e-type=\"widget\" data-widget_type=\"button.default\">\n\t\t\t\t<div class=\"elementor-widget-container\">\n\t\t\t\t\t\t\t\t\t<div class=\"elementor-button-wrapper\">\n\t\t\t\t\t<a class=\"elementor-button elementor-button-link elementor-size-sm\" href=\"https:\/\/flic.kr\/s\/aHskx3HHZi\" target=\"_blank\">\n\t\t\t\t\t\t<span class=\"elementor-button-content-wrapper\">\n\t\t\t\t\t\t\t\t\t<span class=\"elementor-button-text\">Veure galeria de fotos  2016<\/span>\n\t\t\t\t\t<\/span>\n\t\t\t\t\t<\/a>\n\t\t\t\t<\/div>\n\t\t\t\t\t\t\t\t<\/div>\n\t\t\t\t<\/div>\n\t\t\t\t\t<\/div>\n\t\t<\/div>\n\t\t\t\t<div class=\"elementor-column elementor-col-20 elementor-inner-column elementor-element elementor-element-fc34211\" data-id=\"fc34211\" data-element_type=\"column\" data-e-type=\"column\">\n\t\t\t<div class=\"elementor-widget-wrap elementor-element-populated\">\n\t\t\t\t\t\t<div class=\"elementor-element elementor-element-cfefaaf elementor-align-center elementor-widget elementor-widget-button\" data-id=\"cfefaaf\" data-element_type=\"widget\" data-e-type=\"widget\" data-widget_type=\"button.default\">\n\t\t\t\t<div class=\"elementor-widget-container\">\n\t\t\t\t\t\t\t\t\t<div class=\"elementor-button-wrapper\">\n\t\t\t\t\t<a class=\"elementor-button elementor-button-link elementor-size-sm\" href=\"https:\/\/flic.kr\/s\/aHskv6kPJb\" target=\"_blank\">\n\t\t\t\t\t\t<span class=\"elementor-button-content-wrapper\">\n\t\t\t\t\t\t\t\t\t<span class=\"elementor-button-text\">Veure galeria de fotos  2014<\/span>\n\t\t\t\t\t<\/span>\n\t\t\t\t\t<\/a>\n\t\t\t\t<\/div>\n\t\t\t\t\t\t\t\t<\/div>\n\t\t\t\t<\/div>\n\t\t\t\t\t<\/div>\n\t\t<\/div>\n\t\t\t\t\t<\/div>\n\t\t<\/section>\n\t\t\t\t\t<\/div>\n\t\t<\/div>\n\t\t\t\t\t<\/div>\n\t\t<\/section>\n\t\t\t\t<section data-particle_enable=\"false\" data-particle-mobile-disabled=\"false\" class=\"elementor-section elementor-top-section elementor-element elementor-element-21b9dbe elementor-section-full_width elementor-section-stretched animated-slow elementor-section-height-default elementor-section-height-default elementor-invisible\" data-id=\"21b9dbe\" data-element_type=\"section\" data-e-type=\"section\" data-settings=\"{&quot;stretch_section&quot;:&quot;section-stretched&quot;,&quot;background_background&quot;:&quot;classic&quot;,&quot;animation&quot;:&quot;fadeInLeft&quot;,&quot;animation_delay&quot;:250}\">\n\t\t\t\t\t\t\t<div class=\"elementor-background-overlay\"><\/div>\n\t\t\t\t\t\t\t<div class=\"elementor-container elementor-column-gap-default\">\n\t\t\t\t\t<div class=\"elementor-column elementor-col-100 elementor-top-column elementor-element elementor-element-84122a6\" data-id=\"84122a6\" data-element_type=\"column\" data-e-type=\"column\">\n\t\t\t<div class=\"elementor-widget-wrap elementor-element-populated\">\n\t\t\t\t\t\t<div class=\"elementor-element elementor-element-54af4c9 elementor-widget elementor-widget-heading\" data-id=\"54af4c9\" data-element_type=\"widget\" data-e-type=\"widget\" data-widget_type=\"heading.default\">\n\t\t\t\t<div class=\"elementor-widget-container\">\n\t\t\t\t\t<h2 class=\"elementor-heading-title elementor-size-default\">Clica per veure els v\u00eddeos de les sessions i fotos de l'edici\u00f3 2024<\/h2>\t\t\t\t<\/div>\n\t\t\t\t<\/div>\n\t\t\t\t<section data-particle_enable=\"false\" data-particle-mobile-disabled=\"false\" class=\"elementor-section elementor-inner-section elementor-element elementor-element-fa53d56 elementor-section-boxed elementor-section-height-default elementor-section-height-default\" data-id=\"fa53d56\" data-element_type=\"section\" data-e-type=\"section\">\n\t\t\t\t\t\t<div class=\"elementor-container elementor-column-gap-default\">\n\t\t\t\t\t<div class=\"elementor-column elementor-col-50 elementor-inner-column elementor-element elementor-element-72a9919\" data-id=\"72a9919\" data-element_type=\"column\" data-e-type=\"column\">\n\t\t\t<div class=\"elementor-widget-wrap\">\n\t\t\t\t\t\t\t<\/div>\n\t\t<\/div>\n\t\t\t\t<div class=\"elementor-column elementor-col-50 elementor-inner-column elementor-element elementor-element-ce27be9\" data-id=\"ce27be9\" data-element_type=\"column\" data-e-type=\"column\">\n\t\t\t<div class=\"elementor-widget-wrap\">\n\t\t\t\t\t\t\t<\/div>\n\t\t<\/div>\n\t\t\t\t\t<\/div>\n\t\t<\/section>\n\t\t\t\t\t<\/div>\n\t\t<\/div>\n\t\t\t\t\t<\/div>\n\t\t<\/section>\n\t\t\t\t<section data-particle_enable=\"false\" data-particle-mobile-disabled=\"false\" class=\"elementor-section elementor-top-section elementor-element elementor-element-6768f02 elementor-section-stretched elementor-section-full_width elementor-section-content-middle animated-slow elementor-section-height-default elementor-section-height-default elementor-invisible\" data-id=\"6768f02\" data-element_type=\"section\" data-e-type=\"section\" data-settings=\"{&quot;stretch_section&quot;:&quot;section-stretched&quot;,&quot;background_background&quot;:&quot;classic&quot;,&quot;animation&quot;:&quot;fadeInUp&quot;,&quot;animation_delay&quot;:250}\">\n\t\t\t\t\t\t\t<div class=\"elementor-background-overlay\"><\/div>\n\t\t\t\t\t\t\t<div class=\"elementor-container elementor-column-gap-default\">\n\t\t\t\t\t<div class=\"elementor-column elementor-col-50 elementor-top-column elementor-element elementor-element-ef018dd\" data-id=\"ef018dd\" data-element_type=\"column\" data-e-type=\"column\">\n\t\t\t<div class=\"elementor-widget-wrap elementor-element-populated\">\n\t\t\t\t\t\t<div class=\"elementor-element elementor-element-cf29413 elementor-widget elementor-widget-heading\" data-id=\"cf29413\" data-element_type=\"widget\" data-e-type=\"widget\" data-widget_type=\"heading.default\">\n\t\t\t\t<div class=\"elementor-widget-container\">\n\t\t\t\t\t<h2 class=\"elementor-heading-title elementor-size-default\">M\u00e9s Info<\/h2>\t\t\t\t<\/div>\n\t\t\t\t<\/div>\n\t\t\t\t\t<\/div>\n\t\t<\/div>\n\t\t\t\t<div class=\"elementor-column elementor-col-50 elementor-top-column elementor-element elementor-element-7add37e\" data-id=\"7add37e\" data-element_type=\"column\" data-e-type=\"column\">\n\t\t\t<div class=\"elementor-widget-wrap elementor-element-populated\">\n\t\t\t\t\t\t<div class=\"elementor-element elementor-element-c67c408 elementor-widget elementor-widget-image\" data-id=\"c67c408\" data-element_type=\"widget\" data-e-type=\"widget\" data-widget_type=\"image.default\">\n\t\t\t\t<div class=\"elementor-widget-container\">\n\t\t\t\t\t\t\t\t\t\t\t\t\t\t\t\t<a href=\"https:\/\/www.google.es\/maps\/place\/Pla\u00e7a+del+Poble,+AD500+Andorra+la+Vella,+Andorra\/@42.5063024,1.5187975,16z\/data=!4m6!3m5!1s0x12a58ad37b51be49:0xf3e549e4b804d41!8m2!3d42.5067895!4d1.5223013!16s%2Fg%2F11yf4fwnb?entry=ttu\">\n\t\t\t\t\t\t\t<img loading=\"lazy\" decoding=\"async\" width=\"1880\" height=\"866\" src=\"https:\/\/mountainlikers.com\/wp-content\/uploads\/2023\/10\/Captura-de-ecra-2023-10-23-as-11.34.05.png\" class=\"attachment-full size-full wp-image-12698\" alt=\"\" srcset=\"https:\/\/mountainlikers.com\/wp-content\/uploads\/2023\/10\/Captura-de-ecra-2023-10-23-as-11.34.05.png 1880w, https:\/\/mountainlikers.com\/wp-content\/uploads\/2023\/10\/Captura-de-ecra-2023-10-23-as-11.34.05-600x276.png 600w, https:\/\/mountainlikers.com\/wp-content\/uploads\/2023\/10\/Captura-de-ecra-2023-10-23-as-11.34.05-800x369.png 800w, https:\/\/mountainlikers.com\/wp-content\/uploads\/2023\/10\/Captura-de-ecra-2023-10-23-as-11.34.05-300x138.png 300w, https:\/\/mountainlikers.com\/wp-content\/uploads\/2023\/10\/Captura-de-ecra-2023-10-23-as-11.34.05-1024x472.png 1024w, https:\/\/mountainlikers.com\/wp-content\/uploads\/2023\/10\/Captura-de-ecra-2023-10-23-as-11.34.05-768x354.png 768w, https:\/\/mountainlikers.com\/wp-content\/uploads\/2023\/10\/Captura-de-ecra-2023-10-23-as-11.34.05-1536x708.png 1536w, https:\/\/mountainlikers.com\/wp-content\/uploads\/2023\/10\/Captura-de-ecra-2023-10-23-as-11.34.05-18x8.png 18w\" sizes=\"auto, (max-width: 1880px) 100vw, 1880px\" \/>\t\t\t\t\t\t\t\t<\/a>\n\t\t\t\t\t\t\t\t\t\t\t\t\t\t\t<\/div>\n\t\t\t\t<\/div>\n\t\t\t\t\t<\/div>\n\t\t<\/div>\n\t\t\t\t\t<\/div>\n\t\t<\/section>\n\t\t\t\t<\/div>\n\t\t","protected":false},"excerpt":{"rendered":"<p>13th WORLD CONGRESS ON SNOW, MOUNTAIN AND WELLNESS TOURISM25 \u2013 27 March 2026Explore OrdinoANDORRA, WORLD EPICENTER OF SNOW, MOUNTAIN TOURISM...<\/p>","protected":false},"author":1,"featured_media":0,"parent":0,"menu_order":0,"comment_status":"closed","ping_status":"closed","template":"elementor_header_footer","meta":{"footnotes":""},"class_list":["post-15405","page","type-page","status-publish","hentry"],"yoast_head":"<!-- This site is optimized with the Yoast SEO Premium plugin v26.3 (Yoast SEO v27.2) - https:\/\/yoast.com\/product\/yoast-seo-premium-wordpress\/ -->\n<title>13\u00e8 Congr\u00e9s Mundial de Turisme de Neu, Muntanya i Benestar | Mountainlikers<\/title>\n<meta name=\"description\" content=\"Mountainlikers, 13\u00e8 Congr\u00e9s Mundial de Turisme de Neu, Muntanya i Benestar a Andorra per a professionals, destinacions i entitats del turisme de muntanya.\" \/>\n<meta name=\"robots\" content=\"index, follow, max-snippet:-1, max-image-preview:large, max-video-preview:-1\" \/>\n<link rel=\"canonical\" href=\"https:\/\/mountainlikers.com\/en\/home-2026-v2\/\" \/>\n<meta property=\"og:locale\" content=\"en_GB\" \/>\n<meta property=\"og:type\" content=\"article\" \/>\n<meta property=\"og:title\" content=\"13\u00e8 Congr\u00e9s Mundial de Turisme de Neu, Muntanya i Benestar | Mountainlikers\" \/>\n<meta property=\"og:description\" content=\"Mountainlikers, 13\u00e8 Congr\u00e9s Mundial de Turisme de Neu, Muntanya i Benestar a Andorra per a professionals, destinacions i entitats del turisme de muntanya.\" \/>\n<meta property=\"og:url\" content=\"https:\/\/mountainlikers.com\/en\/home-2026-v2\/\" \/>\n<meta property=\"og:site_name\" content=\"Mountainlikers\" \/>\n<meta property=\"article:publisher\" content=\"https:\/\/www.facebook.com\/mountainlikers\/\" \/>\n<meta property=\"article:modified_time\" content=\"2026-03-06T18:40:32+00:00\" \/>\n<meta property=\"og:image\" content=\"https:\/\/mountainlikers.com\/wp-content\/uploads\/2025\/09\/AAT_20160714_0247-1024x684.png\" \/>\n\t<meta property=\"og:image:width\" content=\"1024\" \/>\n\t<meta property=\"og:image:height\" content=\"684\" \/>\n\t<meta property=\"og:image:type\" content=\"image\/png\" \/>\n<meta name=\"twitter:card\" content=\"summary_large_image\" \/>\n<meta name=\"twitter:title\" content=\"13\u00e8 Congr\u00e9s Mundial de Turisme de Neu, Muntanya i Benestar | Mountainlikers\" \/>\n<meta name=\"twitter:description\" content=\"Mountainlikers, 13\u00e8 Congr\u00e9s Mundial de Turisme de Neu, Muntanya i Benestar a Andorra per a professionals, destinacions i entitats del turisme de muntanya.\" \/>\n<meta name=\"twitter:site\" content=\"@mountainlikers\" \/>\n<meta name=\"twitter:label1\" content=\"Estimated reading time\" \/>\n\t<meta name=\"twitter:data1\" content=\"13 minutes\" \/>\n<script type=\"application\/ld+json\" class=\"yoast-schema-graph\">{\"@context\":\"https:\/\/schema.org\",\"@graph\":[{\"@type\":\"WebPage\",\"@id\":\"https:\/\/mountainlikers.com\/home-2026-v2\/\",\"url\":\"https:\/\/mountainlikers.com\/home-2026-v2\/\",\"name\":\"13\u00e8 Congr\u00e9s Mundial de Turisme de Neu, Muntanya i Benestar | Mountainlikers\",\"isPartOf\":{\"@id\":\"https:\/\/mountainlikers.com\/en\/#website\"},\"primaryImageOfPage\":{\"@id\":\"https:\/\/mountainlikers.com\/home-2026-v2\/#primaryimage\"},\"image\":{\"@id\":\"https:\/\/mountainlikers.com\/home-2026-v2\/#primaryimage\"},\"thumbnailUrl\":\"https:\/\/mountainlikers.com\/wp-content\/uploads\/2026\/03\/CAT-AMB-NOM-01-1024x710.png\",\"datePublished\":\"2026-01-14T07:48:50+00:00\",\"dateModified\":\"2026-03-06T18:40:32+00:00\",\"description\":\"Mountainlikers, 13\u00e8 Congr\u00e9s Mundial de Turisme de Neu, Muntanya i Benestar a Andorra per a professionals, destinacions i entitats del turisme de muntanya.\",\"breadcrumb\":{\"@id\":\"https:\/\/mountainlikers.com\/home-2026-v2\/#breadcrumb\"},\"inLanguage\":\"en-GB\",\"potentialAction\":[{\"@type\":\"ReadAction\",\"target\":[\"https:\/\/mountainlikers.com\/home-2026-v2\/\"]}]},{\"@type\":\"ImageObject\",\"inLanguage\":\"en-GB\",\"@id\":\"https:\/\/mountainlikers.com\/home-2026-v2\/#primaryimage\",\"url\":\"https:\/\/mountainlikers.com\/wp-content\/uploads\/2026\/03\/CAT-AMB-NOM-01-1024x710.png\",\"contentUrl\":\"https:\/\/mountainlikers.com\/wp-content\/uploads\/2026\/03\/CAT-AMB-NOM-01-1024x710.png\"},{\"@type\":\"BreadcrumbList\",\"@id\":\"https:\/\/mountainlikers.com\/home-2026-v2\/#breadcrumb\",\"itemListElement\":[{\"@type\":\"ListItem\",\"position\":1,\"name\":\"Inici\",\"item\":\"https:\/\/mountainlikers.com\/\"},{\"@type\":\"ListItem\",\"position\":2,\"name\":\"Home Mountainlikers 2026\"}]},{\"@type\":\"WebSite\",\"@id\":\"https:\/\/mountainlikers.com\/en\/#website\",\"url\":\"https:\/\/mountainlikers.com\/en\/\",\"name\":\"Mountainlikers\",\"description\":\"Congr\u00e9s Mundial de Turisme de Neu i Muntanya 2026\",\"publisher\":{\"@id\":\"https:\/\/mountainlikers.com\/en\/#organization\"},\"potentialAction\":[{\"@type\":\"SearchAction\",\"target\":{\"@type\":\"EntryPoint\",\"urlTemplate\":\"https:\/\/mountainlikers.com\/en\/?s={search_term_string}\"},\"query-input\":{\"@type\":\"PropertyValueSpecification\",\"valueRequired\":true,\"valueName\":\"search_term_string\"}}],\"inLanguage\":\"en-GB\"},{\"@type\":\"Organization\",\"@id\":\"https:\/\/mountainlikers.com\/en\/#organization\",\"name\":\"Mountainlikers\",\"url\":\"https:\/\/mountainlikers.com\/en\/\",\"logo\":{\"@type\":\"ImageObject\",\"inLanguage\":\"en-GB\",\"@id\":\"https:\/\/mountainlikers.com\/en\/#\/schema\/logo\/image\/\",\"url\":\"https:\/\/mountainlikers.com\/wp-content\/uploads\/2025\/09\/MountainLikers-logo25-26.png\",\"contentUrl\":\"https:\/\/mountainlikers.com\/wp-content\/uploads\/2025\/09\/MountainLikers-logo25-26.png\",\"width\":1221,\"height\":942,\"caption\":\"Mountainlikers\"},\"image\":{\"@id\":\"https:\/\/mountainlikers.com\/en\/#\/schema\/logo\/image\/\"},\"sameAs\":[\"https:\/\/www.facebook.com\/mountainlikers\/\",\"https:\/\/x.com\/mountainlikers\",\"https:\/\/www.instagram.com\/mountainlikers\/\",\"https:\/\/www.youtube.com\/user\/mountainlikers\"]}]}<\/script>\n<!-- \/ Yoast SEO Premium plugin. -->","yoast_head_json":{"title":"13th World Congress of Snow, Mountain and Wellness Tourism | Mountainlikers","description":"Mountainlikers, 13th World Congress of Snow, Mountain and Wellness Tourism in Andorra for professionals, destinations and mountain tourism entities.","robots":{"index":"index","follow":"follow","max-snippet":"max-snippet:-1","max-image-preview":"max-image-preview:large","max-video-preview":"max-video-preview:-1"},"canonical":"https:\/\/mountainlikers.com\/en\/home-2026-v2\/","og_locale":"en_GB","og_type":"article","og_title":"13\u00e8 Congr\u00e9s Mundial de Turisme de Neu, Muntanya i Benestar | Mountainlikers","og_description":"Mountainlikers, 13\u00e8 Congr\u00e9s Mundial de Turisme de Neu, Muntanya i Benestar a Andorra per a professionals, destinacions i entitats del turisme de muntanya.","og_url":"https:\/\/mountainlikers.com\/en\/home-2026-v2\/","og_site_name":"Mountainlikers","article_publisher":"https:\/\/www.facebook.com\/mountainlikers\/","article_modified_time":"2026-03-06T18:40:32+00:00","og_image":[{"width":1024,"height":684,"url":"https:\/\/mountainlikers.com\/wp-content\/uploads\/2025\/09\/AAT_20160714_0247-1024x684.png","type":"image\/png"}],"twitter_card":"summary_large_image","twitter_title":"13\u00e8 Congr\u00e9s Mundial de Turisme de Neu, Muntanya i Benestar | Mountainlikers","twitter_description":"Mountainlikers, 13\u00e8 Congr\u00e9s Mundial de Turisme de Neu, Muntanya i Benestar a Andorra per a professionals, destinacions i entitats del turisme de muntanya.","twitter_site":"@mountainlikers","twitter_misc":{"Estimated reading time":"13 minutes"},"schema":{"@context":"https:\/\/schema.org","@graph":[{"@type":"WebPage","@id":"https:\/\/mountainlikers.com\/home-2026-v2\/","url":"https:\/\/mountainlikers.com\/home-2026-v2\/","name":"13th World Congress of Snow, Mountain and Wellness Tourism | Mountainlikers","isPartOf":{"@id":"https:\/\/mountainlikers.com\/en\/#website"},"primaryImageOfPage":{"@id":"https:\/\/mountainlikers.com\/home-2026-v2\/#primaryimage"},"image":{"@id":"https:\/\/mountainlikers.com\/home-2026-v2\/#primaryimage"},"thumbnailUrl":"https:\/\/mountainlikers.com\/wp-content\/uploads\/2026\/03\/CAT-AMB-NOM-01-1024x710.png","datePublished":"2026-01-14T07:48:50+00:00","dateModified":"2026-03-06T18:40:32+00:00","description":"Mountainlikers, 13th World Congress of Snow, Mountain and Wellness Tourism in Andorra for professionals, destinations and mountain tourism entities.","breadcrumb":{"@id":"https:\/\/mountainlikers.com\/home-2026-v2\/#breadcrumb"},"inLanguage":"en-GB","potentialAction":[{"@type":"ReadAction","target":["https:\/\/mountainlikers.com\/home-2026-v2\/"]}]},{"@type":"ImageObject","inLanguage":"en-GB","@id":"https:\/\/mountainlikers.com\/home-2026-v2\/#primaryimage","url":"https:\/\/mountainlikers.com\/wp-content\/uploads\/2026\/03\/CAT-AMB-NOM-01-1024x710.png","contentUrl":"https:\/\/mountainlikers.com\/wp-content\/uploads\/2026\/03\/CAT-AMB-NOM-01-1024x710.png"},{"@type":"BreadcrumbList","@id":"https:\/\/mountainlikers.com\/home-2026-v2\/#breadcrumb","itemListElement":[{"@type":"ListItem","position":1,"name":"Inici","item":"https:\/\/mountainlikers.com\/"},{"@type":"ListItem","position":2,"name":"Home Mountainlikers 2026"}]},{"@type":"WebSite","@id":"https:\/\/mountainlikers.com\/en\/#website","url":"https:\/\/mountainlikers.com\/en\/","name":"Mountainlikers","description":"World Congress of Snow and Mountain Tourism 2026","publisher":{"@id":"https:\/\/mountainlikers.com\/en\/#organization"},"potentialAction":[{"@type":"SearchAction","target":{"@type":"EntryPoint","urlTemplate":"https:\/\/mountainlikers.com\/en\/?s={search_term_string}"},"query-input":{"@type":"PropertyValueSpecification","valueRequired":true,"valueName":"search_term_string"}}],"inLanguage":"en-GB"},{"@type":"Organization","@id":"https:\/\/mountainlikers.com\/en\/#organization","name":"Mountainlikers","url":"https:\/\/mountainlikers.com\/en\/","logo":{"@type":"ImageObject","inLanguage":"en-GB","@id":"https:\/\/mountainlikers.com\/en\/#\/schema\/logo\/image\/","url":"https:\/\/mountainlikers.com\/wp-content\/uploads\/2025\/09\/MountainLikers-logo25-26.png","contentUrl":"https:\/\/mountainlikers.com\/wp-content\/uploads\/2025\/09\/MountainLikers-logo25-26.png","width":1221,"height":942,"caption":"Mountainlikers"},"image":{"@id":"https:\/\/mountainlikers.com\/en\/#\/schema\/logo\/image\/"},"sameAs":["https:\/\/www.facebook.com\/mountainlikers\/","https:\/\/x.com\/mountainlikers","https:\/\/www.instagram.com\/mountainlikers\/","https:\/\/www.youtube.com\/user\/mountainlikers"]}]}},"_links":{"self":[{"href":"https:\/\/mountainlikers.com\/en\/wp-json\/wp\/v2\/pages\/15405","targetHints":{"allow":["GET"]}}],"collection":[{"href":"https:\/\/mountainlikers.com\/en\/wp-json\/wp\/v2\/pages"}],"about":[{"href":"https:\/\/mountainlikers.com\/en\/wp-json\/wp\/v2\/types\/page"}],"author":[{"embeddable":true,"href":"https:\/\/mountainlikers.com\/en\/wp-json\/wp\/v2\/users\/1"}],"replies":[{"embeddable":true,"href":"https:\/\/mountainlikers.com\/en\/wp-json\/wp\/v2\/comments?post=15405"}],"version-history":[{"count":77,"href":"https:\/\/mountainlikers.com\/en\/wp-json\/wp\/v2\/pages\/15405\/revisions"}],"predecessor-version":[{"id":16560,"href":"https:\/\/mountainlikers.com\/en\/wp-json\/wp\/v2\/pages\/15405\/revisions\/16560"}],"wp:attachment":[{"href":"https:\/\/mountainlikers.com\/en\/wp-json\/wp\/v2\/media?parent=15405"}],"curies":[{"name":"wp","href":"https:\/\/api.w.org\/{rel}","templated":true}]}}